{"id":1503,"date":"2014-11-02T17:51:50","date_gmt":"2014-11-02T15:51:50","guid":{"rendered":"http:\/\/ecrire-coach.biographe-valeriejean.fr\/?page_id=1503"},"modified":"2014-11-02T17:51:50","modified_gmt":"2014-11-02T15:51:50","slug":"carnet-de-voyage-du-portugal","status":"publish","type":"page","link":"https:\/\/ecrire-coach.biographe-valeriejean.fr\/?page_id=1503","title":{"rendered":"Le Portugal, entre pass\u00e9 et modernit\u00e9"},"content":{"rendered":"<h1><strong>Entre Pass\u00e9 et modernit\u00e9: Le Portugal<\/strong><\/h1>\n<h2>Premier chapitre: LISBONNE<\/h2>\n<p>Tout commence par le d\u00e9sir d&rsquo;accompagner ma fille qui souhaite conna\u00eetre Lisbonne et Madrid et faisait le projet de rallier ces deux villes en 8 jours.<\/p>\n<p style=\"text-align: justify;\">Connaissant le Portugal et ayant la chance d&rsquo;avoir de la famille l\u00e0-bas, je lui propose de me joindre \u00e0 elle et accessoirement de lui servir de chauffeur puisqu&rsquo;elle ne conduit pas. C&rsquo;est difficile de p\u00e9r\u00e9griner au Portugal sans voiture&#8230;Une amie est du voyage.<\/p>\n<p style=\"text-align: justify;\">Apr\u00e8s avoir r\u00e9serv\u00e9 notre vol et la voiture\u00a0 et pass\u00e9 les habituelles formalit\u00e9s a\u00e9roportuaires, nous voici au volant d&rsquo;une Opel astra, notre poussive voiture de location \u00e0 la recherche de la \u00ab\u00a0residencia Mar das A\u00e7ores\u00a0\u00bb.<\/p>\n<p style=\"text-align: justify;\">Au pr\u00e9alable j&rsquo;avais regard\u00e9 le trajet avec google map et marqu\u00e9 les diff\u00e9rentes rues qu&rsquo;il fallait suivre pour arriver \u00e0 l&rsquo;h\u00f4tel. Nous partons donc en direction du \u00ab\u00a0centro\u00a0\u00bb. Il est 18h30 au Portugal. Le d\u00e9but s&rsquo;annonce bien, circulation fluide, avenue large et droite qu&rsquo;il faut longer pendant 6 kilom\u00e8tres&#8230;Mais trouver la bifurcation pour rentrer dans le quartier de sadahna fut grandement plus difficile. En effet, \u00e0 Lisbonne quand\u00a0\u00a0 vous devez d\u00e9chiffrer des noms de rue grav\u00e9s couleur or sur une pierre \u00e9crue tout en conduisant, cela se corse&#8230;Au bout d&rsquo;une heure, nous avons pris le pli de demander notre chemin en frances, en ingles, en espagnol&#8230;MAIS, mais, sachez que de nombreuses rues portent des noms similaires mais pas le m\u00eame pr\u00e9nom et ce dans un mouchoir de poche comme la rua Bernadim Ribeiro, la rua Thomas Ribeiro, l&rsquo;avenida casual Ribeiro etc&#8230;<a href=\"http:\/\/ecrire-coach.biographe-valeriejean.fr\/wp-content\/uploads\/2014\/10\/P1090082-copie.jpg\"><img loading=\"lazy\" decoding=\"async\" class=\"alignleft size-medium wp-image-1504\" src=\"http:\/\/ecrire-coach.biographe-valeriejean.fr\/wp-content\/uploads\/2014\/10\/P1090082-copie-287x300.jpg\" alt=\"Lisbonne, residencia Mar dos a\u00e7ores\" width=\"287\" height=\"300\" \/><\/a>Alors une fois sur deux on nous envoyait sur un autre itin\u00e9raire les personnes retenant le nom et pas le pr\u00e9nom. Beaucoup de personnes de bonne volont\u00e9 mais peu de r\u00e9sultats&#8230;.Les sens interdits nous ont jou\u00e9 aussi quelques mauvais tours. enfin, trois charmants hommes, bavardant sur le trottoir, employ\u00e9s d&rsquo;un cabaret nous ont indiqu\u00e9es la rue, premi\u00e8re \u00e0 gauche vous y \u00eates&#8230;Bref on est arriv\u00e9 apr\u00e8s trois heures de trajet pour un itin\u00e9raire d&rsquo;\u00e0 peine 30 minutes!!!! Une chance, une place nous attend juste devant la r\u00e9sidence.Caroline nous attend dans la chambre se demandant ce que nous faisions. Il \u00e9tait 10h30 et nous partons manger dans un restaurant en face de la r\u00e9sidence.<a href=\"http:\/\/ecrire-coach.biographe-valeriejean.fr\/wp-content\/uploads\/2014\/10\/P1090083-copie.jpg\"><img loading=\"lazy\" decoding=\"async\" class=\"alignright size-medium wp-image-1505\" src=\"http:\/\/ecrire-coach.biographe-valeriejean.fr\/wp-content\/uploads\/2014\/10\/P1090083-copie-300x225.jpg\" alt=\"Lisbonne jardim de estrela\" width=\"300\" height=\"225\" \/><\/a><br \/>\nPremi\u00e8re confrontation avec la langue! Je sais lire le portugais mais suis incapable de le parler ou le comprendre&#8230;<br \/>\nLe lendemain, nous avons rendez-vous avec Detlef. C&rsquo;est un ami allemand rencontr\u00e9 sur la plage en Vend\u00e9e qui se trouve au Portugal. Je lui ai fix\u00e9 comme point de ralliement le cimeti\u00e8re dos Prazores, d\u00e9part du tramway electrico 28, r\u00e9put\u00e9 pour vous faire d\u00e9couvrir en un clin d&rsquo;oeil le vieux quartier de Lisbonne. <a href=\"http:\/\/ecrire-coach.biographe-valeriejean.fr\/wp-content\/uploads\/2014\/10\/P1090087-copie.jpg\"><img loading=\"lazy\" decoding=\"async\" class=\"alignleft size-medium wp-image-1506\" src=\"http:\/\/ecrire-coach.biographe-valeriejean.fr\/wp-content\/uploads\/2014\/10\/P1090087-copie-225x300.jpg\" alt=\"Basilique de las estrelas Lisbonne\" width=\"225\" height=\"300\" \/><\/a>Nous partons 10 minutes avant que l&rsquo;horodateur commence \u00e0 d\u00e9compter ses heures&#8230;D&rsquo;autant qu&rsquo;on s&rsquo;\u00e9tait gar\u00e9 devant une maison en travaux&#8230;o\u00f9 d\u00e9j\u00e0 des camions attendent la place. Nous nous garons sur la place de la basilique das estrelas et je prends un ticket qui ne permet qu&rsquo;un stationnement de 4 heures&#8230;Tant pis, je prends le risque, ne sachant pas quand nous reviendrons, au pire, une amende sera sur le pare-brise&#8230;<a href=\"http:\/\/ecrire-coach.biographe-valeriejean.fr\/wp-content\/uploads\/2014\/10\/P1090085-copie.jpg\"><img loading=\"lazy\" decoding=\"async\" class=\"alignright size-medium wp-image-1507\" src=\"http:\/\/ecrire-coach.biographe-valeriejean.fr\/wp-content\/uploads\/2014\/10\/P1090085-copie-300x225.jpg\" alt=\"basilique das estrelas Lisbonne\" width=\"300\" height=\"225\" \/><\/a>Avant de monter au cimeti\u00e8re, nous faisons le tour de la basilique puis nous traversons la rue pour parcourir les all\u00e9es du jardim des estrelas. qui se trouve en face.<\/p>\n<p style=\"text-align: justify;\">\u00a0C&rsquo;est un magnifique jardin avec des arbres qui m&rsquo;\u00e9taient inconnus, pourvus de racines tr\u00e8s grosses. Des canards et des oies batifolent dans l&rsquo;eau d&rsquo;un petit \u00e9tang, attendant avec impatience une femme qui arrive avec de grands seaux pleins de pain, pour les nourrir. Le temps est un peu sombre mais nous offre une temp\u00e9rature cl\u00e9mente.<br \/>\nUn coin est am\u00e9nag\u00e9 de diff\u00e9rentes sortes de cactus, de toutes tailles, de toutes formes.<br \/>\n<a href=\"http:\/\/ecrire-coach.biographe-valeriejean.fr\/wp-content\/uploads\/2014\/10\/P1090094-copie.jpg\"><img loading=\"lazy\" decoding=\"async\" class=\"alignleft wp-image-1508 size-medium\" src=\"http:\/\/ecrire-coach.biographe-valeriejean.fr\/wp-content\/uploads\/2014\/10\/P1090094-copie-300x225.jpg\" alt=\"P1090094 copie\" width=\"300\" height=\"225\" \/><\/a> <a href=\"http:\/\/ecrire-coach.biographe-valeriejean.fr\/wp-content\/uploads\/2014\/10\/P1090097-copie.jpg\"><img loading=\"lazy\" decoding=\"async\" class=\"alignright wp-image-1509 size-medium\" src=\"http:\/\/ecrire-coach.biographe-valeriejean.fr\/wp-content\/uploads\/2014\/10\/P1090097-copie-225x300.jpg\" alt=\"P1090097 copie\" width=\"225\" height=\"300\" \/><\/a> <a href=\"http:\/\/ecrire-coach.biographe-valeriejean.fr\/wp-content\/uploads\/2014\/10\/P1090098-copie.jpg\"><img loading=\"lazy\" decoding=\"async\" class=\"alignleft wp-image-1510 size-medium\" src=\"http:\/\/ecrire-coach.biographe-valeriejean.fr\/wp-content\/uploads\/2014\/10\/P1090098-copie-300x225.jpg\" alt=\"P1090098 copie\" width=\"300\" height=\"225\" \/><\/a> <a href=\"http:\/\/ecrire-coach.biographe-valeriejean.fr\/wp-content\/uploads\/2014\/10\/P1090099-copie.jpg\"><img loading=\"lazy\" decoding=\"async\" class=\"aligncenter wp-image-1511 size-medium\" src=\"http:\/\/ecrire-coach.biographe-valeriejean.fr\/wp-content\/uploads\/2014\/10\/P1090099-copie-225x300.jpg\" alt=\"P1090099 copie\" width=\"225\" height=\"300\" \/><\/a> <a href=\"http:\/\/ecrire-coach.biographe-valeriejean.fr\/wp-content\/uploads\/2014\/10\/P1090114-copie.jpg\"><img loading=\"lazy\" decoding=\"async\" class=\"alignright size-medium wp-image-1514\" src=\"http:\/\/ecrire-coach.biographe-valeriejean.fr\/wp-content\/uploads\/2014\/10\/P1090114-copie-225x300.jpg\" alt=\"cimeti\u00e8re das prazores lisbonne\" width=\"225\" height=\"300\" \/><\/a>Apr\u00e8s cette pause bienfaisante nous entamons la mont\u00e9e de la rue qui m\u00e8ne au cimeti\u00e8re o\u00f9 devrait nous attendre Detlef. C&rsquo;est un endroit situ\u00e9 sur les hauteurs de la ville. Pile poile au rendez-vous, nous retrouvons mon ami avec qui nous parcourons les all\u00e9es de ce cimeti\u00e8re \u00ab\u00a0des plaisirs\u00a0\u00bb qui sont\u00a0 align\u00e9es comme des rues.<a href=\"http:\/\/ecrire-coach.biographe-valeriejean.fr\/wp-content\/uploads\/2014\/10\/P1090113-copie.jpg\"><img loading=\"lazy\" decoding=\"async\" class=\"alignright size-medium wp-image-1513\" src=\"http:\/\/ecrire-coach.biographe-valeriejean.fr\/wp-content\/uploads\/2014\/10\/P1090113-copie-225x300.jpg\" alt=\"cimeti\u00e8re das prazores\" width=\"225\" height=\"300\" \/><\/a><\/p>\n<p style=\"text-align: justify;\"><a href=\"http:\/\/ecrire-coach.biographe-valeriejean.fr\/wp-content\/uploads\/2014\/11\/P1090118-copie.jpg\"><img loading=\"lazy\" decoding=\"async\" class=\"alignright wp-image-1532 size-medium\" src=\"http:\/\/ecrire-coach.biographe-valeriejean.fr\/wp-content\/uploads\/2014\/11\/P1090118-copie-225x300.jpg\" alt=\"tramway28, lisbonne\" width=\"225\" height=\"300\" \/><\/a>Nous rejoignons le d\u00e9part du tramway 28. D\u00e9j\u00e0 des touristes attendent, j&rsquo;avais lu qu&rsquo;il valait mieux \u00eatre au d\u00e9part de la la ligne pour esp\u00e9rer avoir une place assise et effectivement, le nombre de personnes a rempli le petit tramway.<\/p>\n<p style=\"text-align: justify;\">Partant de la place du cimeti\u00e8re dos Prazeres, il nous conduit vers le quartier baixa, passant par Estrela, le Chiado, le mirador de Santa Catarina , louvoyant ensuite dans les petites rues de l&rsquo;Alfama. L&rsquo;id\u00e9e \u00e9tant de rejoindre ensuite le ch\u00e2teau San Jorges mais nous ne ma\u00eetrisons pas totalement le parcours.<br \/>\nD\u00e8s 1873, les tramways font leur apparition \u00e0 Lisbonne, tir\u00e9s \u00e0 cette \u00e9poque par des chevaux. Avec l&rsquo;industrialisation galopante du d\u00e9but du si\u00e8cle, ils seront \u00e9lectrifi\u00e9s d\u00e8s l&rsquo;ann\u00e9e 1902.<br \/>\nImport\u00e9s des Etats-Unis, ils furent donc naturellement appel\u00e9s \u00ab\u00a0americanos\u00a0\u00bb. <a href=\"http:\/\/ecrire-coach.biographe-valeriejean.fr\/wp-content\/uploads\/2014\/11\/P1090133-copie.jpg\"><img loading=\"lazy\" decoding=\"async\" class=\"alignright wp-image-1535 size-medium\" src=\"http:\/\/ecrire-coach.biographe-valeriejean.fr\/wp-content\/uploads\/2014\/11\/P1090133-copie-300x225.jpg\" alt=\"P1090133 copie\" width=\"300\" height=\"225\" \/><\/a>La pente exceptionnelle de 12% en moyenne sur son parcours en fait une des plus fortes du monde, d\u00e9passant m\u00eame les 14% \u00e0 certains endroits.<\/p>\n<p style=\"text-align: justify;\">Chose rare en Europe, les tramways jaunes sont d&rsquo;origine et seulement r\u00e9guli\u00e8rement restaur\u00e9s: c&rsquo;est ce qui fait leur charme.<\/p>\n<p style=\"text-align: justify;\"><a href=\"http:\/\/ecrire-coach.biographe-valeriejean.fr\/wp-content\/uploads\/2014\/11\/P1090139-copie.jpg\"><img loading=\"lazy\" decoding=\"async\" class=\"alignright wp-image-1537 size-medium\" src=\"http:\/\/ecrire-coach.biographe-valeriejean.fr\/wp-content\/uploads\/2014\/11\/P1090139-copie-300x225.jpg\" alt=\"P1090139 copie\" width=\"300\" height=\"225\" \/><\/a>Le petit tramway donne l&rsquo;impression d&rsquo;aller \u00e0 une vitesse folle serpentant dans les rues \u00e9troites et sinueuses.<\/p>\n<p style=\"text-align: justify;\">C&rsquo;est aussi l&rsquo;occasion d&rsquo;admirer les fa\u00e7ades\u00a0color\u00e9e de la ville qui lui donnent le charme d&rsquo;une belle gait\u00e9. <a href=\"http:\/\/ecrire-coach.biographe-valeriejean.fr\/wp-content\/uploads\/2014\/11\/P1090142-copie.jpg\"><img loading=\"lazy\" decoding=\"async\" class=\"alignright wp-image-1538 size-medium\" src=\"http:\/\/ecrire-coach.biographe-valeriejean.fr\/wp-content\/uploads\/2014\/11\/P1090142-copie-300x225.jpg\" alt=\"P1090142 copie\" width=\"300\" height=\"225\" \/><\/a>Des jaunes, des ocres, des tons rouilles alli\u00e9s aux verts et bien s\u00fbr aux bleus des azulejos&#8230;<\/p>\n<p style=\"text-align: justify;\">Arriv\u00e9s au Chiado, nous pr\u00e9f\u00e9rons aller jusqu&rsquo;au terminus&#8230;Martim Moniz. <a href=\"http:\/\/ecrire-coach.biographe-valeriejean.fr\/wp-content\/uploads\/2014\/11\/P1090143-copie.jpg\"><img loading=\"lazy\" decoding=\"async\" class=\"alignright wp-image-1539 size-medium\" src=\"http:\/\/ecrire-coach.biographe-valeriejean.fr\/wp-content\/uploads\/2014\/11\/P1090143-copie-300x225.jpg\" alt=\"P1090143 copie\" width=\"300\" height=\"225\" \/><\/a>C&rsquo;est une tr\u00e8s grande place dans le bas de Lisbonne, dans un quartier populaire.\u00a0Mais cela nous \u00e9loigne quelque peu de notre destination et il nous faut reprendre un autre tramway pour regrimper la colline et descendre \u00e0 la station mirador Santa Louiza pour rejoindre les rues qui m\u00e8nent au ch\u00e2teau.<\/p>\n<p style=\"text-align: justify;\">Point tr\u00e8s touristique, le mirador nous offre un panorama grandiose sur les rives du Tage et sur la ville.<\/p>\n<p style=\"text-align: justify;\"><a href=\"http:\/\/ecrire-coach.biographe-valeriejean.fr\/wp-content\/uploads\/2014\/11\/P1090150-copie.jpg\"><img loading=\"lazy\" decoding=\"async\" class=\"alignleft size-medium wp-image-1540\" src=\"http:\/\/ecrire-coach.biographe-valeriejean.fr\/wp-content\/uploads\/2014\/11\/P1090150-copie-300x225.jpg\" alt=\"P1090150 copie\" width=\"300\" height=\"225\" \/><\/a>\u00a0\u00a0<a href=\"http:\/\/ecrire-coach.biographe-valeriejean.fr\/wp-content\/uploads\/2014\/11\/P1090187-copie.jpg\"><img loading=\"lazy\" decoding=\"async\" class=\"alignleft size-medium wp-image-1541\" src=\"http:\/\/ecrire-coach.biographe-valeriejean.fr\/wp-content\/uploads\/2014\/11\/P1090187-copie-300x225.jpg\" alt=\"P1090187 copie\" width=\"300\" height=\"225\" \/><\/a>\u00a0\u00a0\u00a0\u00a0\u00a0\u00a0\u00a0\u00a0\u00a0\u00a0\u00a0\u00a0\u00a0\u00a0\u00a0\u00a0\u00a0\u00a0\u00a0\u00a0\u00a0\u00a0\u00a0\u00a0\u00a0\u00a0\u00a0\u00a0\u00a0\u00a0\u00a0\u00a0\u00a0\u00a0\u00a0\u00a0\u00a0\u00a0 Apr\u00e8s une pause pour profiter comme il se doit de cette magnifique vue sur l&rsquo;Alfama, nous entamons notre mont\u00e9e dans les rues \u00e9troites vers le ch\u00e2teau.<\/p>\n<p style=\"text-align: justify;\">Nous sommes \u00e9tonn\u00e9s de voir qu&rsquo;il y a toujours autant de touristes dans les rues, m\u00eame en ce mois d&rsquo;octobre.<br \/>\n<a href=\"http:\/\/ecrire-coach.biographe-valeriejean.fr\/wp-content\/uploads\/2014\/11\/P1090193-copie.jpg\"><img loading=\"lazy\" decoding=\"async\" class=\"alignleft size-medium wp-image-1542\" src=\"http:\/\/ecrire-coach.biographe-valeriejean.fr\/wp-content\/uploads\/2014\/11\/P1090193-copie-225x300.jpg\" alt=\"P1090193 copie\" width=\"225\" height=\"300\" \/><\/a> <a href=\"http:\/\/ecrire-coach.biographe-valeriejean.fr\/wp-content\/uploads\/2014\/11\/P1090195-copie.jpg\"><img loading=\"lazy\" decoding=\"async\" class=\"alignleft size-medium wp-image-1543\" src=\"http:\/\/ecrire-coach.biographe-valeriejean.fr\/wp-content\/uploads\/2014\/11\/P1090195-copie-300x225.jpg\" alt=\"P1090195 copie\" width=\"300\" height=\"225\" \/><\/a>Une autre surprise nous attend.\u00a0 L&rsquo;entr\u00e9e de l&rsquo;esplanade du ch\u00e2teau San Jorge est devenue payante depuis ma derni\u00e8re venue en 1998&#8230; Et une longue queue s&rsquo;\u00e9tire devant les caisses.<\/p>\n<p style=\"text-align: justify;\">Nous d\u00e9cidons donc d&rsquo;aller nous restaurer esp\u00e9rant qu&rsquo;il y aura moins de monde \u00e0 notre retour. Une quiche faite maison \u00e0 la morue enchante nos palais accompagn\u00e9e d&rsquo;une bonne bi\u00e8re et c&rsquo;est reparti. Et effectivement, la queue a diminu\u00e9 au 3\/4 ce qui nous permet d&rsquo;acc\u00e9der au ch\u00e2teau sans attendre.<\/p>\n<p style=\"text-align: justify;\">\u00a0Le ch\u00e2teau San Jorge fut b\u00e2ti au XIe s par les maures sur les ruines d&rsquo;une ancienne fortification romaine. Quand ils investirent la cit\u00e9, qui s&rsquo;appelait alors Felicitas Julia (apr\u00e8s s&rsquo;\u00eatre nomm\u00e9e Olisipo sous la domination des carthaginois), les Maures la baptis\u00e8rent <i>Al-Ushbuna <\/i>qui devint Lisbonne. Ils confort\u00e8rent la citadelle par une muraille imposante<a href=\"http:\/\/ecrire-coach.biographe-valeriejean.fr\/wp-content\/uploads\/2014\/11\/P1090199-copie.jpg\"><img loading=\"lazy\" decoding=\"async\" class=\"alignleft size-medium wp-image-1546\" src=\"http:\/\/ecrire-coach.biographe-valeriejean.fr\/wp-content\/uploads\/2014\/11\/P1090199-copie-300x225.jpg\" alt=\"P1090199 copie\" width=\"300\" height=\"225\" \/><\/a>, dernier retranchement pour les \u00e9lites de la ville et le gouverneur (alcaide). Son emplacement strat\u00e9gique sur les hauteurs de la ville, embrassant du regard l&rsquo;ensemble du fleuve,\u00a0 en fit une structure d\u00e9fensive convoit\u00e9e, entre les califats musulmans et les rois\u00a0 chr\u00e9tiens, ce jusqu&rsquo;\u00e0 la d\u00e9faite du dernier si\u00e8ge maures en 1183. En effet, Afonso Henriques, premier roi du Portugal, avait repris la citadelle d\u00e8s 1147 et en fit sa\u00a0 r\u00e9sidence royale. Le ch\u00e2teau San Jorge garda ce statut jusqu&rsquo;au d\u00e9but du XVI e s. \u00c0 partir du XIIIe si\u00e8cle, Lisbonne devint la capitale du royaume portugais et le ch\u00e2teau\u00a0 se transforme en palais royal (pa\u00e7o real).<\/p>\n<p style=\"text-align: justify;\">\u00c0 partir du rattachement du Portugal \u00e0 la couronne d&rsquo;Espagne en 1580, le ch\u00e2teau devient un ch\u00e2teau fonctionnel de d\u00e9fense et le restera jusqu&rsquo;au XX e s.<\/p>\n<p style=\"text-align: justify;\">Les nombreux tremblements de terre que connut Lisbonne, endommag\u00e8rent la vieille fortification et incit\u00e8rent la famille royale \u00e0 s&rsquo;installer dans le nouveau palais de la Ribeira.\u00a0 Il fut transform\u00e9 alors en caserne et en prison.<br \/>\nAu fil des si\u00e8cles sa d\u00e9gradation fut telle qu&rsquo;il sera interdit d&rsquo;y circuler jusqu&rsquo;au milieu du XXe si\u00e8cle. Les grands travaux entrepris entre les ann\u00e9es 1938 et 1940 permettent de mettre \u00e0 jour des vestiges de l&rsquo;ancien palais royal. Les fortifications et les anciennes constructions renaissent. Il est r\u00e9habilit\u00e9\u00a0 et devient la place la plus visit\u00e9e de Lisbonne.<\/p>\n<p style=\"text-align: justify;\"><a href=\"http:\/\/ecrire-coach.biographe-valeriejean.fr\/wp-content\/uploads\/2014\/11\/P1090214-copie.jpg\"><img loading=\"lazy\" decoding=\"async\" class=\"alignleft size-medium wp-image-1551\" src=\"http:\/\/ecrire-coach.biographe-valeriejean.fr\/wp-content\/uploads\/2014\/11\/P1090214-copie-300x225.jpg\" alt=\"P1090214 copie\" width=\"300\" height=\"225\" \/><\/a>On emprunte de nouveaux les petites rues pittoresques pour descendre vers le quartier Chiado. Apr\u00e8s le pass\u00e9&#8230;le pr\u00e9sent qui nous interpelle par de nombreux dessins color\u00e9s sur les murs.<\/p>\n<p style=\"text-align: justify;\"><a href=\"http:\/\/ecrire-coach.biographe-valeriejean.fr\/wp-content\/uploads\/2014\/11\/P1090217-copie.jpg\"><img loading=\"lazy\" decoding=\"async\" class=\"alignleft size-medium wp-image-1552\" src=\"http:\/\/ecrire-coach.biographe-valeriejean.fr\/wp-content\/uploads\/2014\/11\/P1090217-copie-225x300.jpg\" alt=\"P1090217 copie\" width=\"225\" height=\"300\" \/><\/a>Un cafouillage quant \u00e0 notre destination pour trouver comment rallier le monast\u00e8re en transport en commun&#8230;<\/p>\n<p style=\"text-align: justify;\">Aucun de nous ne parle le portugais et la lecture des points de mont\u00e9e pour le bus\u00a0 est difficile&#8230;Je pr\u00e9conise de remonter vers Prazores pour reprendre la voiture, qui rappelons le, pouvait \u00eatre \u00e0 l&rsquo;amende, par un tramway dont je trouve l&rsquo;arr\u00eat. <a href=\"http:\/\/ecrire-coach.biographe-valeriejean.fr\/wp-content\/uploads\/2014\/11\/P1090219-copie.jpg\"><img loading=\"lazy\" decoding=\"async\" class=\"alignleft size-medium wp-image-1553\" src=\"http:\/\/ecrire-coach.biographe-valeriejean.fr\/wp-content\/uploads\/2014\/11\/P1090219-copie-300x187.jpg\" alt=\"P1090219 copie\" width=\"300\" height=\"187\" \/><\/a> Mes compagnons pr\u00e9f\u00e8rent aller directement au monast\u00e8re. Ok ! Nous trouvons apr\u00e8s une bonne marche le train qui m\u00e8ne aux fameux tr\u00e9sors de la ville: le monast\u00e8re des hyerominites (mosteiro de jeronimos)\u00a0 et la tour de Belem.<\/p>\n<p style=\"text-align: justify;\">Malheureusement \u00e0 notre arriv\u00e9e il pleut et craignant pour mon appareil, je me contente d&rsquo;une petite photo!<\/p>\n<p style=\"text-align: justify;\"><a href=\"http:\/\/ecrire-coach.biographe-valeriejean.fr\/wp-content\/uploads\/2014\/11\/640px-Monastero_di_Jeronimos_-_Lisbona.jpg\"><img loading=\"lazy\" decoding=\"async\" class=\"alignleft size-medium wp-image-1554\" src=\"http:\/\/ecrire-coach.biographe-valeriejean.fr\/wp-content\/uploads\/2014\/11\/640px-Monastero_di_Jeronimos_-_Lisbona-195x300.jpg\" alt=\"640px-Monastero_di_Jeronimos_-_Lisbona\" width=\"195\" height=\"300\" \/><\/a>Fond\u00e9 \u00e0 la place d&rsquo;un ermitage, le roi Manuel Ier d\u00e9cida de b\u00e2tir en 1502 un monast\u00e8re prestigieux, vitrine de la richesse colossale de son royaume apr\u00e8s la d\u00e9couverte de l&rsquo;Inde par Vasco de Gama.<\/p>\n<p style=\"text-align: justify;\">Cette oeuvre de tr\u00e8s grande envergure est la plus aboutie du style dit manueli. En effet, l&rsquo;afflux des richesses coloniales permirent aux architectes de montrer leur talents sans r\u00e9serve.<a href=\"http:\/\/ecrire-coach.biographe-valeriejean.fr\/wp-content\/uploads\/2014\/11\/800px-JeronimosVaulting.jpg\"><img loading=\"lazy\" decoding=\"async\" class=\"alignleft size-medium wp-image-1555\" src=\"http:\/\/ecrire-coach.biographe-valeriejean.fr\/wp-content\/uploads\/2014\/11\/800px-JeronimosVaulting-300x225.jpg\" alt=\"800px-JeronimosVaulting\" width=\"300\" height=\"225\" \/><\/a><em><br \/>\nCes deux magnifiques photographies de l&rsquo;int\u00e9rieur de l&rsquo;\u00e9glise Santa Maria ont \u00e9t\u00e9 emprunt\u00e9es \u00e0 Wikipedia<\/em><\/p>\n<p style=\"text-align: justify;\"><a href=\"http:\/\/ecrire-coach.biographe-valeriejean.fr\/wp-content\/uploads\/2014\/11\/P1090222-copie.jpg\"><img loading=\"lazy\" decoding=\"async\" class=\"alignleft size-medium wp-image-1556\" src=\"http:\/\/ecrire-coach.biographe-valeriejean.fr\/wp-content\/uploads\/2014\/11\/P1090222-copie-225x300.jpg\" alt=\"P1090222 copie\" width=\"225\" height=\"300\" \/><\/a> La pluie nous laissant un petit r\u00e9pit, mon appareil est de nouveau actif quand nous nous pr\u00e9sentons devant l&rsquo;imposante tour de Belem.<br \/>\nPoint de d\u00e9fense incontournable \u00e0 l&rsquo;entr\u00e9e du Tage, la tour de Bel\u00e9m \u00e9tait la gardienne de la ville au XVIe si\u00e8cle.<\/p>\n<p style=\"text-align: justify;\">Son b\u00e2tisseur, Arruda avait d\u00e9j\u00e0 con\u00e7u la citadelle de Cascais et s&rsquo;inspira encore, pour la tour, du style mauresque: par de fines\u00a0 d\u00e9corations autour des fen\u00eatres et des balcons cintr\u00e9s, coiff\u00e9s par des coupoles cannel\u00e9es. Comme beaucoup d&rsquo;\u00e9l\u00e9ments de fortifications, la tour fut ensuite utilis\u00e9e comme prison dont les cachots \u00e9taient souvent inond\u00e9s.<\/p>\n<p style=\"text-align: justify;\">A l&rsquo;origine, la tour de Belem \u00e9tait plus avanc\u00e9e dans le Tage mais apr\u00e8s les tremblements de terre d\u00e9sastreux, une partie du Tage dut \u00eatre d\u00e9tourn\u00e9e afin de prot\u00e9ger la ville de ses d\u00e9bordements. Ce qui eut pour cons\u00e9quence le rapprochement de la tour de la rive.<\/p>\n<p style=\"text-align: justify;\">\u00a0\u00a0\u00a0\u00a0\u00a0\u00a0\u00a0\u00a0\u00a0\u00a0\u00a0\u00a0\u00a0\u00a0\u00a0<a href=\"http:\/\/ecrire-coach.biographe-valeriejean.fr\/wp-content\/uploads\/2014\/11\/DSCN1308_01-copie.jpg\"><img loading=\"lazy\" decoding=\"async\" class=\"alignleft size-medium wp-image-1557\" src=\"http:\/\/ecrire-coach.biographe-valeriejean.fr\/wp-content\/uploads\/2014\/11\/DSCN1308_01-copie-300x225.jpg\" alt=\"DSCN1308_01 copie\" width=\"300\" height=\"225\" \/><\/a>\u00a0\u00a0\u00a0 Nous posons comme il se doit pour la post\u00e9rit\u00e9! Heureuse d&rsquo;avoir pu partager une apr\u00e8s-midi avec Detlef, routard en herbe qui s&rsquo;est lanc\u00e9 dans l&rsquo;aventure de la route. C&rsquo;est lors de son \u00e9tape en Vend\u00e9e que nous nous sommes rencontr\u00e9s deux mois avant ma vir\u00e9e au Portugal&#8230; Nos chemins se sont crois\u00e9s et il repart demain pour le sud&#8230;Nous devons maintenant revenir sur nos pas pour retrouver la voiture qui nous ram\u00e8nera \u00e0 l&rsquo;h\u00f4tel. De nouveau nous empruntons le train pour revenir au centre ville. Puis nous regrimpons jusqu&rsquo;au campo Ourique. Enfin, je dis enfin car nos jambes ont \u00e9t\u00e9 \u00e0 rude \u00e9preuve, nous descendons place de la basilique de la Estrella&#8230;.Sur le parking notre voiture a disparu&#8230; Je craignais d&rsquo;avoir une amende&#8230;.c&rsquo;est pire! La voiture n&rsquo;est plus l\u00e0!<br \/>\nOn va se renseigner aupr\u00e8s des trois conducteurs de tramways qui sont l\u00e0&#8230; Je rappelle qu&rsquo;aucune de nous ne parle portugais. Dans un anglais approximatif, nous croyons comprendre que la voiture a \u00e9t\u00e9 enlev\u00e9e depuis tr\u00e8s peu de temps par la police et qu&rsquo;il faut aller au poste. L&rsquo;un d&rsquo;eux nous dit qu&rsquo;il faut appeler le num\u00e9ro \u00e9crit sur l&rsquo;horodateur. OK, merci&#8230; Nous ne lisons pas un num\u00e9ro mais deux&#8230; Anita en appelle un. Elle tombe sur une bo\u00eete vocale&#8230; Ne comprenant rien nous retournons voir les conducteurs. L&rsquo;un d&rsquo;eux, plus affable que les deux autres retourne \u00e0 l&rsquo;horodateur et appelle. Je comprends \u00ab\u00a0francesa\u00a0\u00bb. il doit plaider notre cause, peut \u00eatre. Bref, il raccroche et nous dit qu&rsquo;il faut se rendre au sou&#8230;jardim de soo. Je comprends jardin mais pas sou&#8230; Caroline cherche sur notre carte et trouve le jardim zoo! La d\u00e9cision est vite prise de prendre un taxi vu qu&rsquo;il est d\u00e9j\u00e0 18 heures et que le conducteur nous dit que cela ferme \u00e0 19h. Tr\u00e8s vite on h\u00e8le un taxi qui s&rsquo;arr\u00eate imm\u00e9diatement pour nous prendre en charge. Il faudra quelques minutes pour qu&rsquo;il comprenne o\u00f9 nous voulons nous rendre: c&rsquo;est parti! D&rsquo;apr\u00e8s la carte il fallait remonter au nord de la ville et notre taxi repart au sud! en fait on \u00e9tait \u00e0 peu de temps de la fourri\u00e8re et on mettra 20 minutes pour y parvenir&#8230;Mais bon, nous sommes soulag\u00e9es de sortir de notre bourbier!<br \/>\nNous arrivons \u00e0 la fourri\u00e8re o\u00f9 nous ne sommes pas les seuls \u00e0 venir chercher notre voiture. Deux personnes sont en train d&rsquo;\u00eatre enregistr\u00e9es. On nous indique qu&rsquo;il faut prendre un ticket \u00e0 l&rsquo;ext\u00e9rieur puis nous attendons notre tour. Je comprends qu&rsquo;il nous faut les papiers de location du v\u00e9hicule, un jeune m&rsquo;accompagne les r\u00e9cup\u00e9rer.\u00a0 Le comique c&rsquo;est que je ne sais m\u00eame pas reconna\u00eetre une opel corsa d&rsquo;une autre! heureusement Anita sait! La voiture est entour\u00e9e d&rsquo;une bande adh\u00e9sive jaune du plus bel effet! Je prends les papiers et retourne \u00e0 la casemate qui sert de bureau. Nous avons la confirmation qu&rsquo;elle n&rsquo;est pas l\u00e0 depuis bien longtemps car elle n&rsquo;\u00e9tait pas enregistr\u00e9e dans le gros paquet de feuilles de contraventions. Apr\u00e8s l&rsquo;enregistrement, l&#8217;employ\u00e9 me demande 130 euros. Je lui dis que je n&rsquo;ai que ma carte bleue&#8230;Il me dit que cela ne fonctionne pas mais je pr\u00e9f\u00e8re essayer&#8230;FLOP! Elle ne fonctionne pas, seule la CB portugaise est accept\u00e9e. Je dis que je n&rsquo;ai pas une telle somme sur moi&#8230;Flottement! Je vois qu&rsquo;il ne c\u00e8dera pas et effectivement le monsieur qui \u00e9tait avant nous revient pour payer, ayant \u00e9t\u00e9 oblig\u00e9 d&rsquo;aller chercher du cash&#8230;Nous nous cotisons en fouillant nos poches esp\u00e9rant qu&rsquo;il dira \u00e7a va&#8230;mais non, on s&rsquo;acquittera jusqu&rsquo;au dernier centimes!!! Il est presque huit heures et nous repartons vers la residencia qui se trouve pr\u00e8s du p\u00e9riph\u00e9rique o\u00f9 est install\u00e9 la fourri\u00e8re. On arrive enfin! Sans plus attendre, on file manger au restaurant d&rsquo;en face, affam\u00e9es&#8230;<\/p>\n<h2 style=\"text-align: justify;\">SINTRA Deuxi\u00e8me \u00e9tape<\/h2>\n<p style=\"text-align: justify;\">Il n&rsquo;est pas difficile de sortir de Lisbonne et de trouver la route pour Sintra, ville tr\u00e8s touristique en amont de Cascais, station baln\u00e9aire r\u00e9put\u00e9e. Nous prenons l&rsquo;autoroute, il fait beau.<br \/>\n<a href=\"http:\/\/ecrire-coach.biographe-valeriejean.fr\/wp-content\/uploads\/2014\/11\/images1.jpg\"><img loading=\"lazy\" decoding=\"async\" class=\"alignleft size-full wp-image-1664\" src=\"http:\/\/ecrire-coach.biographe-valeriejean.fr\/wp-content\/uploads\/2014\/11\/images1.jpg\" alt=\"images\" width=\"259\" height=\"194\" \/><\/a>Arriv\u00e9es sur les lieux, je choisis de me garer dans un petit village avant Sintra dont une des petites routes m\u00e8nent au Palacio de Pena.<br \/>\nJe retrouve l&rsquo;\u00e9motion que j&rsquo;avais \u00e9prouv\u00e9e en 1997 lors mon premier voyage avec Nelson. Des paysages superbes, nimb\u00e9s de vertes for\u00eats d&rsquo;o\u00f9 \u00e9mergent\u00a0 des demeures majestueuses par\u00e9es des tons chauds allant de l&rsquo;ocre au vert. sublime!<br \/>\n<a href=\"http:\/\/ecrire-coach.biographe-valeriejean.fr\/wp-content\/uploads\/2014\/11\/P1090224-copie.jpg\"><img loading=\"lazy\" decoding=\"async\" class=\"alignleft size-medium wp-image-1665\" src=\"http:\/\/ecrire-coach.biographe-valeriejean.fr\/wp-content\/uploads\/2014\/11\/P1090224-copie-225x300.jpg\" alt=\"P1090224 copie\" width=\"225\" height=\"300\" \/><\/a>Nous grimpons la petite route paradisiaque sans croiser \u00e2me qui vive. Nous longeons une \u00e9glise. Puis un escalier se pr\u00e9sente \u00e0 nous, s&rsquo;enfon\u00e7ant un peu plus dans la for\u00eat. Un panneau indique le castel de maures et le Palacio de Pena.<br \/>\nApr\u00e8s une petite mont\u00e9e, le chemin p\u00e9n\u00e8tre dans le domaine du ch\u00e2teau ceint de gros murs de pierre, noy\u00e9s d&rsquo;une v\u00e9g\u00e9tation sombre et dense. Comme nous l&rsquo;indique un panneau d&rsquo;information, la for\u00eat est rest\u00e9e depuis toujours \u00e0 son \u00e9tat primitif. <a href=\"http:\/\/ecrire-coach.biographe-valeriejean.fr\/wp-content\/uploads\/2014\/11\/P1090229-copie.jpg\"><img loading=\"lazy\" decoding=\"async\" class=\"alignright size-medium wp-image-1666\" src=\"http:\/\/ecrire-coach.biographe-valeriejean.fr\/wp-content\/uploads\/2014\/11\/P1090229-copie-225x300.jpg\" alt=\"Nature primitive castel de maures Portugal\" width=\"225\" height=\"300\" \/><\/a><br \/>\nNous arrivons \u00e0 hauteur d&rsquo;une ancienne chapelle dont les murs sont en ruine mais dont il reste une pi\u00e8ce vout\u00e9e intacte.<br \/>\n<a href=\"http:\/\/ecrire-coach.biographe-valeriejean.fr\/wp-content\/uploads\/2014\/11\/P1090236-copie.jpg\"><img loading=\"lazy\" decoding=\"async\" class=\"alignleft size-medium wp-image-1668\" src=\"http:\/\/ecrire-coach.biographe-valeriejean.fr\/wp-content\/uploads\/2014\/11\/P1090236-copie-225x300.jpg\" alt=\"Muraille castel maures, Portugal,sintra\" width=\"225\" height=\"300\" \/><\/a>Nous poursuivons notre mont\u00e9e pour entrer dans la cour du\u00a0 ch\u00e2teau. Il a \u00e9t\u00e9 restaur\u00e9 en 2013 et pr\u00e9sente un accueil r\u00e9am\u00e9nag\u00e9 pour accueillir les nombreux touristes. Apr\u00e8s avoir acquitt\u00e9 notre droit d&rsquo;entr\u00e9e, nous partons \u00e0 l&rsquo;assaut des murailles. Ce sera pour caroline une rude \u00e9preuve! La voyant en difficult\u00e9 je vais retourner la chercher afin qu&rsquo;elle profite de la vue exceptionnelle en toute s\u00e9r\u00e9nit\u00e9. Et quelle vue!<\/p>\n<p style=\"text-align: justify;\"><a href=\"http:\/\/ecrire-coach.biographe-valeriejean.fr\/wp-content\/uploads\/2014\/11\/P1090232-copie.jpg\"><img loading=\"lazy\" decoding=\"async\" class=\"alignright size-medium wp-image-1669\" src=\"http:\/\/ecrire-coach.biographe-valeriejean.fr\/wp-content\/uploads\/2014\/11\/P1090232-copie-300x225.jpg\" alt=\"Vue castel dos Maures, sintra, portugal\" width=\"300\" height=\"225\" \/><\/a>On comprend pourquoi ce site est choisi pour faire une citadelle. Ses remparts embrassent non seulement la plaine \u00e0 des centaines de kilom\u00e8tres mais\u00a0 offre aussi un regard sur la mer, route des invasions de la terre portugaise. Comme les ch\u00e2teaux cathares, le castel est construit sur des \u00e9perons rocheux.<\/p>\n<p style=\"text-align: justify;\"><a href=\"http:\/\/ecrire-coach.biographe-valeriejean.fr\/wp-content\/uploads\/2014\/11\/P1090234-copie.jpg\"><img loading=\"lazy\" decoding=\"async\" class=\"alignleft size-medium wp-image-1670\" src=\"http:\/\/ecrire-coach.biographe-valeriejean.fr\/wp-content\/uploads\/2014\/11\/P1090234-copie-300x225.jpg\" alt=\"vue sintra, portugal\" width=\"300\" height=\"225\" \/><\/a>Laissant plonger mon regard au bas des remparts, je d\u00e9couvre la ville de Sintra et son Palacio blanc aux tours si caract\u00e9ristiques.<br \/>\nLa muraille fait le tour d&rsquo;un immense domaine et \u00e0 chaque d\u00e9tour on peut d\u00e9couvrir une vue \u00e9poustouflante comme cet autre palacio juch\u00e9 sur un mont au lointain.<a href=\"http:\/\/ecrire-coach.biographe-valeriejean.fr\/wp-content\/uploads\/2014\/11\/P1090237-copie.jpg\"><img loading=\"lazy\" decoding=\"async\" class=\"alignright size-medium wp-image-1671\" src=\"http:\/\/ecrire-coach.biographe-valeriejean.fr\/wp-content\/uploads\/2014\/11\/P1090237-copie-225x300.jpg\" alt=\"palacio sintra, portugal\" width=\"225\" height=\"300\" \/><\/a><\/p>\n<p style=\"text-align: justify;\">Tout concourt \u00e0 la majest\u00e9 du paysage, la v\u00e9g\u00e9tation, la vue, les incroyables palaces qui se dressent sur leurs promontoires et bien s\u00fbr le temps car apr\u00e8s les ond\u00e9es d&rsquo;hier, un soleil resplendissant nous permet de go\u00fbter aux bienfaits de notre visite.<br \/>\nUne petite pause s&rsquo;impose pour Caroline et moi tandis que courageuse Anita poursuit sur l&rsquo;autre versant de la muraille.<br \/>\nPour nous c&rsquo;est un repos m\u00e9rit\u00e9 pour appr\u00e9cier dans la chaleur de cet \u00e9t\u00e9 indien la beaut\u00e9 du lieu.<a href=\"http:\/\/ecrire-coach.biographe-valeriejean.fr\/wp-content\/uploads\/2014\/11\/P1090240-copie.jpg\"><img loading=\"lazy\" decoding=\"async\" class=\"alignleft size-medium wp-image-1672\" src=\"http:\/\/ecrire-coach.biographe-valeriejean.fr\/wp-content\/uploads\/2014\/11\/P1090240-copie-300x225.jpg\" alt=\"castel de maures\" width=\"300\" height=\"225\" \/><\/a><\/p>\n<figure id=\"attachment_1673\" aria-describedby=\"caption-attachment-1673\" style=\"width: 263px\" class=\"wp-caption alignleft\"><a href=\"http:\/\/ecrire-coach.biographe-valeriejean.fr\/wp-content\/uploads\/2014\/11\/images2.jpg\"><img loading=\"lazy\" decoding=\"async\" class=\"wp-image-1673 size-full\" src=\"http:\/\/ecrire-coach.biographe-valeriejean.fr\/wp-content\/uploads\/2014\/11\/images2.jpg\" alt=\"images\" width=\"263\" height=\"192\" \/><\/a><figcaption id=\"caption-attachment-1673\" class=\"wp-caption-text\">photo de viajeros.com<\/figcaption><\/figure>\n<p style=\"text-align: justify;\">Nous avions choisi de monter en matin\u00e9e et nous avons bien fait car tandis que nous nous dirigeons vers l&rsquo;entr\u00e9e, beaucoup de monde arrive sur les remparts dont une classe d&rsquo;enfants accompagn\u00e9s d&rsquo;un\u00a0 professeur qui leur recommande\u00a0 de ne pas courir et de faire attention. Il est vrai que les cr\u00e9neaux sont tr\u00e8s bas et on peut se pencher ais\u00e9ment, se retrouvant alors face au vide. Apr\u00e8s discussion avec le gardien des lieux, un employ\u00e9 de la boutique (c&rsquo;est de lui que nous saurons la date de restauration), nous repartons \u00e0 l&rsquo;assaut pour aller au Palacio de Pena.<br \/>\nA notre arriv\u00e9e devant les grilles: stup\u00e9faction! alors qu&rsquo;au ch\u00e2teau, il n&rsquo;y avait pas foule, le petit parking est encombr\u00e9 de voitures plus somptueuses les unes que les autres&#8230;Le palacio de Pena renferme un restaurant prestigieux o\u00f9 doit se retrouver tout le gratin de la r\u00e9gion. Ici pas de crise! Il y a aussi de tr\u00e8s nombreux touristes. Nous rebroussons chemin, d\u00e9boussol\u00e9es apr\u00e8s le calme de notre balade.(merci au site viajeros.com pour l&#8217;emprunt de sa photographie que je n&rsquo;ai pas pu prendre moi m\u00eame!) Pour ma part, j&rsquo;avais d\u00e9j\u00e0 visit\u00e9 le palacio, cela ne me prive donc pas. Nous redescendons la petite route pour retrouver la voiture et poursuivre vers la ville de Sintra.<br \/>\n<a href=\"http:\/\/ecrire-coach.biographe-valeriejean.fr\/wp-content\/uploads\/2014\/11\/P1090243-copie.jpg\"><img loading=\"lazy\" decoding=\"async\" class=\"alignleft size-medium wp-image-1674\" src=\"http:\/\/ecrire-coach.biographe-valeriejean.fr\/wp-content\/uploads\/2014\/11\/P1090243-copie-300x225.jpg\" alt=\"sintra\" width=\"300\" height=\"225\" \/><\/a>Il y a foule et j&rsquo;ai du mal \u00e0 reconna\u00eetre le village tranquille que j&rsquo;avais d\u00e9couvert il y a 15 ans. Il faut dire que je suis pass\u00e9e ici alors que la ville et son patrimoine environnant venait juste d&rsquo;\u00eatre inscrite\u00a0\u00a0 au patrimoine mondial de l&rsquo;Unesco (1995) &#8230;<br \/>\n<a href=\"http:\/\/ecrire-coach.biographe-valeriejean.fr\/wp-content\/uploads\/2014\/11\/P1090245-copie.jpg\"><img loading=\"lazy\" decoding=\"async\" class=\"alignleft size-medium wp-image-1675\" src=\"http:\/\/ecrire-coach.biographe-valeriejean.fr\/wp-content\/uploads\/2014\/11\/P1090245-copie-300x225.jpg\" alt=\"Palacio de sintra\" width=\"300\" height=\"225\" \/><\/a>Le temps a fait le reste. Sachant que traditionnellement les sites inscrits deviennent de hauts lieux touristiques.<br \/>\nJe me gare sur le parking de la mairie sur une place \u00e9troite&#8230;<br \/>\n<a href=\"http:\/\/ecrire-coach.biographe-valeriejean.fr\/wp-content\/uploads\/2014\/11\/P1090255-copie.jpg\"><img loading=\"lazy\" decoding=\"async\" class=\"alignright wp-image-1676\" src=\"http:\/\/ecrire-coach.biographe-valeriejean.fr\/wp-content\/uploads\/2014\/11\/P1090255-copie-225x300.jpg\" alt=\"fen\u00eatre palacio de sintra\" width=\"174\" height=\"232\" \/><\/a>Outre d&rsquo;aller voir le palacio, nous avons besoin de nous restaurer un peu! Nous nous installons \u00e0 une terrasse, entour\u00e9es de la nu\u00e9e de touristes. Une bonne bi\u00e8re nous d\u00e9salt\u00e8re. j&rsquo;entends du violon et je cherche d&rsquo;o\u00f9 vient la m\u00e9lodie&#8230;Derri\u00e8re un arbre, je vois un jeune homme jouer sur un superbe violon bleu!<\/p>\n<p style=\"text-align: justify;\"><a href=\"http:\/\/ecrire-coach.biographe-valeriejean.fr\/wp-content\/uploads\/2014\/11\/P1090246-copie.jpg\"><img loading=\"lazy\" decoding=\"async\" class=\"alignleft wp-image-1677\" src=\"http:\/\/ecrire-coach.biographe-valeriejean.fr\/wp-content\/uploads\/2014\/11\/P1090246-copie-225x300.jpg\" alt=\"village sintra\" width=\"183\" height=\"244\" \/><\/a><\/p>\n<p style=\"text-align: justify;\"><a href=\"http:\/\/ecrire-coach.biographe-valeriejean.fr\/wp-content\/uploads\/2014\/11\/P1090249-copie.jpg\"><img loading=\"lazy\" decoding=\"async\" class=\"aligncenter wp-image-1678\" src=\"http:\/\/ecrire-coach.biographe-valeriejean.fr\/wp-content\/uploads\/2014\/11\/P1090249-copie-300x225.jpg\" alt=\"village sintra\" width=\"243\" height=\"182\" \/><\/a><a href=\"http:\/\/ecrire-coach.biographe-valeriejean.fr\/wp-content\/uploads\/2014\/11\/P1090251-copie.jpg\"><img loading=\"lazy\" decoding=\"async\" class=\"aligncenter size-medium wp-image-1679\" src=\"http:\/\/ecrire-coach.biographe-valeriejean.fr\/wp-content\/uploads\/2014\/11\/P1090251-copie-225x300.jpg\" alt=\"P1090251 copie\" width=\"225\" height=\"300\" \/><\/a> <a href=\"http:\/\/ecrire-coach.biographe-valeriejean.fr\/wp-content\/uploads\/2014\/11\/P1090252.jpg\"><img loading=\"lazy\" decoding=\"async\" class=\"aligncenter size-medium wp-image-1680\" src=\"http:\/\/ecrire-coach.biographe-valeriejean.fr\/wp-content\/uploads\/2014\/11\/P1090252-173x300.jpg\" alt=\"P1090252\" width=\"173\" height=\"300\" \/><\/a>Mais il est temps de reprendre la route pour rallier avant ce soir Coimbra. Ayant \u00e9tudi\u00e9 la carte avec soin avant de partir, je sais qu&rsquo;il existe une route parall\u00e8le \u00e0 l&rsquo;oc\u00e9an. Ce qui nous permettra de faire une halte \u00e0 Nazar\u00e9.<br \/>\nOn est au d\u00e9but de l&rsquo;apr\u00e8s-midi et il y a une circulation incroyable \u00e0 Sintra. Craignant les embouteillages pour revenir sur l&rsquo;autoroute, je coupe par les petites routes au nord pour sortir de la ville&#8230;Mal m&rsquo;en pris!<\/p>\n<p style=\"text-align: justify;\">Au d\u00e9but: nickel nous longeons l&rsquo;oc\u00e9an par une route secondaire mais au fur et \u00e0 mesure, \u00e0 chaque croisement, je ne lisais que des noms de bled inconnus sur la carte, je restais le long du littoral dans l&rsquo;espoir qu&rsquo;en remontant au nord, je finirai par tomber sur un axe principal&#8230;En fait nous \u00e9tions dans le triangle des Bermudes! Disparues \u00e0 jamais du monde ! Rien pas de magasin, pas de panneau, pas de villes&#8230; J&rsquo;ai m\u00eame atterri dans un champ! En rebroussant chemin, je me retrouve sur une placette grill\u00e9e par le soleil et miracle: un estaminet. Imm\u00e9diatement je m&rsquo;arr\u00eate pour aller demander mon chemin avec ma petite robe d&rsquo;\u00e9t\u00e9 car oui il faisait beau! Le g\u00e9rant du caf\u00e9 \u00e9tait en conversation avec un autre et leur mots tomb\u00e8rent de leur bouche \u00e0 mon entr\u00e9e. Tu parles, cela ne devait pas \u00eatre tous les jours qu&rsquo;une nana franchissait la porte! Dans mon espano-portugais je\u00a0 leur dis que nous \u00e9tions perdues en leur montrant la carte. Un grand sourire que j&rsquo;int\u00e8rpr\u00e8te comme: \u00ab\u00a0mais comment t&rsquo;as fait pour te retrouver l\u00e0!\u00a0\u00bb.<br \/>\nJe leur montre o\u00f9 j&rsquo;ai perdu le fil et le ville que je veux rejoindre.Mais ils parlaient entre eux, prolongeant ce moment si rare&#8230;Enfin, il m&rsquo;indique la route pour retrouver la d\u00e9partementale qui \u00e9tait bien sur ma carte mais que je n&rsquo;avais \u00e0 aucun moment pris depuis Sintra!<br \/>\nNous voil\u00e0 reparties mais ce ne fut pas aussi simple et il a fallu plusieurs fois s&rsquo;interroger sur les directions \u00e0 prendre&#8230; L&rsquo;heure tournait et ce qui devait initialement \u00eatre une \u00e9tape moyenne s&rsquo;av\u00e9ra une lente p\u00e9r\u00e9grination! Surtout qu&rsquo;un orage violent avait \u00e9clat\u00e9 au sud, on verra sur la route un arbre arrach\u00e9&#8230;Alors que nous \u00e9tions nous sous un soleil radieux. Le soir aux infos on verra les d\u00e9g\u00e2ts dans la r\u00e9gion de Lisbonne. Mais pour l&rsquo;heure nous remontons au nord et enfin on rejoint l&rsquo;autoroute: plus question de passer par Nazar\u00e9! <a href=\"http:\/\/ecrire-coach.biographe-valeriejean.fr\/wp-content\/uploads\/2014\/11\/P1090259-copie.jpg\"><img loading=\"lazy\" decoding=\"async\" class=\"alignleft size-medium wp-image-1723\" src=\"http:\/\/ecrire-coach.biographe-valeriejean.fr\/wp-content\/uploads\/2014\/11\/P1090259-copie-300x225.jpg\" alt=\"Santarem\" width=\"300\" height=\"225\" \/><\/a>Par contre nous nous arr\u00eatons \u00e0 Santarem, reconnue comme la \u00ab\u00a0<span class=\"Style20\">Capitale du gothique portugais<\/span>\u00ab\u00a0. Santar\u00e9m poss\u00e8de un centre ville pittoresque accol\u00e9 \u00e0 l&rsquo;ensemble le plus vaste et le plus vari\u00e9 d&rsquo;\u00e9glises gothiques du Portugal. Apr\u00e8s nous \u00eatre restaur\u00e9s et avoir\u00a0 fl\u00e2n\u00e9 dans les ruelles, nous rentrons dans la cath\u00e9drale mais un <a href=\"http:\/\/ecrire-coach.biographe-valeriejean.fr\/wp-content\/uploads\/2014\/11\/P1090265-copie.jpg\"><img loading=\"lazy\" decoding=\"async\" class=\"alignleft size-medium wp-image-1724\" src=\"http:\/\/ecrire-coach.biographe-valeriejean.fr\/wp-content\/uploads\/2014\/11\/P1090265-copie-225x300.jpg\" alt=\"cathedrale santarem\" width=\"225\" height=\"300\" \/><\/a>service est en cours. Nous ne la visiterons donc pas. Apr\u00e8s deux heures de route, nous arrivons \u00e0 Coimbra en fin d&rsquo;apr\u00e8s midi : youpi!<br \/>\nCela faisait 8 ans que je n&rsquo;\u00e9tais pas venue et je me demandais si j&rsquo;allais retrouver le chemin de la maison de mon beau-p\u00e8re. Je m&rsquo;engage dans le flot des voitures et instinctivement je retrouve mes rep\u00e8res: Bairro de Norton. Ouf rien n&rsquo;a chang\u00e9 et nous nous garons devant la maison.<br \/>\nC&rsquo;\u00e9tait sans compter sur l&rsquo;\u00e9tourderie de mon beau p\u00e8re qui s&rsquo;\u00e9tait tromp\u00e9 de date et qui croyait que j&rsquo;arrivais le lendemain. Pauvre de moi, il a l\u00e9gu\u00e9 en h\u00e9ritage cette \u00e9tourderie \u00e0 son fils et \u00e0 son petit-fils! Nous trouvons donc porte close. Dans ma t\u00eate, je me dis pourvu qu&rsquo;il ne soit pas parti dans sa maison de Macedo distante de 400 kms! Je vois une femme sortir des appartements que loue mon beau-p\u00e8re au fond du jardin. Je l&rsquo;interpelle donc pour lui demander si elle savait o\u00f9 il \u00e9tait. Elle comprend et tente de le joindre sur son portable, je comprends qu&rsquo;il n&rsquo;est pas loin. Et en effet quelques instants plus tard, il est l\u00e0: sauv\u00e9es!<br \/>\nNous nous installons: Caroline et moi dans une chambre et Anita dans l&rsquo;autre. Apr\u00e8s cela, nous partons manger un morceau dans le quartier. Anita pr\u00e9f\u00e8re manger un vrai repas et part de son c\u00f4t\u00e9 tandis que nous choisissons avec Caroline de rester avec papi pae \u00e0 la pasteleria.<\/p>\n<h2 style=\"text-align: justify;\">COIMBRA La belle \u00e9tudiante<\/h2>\n<p style=\"text-align: justify;\">Le lendemain, d\u00e9part pour l&rsquo;Universit\u00e9 de Coimbra, la plus vieille d&rsquo;Europe. Anita pr\u00e9f\u00e8re aller avec Papi Pae sur le march\u00e9. Nous devons nous rejoindre \u00e0 midi \u00e0 la cafeteria du centre commercial.<br \/>\nMalgr\u00e9 le fait de l&rsquo;avoir visit\u00e9 trois fois, je retrouve avec toujours autant de bonheur cette vieille b\u00e2tisse.<a href=\"http:\/\/ecrire-coach.biographe-valeriejean.fr\/wp-content\/uploads\/2014\/11\/P1090271-copie.jpg\"><img loading=\"lazy\" decoding=\"async\" class=\"alignright size-medium wp-image-1725\" src=\"http:\/\/ecrire-coach.biographe-valeriejean.fr\/wp-content\/uploads\/2014\/11\/P1090271-copie-225x300.jpg\" alt=\"Fado \u00e9tudiants de Coimbra\" width=\"225\" height=\"300\" \/><\/a> A notre arriv\u00e9e, je vois sur l&rsquo;esplanade un groupe de jeunes en tenue de \u00ab\u00a0Fado\u00a0\u00bb avec des instruments de musique. Je suis \u00e9tonn\u00e9e de les voir en cette fin octobre. Je leur demande s&rsquo;il est pr\u00e9vu qu&rsquo;il fasse de la musique. En souriant ils me disent que oui et commencent \u00e0 jouer. Nous laissons 12 euros pour l&rsquo;achat d&rsquo;un\u00a0 CD que j&rsquo;ai l&rsquo;intention d&rsquo;offrir \u00e0 Papi pae. Alors que nous \u00e9tions seules peu de temps auparavant, le groupe de touristes s&rsquo;\u00e9largit de minutes en minutes il est temps de filer \u00e0 l&rsquo;Universit\u00e9 de l&rsquo;autre c\u00f4t\u00e9 de l&rsquo;esplanade.<\/p>\n<p style=\"text-align: justify;\"><a href=\"http:\/\/ecrire-coach.biographe-valeriejean.fr\/wp-content\/uploads\/2014\/11\/P1090274-copie.jpg\"><img loading=\"lazy\" decoding=\"async\" class=\"alignleft size-medium wp-image-1726\" src=\"http:\/\/ecrire-coach.biographe-valeriejean.fr\/wp-content\/uploads\/2014\/11\/P1090274-copie-225x300.jpg\" alt=\"etudiant coimbra\" width=\"225\" height=\"300\" \/><\/a>En entrant dans la cour centrale nous sommes accueillies par un sympathique \u00e9tudiant en costume qui nous explique que les \u00e9tudiants se s&rsquo;investissent pour faire entrer de l&rsquo;argent, n\u00e9cessaire au maintien de la qualit\u00e9 des cours car le Portugal est en grande crise. Bien s\u00fbr j&rsquo;ach\u00e8te la brochure pour soutenir leur action. Nous avions pris nos tickets avant au centre administratif qui distribue les entr\u00e9es pour la biblioth\u00e8que tr\u00e8s fr\u00e9quent\u00e9e, qui filtre la visite toute les demi-heures. La prochaine est pour nous. En attendant nous allons musarder <a href=\"http:\/\/ecrire-coach.biographe-valeriejean.fr\/wp-content\/uploads\/2014\/11\/P1090276-copie.jpg\"><img loading=\"lazy\" decoding=\"async\" class=\"alignright size-medium wp-image-1727\" src=\"http:\/\/ecrire-coach.biographe-valeriejean.fr\/wp-content\/uploads\/2014\/11\/P1090276-copie-300x225.jpg\" alt=\"universit\u00e9 de Coimbra\" width=\"300\" height=\"225\" \/><\/a>dans les couloirs o\u00f9 nous croisons beaucoup d&rsquo;\u00e9tudiants car elle est en fonctionnement en m\u00eame temps qu&rsquo;elle se visite. Les salles de cours sont desservies par une galerie qui entoure un patio sur deux \u00e9tages. C&rsquo;est l&rsquo;heure et nous gagnons la biblioth\u00e8que, v\u00e9ritable bijou architectural. Elle fait partie des plus belles biblioth\u00e8ques du monde. <a href=\"http:\/\/ecrire-coach.biographe-valeriejean.fr\/wp-content\/uploads\/2014\/11\/P1090278-copie.jpg\"><img loading=\"lazy\" decoding=\"async\" class=\"alignleft size-medium wp-image-1728\" src=\"http:\/\/ecrire-coach.biographe-valeriejean.fr\/wp-content\/uploads\/2014\/11\/P1090278-copie-300x225.jpg\" alt=\"Patio universit\u00e9 coimbra\" width=\"300\" height=\"225\" \/><\/a>Datant de 1717 elle fut construite sous le r\u00e8gne de Dom\u00a0Jo\u00e3o V dans le style baroque. La collection abrite pr\u00e8s de 200 000 volumes, dont beaucoup datent\u00a0 du XVIe. Ils sont pr\u00e9serv\u00e9s de l&rsquo;humidit\u00e9\u00a0 par une atmosph\u00e8re stable mais un\u00a0 dispositif\u00a0 plus original compl\u00e8te cette protection: La biblioth\u00e8que de l\u2019Universit\u00e9 de Coimbra h\u00e9berge une colonie de chauve-souris, charg\u00e9e de chasser les insectes pouvant mettre en p\u00e9ril ces livres anciens. On &lsquo;a pas le droit de prendre des photos et bien s\u00fbr il y a toujours des petits malins qui s&rsquo;y autorise. Nous assistons donc \u00e0 l&rsquo;agacement de la personne charg\u00e9e de surveiller qui interpelle \u00e0 plusieurs reprises le m\u00eame homme qui ostensiblement filme! <a href=\"http:\/\/ecrire-coach.biographe-valeriejean.fr\/wp-content\/uploads\/2014\/10\/biblioteca-Coimbra-copie.jpeg\"><img loading=\"lazy\" decoding=\"async\" class=\"alignleft size-medium wp-image-1517\" src=\"http:\/\/ecrire-coach.biographe-valeriejean.fr\/wp-content\/uploads\/2014\/10\/biblioteca-Coimbra-copie-300x153.jpeg\" alt=\"biblioteca Coimbra\" width=\"300\" height=\"153\" \/><\/a>Elle finira par s&rsquo;\u00e9nerver vraiment face \u00e0 l&rsquo;obstination irrespectueuse de ce touriste anglais. Et ne me dites pas qu&rsquo;il ne comprend pas la langue, des affichettes son plac\u00e9es tout au long de la visite avec un ic\u00f4ne tr\u00e8s reconnaissable!!!<br \/>\nNous rejoignons ensuite la chapelle d\u00e9j\u00e0 bond\u00e9e de monde alors que continue l&rsquo;afflux de touristes dans la cour. <a href=\"http:\/\/ecrire-coach.biographe-valeriejean.fr\/wp-content\/uploads\/2014\/11\/P1090286-copie.jpg\"><img loading=\"lazy\" decoding=\"async\" class=\"alignright size-medium wp-image-1729\" src=\"http:\/\/ecrire-coach.biographe-valeriejean.fr\/wp-content\/uploads\/2014\/11\/P1090286-copie-300x225.jpg\" alt=\"VUE TOUR UNIVERSIT\u00c9 Coimbra\" width=\"300\" height=\"225\" \/><\/a>Nous retournons \u00e0 l&rsquo;entr\u00e9e de la tour-clocher esp\u00e9rant que celle-ci serait ouverte car un peu avant une \u00e9tudiante nous avait dit qu&rsquo;elle devait attendre sa coll\u00e8gue qui n&rsquo;\u00e9tait pas arriv\u00e9e. Maintenant c&rsquo;est bon, nous grimpons l&rsquo;escalier en colima\u00e7on qui devient de plus en plus \u00e9troit. Pendant la mont\u00e9e, nous <a href=\"http:\/\/ecrire-coach.biographe-valeriejean.fr\/wp-content\/uploads\/2014\/11\/P1090284-copie.jpg\"><img loading=\"lazy\" decoding=\"async\" class=\"alignright size-medium wp-image-1730\" src=\"http:\/\/ecrire-coach.biographe-valeriejean.fr\/wp-content\/uploads\/2014\/11\/P1090284-copie-300x225.jpg\" alt=\"cour vue du haut de la tour, universit\u00e9 de coimbra\" width=\"300\" height=\"225\" \/><\/a>discutons avec l&rsquo;\u00e9tudiante qui parle un fran\u00e7ais parfait. Et pour cause elle est fran\u00e7aise d&rsquo;origine portugaise et a fait le choix de faire ses \u00e9tudes d&rsquo;histoire \u00e0 Coimbra avec le r\u00e9seau ERASMUS. Elle nous dit que c&rsquo;est tr\u00e8s agr\u00e9able et qu&rsquo;elle se plait ici m\u00eame si la s\u00e9paration avec sa famille est quelquefois difficile \u00e0 supporter. Mais elle est ravie <a href=\"http:\/\/ecrire-coach.biographe-valeriejean.fr\/wp-content\/uploads\/2014\/11\/P1090283-copie.jpg\"><img loading=\"lazy\" decoding=\"async\" class=\"alignleft size-medium wp-image-1731\" src=\"http:\/\/ecrire-coach.biographe-valeriejean.fr\/wp-content\/uploads\/2014\/11\/P1090283-copie-225x300.jpg\" alt=\"Vue de Coimbra\" width=\"225\" height=\"300\" \/><\/a>d&rsquo;avoir fait ce choix qui la fait b\u00e9n\u00e9ficier de cours de tr\u00e8s hauts niveaux. La mont\u00e9e devient difficile et il faut garder maintenant notre souffle! Nous nous arr\u00eatons au palier pour admirer la cloche et son dispositif, avant de d\u00e9boucher sur la terrasse. La vue plongeante nous indique combien nous sommes haut. Ils sont tous petits en bas! Un magnifique panorama s&rsquo;ouvre \u00e0 nous&#8230; Nous avons de la chance de voir ce superbe spectacle sous un beau soleil. Nous profitons de l&rsquo;instant une dizaine de minutes avant de redescendre. <a href=\"http:\/\/ecrire-coach.biographe-valeriejean.fr\/wp-content\/uploads\/2014\/11\/P1090291-copie.jpg\"><img loading=\"lazy\" decoding=\"async\" class=\"alignright size-medium wp-image-1732\" src=\"http:\/\/ecrire-coach.biographe-valeriejean.fr\/wp-content\/uploads\/2014\/11\/P1090291-copie-300x225.jpg\" alt=\"universit\u00e9 de Coimbra\" width=\"300\" height=\"225\" \/><\/a>Nous finissons notre visite par les salles du conseil. Le nombre des touristes augmentant de minutes en minutes, c&rsquo;est serr\u00e9es le long des couloirs que nous terminons la visite. Enfin nous admirons les jardins en contre-bas de l&rsquo;esplanade. L&rsquo;Universit\u00e9 \u00e9tant situ\u00e9\u00a0 sur la colline de l&rsquo;Alca\u00e7ova qui domine la ville.<\/p>\n<p style=\"text-align: justify;\"><a href=\"http:\/\/ecrire-coach.biographe-valeriejean.fr\/wp-content\/uploads\/2014\/11\/P1090295-copie.jpg\"><img loading=\"lazy\" decoding=\"async\" class=\"alignleft size-medium wp-image-1776\" src=\"http:\/\/ecrire-coach.biographe-valeriejean.fr\/wp-content\/uploads\/2014\/11\/P1090295-copie-300x225.jpg\" alt=\"Azulejos, coimbra\" width=\"300\" height=\"225\" \/><\/a>Mais\u00a0 l&rsquo;heure tourne et il est temps de rejoindre Papi au rendez-vous qu&rsquo;il nous a donn\u00e9 \u00e0 la caf\u00e9t\u00e9ria du centre commercial du Barrio Norton pour manger&#8230; Buffet des \u00eeles \u00e0 volont\u00e9. Bof! <a href=\"http:\/\/ecrire-coach.biographe-valeriejean.fr\/wp-content\/uploads\/2014\/11\/P1090297-copie.jpg\"><img loading=\"lazy\" decoding=\"async\" class=\"alignright size-medium wp-image-1777\" src=\"http:\/\/ecrire-coach.biographe-valeriejean.fr\/wp-content\/uploads\/2014\/11\/P1090297-copie-300x225.jpg\" alt=\"Parc Coimbra\" width=\"300\" height=\"225\" \/><\/a>Apr\u00e8s un caf\u00e9, nous rejoignons le jardin de las estrellas pour nous balader un peu. Des magnifiques azulejos nous accueillent avant de grimper le long des all\u00e9es pour trouver un coin tranquille. Je profite de ce moment de r\u00e9pit pour faire un peu de tai-chi. Il n&rsquo;y a personne dans le parc: une aubaine! Puis nous rejoignons la maison o\u00f9 autour d&rsquo;un th\u00e9, nous parlons de notre journ\u00e9e avec papi et lui offrons le disque achet\u00e9 \u00e0 la troupe d&rsquo;\u00e9tudiants musiciens rencontr\u00e9s dans la matin\u00e9e \u00e0 l&rsquo;universit\u00e9. Papi, apr\u00e8s des remerciements, nous expliquera que ce n&rsquo;est pas le style original du fado de Coimbra. Il est vrai que cela n&rsquo;avait rien \u00e0 voir avec les s\u00e9r\u00e9nades que j&rsquo;avais entendues une dizaine d&rsquo;ann\u00e9es auparavant sous l&rsquo;arche de Coimbra, chant\u00e9es sur un ton beaucoup plus m\u00e9lancoliques&#8230;<\/p>\n<h2 style=\"text-align: justify;\">Visite \u00e0 Penacova<\/h2>\n<p style=\"text-align: justify;\"><a href=\"http:\/\/ecrire-coach.biographe-valeriejean.fr\/wp-content\/uploads\/2014\/11\/P1090311-copie.jpg\"><img loading=\"lazy\" decoding=\"async\" class=\"alignleft size-medium wp-image-1778\" src=\"http:\/\/ecrire-coach.biographe-valeriejean.fr\/wp-content\/uploads\/2014\/11\/P1090311-copie-225x300.jpg\" alt=\"Penacova, Portugal\" width=\"225\" height=\"300\" \/><\/a>Le lendemain, d\u00e9part pour Penacova, un village \u00e0 une trentaine de kilom\u00e8tres de Coimbra. le temps est incertain et par intermittence une pluie fine crachote et le vent s&rsquo;est lev\u00e9 mais cela ne nous arr\u00eate pas et nous voil\u00e0 parties. Nous prenons les petites routes plut\u00f4t que l&rsquo;autoroute afin\u00a0 d&rsquo;admirer les paysages de for\u00eats d&rsquo;eucalyptus environnantes. Arriv\u00e9es au village, connaissant le coin,<a href=\"http:\/\/ecrire-coach.biographe-valeriejean.fr\/wp-content\/uploads\/2014\/11\/P1090313-copie.jpg\"><img loading=\"lazy\" decoding=\"async\" class=\"alignright size-medium wp-image-1779\" src=\"http:\/\/ecrire-coach.biographe-valeriejean.fr\/wp-content\/uploads\/2014\/11\/P1090313-copie-225x300.jpg\" alt=\"Penacova, Portugal\" width=\"225\" height=\"300\" \/><\/a> je gare la voiture sur la place pour rejoindre \u00e0 pied le pic rocheux qui domine la vall\u00e9e au bout du village. Le vent \u00e0 cette hauteur est bien plus fort mais qu&rsquo;importe la vue est magnifique. Nous nous engageons dans\u00a0 la rue \u00e9troite qui suit la cr\u00eate pour arriver jusqu&rsquo;au promontoire qui est au bout du village. Nous sommes dimanche et c&rsquo;est tr\u00e8s calme et sommes les seules touristes dans la place! L&rsquo;\u00e9t\u00e9 l&rsquo;endroit est bond\u00e9 d&rsquo;autant que le Mondego <a href=\"http:\/\/ecrire-coach.biographe-valeriejean.fr\/wp-content\/uploads\/2014\/11\/P1090321-copie.jpg\"><img loading=\"lazy\" decoding=\"async\" class=\"alignleft size-medium wp-image-1780\" src=\"http:\/\/ecrire-coach.biographe-valeriejean.fr\/wp-content\/uploads\/2014\/11\/P1090321-copie-300x225.jpg\" alt=\"fa\u00e7ade azulejos, Penacova, Portugal\" width=\"300\" height=\"225\" \/><\/a>coule en bas et c&rsquo;est l&rsquo;occasion\u00a0 de faire du canoe dans les bras de la rivi\u00e8re et\u00a0 de profiter des plages et de la baignade. Penacova est un site perch\u00e9 qui surplombe le fleuve qui au fil du temps s&rsquo;est creus\u00e9 dans la roche de la sierra de Buzaco. Comme partout au Portugal, les carreaux d&rsquo;azulejos d\u00e9corent les fa\u00e7ades des maisons ou bien sont peintes de couleurs et offrent toujours ce <a href=\"http:\/\/ecrire-coach.biographe-valeriejean.fr\/wp-content\/uploads\/2014\/11\/P1090319-copie.jpg\"><img loading=\"lazy\" decoding=\"async\" class=\"alignright size-medium wp-image-1781\" src=\"http:\/\/ecrire-coach.biographe-valeriejean.fr\/wp-content\/uploads\/2014\/11\/P1090319-copie-225x300.jpg\" alt=\"Fa\u00e7ade maison Penacova, Portugal\" width=\"225\" height=\"300\" \/><\/a>m\u00eame plaisir renouvel\u00e9 de d\u00e9ambuler m\u00eame par temps gris dans un pays gai et enchanteur.<\/p>\n<p style=\"text-align: justify;\">Au bout de la rue, \u00e0 la pointe du promontoire rocheux a \u00e9t\u00e9 \u00e9difi\u00e9 un h\u00f4tel qui semble ne plus avoir d&rsquo;activit\u00e9. vaste b\u00e2tisse moderne qui jure avec le reste du village, verrue au milieu de la verdure&#8230; Nous poussons jusqu&rsquo;\u00e0 l&rsquo;extr\u00e9mit\u00e9 pour jouir de l&rsquo;exceptionnelle vue de la vall\u00e9e.<\/p>\n<p style=\"text-align: justify;\"><a href=\"http:\/\/ecrire-coach.biographe-valeriejean.fr\/wp-content\/uploads\/2014\/11\/P1090325-copie.jpg\"><img loading=\"lazy\" decoding=\"async\" class=\"aligncenter size-medium wp-image-1782\" src=\"http:\/\/ecrire-coach.biographe-valeriejean.fr\/wp-content\/uploads\/2014\/11\/P1090325-copie-300x225.jpg\" alt=\"Penacova\" width=\"300\" height=\"225\" \/><\/a><a href=\"http:\/\/ecrire-coach.biographe-valeriejean.fr\/wp-content\/uploads\/2014\/11\/P1090334-copie.jpg\"><img loading=\"lazy\" decoding=\"async\" class=\"aligncenter size-medium wp-image-1783\" src=\"http:\/\/ecrire-coach.biographe-valeriejean.fr\/wp-content\/uploads\/2014\/11\/P1090334-copie-225x300.jpg\" alt=\"vall\u00e9e Mondego, Penacova\" width=\"225\" height=\"300\" \/><\/a>Puis c&rsquo;est le retour vers le village dont la place s&rsquo;est soudainement\u00a0 anim\u00e9e. C&rsquo;est la sortie de l&rsquo;\u00e9glise o\u00f9, nous dit-on,\u00a0 le nouveau pr\u00eatre de la paroisse fait sa premi\u00e8re messe d&rsquo;intronisation. <a href=\"http:\/\/ecrire-coach.biographe-valeriejean.fr\/wp-content\/uploads\/2014\/11\/P1090337-copie.jpg\"><img loading=\"lazy\" decoding=\"async\" class=\"alignleft size-medium wp-image-1784\" src=\"http:\/\/ecrire-coach.biographe-valeriejean.fr\/wp-content\/uploads\/2014\/11\/P1090337-copie-300x225.jpg\" alt=\"Pain de mais, Penacova, Portugal\" width=\"300\" height=\"225\" \/><\/a>Sur la place, nous rencontrons un couple qui vend du pain de ma\u00efs cuit au four&#8230;cela tombe bien car nous avons un petit creux. Nous restons un moment \u00e0 discuter en franco-espagnol, avec eux. Ils travaillent tous les deux \u00e0 Coimbra, la femme dans les services de la mairie et l&rsquo;homme dans une banque. Ils souhaitent perp\u00e9tuer les traditions en fabriquant du pain de ma\u00efs comme le faisaient leurs parents. Une bien jolie rencontre. Apr\u00e8s les avoir remerci\u00e9s, nous partons vers le monast\u00e8re de Lorvao. Sur la pancarte \u00e0 l&rsquo;entr\u00e9e est indiqu\u00e9 que l&rsquo;ouverture ne se ferait qu&rsquo;\u00e0 14h30 au lieu de 14h&#8230;Nous allons patienter dans un bar o\u00f9 l&rsquo;homme a ralli\u00e9 son village natal apr\u00e8s avoir\u00a0 travaill\u00e9 en France. La pluie s&rsquo;est abattue sur le village et nous sommes tremp\u00e9es quand nous arrivons devant la lourde porte d&rsquo;entr\u00e9e du monast\u00e8re&#8230; Elle est entrouverte et je m&rsquo;introduis.. Personne. Je pousse mes investigations plus loin et tombe sur deux hommes \u00e0 qui je demande comment visiter le monast\u00e8re. En fran\u00e7ais, ils se confondent en excuses m&rsquo;expliquant qu&rsquo;il y aurait du retard pour l&rsquo;ouverture, perturb\u00e9e par la messe qui a pris du retard&#8230; Le nouveau jeune pr\u00eatre de la paroisse ayant fait une messe d&rsquo;intronisation plus longue que d&rsquo;habitude&#8230;Le m\u00eame qui \u00e9tait \u00e0 Penacova!!! <a href=\"http:\/\/ecrire-coach.biographe-valeriejean.fr\/wp-content\/uploads\/2014\/11\/P1090354-copie.jpg\"><img loading=\"lazy\" decoding=\"async\" class=\"alignright size-medium wp-image-1785\" src=\"http:\/\/ecrire-coach.biographe-valeriejean.fr\/wp-content\/uploads\/2014\/11\/P1090354-copie-300x225.jpg\" alt=\"Jardin botanique Coimbra\" width=\"300\" height=\"225\" \/><\/a>Les filles n&rsquo;ont pas le courage d&rsquo;attendre plus, ce qui ne me g\u00eane pas ayant d\u00e9j\u00e0 visit\u00e9 le monast\u00e8re: nous repartons sur Coimbra occupant le reste de notre apr\u00e8s midi bien entam\u00e9e dans le parc botanique pr\u00e8s de l&rsquo;universit\u00e9 mais nous <a href=\"http:\/\/ecrire-coach.biographe-valeriejean.fr\/wp-content\/uploads\/2014\/11\/P1090350-copie.jpg\"><img loading=\"lazy\" decoding=\"async\" class=\"alignleft size-medium wp-image-1786\" src=\"http:\/\/ecrire-coach.biographe-valeriejean.fr\/wp-content\/uploads\/2014\/11\/P1090350-copie-300x225.jpg\" alt=\"jardin botanique coimbra\" width=\"300\" height=\"225\" \/><\/a>arrivons un peu tard car il doit fermer dans une demi-heure&#8230;. Malgr\u00e9 tout, nous avons le temps de voir des sp\u00e9cimens d&rsquo;arbre incroyablement imposants.<\/p>\n<p style=\"text-align: justify;\">Retour \u00e0 la maison , nous sommes en octobre et les journ\u00e9es sont moins longues. Nous cassons la cro\u00fbte sur le coin de table avant de ressortir manger un g\u00e2teau et boire un caf\u00e9&#8230;Le petit plaisir du soir o\u00f9 papi pae nous accompagne. Demain nous partons pour Aveiro.<\/p>\n<h2 style=\"text-align: justify;\">\u00a0Aveiro, la ville des marais<\/h2>\n<p>Pas de chance, le temps s&rsquo;est mis \u00e0 la pluie et au vent mais quelques \u00e9claircies nous donnent de l&rsquo;espoir. Nous prenons l&rsquo;autoroute. Il faut savoir qu&rsquo;au Portugal, le syst\u00e8me de p\u00e9age a \u00e9t\u00e9 am\u00e9nag\u00e9 pour supprimer les postes de p\u00e9age. La voiture, comme le t\u00e9l\u00e9p\u00e9age en France, est directement reli\u00e9e au syst\u00e8me, finie les cb, les pi\u00e8ces, les tickets: c&rsquo;est tr\u00e8s pratique mais il faut soit avoir une voiture \u00e9quip\u00e9e, comme la n\u00f4tre car\u00a0 les v\u00e9hicules de location sont adapt\u00e9s, soit\u00a0 louer l&rsquo;appareil \u00e0 bord de votre voiture d\u00e8s que vous entrez sur l&rsquo;autoroute&#8230;Attention on ne vous pr\u00e9viendra pas, c&rsquo;est \u00e0 vous de vous renseigner.<\/p>\n<p><a href=\"http:\/\/ecrire-coach.biographe-valeriejean.fr\/wp-content\/uploads\/2014\/11\/P1090357-copie.jpg\"><img loading=\"lazy\" decoding=\"async\" class=\"alignleft size-medium wp-image-1802\" src=\"http:\/\/ecrire-coach.biographe-valeriejean.fr\/wp-content\/uploads\/2014\/11\/P1090357-copie-300x225.jpg\" alt=\"visite Portugal, carnet voyage Aveiro\" width=\"300\" height=\"225\" \/><\/a>Bref, nous roulons vers l&rsquo;atlantique pour une heure et demi environ. Je ne connais pas la ville, simplement la plage, c&rsquo;est donc pour moi une d\u00e9couverte. Nous longeons les quais color\u00e9s pour trouver une place de parking et sans difficult\u00e9 nous nous garons pr\u00e8s du centre ville. Il commence \u00e0 pleuvoir&#8230; Comme partout, les maisons offrent leurs azulejos au regard.<br \/>\n<a href=\"http:\/\/ecrire-coach.biographe-valeriejean.fr\/wp-content\/uploads\/2014\/11\/P1090358-copie.jpg\"><img loading=\"lazy\" decoding=\"async\" class=\"alignright size-medium wp-image-1803\" src=\"http:\/\/ecrire-coach.biographe-valeriejean.fr\/wp-content\/uploads\/2014\/11\/P1090358-copie-225x300.jpg\" alt=\"carnet de voyage Portugal\" width=\"225\" height=\"300\" \/><\/a>La rue est anim\u00e9e de passants mais aussi de beaucoup de touristes qui d&rsquo;ailleurs, malgr\u00e9 le mauvais temps, n&rsquo;h\u00e9sitent pas \u00e0 faire la balade dans les gondoles typiques d&rsquo;Aveiro: les moliceiros. Autrefois, ces embarcations servaient \u00e0 ramasser les algues.\u00a0 Par les canaux, ils vous emm\u00e8nent dans la lagune baign\u00e9e des marais salants, derri\u00e8re l&rsquo;oc\u00e9an.<\/p>\n<p><a href=\"http:\/\/ecrire-coach.biographe-valeriejean.fr\/wp-content\/uploads\/2014\/11\/P1090360-copie.jpg\"><img loading=\"lazy\" decoding=\"async\" class=\"alignleft size-medium wp-image-1804\" src=\"http:\/\/ecrire-coach.biographe-valeriejean.fr\/wp-content\/uploads\/2014\/11\/P1090360-copie-300x225.jpg\" alt=\"Urbanisme art nouveau, Aveiro, portugal\" width=\"300\" height=\"225\" \/><\/a>Les rues pr\u00e8s du canal sont bord\u00e9es de maisons de type \u00ab\u00a0Art nouveau\u00a0\u00bb et les int\u00e9rieurs des boutiques sont tr\u00e8s beaux.<br \/>\nNous nous \u00e9loignons des quais \u00e0 la recherche d&rsquo;un caf\u00e9 pour boire une boisson chaude car la pluie a doubl\u00e9. Apr\u00e8s cette petite pause, nous pouvons repartir, il ne fait pas beau mais la pluie a fait place au crachin&#8230;Nous partons \u00e0 la recherche de la poste car je dois joindre Nelson pour qu&rsquo;il confirme notre vol de retour.<a href=\"http:\/\/ecrire-coach.biographe-valeriejean.fr\/wp-content\/uploads\/2014\/11\/P1090369-copie.jpg\"><img loading=\"lazy\" decoding=\"async\" class=\"alignright size-medium wp-image-1805\" src=\"http:\/\/ecrire-coach.biographe-valeriejean.fr\/wp-content\/uploads\/2014\/11\/P1090369-copie-225x300.jpg\" alt=\"cas\u00e7ada Aveiro, Carnet de voyage\" width=\"225\" height=\"300\" \/><\/a> Nous la trouvons sur une tr\u00e8s grande place, qui comme dans la plupart des villes portugaises, est pav\u00e9e de \u00ab\u00a0cal\u00e7ada\u00a0\u00bb, ces pierres taill\u00e9es et align\u00e9es parfaitement, qui font des rues de v\u00e9ritables chefs-d&rsquo;oeuvre. C&rsquo;est un ing\u00e9nieur militaire qui pour am\u00e9liorer l&rsquo;acc\u00e8s \u00e0 la forteresse a eu l&rsquo;id\u00e9e d&rsquo;aligner des petits carr\u00e9s de basalte et de calcaire, alternant les deux pierre pour former des zigs-zags. Le succ\u00e8s fut celui que l&rsquo;on conna\u00eet aujourd&rsquo;hui, et la \u00ab\u00a0cla\u00e7ada\u00a0\u00bb est la trace du passage de la civilisation portugaise \u00e0 travers le monde entier. Aujourd&rsquo;hui, il existe une \u00e9cole de \u00ab\u00a0calceiteros\u00a0\u00bb pour que ne se perde pas ce savoir-faire qui f\u00eate ses 75 ans.<br \/>\n<a href=\"http:\/\/ecrire-coach.biographe-valeriejean.fr\/wp-content\/uploads\/2014\/11\/P1090373-copie.jpg\"><img loading=\"lazy\" decoding=\"async\" class=\"alignleft size-medium wp-image-1806\" src=\"http:\/\/ecrire-coach.biographe-valeriejean.fr\/wp-content\/uploads\/2014\/11\/P1090373-copie-300x225.jpg\" alt=\"Aveiro\" width=\"300\" height=\"225\" \/><\/a> Les rues se vident peu \u00e0 peu, au fur et \u00e0 mesure que le ciel s&rsquo;assombrit. La poste tombe \u00e0 point nomm\u00e9 d&rsquo;autant qu&rsquo;\u00e0 l&rsquo;int\u00e9rieur il fait une chaleur \u00e9touffante tandis que nous nous \u00e9tions pr\u00e9munies du froid avec pull et manteaux! Apr\u00e8s un peu d&rsquo;attente, je parviens \u00e0 t\u00e9l\u00e9phoner \u00e0 Nelson qui me dit qu&rsquo;il me rappellera chez son p\u00e8re le soir&#8230;.Parfait!<\/p>\n<p><a href=\"http:\/\/ecrire-coach.biographe-valeriejean.fr\/wp-content\/uploads\/2014\/11\/P1090376-copie.jpg\"><img loading=\"lazy\" decoding=\"async\" class=\"alignright size-medium wp-image-1807\" src=\"http:\/\/ecrire-coach.biographe-valeriejean.fr\/wp-content\/uploads\/2014\/11\/P1090376-copie-300x225.jpg\" alt=\"maisons typiques Aveiro, carnet de voyage Portugal\" width=\"300\" height=\"225\" \/><\/a>Nous retournons \u00e0 la voiture pour rejoindre la lande de terre qui se trouve entre la ria d&rsquo;Aveiro et l&rsquo;oc\u00e9an. C&rsquo;est le quartier des\u00a0\u00a0 anciens\u00a0 p\u00eacheurs avec ses\u00a0 maisons color\u00e9es caract\u00e9ristiques. Je ne suis pas s\u00fbre de les retrouver car c&rsquo;est devenu une grande station baln\u00e9aire depuis mon dernier passage! L&rsquo;acc\u00e8s se fait par l&rsquo;arri\u00e8re&#8230;et je ne les vois pas\u00a0 mais je sais que je suis proche du village historique.<br \/>\n<a href=\"http:\/\/ecrire-coach.biographe-valeriejean.fr\/wp-content\/uploads\/2014\/11\/P1090377-copie.jpg\"><img loading=\"lazy\" decoding=\"async\" class=\"alignleft size-medium wp-image-1808\" src=\"http:\/\/ecrire-coach.biographe-valeriejean.fr\/wp-content\/uploads\/2014\/11\/P1090377-copie-225x300.jpg\" alt=\"carnet de voyage aveiro\" width=\"225\" height=\"300\" \/><\/a> Nous nous garons et arpentons les rues pour enfin les d\u00e9busquer de l&rsquo;autre c\u00f4t\u00e9! Les plus c\u00e9l\u00e8bres sont celles qui sont ray\u00e9es de toutes les couleurs mais dans les rues adjacentes, il n&rsquo;y en a pas une identique et\u00a0 pr\u00e9sente un assemblage h\u00e9t\u00e9roclite. Beaucoup restent tr\u00e8s modestes, c\u00f4toyant d\u00e9sormais des r\u00e9sidences tr\u00e8s modernes.<\/p>\n<p>&nbsp;<\/p>\n<p><a href=\"http:\/\/ecrire-coach.biographe-valeriejean.fr\/wp-content\/uploads\/2014\/11\/P1090381-copie.jpg\"><img loading=\"lazy\" decoding=\"async\" class=\"alignright size-medium wp-image-1809\" src=\"http:\/\/ecrire-coach.biographe-valeriejean.fr\/wp-content\/uploads\/2014\/11\/P1090381-copie-300x225.jpg\" alt=\"aveiro\" width=\"300\" height=\"225\" \/><\/a>Apr\u00e8s la balade dans les ruelles nous rejoignons la plage immense qui borde l&rsquo;oc\u00e9an. Il n&rsquo;y a personne, le vent souffle\u00a0 et le jour d\u00e9cline.<br \/>\nAu moment de retourner \u00e0 la voiture, caroline nous dit qu&rsquo;elle nous retrouve de l&rsquo;autre c\u00f4t\u00e9, les rues \u00e9tant parall\u00e8les cela ne me semble pas \u00eatre tr\u00e8s compliqu\u00e9! On mettra plus d&rsquo;une demi-heure \u00e0 la r\u00e9cup\u00e9rer! A tel point que nous avons demand\u00e9 aux personnes dans les magasins, aux arr\u00eats de bus pour savoir s&rsquo;il n&rsquo;avait pas vu une jeune fille avec une veste rouge!!!!<br \/>\nIl est temps de retourner \u00e0 Coimbra car nous redescendons vers Lisbonne demain et nous partirons t\u00f4t pour nous arr\u00eater \u00e0 Nazar\u00e9. Et Nelson digne fils de son papa, oubliera de t\u00e9l\u00e9phoner!<\/p>\n<p>NAZAR\u00c9<\/p>\n<p>La chance nous sourit, le beau temps est revenu et c&rsquo;est avec un dynamisme renouvell\u00e9 que nous prenons la route. Une centaine de kilom\u00e8tres nous s\u00e9parent de nazar\u00e9, ancienne ville de p\u00eacheurs devenue un lieu touristique tr\u00e8s fr\u00e9quent\u00e9.<\/p>\n<p>Scind\u00e9e en deux parties, la ville ancienne est perch\u00e9e sur un piton rocheux surplombant la grande bleue tandis que la ville moderne s&rsquo;\u00e9tale le long de la\u00a0 grande plage de sable blanc.<\/p>\n<p><a href=\"http:\/\/ecrire-coach.biographe-valeriejean.fr\/wp-content\/uploads\/2014\/11\/P1090383-copie.jpg\"><img loading=\"lazy\" decoding=\"async\" class=\"alignleft size-medium wp-image-1846\" src=\"http:\/\/ecrire-coach.biographe-valeriejean.fr\/wp-content\/uploads\/2014\/11\/P1090383-copie-300x225.jpg\" alt=\"Nazar\u00e9, destination portugal\" width=\"300\" height=\"225\" \/><\/a><a href=\"http:\/\/ecrire-coach.biographe-valeriejean.fr\/wp-content\/uploads\/2014\/11\/P1090391-copie.jpg\"><img loading=\"lazy\" decoding=\"async\" class=\"alignright size-medium wp-image-1847\" src=\"http:\/\/ecrire-coach.biographe-valeriejean.fr\/wp-content\/uploads\/2014\/11\/P1090391-copie-225x300.jpg\" alt=\"Potugal, tourisme\" width=\"225\" height=\"300\" \/><\/a>Une brume voile l&rsquo;horizon \u00e0 notre arriv\u00e9e sans pour autant noyer le paysage qui appara\u00eet dans sa splendeur matinale. N&rsquo;\u00e9tant plus dans les p\u00e9riodes estivales, la plage dans toute son immensit\u00e9 s&rsquo;offre \u00e0 nous. Nous nous dirigeons vers l&rsquo;ascenseur qui permet de grimper la falaise o\u00f9 le petit village de Nazar\u00e9 s&rsquo;ouvre sur la mer. Cet ascenseur est primordial pour les habitants de Nazar\u00e9 car le village en hauteur, encore tr\u00e8s peupl\u00e9, n&rsquo;offre plus que des \u00e9choppes pour les touristes. Ils sont oblig\u00e9s de rallier le bas de la ville pour s&rsquo;achalander et rejoindre les services administratifs.<\/p>\n<p><a href=\"http:\/\/ecrire-coach.biographe-valeriejean.fr\/wp-content\/uploads\/2014\/11\/P1090395-copie.jpg\"><img loading=\"lazy\" decoding=\"async\" class=\"alignleft size-medium wp-image-1848\" src=\"http:\/\/ecrire-coach.biographe-valeriejean.fr\/wp-content\/uploads\/2014\/11\/P1090395-copie-300x225.jpg\" alt=\"Nazar\u00e9, panorama\" width=\"300\" height=\"225\" \/><\/a>Cahin-caha, l&rsquo;ascenseur monte le long du rail accroch\u00e9 \u00e0 la colline\u00a0 qu&rsquo;il est possible de gravir gr\u00e2ce \u00e0 des escaliers. La ville devient une mosa\u00efque de toits dont on ne distingue bient\u00f4t plus les rues, bord\u00e9es par le long ruban sableux de la plage. <a href=\"http:\/\/ecrire-coach.biographe-valeriejean.fr\/wp-content\/uploads\/2014\/11\/P1090403-copie.jpg\"><img loading=\"lazy\" decoding=\"async\" class=\"alignright size-medium wp-image-1849\" src=\"http:\/\/ecrire-coach.biographe-valeriejean.fr\/wp-content\/uploads\/2014\/11\/P1090403-copie-225x300.jpg\" alt=\"Nazar\u00e9, beau village portugal\" width=\"225\" height=\"300\" \/><\/a>Arriv\u00e9e en haut, un chemin m\u00e8ne au bout du rocher nous d\u00e9voilant\u00a0 la beaut\u00e9 du panorama baign\u00e9 de l&rsquo;immensit\u00e9 bleue de la mer. le chemin serpente le long d&rsquo;un muret blanc, prot\u00e9geant les imprudents du vide de la falaise. de l&rsquo;autre c\u00f4t\u00e9 borde des petites maisons blanches de p\u00eacheurs. Au bout, on d\u00e9bouche sur la place du village o\u00f9 de nombreux stands attendent les touristes.<\/p>\n<p>&nbsp;<\/p>\n<p><a href=\"http:\/\/ecrire-coach.biographe-valeriejean.fr\/wp-content\/uploads\/2014\/11\/P1090413-copie.jpg\"><img loading=\"lazy\" decoding=\"async\" class=\"alignleft size-medium wp-image-1850\" src=\"http:\/\/ecrire-coach.biographe-valeriejean.fr\/wp-content\/uploads\/2014\/11\/P1090413-copie-300x225.jpg\" alt=\"Nore dame de Nazar\u00e9, chapelle de la m\u00e9moire, Portugal\" width=\"300\" height=\"225\" \/><\/a> A l&rsquo;\u00e9cart se trouve l<strong>a chapelle de m\u00e9moire, <\/strong>dont l&rsquo;int\u00e9rieur est enti\u00e8rement recouverte d&rsquo;azulejos qui a \u00e9t\u00e9 \u00e9rig\u00e9e pour prot\u00e9ger La statue de la Vierge.<\/p>\n<p>Elle proviendrait de Nazareth,\u00a0 rapport\u00e9e de Palestine jusqu&rsquo;en Espagne par Romano, un moine. Au VIIIe s si\u00e8cle le roi d&rsquo;Espagne alors en fuite face aux maures, se r\u00e9fugia dans un monast\u00e8re o\u00f9 vivait ce moine. Ensemble ils ralli\u00e8rent\u00a0 le Portugal, emportant avec eux la statue. Avant de mourir, Romano cacha la statue dans une grotte creus\u00e9e dans la falaise o\u00f9 elle demeura cach\u00e9e pendant 4 si\u00e8cles.<\/p>\n<p><a href=\"http:\/\/ecrire-coach.biographe-valeriejean.fr\/wp-content\/uploads\/2014\/11\/P1090416-copie.jpg\"><img loading=\"lazy\" decoding=\"async\" class=\"alignright size-medium wp-image-1851\" src=\"http:\/\/ecrire-coach.biographe-valeriejean.fr\/wp-content\/uploads\/2014\/11\/P1090416-copie-225x300.jpg\" alt=\"le sitio de nAZAR\u00c9\" width=\"225\" height=\"300\" \/><\/a> La l\u00e9gende raconte qu&rsquo;en\u00a0 1182, alors que le brouillard cachait ses pas, Don Fuas Roupinho, gouverneur de ch\u00e2teau , poursuivait un cerf quand soudain l&rsquo;animal disparut dans l&rsquo;ab\u00eeme. Face au p\u00e9ril le noble chevalier invoqua la Vierge<strong>.<\/strong>..et le cheval s&rsquo;arr\u00eata brusquement, sauvant la vie du Chevalier. En hommage \u00e0 celle qui l&rsquo;avait sauv\u00e9, il \u00e9difia une petite chapelle<strong>\u00a0<\/strong> au bord du pr\u00e9cipice. Il existe plusieurs versions sur la fa\u00e7on dont serait r\u00e9apparue la statue de la vierge. Mais en tout cas, depuis qu&rsquo;elle a \u00e9t\u00e9 retrouv\u00e9e,\u00a0 le\u00a0 <strong>Sitio de Notre Dame de Nazar\u00e9 <\/strong>est un lieu important de p\u00e8lerinage. <strong><br \/>\n<\/strong><\/p>\n<p><a href=\"http:\/\/ecrire-coach.biographe-valeriejean.fr\/wp-content\/uploads\/2014\/11\/P1090417-copie.jpg\"><img loading=\"lazy\" decoding=\"async\" class=\"alignleft size-medium wp-image-1852\" src=\"http:\/\/ecrire-coach.biographe-valeriejean.fr\/wp-content\/uploads\/2014\/11\/P1090417-copie-225x300.jpg\" alt=\"couleurs du Portugal, Nazar\u00e9\" width=\"225\" height=\"300\" \/><\/a>Les couleurs sont splendides et nous avons la chance de b\u00e9n\u00e9ficier d&rsquo;un beau soleil. Nous quittons \u00e0 regret les bords de la falaise pour nous rendre au sanctuaire de notre dame de Nazar\u00e9. En effet,le succ\u00e8s grandissant du p\u00e8lerinage \u00e0\u00a0 la chapelle de la M\u00e9moire, a incit\u00e9 les religieux \u00e0 construire le nouveau sanctuaire.<\/p>\n<p>&nbsp;<\/p>\n<p><a href=\"http:\/\/ecrire-coach.biographe-valeriejean.fr\/wp-content\/uploads\/2014\/11\/P1090419-copie.jpg\"><img loading=\"lazy\" decoding=\"async\" class=\"alignright size-medium wp-image-1853\" src=\"http:\/\/ecrire-coach.biographe-valeriejean.fr\/wp-content\/uploads\/2014\/11\/P1090419-copie-225x300.jpg\" alt=\"Nazar\u00e9, p\u00e8lerinage Notre dame Nazar\u00e9\" width=\"225\" height=\"300\" \/><\/a>Celui-ci pr\u00e9sente une fa\u00e7ade baroque avec de hauts clochers. Nous rentrons \u00e0 l&rsquo;int\u00e9rieur de l&rsquo;\u00e9glise et l\u00e0 surprise, une messe est donn\u00e9e en allemand \u00e0 des p\u00e8lerins. Nous esquivant silencieusement, nous ne pourrons pas visiter l&rsquo;\u00e9glise. je fais juste une photo avant de repartir.<\/p>\n<p><a href=\"http:\/\/ecrire-coach.biographe-valeriejean.fr\/wp-content\/uploads\/2014\/11\/P1090425-copie.jpg\"><img loading=\"lazy\" decoding=\"async\" class=\"alignleft size-medium wp-image-1854\" src=\"http:\/\/ecrire-coach.biographe-valeriejean.fr\/wp-content\/uploads\/2014\/11\/P1090425-copie-225x300.jpg\" alt=\"Messe Nazar\u00e9, P\u00e8lerinage Portugal\" width=\"225\" height=\"300\" \/><\/a><\/p>\n<p>Je n&rsquo;arriverais pas non plus \u00e0 photographier sereinement le sanctuaire car d\u00e8s que nous sommes arriv\u00e9s sur la place, deux cars de touristes ont envahi l&rsquo;espace et les marches \u00e9taient noires de monde&#8230;Ce sera l&rsquo;occasion d&rsquo;un autre voyage!<\/p>\n<p>Nous tra\u00eenons un peu sur la place pour regarder les diff\u00e9rents souvenirs propos\u00e9s aux touristes sans rien acheter.<a href=\"http:\/\/ecrire-coach.biographe-valeriejean.fr\/wp-content\/uploads\/2014\/11\/P1090431-copie.jpg\"><img loading=\"lazy\" decoding=\"async\" class=\"alignright size-medium wp-image-1856\" src=\"http:\/\/ecrire-coach.biographe-valeriejean.fr\/wp-content\/uploads\/2014\/11\/P1090431-copie-300x225.jpg\" alt=\"sitio nazar\u00e9, Portugal\" width=\"300\" height=\"225\" \/><\/a><\/p>\n<p>Nous repartons mais cette fois ci par les escaliers pour profiter au maximum de la vue. Et puis descendre est un plaisir!<\/p>\n<p>Cette balade nous a donn\u00e9 faim et il est temps de manger. Nous nous installons sur la plage pour d\u00e9guster le plat que papi pae nous a pr\u00e9par\u00e9&#8230;Royal&#8230;!<\/p>\n<p><a href=\"http:\/\/ecrire-coach.biographe-valeriejean.fr\/wp-content\/uploads\/2014\/11\/P1090436-copie.jpg\"><img loading=\"lazy\" decoding=\"async\" class=\"alignleft size-medium wp-image-1857\" src=\"http:\/\/ecrire-coach.biographe-valeriejean.fr\/wp-content\/uploads\/2014\/11\/P1090436-copie-300x225.jpg\" alt=\"Spot nazar\u00e9 surf\" width=\"300\" height=\"225\" \/><\/a>Nazar\u00e9 est devenu un haut lieu du surf, c\u00e9l\u00e8bre pour sa vague g\u00e9ante&#8230;Il faut aller plus loin au sud pour l&rsquo;observer et nous nous contentons d&rsquo;admirer celles en face de nous! qui sont d\u00e9j\u00e0 bien belles.<\/p>\n<p>Mais il est temps de repartir car il reste encore 140 kilom\u00e8tres et nous devons encore trouver une chambre \u00e0 Lisbonne. Avec l&rsquo;exp\u00e9rience que l&rsquo;on a eu pour se diriger dans la capitale, nous pr\u00e9f\u00e9rons ne pas nous attarder.<\/p>\n<p>RETOUR SUR LISBONNE<\/p>\n<p>La route est facile par l&rsquo;autoroute et nous arrivons dans la capitale portugaise vers 18 heures.<\/p>\n<p>Nous cherchons une pension et trouvons assez facilement en plein centre de Lisbonne \u00e0 c\u00f4t\u00e9 de l&rsquo;\u00e9norme pra\u00e7a do Marqu\u00e8s de Pombal, enfin sur le papier nous trouvons facilement! car pour y arriver c&rsquo;est une autre histoire! Il m&rsquo;a fallu nous reprendre \u00e0 plusieurs fois pour nous enquiller dans l&rsquo;avenue Duqu\u00e9 loul\u00e9 car les grosses places \u00e0 Lisbonne canalisent le flux giratoire sur plusieurs anneaux&#8230;Pas simple quand on est pas habitu\u00e9&#8230;.bref, enfin nous arrivons \u00e0 destination. En plein centre de Lisbonne je crains de me garer et de me faire embarquer a voiture. Je vais parlementer avec un agent qui se trouve lui expliquant qu&rsquo;on ne reste pas mais s&rsquo;il accepte qu&rsquo;on se gare le temps de d\u00e9charger la voiture&#8230;Il nous enl\u00e8vera une barri\u00e8re pour nous garer me faisant comprendre que c&rsquo;est ok pour la nuit! ouf un probl\u00e8me en moins. Nous montons un escalier \u00e9troit sur trois \u00e9tages avant de d\u00e9boucher dans la pension, confortable et bien am\u00e9nag\u00e9e avec un coin d\u00e9tente pour les h\u00f4tes \u00e0 un prix raisonnable. Nous louons deux chambres: une pour Anita et l&rsquo;autre pour Caroline et moi. Nous sommes re\u00e7us par un jeune homme, \u00e9tudiant en g\u00e9ographie qui bosse l\u00e0 pour payer ses \u00e9tudes.<\/p>\n<p>C&rsquo;est l&rsquo;heure de manger et nous d\u00e9cidons pour notre derni\u00e8re soir\u00e9e ensemble d&rsquo;aller au restaurant. Nous sommes dans un quartier chic et nous craignons la note! Nous rentrons dans la Confeitaria Marqu\u00eas de Pombal, Avenida da Liberdade \u00e0 deux rues de notre pension. Un int\u00e9rieur assez cossu avec des serveurs&#8230;Je suis tent\u00e9e par une soupe avant de poursuivre par un plat et un caf\u00e9&#8230;Nous ne voulons pas nous coucher tard car il faut que j&#8217;emm\u00e8ne Caroline demain matin \u00e0 l&rsquo;a\u00e9roport&#8230;ce sera un peu de t\u00e9l\u00e9vision \u00e0 la pension avant de tomber dans les bras de Morph\u00e9e.<\/p>\n<p>Le lendemain matin nous ne tardons pas pour partir \u00e0 l&rsquo;a\u00e9roport quitte \u00e0 manger un petit dej une fois sur place. Apr\u00e8s uhne collation, je rentre \u00e0 la pension o\u00f9 j&rsquo;avais donn\u00e9 rendez-vous \u00e0 Anita: je suis une heure en avance mais elle est dans sa chambre si bien que nous pouvons partir imm\u00e9diatement.<\/p>\n<p><a href=\"http:\/\/ecrire-coach.biographe-valeriejean.fr\/wp-content\/uploads\/2014\/11\/P1090438-copie-e1447089591630.jpg\"><img loading=\"lazy\" decoding=\"async\" class=\"alignleft wp-image-1866 size-thumbnail\" src=\"http:\/\/ecrire-coach.biographe-valeriejean.fr\/wp-content\/uploads\/2014\/11\/P1090438-copie-e1447089591630-150x150.jpg\" alt=\"Hard Rock caf\u00e9-Lisbonne\" width=\"150\" height=\"150\" \/><\/a>Direction le quartier sud vers le baixo \u00e0 la station rossio. Nous nous engageons sur la <span class=\"widget-pane-section-info-text\">Pra\u00e7a dos Restauradores<\/span>, non sans remarquer le constraste saisissant entre l&rsquo;enseigne du Hard-rock caf\u00e9 et sa fa\u00e7ade avec des dessins all\u00e9goriques&#8230;La place est\u00a0 magnifique o\u00f9 tr\u00f4ne l&rsquo;Eden th\u00e9atro\u00a0\u00bb,<a href=\"http:\/\/ecrire-coach.biographe-valeriejean.fr\/wp-content\/uploads\/2014\/11\/P1090441-copie.jpg\"><img loading=\"lazy\" decoding=\"async\" class=\"wp-image-1868 size-medium alignright\" src=\"http:\/\/ecrire-coach.biographe-valeriejean.fr\/wp-content\/uploads\/2014\/11\/P1090441-copie-300x225.jpg\" alt=\"Palcio foz-Lisbonne\" width=\"300\" height=\"225\" \/><\/a> le Palacio Foz avec sa superbe fa\u00e7ade compos\u00e9e de marbre rose de style Artd\u00e9co. La place est immense, bord\u00e9e d&rsquo;immeubles \u00e9galement de couleur rose qui donne \u00e0 l&rsquo;ensemble une belle harmonie de teinte.<a href=\"http:\/\/ecrire-coach.biographe-valeriejean.fr\/wp-content\/uploads\/2014\/11\/P1090439-copie.jpg\"><img loading=\"lazy\" decoding=\"async\" class=\"wp-image-1867 size-medium alignleft\" src=\"http:\/\/ecrire-coach.biographe-valeriejean.fr\/wp-content\/uploads\/2014\/11\/P1090439-copie-300x225.jpg\" alt=\"Lisbonne\" width=\"300\" height=\"225\" \/><\/a><\/p>\n<p>Au centre de la place, une belle fontaine accueille les visiteurs.<\/p>\n<p>Nous continuons vers la rue du 1er d\u00e9cembre et tombons sur la un caf\u00e9 dont la fa\u00e7ade est splendide.<a href=\"http:\/\/ecrire-coach.biographe-valeriejean.fr\/wp-content\/uploads\/2014\/11\/P1090443-copie-e1447090998483.jpg\"><img loading=\"lazy\" decoding=\"async\" class=\"wp-image-1869 size-medium alignright\" src=\"http:\/\/ecrire-coach.biographe-valeriejean.fr\/wp-content\/uploads\/2014\/11\/P1090443-copie-e1447089665829-225x300.jpg\" alt=\"Lisbonne-Rue du 1er diziembro\" width=\"225\" height=\"300\" \/><\/a><\/p>\n<p>Des arcades \u00e0 sa base qui s&rsquo;enchev\u00eatrent pour dessiner l&rsquo;entr\u00e9e du b\u00e2timent. Elles sont finement cisel\u00e9es, agr\u00e9ment\u00e9es d&rsquo;\u00e9critures sculpt\u00e9es qui se d\u00e9coupent\u00a0 sur le mur blanc, r\u00e9hauss\u00e9 de fen\u00eatres ouvrag\u00e9es en\u00a0 forme d&rsquo;arches avec des colonnes et des m\u00e9daillons. Au dessus d&rsquo;autre fen\u00eatres rectangulaires compl\u00e8tent l&rsquo;ensemble.<\/p>\n<p>Puis nous bifurquons sur la droite dans une rue perpendiculaire qui nous fait quitter le tumulte de la place.<\/p>\n<p><a href=\"http:\/\/ecrire-coach.biographe-valeriejean.fr\/wp-content\/uploads\/2014\/11\/P1090445-copie.jpg\"><img loading=\"lazy\" decoding=\"async\" class=\"wp-image-1871 size-medium alignleft\" src=\"http:\/\/ecrire-coach.biographe-valeriejean.fr\/wp-content\/uploads\/2014\/11\/P1090445-copie-300x225.jpg\" alt=\"Lisbonne\" width=\"300\" height=\"225\" \/><\/a>Nous d\u00e9passons un b\u00e2timent qui ressemble \u00e0 des anciennes halles, aux murs de pierre tr\u00e8s bien restaur\u00e9es. Nous grimpons une petite ruelle qui monte en lacets avant de d\u00e9boucher sur une petite place ombrag\u00e9e que borde le mus\u00e9e \u00ab\u00a0guardia nacional republicana\u00a0\u00bb flanqu\u00e9 de deux gu\u00e9rites. <a href=\"http:\/\/ecrire-coach.biographe-valeriejean.fr\/wp-content\/uploads\/2014\/11\/P1090452-copie-e1447089703116.jpg\"><img loading=\"lazy\" decoding=\"async\" class=\"wp-image-1872 size-thumbnail alignright\" src=\"http:\/\/ecrire-coach.biographe-valeriejean.fr\/wp-content\/uploads\/2014\/11\/P1090452-copie-e1447089703116-150x150.jpg\" alt=\"Lisbonne-mus\u00e9e guardia nacional republicana\" width=\"150\" height=\"150\" \/><\/a>Il est temps de faire une pause et nous nous installons \u00e0 une des tables, en terrasse d&rsquo;un bar. Bien nous en pris car un chanteur s&rsquo;installe et pousse la chansonnette.<\/p>\n<p><a href=\"http:\/\/ecrire-coach.biographe-valeriejean.fr\/wp-content\/uploads\/2014\/11\/P1090459-copie-e1447089748412.jpg\"><img loading=\"lazy\" decoding=\"async\" class=\"alignleft wp-image-1873 size-thumbnail\" src=\"http:\/\/ecrire-coach.biographe-valeriejean.fr\/wp-content\/uploads\/2014\/11\/P1090459-copie-e1447089748412-150x150.jpg\" alt=\"Lisbonne Largo do carmo\" width=\"150\" height=\"150\" \/><\/a>Nous restons l\u00e0 un moment avant de repartir vers la voiture.<\/p>\n<p><a href=\"http:\/\/ecrire-coach.biographe-valeriejean.fr\/wp-content\/uploads\/2014\/11\/P1090477-copie.jpg\"><img loading=\"lazy\" decoding=\"async\" class=\"wp-image-1875 size-medium alignright\" src=\"http:\/\/ecrire-coach.biographe-valeriejean.fr\/wp-content\/uploads\/2014\/11\/P1090477-copie-300x225.jpg\" alt=\"Lisbonne\" width=\"300\" height=\"225\" \/><\/a>Au d\u00e9tour d&rsquo;une ruelle, nous d\u00e9couvrons un th\u00e9\u00e2tre baroque avec \u00e0 l&rsquo;affiche le Petit Prince, version portugaise comme il se doit! Puis plus loin, un autre clin d&rsquo;oeil nous est donn\u00e9 \u00e0 voir, une enseigne joliment \u00e9crite : Paris<\/p>\n<p><a href=\"http:\/\/ecrire-coach.biographe-valeriejean.fr\/wp-content\/uploads\/2014\/11\/P1090478-copie-e1447089796753.jpg\"><img loading=\"lazy\" decoding=\"async\" class=\"wp-image-1876 size-thumbnail alignleft\" src=\"http:\/\/ecrire-coach.biographe-valeriejean.fr\/wp-content\/uploads\/2014\/11\/P1090478-copie-e1447089796753-150x150.jpg\" alt=\"Lisbonne\" width=\"150\" height=\"150\" \/><\/a><\/p>\n<p>&nbsp;<\/p>\n<p>&nbsp;<\/p>\n<p>&nbsp;<\/p>\n<p>&nbsp;<\/p>\n<p><a href=\"http:\/\/ecrire-coach.biographe-valeriejean.fr\/wp-content\/uploads\/2014\/11\/P1090464-copie-e1447091442936.jpg\"><img loading=\"lazy\" decoding=\"async\" class=\"wp-image-1874 size-medium aligncenter\" src=\"http:\/\/ecrire-coach.biographe-valeriejean.fr\/wp-content\/uploads\/2014\/11\/P1090464-copie-e1447091442936-225x300.jpg\" alt=\"Lisbonne\" width=\"225\" height=\"300\" \/><\/a>Puis\u00a0 direction l&rsquo;aquarium. Ce sera encore une belle \u00e9pop\u00e9e que de rejoindre ce parc aquatique! Mais nous y parvenons. Il se trouve dans un quartier neuf, moderne&#8230;<\/p>\n<p><a href=\"http:\/\/ecrire-coach.biographe-valeriejean.fr\/wp-content\/uploads\/2014\/11\/P1090480-copie.jpg\"><img loading=\"lazy\" decoding=\"async\" class=\"wp-image-1877 size-full alignnone\" src=\"http:\/\/ecrire-coach.biographe-valeriejean.fr\/wp-content\/uploads\/2014\/11\/P1090480-copie.jpg\" alt=\"Le pont Vasco de gama-lisbonne\" width=\"800\" height=\"600\" \/><\/a>A l&rsquo;horizon, on devine l&rsquo;immense pont qui traverse le tage\u00a0 dans sa partie la plus large et qui relie Lisbonne \u00e0 Montijo. Avec ses 17km dans son ensemble, Le <b>pont Vasco da Gama<\/b>\u00a0 est le plus grand d&rsquo;Europe. Il a \u00e9t\u00e9 inaugur\u00e9 juste avant l&rsquo;ouverture de l&rsquo;exposition internationale de 1998 qui c\u00e9l\u00e9brait\u00a0 le 500<sup>e<\/sup> anniversaire de la d\u00e9couverte de la route maritime vers l&rsquo;Inde par Vasco de Gama. Exposition internationale que nous avions eu d&rsquo;ailleurs la chance de visiter. Cet ouvrage exceptionnel peut r\u00e9sister \u00e0 un tremblement de terre 4,5 fois plus puissant que celui qui a ravag\u00e9 la r\u00e9gion en 1755 et \u00e0 des vents d&rsquo;une force de 250km\/h d&rsquo;o\u00f9 son\u00a0 co\u00fbt de construction exorbitant\u00a0\u00a0 estim\u00e9 aux environs de 900 millions d&rsquo;euros.<\/p>\n<p>L&rsquo;Oceanario de Lisbonne est un enchantement.<\/p>\n<p><a href=\"http:\/\/ecrire-coach.biographe-valeriejean.fr\/wp-content\/uploads\/2014\/11\/P1090493-copie.jpg\"><img loading=\"lazy\" decoding=\"async\" class=\"aligncenter wp-image-1879 size-medium\" src=\"http:\/\/ecrire-coach.biographe-valeriejean.fr\/wp-content\/uploads\/2014\/11\/P1090493-copie-300x225.jpg\" alt=\"Aquarium de Lisbonne\" width=\"300\" height=\"225\" \/><\/a> <a href=\"http:\/\/ecrire-coach.biographe-valeriejean.fr\/wp-content\/uploads\/2014\/11\/P1090494-copie.jpg\"><img loading=\"lazy\" decoding=\"async\" class=\"aligncenter wp-image-1880 size-medium\" src=\"http:\/\/ecrire-coach.biographe-valeriejean.fr\/wp-content\/uploads\/2014\/11\/P1090494-copie-300x225.jpg\" alt=\"Aquarium de Lisbonne\" width=\"300\" height=\"225\" \/><\/a> <a href=\"http:\/\/ecrire-coach.biographe-valeriejean.fr\/wp-content\/uploads\/2014\/11\/P1090495-copie.jpg\"><img loading=\"lazy\" decoding=\"async\" class=\"aligncenter wp-image-1881 size-medium\" src=\"http:\/\/ecrire-coach.biographe-valeriejean.fr\/wp-content\/uploads\/2014\/11\/P1090495-copie-300x225.jpg\" alt=\"Aquarium de Lisbonne\" width=\"300\" height=\"225\" \/><\/a> <a href=\"http:\/\/ecrire-coach.biographe-valeriejean.fr\/wp-content\/uploads\/2014\/11\/P1090496-copie.jpg\"><img loading=\"lazy\" decoding=\"async\" class=\"aligncenter wp-image-1882 size-medium\" src=\"http:\/\/ecrire-coach.biographe-valeriejean.fr\/wp-content\/uploads\/2014\/11\/P1090496-copie-e1447092636215-225x300.jpg\" alt=\"Aquarium de Lisbonne\" width=\"225\" height=\"300\" \/><\/a><\/p>\n<p>C&rsquo;est sur les clich\u00e9s\u00a0 de ces splendides cr\u00e9atures, capt\u00e9s avec tr\u00e8s peu de lumi\u00e8re,( mon appareil &lsquo;\u00e9tant pas assez performant et\u00a0 les aquariums \u00e9tant plong\u00e9s dans le noir) que s&rsquo;ach\u00e8ve notre voyage.<\/p>\n<p>Trop court bien s\u00fbr comme toujours pour restituer l&rsquo;\u00e2me fabuleuse de ce Portugal qui offre aux visiteurs\u00a0 aussi bien l&rsquo;authenticit\u00e9 de ces traditions, la richesse patrimoniale d&rsquo;un grand pays qu&rsquo;une tr\u00e8s grande modernit\u00e9.<\/p>\n<p><a href=\"http:\/\/ecrire-coach.biographe-valeriejean.fr\/wp-content\/uploads\/2014\/11\/P1090491-copie.jpg\"><img loading=\"lazy\" decoding=\"async\" class=\"aligncenter wp-image-1878 size-full\" src=\"http:\/\/ecrire-coach.biographe-valeriejean.fr\/wp-content\/uploads\/2014\/11\/P1090491-copie-e1447092552747.jpg\" alt=\"\" width=\"600\" height=\"800\" \/><\/a>Merci de m&rsquo;avoir accord\u00e9 votre attention en lisant ces modestes lignes.<\/p>\n<h1>Lisboa nous revoil\u00e0 \u00e0 l&rsquo;heure de l&rsquo;Eurovision<\/h1>\n<p>Je suis de retour \u00e0 Lisbonne apr\u00e8s quatre ann\u00e9es ! Entre temps, la notori\u00e9t\u00e9 de cette capitale est devenue telle que c&rsquo;est la destination pr\u00e9f\u00e9r\u00e9e de beaucoup d&rsquo;europ\u00e9ens. L&rsquo;offre touristique s&rsquo;est encore \u00e9toff\u00e9e et les files d&rsquo;attente se sont allong\u00e9es.<\/p>\n<p><a href=\"http:\/\/ecrire-coach.biographe-valeriejean.fr\/wp-content\/uploads\/2014\/11\/Balades-et-patrimoine-Tramway-28-Lisbonne.jpg\"><img loading=\"lazy\" decoding=\"async\" class=\"size-medium wp-image-2239 alignleft\" src=\"http:\/\/ecrire-coach.biographe-valeriejean.fr\/wp-content\/uploads\/2014\/11\/Balades-et-patrimoine-Tramway-28-Lisbonne-300x169.jpg\" alt=\"Tramway 28-Lisbonne\" width=\"300\" height=\"169\" \/><\/a>Aujourd&rsquo;hui par exemple, c&rsquo;est une prouesse que d&#8217;emprunter le tramway num\u00e9ro 28 tellement il est pris d&rsquo;assaut&#8230;Je n&rsquo;ai qu&rsquo;un conseil \u00e0 vous donner&#8230;pr\u00e9f\u00e9rez d&rsquo;autres tramways qui vous feront d\u00e9couvrir tout aussi bien les quartiers de Lisbonne.<\/p>\n<p>Pour l&rsquo;heure, je veux faire d\u00e9couvrir \u00e0 mon autre fille cette merveilleuse ville&#8230;Et c&rsquo;est le temps de l&rsquo;Eurovision!<\/p>\n<p><a href=\"http:\/\/ecrire-coach.biographe-valeriejean.fr\/wp-content\/uploads\/2014\/11\/Balades-et-patrimoine-Arco-prac\u0327a-commercio-Lisbonne.jpg\"><img loading=\"lazy\" decoding=\"async\" class=\"size-medium wp-image-2240 alignright\" src=\"http:\/\/ecrire-coach.biographe-valeriejean.fr\/wp-content\/uploads\/2014\/11\/Balades-et-patrimoine-Arco-prac\u0327a-commercio-Lisbonne-300x176.jpg\" alt=\"Arco prac\u0327a commercio-Lisbonne\" width=\"300\" height=\"176\" \/><\/a>Nous commen\u00e7ons par rallier la pra\u00e7a de commercio o\u00f9 s&rsquo;est install\u00e9 le village de l&rsquo;eurovision, pour nous renseigner sur la soir\u00e9e en esp\u00e9rant rencontrer certains artistes&#8230;Mais non! Les touristes sont l\u00e0 mais point les artistes!!!<\/p>\n<p><a href=\"http:\/\/ecrire-coach.biographe-valeriejean.fr\/wp-content\/uploads\/2014\/11\/1440030-copie.jpg\"><img loading=\"lazy\" decoding=\"async\" class=\"size-medium wp-image-2241 alignleft\" src=\"http:\/\/ecrire-coach.biographe-valeriejean.fr\/wp-content\/uploads\/2014\/11\/1440030-copie-169x300.jpg\" alt=\"Statue Joseph premier-Pra\u00e7a commerci-lisboa\" width=\"169\" height=\"300\" \/><\/a>Sur la place, appel\u00e9e di commercio pour montrer combien le commerce \u00e0 Lisbonne \u00e9tait florissant, tr\u00f4ne la statue \u00e9questre de Joseph 1er dit\u00a0 le <i>R\u00e9formateur. <\/i>Il modernisa son pays \u00e9conomiquement et artistiquement s&rsquo;entourant de personnes comp\u00e9tentes tel le Marquis de Pombal, son premier ministre.<br \/>\nBien que je l&rsquo;ai d\u00e9j\u00e0 vu plusieurs fois, je ne peux manquer de montrer le castel San Jorge \u00e0 Jos\u00e9phine. Nous voil\u00e0 donc parti \u00e0 l&rsquo;assaut de la colline.<\/p>\n<p><a href=\"http:\/\/ecrire-coach.biographe-valeriejean.fr\/wp-content\/uploads\/2014\/11\/balades-et-patrimoine-Se\u0301-cathe\u0301drale-Lisbonne.jpg\"><img loading=\"lazy\" decoding=\"async\" class=\"size-medium wp-image-2242 alignright\" src=\"http:\/\/ecrire-coach.biographe-valeriejean.fr\/wp-content\/uploads\/2014\/11\/balades-et-patrimoine-Se\u0301-cathe\u0301drale-Lisbonne-300x169.jpg\" alt=\"Se\u0301 cathe\u0301drale-Lisbonne\" width=\"300\" height=\"169\" \/><\/a>En montant, on croise la magnifique cath\u00e9drale, appel\u00e9e s\u00e9 cath\u00e9drale qui a r\u00e9sist\u00e9 au temps et aux \u00e9preuves. De style roman, elle fut construite \u00e0 <a href=\"http:\/\/ecrire-coach.biographe-valeriejean.fr\/wp-content\/uploads\/2014\/11\/Balades-et-patrimoine-Lisbonne.jpg\"><img loading=\"lazy\" decoding=\"async\" class=\"alignleft size-medium wp-image-2243\" src=\"http:\/\/ecrire-coach.biographe-valeriejean.fr\/wp-content\/uploads\/2014\/11\/Balades-et-patrimoine-Lisbonne-300x169.jpg\" alt=\"Balades-et-patrimoine-Lisbonne\" width=\"300\" height=\"169\" \/><\/a>l&#8217;emplacement d&rsquo;une ancienne mosqu\u00e9e. C&rsquo;est un des plus vieux b\u00e2timents de Lisbonne, son architecture et ses proportions sont tr\u00e8s harmonieuses et d\u00e9notent une grande sobri\u00e9t\u00e9. Elle a subi le tremblement de terre de 1755 et fut reconstruite. Et toujours sur notre chemin de magnifiques fa\u00e7ades color\u00e9es, typiques de Lisbonne.<\/p>\n<p><a href=\"http:\/\/ecrire-coach.biographe-valeriejean.fr\/wp-content\/uploads\/2014\/11\/balades-et-patrimoine-castel-san-jorge-.jpg\"><img loading=\"lazy\" decoding=\"async\" class=\"size-medium wp-image-2244 alignright\" src=\"http:\/\/ecrire-coach.biographe-valeriejean.fr\/wp-content\/uploads\/2014\/11\/balades-et-patrimoine-castel-san-jorge--300x169.jpg\" alt=\"balades-et-patrimoine-castel san jorge-\" width=\"300\" height=\"169\" \/><\/a>Et voici le ch\u00e2teau. Nous grimpons pour aller admirer le sublime panorama offert par del\u00e0 de la muraille.<\/p>\n<p>&nbsp;<\/p>\n<p><a href=\"http:\/\/ecrire-coach.biographe-valeriejean.fr\/wp-content\/uploads\/2014\/11\/balades-et-patrimoine-vue-panoramiqe-castel-san-jorge-Lisbonne.jpg\"><img loading=\"lazy\" decoding=\"async\" class=\"aligncenter wp-image-2245 size-full\" src=\"http:\/\/ecrire-coach.biographe-valeriejean.fr\/wp-content\/uploads\/2014\/11\/balades-et-patrimoine-vue-panoramiqe-castel-san-jorge-Lisbonne.jpg\" alt=\"vue panoramiqe castel san jorge-Lisbonne\" width=\"1500\" height=\"847\" \/><\/a><\/p>\n<p>Le lendemain, il nous faut remonter vers le quartier de l&rsquo;ancienne exposition internationale o\u00f9 se trouve l&rsquo;Altice arena o\u00f9 se d\u00e9roulera la finale de l&rsquo;eurovision \u00e0 laquelle Jos\u00e9phine doit assister!<\/p>\n<p><a href=\"http:\/\/ecrire-coach.biographe-valeriejean.fr\/wp-content\/uploads\/2014\/11\/balades-et-patrimoine-museo-nacional-azulejos-lisbonne.jpg\"><img loading=\"lazy\" decoding=\"async\" class=\"alignleft size-medium wp-image-2247\" src=\"http:\/\/ecrire-coach.biographe-valeriejean.fr\/wp-content\/uploads\/2014\/11\/balades-et-patrimoine-museo-nacional-azulejos-lisbonne-300x169.jpg\" alt=\"-museo-nacional-azulejos-lisbonne\" width=\"300\" height=\"169\" \/><\/a>Aussi nous programmons un arr\u00eat au museo nacional de azulejos dans la matin\u00e9e. L&rsquo;entr\u00e9e du mus\u00e9e s&rsquo;ouvre sur un tr\u00e8s beau jardin.<\/p>\n<p>\u00c0 l&rsquo;int\u00e9rieur de tr\u00e8s beaux azulejos, expos\u00e9s sur pas moins de 3 \u00e9tages, allant des plus anciens aux contemporains.<\/p>\n<p><a href=\"http:\/\/ecrire-coach.biographe-valeriejean.fr\/wp-content\/uploads\/2014\/11\/balades-et-patrimoine-Azulejos2.jpg\"><img loading=\"lazy\" decoding=\"async\" class=\"alignleft size-medium wp-image-2248\" src=\"http:\/\/ecrire-coach.biographe-valeriejean.fr\/wp-content\/uploads\/2014\/11\/balades-et-patrimoine-Azulejos2-300x169.jpg\" alt=\"Azulejos-mus\u00e9e Lisbonne\" width=\"300\" height=\"169\" \/><\/a> <a href=\"http:\/\/ecrire-coach.biographe-valeriejean.fr\/wp-content\/uploads\/2014\/11\/balades-et-patrimoine3.jpg\"><img loading=\"lazy\" decoding=\"async\" class=\"aligncenter size-medium wp-image-2249\" src=\"http:\/\/ecrire-coach.biographe-valeriejean.fr\/wp-content\/uploads\/2014\/11\/balades-et-patrimoine3-300x169.jpg\" alt=\"-museo-nacional-azulejos-lisbonne\" width=\"300\" height=\"169\" \/><\/a> <a href=\"http:\/\/ecrire-coach.biographe-valeriejean.fr\/wp-content\/uploads\/2014\/11\/balades-et-patrimoine-Azulejos1.jpg\"><img loading=\"lazy\" decoding=\"async\" class=\"size-medium wp-image-2251 alignright\" src=\"http:\/\/ecrire-coach.biographe-valeriejean.fr\/wp-content\/uploads\/2014\/11\/balades-et-patrimoine-Azulejos1-169x300.jpg\" alt=\"balades-et-patrimoine-Azulejos1\" width=\"169\" height=\"300\" \/><\/a><\/p>\n<p>&nbsp;<\/p>\n<p>&nbsp;<\/p>\n<p>&nbsp;<\/p>\n<p>&nbsp;<\/p>\n<p>&nbsp;<\/p>\n<p>&nbsp;<\/p>\n<p>&nbsp;<\/p>\n<p>&nbsp;<\/p>\n<p>&nbsp;<\/p>\n<p>&nbsp;<\/p>\n<p><a href=\"http:\/\/ecrire-coach.biographe-valeriejean.fr\/wp-content\/uploads\/2015\/11\/88x31.png\"><img loading=\"lazy\" decoding=\"async\" class=\"size-full wp-image-1928 alignleft\" src=\"http:\/\/ecrire-coach.biographe-valeriejean.fr\/wp-content\/uploads\/2015\/11\/88x31.png\" alt=\"creative commons\" width=\"88\" height=\"31\" \/><\/a>Ce(tte) \u0153uvre est mise \u00e0 disposition selon les termes de la <a href=\"http:\/\/creativecommons.org\/licenses\/by-nc-nd\/2.0\/fr\/\" rel=\"license\">Licence Creative Commons Attribution &#8211; Pas d\u2019Utilisation Commerciale &#8211; Pas de Modification 2.0 France<\/a>.<\/p>\n<p>&nbsp;<\/p>\n","protected":false},"excerpt":{"rendered":"<p>Entre Pass\u00e9 et modernit\u00e9: Le Portugal Premier chapitre: LISBONNE Tout commence par le d\u00e9sir d&rsquo;accompagner ma fille qui souhaite conna\u00eetre Lisbonne et Madrid et faisait le projet de rallier ces deux villes en 8 jours. Connaissant le Portugal et ayant la chance d&rsquo;avoir de la famille l\u00e0-bas, je lui propose de me joindre \u00e0 elle &hellip; <a href=\"https:\/\/ecrire-coach.biographe-valeriejean.fr\/?page_id=1503\" class=\"more-link\">Continuer la lecture de <span class=\"screen-reader-text\">Le Portugal, entre pass\u00e9 et modernit\u00e9<\/span>  <span class=\"meta-nav\">&rarr;<\/span><\/a><\/p>\n","protected":false},"author":1,"featured_media":1869,"parent":815,"menu_order":0,"comment_status":"open","ping_status":"open","template":"","meta":{"footnotes":""},"class_list":["post-1503","page","type-page","status-publish","has-post-thumbnail","hentry"],"aioseo_notices":[],"_links":{"self":[{"href":"https:\/\/ecrire-coach.biographe-valeriejean.fr\/index.php?rest_route=\/wp\/v2\/pages\/1503","targetHints":{"allow":["GET"]}}],"collection":[{"href":"https:\/\/ecrire-coach.biographe-valeriejean.fr\/index.php?rest_route=\/wp\/v2\/pages"}],"about":[{"href":"https:\/\/ecrire-coach.biographe-valeriejean.fr\/index.php?rest_route=\/wp\/v2\/types\/page"}],"author":[{"embeddable":true,"href":"https:\/\/ecrire-coach.biographe-valeriejean.fr\/index.php?rest_route=\/wp\/v2\/users\/1"}],"replies":[{"embeddable":true,"href":"https:\/\/ecrire-coach.biographe-valeriejean.fr\/index.php?rest_route=%2Fwp%2Fv2%2Fcomments&post=1503"}],"version-history":[{"count":0,"href":"https:\/\/ecrire-coach.biographe-valeriejean.fr\/index.php?rest_route=\/wp\/v2\/pages\/1503\/revisions"}],"up":[{"embeddable":true,"href":"https:\/\/ecrire-coach.biographe-valeriejean.fr\/index.php?rest_route=\/wp\/v2\/pages\/815"}],"wp:featuredmedia":[{"embeddable":true,"href":"https:\/\/ecrire-coach.biographe-valeriejean.fr\/index.php?rest_route=\/"}],"wp:attachment":[{"href":"https:\/\/ecrire-coach.biographe-valeriejean.fr\/index.php?rest_route=%2Fwp%2Fv2%2Fmedia&parent=1503"}],"curies":[{"name":"wp","href":"https:\/\/api.w.org\/{rel}","templated":true}]}}