{"id":1893,"date":"2015-11-26T15:39:23","date_gmt":"2015-11-26T14:39:23","guid":{"rendered":"http:\/\/ecrire-coach.biographe-valeriejean.fr\/?page_id=1893"},"modified":"2025-11-13T18:12:00","modified_gmt":"2025-11-13T17:12:00","slug":"milan-exposition-universelle","status":"publish","type":"page","link":"https:\/\/ecrire-coach.biographe-valeriejean.fr\/?page_id=1893","title":{"rendered":"Milan: Exposition universelle"},"content":{"rendered":"<h1>Une \u00e9chapp\u00e9e \u00e0 Milan pour l&rsquo;exposition universelle<\/h1>\n<p>Un petit retour sur notre escapade en terre lombarde, \u00e0 l&rsquo;occasion de la tenue de l&rsquo;exposition universelle \u00e0 Milan.<\/p>\n<p>Avant de vous faire partager notre voyage, regardons d&rsquo;un peu plus pr\u00e8s ce que recoupe l&rsquo;appellation \u00ab\u00a0exposition universelle\u00a0\u00bb<\/p>\n<h2>Qu&rsquo;est ce qu&rsquo;est une exposition universelle<\/h2>\n<p>Tout d&rsquo;abord, il existe une diff\u00e9rence fondamentale entre une exposition universelle et une exposition internationale.<\/p>\n<p>Pour l&rsquo;exposition universelle, <strong>comme celle de Milan, est d\u00e9fini un th\u00e8me g\u00e9n\u00e9ral auquel les pays participants doivent se conformer.<\/strong><strong> Leur surface d&rsquo;exploitation et de pr\u00e9s<\/strong>entation est beaucoup plus grande et son temps d&rsquo;ouverture est plus long puisque l&rsquo;exposition dure 6 mois. Cet \u00e9tat de fait oblige les pays organisateurs \u00e0 se doter d&rsquo;\u00e9quipements et d&rsquo;infrastructures capables d&rsquo;accueillir un tr\u00e8s grand nombre de visiteurs qui transforme radicalement la ville.<\/p>\n<p>Selon un cahier des charges (protocole), il est allou\u00e9 un terrain aux pays invit\u00e9s qui doivent construire eux m\u00eame le pavillon et c&rsquo;est ce qui fait tout le charme et la notori\u00e9t\u00e9 des expositions universelles, chaque pavillon ayant son identit\u00e9 culturelle, v\u00e9ritable vitrine du pays concern\u00e9. A l&rsquo;issue de l&rsquo;exposition, les pavillons sont d\u00e9mont\u00e9s et repartent dans leur pays d&rsquo;origine sauf s&rsquo;il y a eu accord avec le pays organisateur pour que le pavillon reste en place. Actuellement, les expositions universelles ont lieu tous les 5 ans mais cela n&rsquo;a pas toujours \u00e9t\u00e9 le cas.<\/p>\n<p>Entre elles ont lieu les expositions internationales. Celles-ci demandent beaucoup moins d&rsquo;investissement, sont donc moins co\u00fbteuse et ne dure que 36 mois au maximum et se d\u00e9roule sur un espace moindre. Elles ont en g\u00e9n\u00e9ral un th\u00e8me plus sp\u00e9cialis\u00e9 et c&rsquo;est le pays h\u00f4te qui est charg\u00e9 e la construction des pavillons, le pays invit\u00e9 ne s&rsquo;occupant que de l&rsquo;am\u00e9nagement int\u00e9rieur des pavillons. Cette diff\u00e9rence de taille explique le succ\u00e8s des expositions universelles puisque les pavillons sont de v\u00e9ritables chef-d&rsquo;oeuvre architecturaux originaux tandis que l&rsquo;exposition internationale ne propose le m\u00eame am\u00e9nagement pour tous.<\/p>\n<h2>Liste des expositions universelles:<\/h2>\n<p>1851\u00a0\u00a0\u00a0 LONDRES\u00a0\u00a0\u00a0\u00a0\u00a0\u00a0\u00a0\u00a0\u00a0\u00a0\u00a0\u00a0\u00a0\u00a0\u00a0 Angleterre<br \/>1855\u00a0\u00a0\u00a0 PARIS\u00a0\u00a0\u00a0\u00a0\u00a0\u00a0\u00a0\u00a0\u00a0\u00a0\u00a0\u00a0\u00a0\u00a0\u00a0\u00a0\u00a0\u00a0\u00a0\u00a0\u00a0\u00a0\u00a0 \u00a0 France<br \/>1862\u00a0\u00a0\u00a0 LONDRES\u00a0\u00a0\u00a0\u00a0\u00a0\u00a0\u00a0\u00a0\u00a0\u00a0\u00a0\u00a0\u00a0\u00a0\u00a0 Angleterre<br \/>1867\u00a0\u00a0\u00a0 PARIS\u00a0\u00a0\u00a0\u00a0\u00a0\u00a0\u00a0\u00a0\u00a0\u00a0\u00a0\u00a0\u00a0\u00a0\u00a0\u00a0\u00a0\u00a0\u00a0\u00a0\u00a0\u00a0\u00a0\u00a0\u00a0 France\/ Les bateaux mouches<br \/>1873\u00a0\u00a0\u00a0 VIENNE \u00a0\u00a0\u00a0\u00a0\u00a0\u00a0\u00a0\u00a0\u00a0\u00a0\u00a0\u00a0\u00a0\u00a0\u00a0\u00a0\u00a0\u00a0 Autriche<br \/>1876\u00a0\u00a0\u00a0 PHILADELPHIE\u00a0\u00a0\u00a0 USA<br \/>1878\u00a0\u00a0\u00a0 PARIS\u00a0\u00a0\u00a0\u00a0\u00a0\u00a0\u00a0\u00a0\u00a0\u00a0\u00a0\u00a0\u00a0\u00a0\u00a0\u00a0\u00a0\u00a0\u00a0\u00a0\u00a0\u00a0\u00a0\u00a0\u00a0\u00a0 France<br \/>1880\u00a0\u00a0\u00a0 MELBOURNE\u00a0\u00a0\u00a0\u00a0\u00a0\u00a0\u00a0\u00a0\u00a0 Australie<br \/>1888\u00a0\u00a0\u00a0 BARCELONE\u00a0\u00a0\u00a0\u00a0\u00a0\u00a0\u00a0\u00a0\u00a0 Espagne \/ Parc de la Ciutadella<br \/>1889\u00a0\u00a0\u00a0 PARIS\u00a0\u00a0\u00a0\u00a0\u00a0\u00a0\u00a0\u00a0\u00a0\u00a0\u00a0\u00a0\u00a0\u00a0\u00a0\u00a0\u00a0\u00a0\u00a0\u00a0\u00a0\u00a0\u00a0\u00a0\u00a0\u00a0 France \/ Tour Eiffel<br \/>1893\u00a0\u00a0\u00a0 CHICAGO\u00a0\u00a0\u00a0\u00a0\u00a0\u00a0\u00a0\u00a0\u00a0\u00a0\u00a0\u00a0\u00a0\u00a0\u00a0\u00a0 USA\/ Mus\u00e9e des sciences et de l&rsquo;industrie<br \/>1894\u00a0\u00a0\u00a0 ANVERS\u00a0\u00a0\u00a0\u00a0\u00a0\u00a0\u00a0\u00a0\u00a0\u00a0\u00a0\u00a0\u00a0\u00a0\u00a0\u00a0\u00a0\u00a0\u00a0\u00a0 Belgique<br \/>1897\u00a0\u00a0\u00a0 BRUXELLES\u00a0\u00a0\u00a0\u00a0\u00a0\u00a0\u00a0\u00a0\u00a0\u00a0\u00a0\u00a0 Belgique \/ Mosqu\u00e9e du Panorama<br \/>1900\u00a0\u00a0\u00a0 PARIS\u00a0\u00a0\u00a0\u00a0\u00a0\u00a0\u00a0\u00a0\u00a0\u00a0\u00a0\u00a0\u00a0\u00a0\u00a0\u00a0\u00a0\u00a0\u00a0\u00a0\u00a0\u00a0\u00a0\u00a0\u00a0\u00a0 France \/ Le grand Palais<br \/>1904\u00a0\u00a0\u00a0 SAINT-LOUIS\u00a0\u00a0\u00a0\u00a0\u00a0\u00a0\u00a0\u00a0\u00a0 USA<br \/>1905\u00a0\u00a0\u00a0 LIEGE\u00a0\u00a0\u00a0\u00a0\u00a0\u00a0\u00a0\u00a0\u00a0\u00a0\u00a0\u00a0\u00a0\u00a0\u00a0\u00a0\u00a0\u00a0\u00a0\u00a0\u00a0\u00a0\u00a0\u00a0\u00a0\u00a0\u00a0 Belgique \/ Palais des Beaux Arts et Pont de Fragn\u00e9e<br \/>1906\u00a0\u00a0\u00a0 MILAN\u00a0\u00a0\u00a0\u00a0\u00a0\u00a0\u00a0\u00a0\u00a0\u00a0\u00a0\u00a0\u00a0\u00a0\u00a0\u00a0\u00a0\u00a0\u00a0\u00a0\u00a0 Italie<br \/>1909\u00a0\u00a0\u00a0 NANCY\u00a0\u00a0\u00a0\u00a0\u00a0\u00a0\u00a0\u00a0\u00a0\u00a0\u00a0\u00a0\u00a0\u00a0\u00a0\u00a0\u00a0\u00a0\u00a0\u00a0 France<br \/>1910 \u00a0\u00a0 BRUXELLES \u00a0\u00a0\u00a0\u00a0\u00a0\u00a0\u00a0\u00a0\u00a0 Belgique \/ La Maison Delune<br \/>1911\u00a0\u00a0\u00a0 TURIN\u00a0\u00a0\u00a0\u00a0\u00a0\u00a0\u00a0\u00a0\u00a0\u00a0\u00a0\u00a0\u00a0\u00a0\u00a0\u00a0\u00a0\u00a0\u00a0\u00a0\u00a0\u00a0 Italie<br \/>1913\u00a0\u00a0\u00a0 GENT \u00a0\u00a0\u00a0\u00a0\u00a0\u00a0\u00a0\u00a0\u00a0\u00a0\u00a0\u00a0\u00a0\u00a0\u00a0\u00a0\u00a0\u00a0\u00a0\u00a0\u00a0\u00a0\u00a0 Belgique<br \/>1915 \u00a0\u00a0 SAN-FRANCISCO\u00a0 USA<br \/>1929 \u00a0\u00a0 BARCELONE \u00a0\u00a0\u00a0\u00a0\u00a0\u00a0\u00a0\u00a0 Espagne \/ La fontaine\u00a0 de Montjuic<br \/>1933\u00a0\u00a0\u00a0 CHICAGO\u00a0\u00a0\u00a0\u00a0\u00a0\u00a0\u00a0\u00a0\u00a0\u00a0\u00a0\u00a0\u00a0\u00a0 USA<br \/>1935 \u00a0\u00a0 BRUXELLES \u00a0\u00a0\u00a0\u00a0\u00a0\u00a0\u00a0\u00a0\u00a0 Belgique\/ Plan\u00e9tarium et le grand Palais<br \/>1937\u00a0\u00a0\u00a0 PARIS\u00a0\u00a0\u00a0\u00a0\u00a0\u00a0\u00a0\u00a0\u00a0\u00a0\u00a0\u00a0\u00a0\u00a0\u00a0\u00a0\u00a0\u00a0\u00a0\u00a0\u00a0\u00a0\u00a0\u00a0 France\/ Le Palais de Chaillot<br \/>1939\u00a0\u00a0\u00a0 NEW-YORK\u00a0\u00a0\u00a0\u00a0\u00a0\u00a0\u00a0\u00a0\u00a0\u00a0\u00a0 USA\/ Parachute Jump<br \/>1949\u00a0\u00a0\u00a0 PORT AU PRINCE Haiti<br \/>1958 \u00a0\u00a0 BRUXELLES \u00a0\u00a0\u00a0\u00a0\u00a0\u00a0\u00a0\u00a0\u00a0\u00a0 Belgique\/ l&rsquo;Atomium<br \/>1962\u00a0\u00a0\u00a0 SEATTLE\u00a0\u00a0\u00a0\u00a0\u00a0\u00a0\u00a0\u00a0\u00a0\u00a0\u00a0\u00a0\u00a0\u00a0\u00a0\u00a0\u00a0\u00a0 USA\/ Space Needle<br \/>1967\u00a0\u00a0\u00a0 MONTREAL\u00a0\u00a0\u00a0\u00a0\u00a0\u00a0\u00a0\u00a0\u00a0\u00a0 Canada\/ la biosph\u00e8re<br \/>1970\u00a0\u00a0\u00a0 OSAKA\u00a0\u00a0\u00a0\u00a0\u00a0\u00a0\u00a0\u00a0\u00a0\u00a0\u00a0\u00a0\u00a0\u00a0\u00a0\u00a0\u00a0\u00a0\u00a0\u00a0 Japon\/ Tour du soleil<strong><strong><br \/><\/strong><\/strong>1992 \u00a0\u00a0 SEVILLE \u00a0\u00a0\u00a0\u00a0\u00a0\u00a0\u00a0\u00a0\u00a0\u00a0\u00a0\u00a0\u00a0\u00a0\u00a0\u00a0\u00a0 Espagne\/ Pont de l&rsquo;Alamillo<br \/>2000\u00a0\u00a0\u00a0 HANOVRE\u00a0\u00a0\u00a0\u00a0\u00a0\u00a0\u00a0\u00a0\u00a0\u00a0\u00a0\u00a0 Allemagne: \u00a0\u00a0 Homme nature technologie.<br \/>2010\u00a0\u00a0\u00a0 SHANGHAI \u00a0\u00a0\u00a0\u00a0\u00a0\u00a0\u00a0\u00a0\u00a0\u00a0 Chine\/ Mus\u00e9e de l&rsquo;histoire: Meilleure ville, meilleure vie.<br \/>2015\u00a0\u00a0\u00a0 MILAN \u00a0\u00a0\u00a0\u00a0\u00a0\u00a0\u00a0\u00a0\u00a0\u00a0\u00a0\u00a0\u00a0\u00a0\u00a0\u00a0\u00a0\u00a0\u00a0 Italie: Nourrir la plan\u00e8te, \u00e9nergie pour la vie.<\/p>\n<p>En face de certains pays vous pouvez voir les vestiges embl\u00e9matiques qui ont \u00e9t\u00e9 laiss\u00e9s apr\u00e8s les expositions cette liste est loin d&rsquo;\u00eatre exhaustive d&rsquo;autant que de nombreux \u00e9l\u00e9ments des pavillons ont \u00e9t\u00e9 diss\u00e9min\u00e9s dans les villes organisatrices. Pour les derni\u00e8res ann\u00e9es, le th\u00e8me associ\u00e9 \u00e0 l&rsquo;exposition.<\/p>\n<p>C&rsquo;est bien ce qui caract\u00e9rise sa particularit\u00e9, de laisser libre cours \u00e0 l&rsquo;\u00e9dification de chaque pays participant qui fait le charme d&rsquo;une exposition universelle.<\/p>\n<p>Jusque derni\u00e8rement, les th\u00e8mes r\u00e9currents \u00e9taient de montrer les avanc\u00e9es techniques et technologiques du monde. L&rsquo;enjeu commercial \u00e9tant immense pour chacun des pays.<\/p>\n<p>Depuis les derni\u00e8res expositions, un th\u00e8me est d\u00e9fini dont les enjeux m\u00eame s&rsquo;ils renferment un aspect technique et technologique, envisage d&rsquo;y associer une r\u00e9flexion plus juste de ces d\u00e9couvertes dans un environnement soci\u00e9tal \u00e9largi.<\/p>\n<p>Pour Milan cette ann\u00e9e: Nourrir la plan\u00e8te, \u00e9nergie pour la vie.<\/p>\n<p>Tout un programme.<\/p>\n<h2>La pr\u00e9paration du voyage<\/h2>\n<p>Qui n&rsquo;a jamais assist\u00e9 \u00e0 cet \u00e9v\u00e8nement plan\u00e9taire ne se doute pas du temps n\u00e9cessaire pour r\u00e9server&#8230;Prise d&rsquo;assaut, les expositions universelles demandent \u00e0 ce qu&rsquo;on pr\u00e9voit quelques mois \u00e0 l&rsquo;avance le transport et le logement pour avoir acc\u00e8s \u00e0 des prix abordables le transport et le logement. car n&rsquo;\u00e9tant ouverte\u00a0 que pour 6 mois, les prix augmentent au fur et \u00e0 mesure que s&rsquo;\u00e9coulent le temps de l&rsquo;expo et les\u00a0\u00a0 possibilit\u00e9s s&rsquo;amenuisent.<\/p>\n<p>Pour ma part, j&rsquo;avais regard\u00e9 pour Shanga\u00ef \u00e0 l&rsquo;\u00e9poque car j&rsquo;avais un ami qui y r\u00e9sidait au moment de l&rsquo;expo. Les tarifs d&rsquo;avion n&rsquo;\u00e9tant pas \u00e0 ma port\u00e9e \u00e0 l&rsquo;\u00e9poque j&rsquo;abandonnais le terrain, me disant qu&rsquo;il serait bien plus facile de me rendre \u00e0 celle de Milan quatre ans plus tard et ce d&rsquo;autant plus que je pouvais y emmener mes enfants.<\/p>\n<p>C&rsquo;est donc d\u00e8s le mois d&rsquo;avril que je me penchais sur la\u00a0 question. Pour celle de S\u00e9ville, cela m&rsquo;avait paru fort simple de r\u00e9server un appartement dans les r\u00e9sidences qui s&rsquo;\u00e9taient construites sur le site \u00e0 l&rsquo;\u00e9poque. Un coup de t\u00e9l\u00e9phone \u00e0 la centrale de l&rsquo;expo suffisait puis la r\u00e9servation du vol&#8230;<\/p>\n<p>Il en fut tout autrement pour Milan.<\/p>\n<p>Aucune \u00ab\u00a0r\u00e9sidence particuli\u00e8re\u00a0\u00bb, il fallait passer par les offres de location ou d&rsquo;h\u00f4tel sur Milan. D\u00e9cryper le plan de la ville pour trouver un logement au plus pr\u00e8s dans un prix raisonnable pour 4 personnes. Google m&rsquo;a bien aid\u00e9 et j&rsquo;ai vagabond\u00e9 de site en site \u00e0 la recherche d&rsquo;une location m&rsquo;offrant le confort, la proximit\u00e9 et un prix abordable.<\/p>\n<p>Ensuite ce fut la r\u00e9servation pour l&rsquo;expo, plus compliqu\u00e9e avec\u00a0 des forfaits cumul\u00e9s, famille, un jour, deux jours, des pass, des possibilit\u00e9s multiples pas toujours compr\u00e9hensibles (incluant cela mais pas cela etc&#8230;) Bref calcul fait, je choisis la formule famille qui donnait acc\u00e8s \u00e0 deux jours- Ne me demandez pas pourquoi pas trois on ne pouvait pas ou bien je n&rsquo;ai rien compris!<\/p>\n<p>Vols d&rsquo;avion r\u00e9serv\u00e9s pour avoir des tarifs comp\u00e9titifs \u00e0 savoir prendre un aller sur un des vols les moins chers et le retour dans les m\u00eame conditions: cela nous laissait 4 jours-3 nuits.<\/p>\n<p>Une fois cela fix\u00e9 je n&rsquo;avais plus qu&rsquo;\u00e0 choisir parmi les appartements rep\u00e9r\u00e9s pr\u00e8s de l&rsquo;expo. Air&rsquo;nb proposait de belles opportunit\u00e9s: r\u00e9servation aupr\u00e8s d&rsquo;un particulier ayant son appartement dans le quartier le plus proche de l&rsquo;exposition.<\/p>\n<p>Il n&rsquo;y avait plus qu&rsquo;\u00e0 attendre 5 mois puisque nous partions pendant les vacances de la Toussaint: 15 jours avant la fermeture.<\/p>\n<h3>Le d\u00e9part<\/h3>\n<p>D\u00e8s la r\u00e9servation de l&rsquo;appartement j&rsquo;avais re\u00e7u un mail de confirmation tr\u00e8s aimable de la propri\u00e9taire m&rsquo;indiquant qu&rsquo;elle reprendrait contact avec nous quelques jours avant le voyage pour donner les renseignements utiles \u00e0 savoir comment nous rendre \u00e0 l&rsquo;appartement. Ce fut fait deux jours avant notre arriv\u00e9e au t\u00e9l\u00e9phone car je n&rsquo;arrivais pas \u00e0 me reconnecter \u00e0 mon dossier Air&rsquo;nb&#8230;N\u00e9rina, la propri\u00e9taire nous indiqua donc tr\u00e8s pr\u00e9cis\u00e9ment comment arriver et le point de rendez-vous. Elle nous attendrait \u00e0 la sortie de la station de m\u00e9tro\u00a0 Rho fero,\u00a0 station du\u00a0 site de l&rsquo;expo.<\/p>\n<p>Comme dans la plupart des grandes villes europ\u00e9ennes, l&rsquo;a\u00e9roport se situait \u00e0\u00a0 1h de Milan. Nous voil\u00e0 donc dans le train pour Milan, guettant avec vigilance notre changement pour prendre le m\u00e9tro. Apr\u00e8s un parcours interminables dans les couloirs, on voit enfin une billetterie automatique\u00a0 avec de nombreuses qui faisaient la queue pour acheter les billets. Je regarde l&rsquo;\u00e9cran essayant de comprendre quel billet je devais prendre car il y avait deux possibilit\u00e9s: expo ou non expo. Les fran\u00e7aises devant moi prirent le billet non expo (je me suis dit que c&rsquo;\u00e9tait r\u00e9serv\u00e9 quand on rentrait dans l&rsquo;expo ce qui n&rsquo;\u00e9tait pas encore notre cas). Je leur demandai confirmation et elles me r\u00e9pondirent que je pouvais prendre le non expo. Ce que je fis.<\/p>\n<p>Le trajet comportait une astuce que Nerina ne nous avait pas dit.<\/p>\n<p>La ligne \u00e0 un moment se s\u00e9parait en deux et il fallait descendre et changer de quai ce que nous n&rsquo;avons pas fait! C&rsquo;est Nelson qui s&rsquo;est rendu compte de notre erreur &#8230;nous devions remonter une dizaine de station et Nerina qui nous attendait&#8230;Bref enfin on sort du m\u00e9tro et on rep\u00e8re N\u00e9rina sur le bord du trottoir: Ouf on y \u00e9tait!<\/p>\n<p>Nous nous excusons de notre retard \u00e0 cause de notre erreur. Elle nous mit imm\u00e9diatement \u00e0 l&rsquo;aise et sera pendant tout notre s\u00e9jour aux petits soins pour nous.<\/p>\n<p>Direction l&rsquo;appartement. En chemin notre h\u00f4te nous montre les diff\u00e9rentes commodit\u00e9s, magasins, restaurant, bar, arr\u00eats de bus&#8230;puis nous conduit \u00e0 l&rsquo;appartement. Il est superbe, bien d\u00e9cor\u00e9, tr\u00e8s propre&#8230;Comme si nous \u00e9tions chez nous, loin des locations d\u00e9nu\u00e9es de vie. Cela \u00e0 moins d&rsquo;1\/4 d&rsquo;heure de l&rsquo;expo: parfait.<\/p>\n<p>Il \u00e9tait 5 heures et nous avions donc le temps d&rsquo;aller \u00e0 l&rsquo;expo en entr\u00e9e nocturne que j&rsquo;avais pris soin de r\u00e9server la veille de notre d\u00e9part. L&rsquo;entr\u00e9e se faisait \u00e0 partir de 18h jusqu&rsquo;\u00e0 11 h&#8230;Cel nous permettait de balayer les pavillons et de se faire une id\u00e9e.<\/p>\n<p>J&rsquo;avais bourlingu\u00e9 sur les forums pour voir les avis&#8230;Tous indiquaient les pavillons du Japon, de l&rsquo;Allemagne et de l&rsquo;Arabie S\u00e9oudite&#8230;On verrait bien.<\/p>\n<p>Nera nous indique quel bus prendre et nous voil\u00e0 partis.<\/p>\n<h3>Premier soir: entr\u00e9e nocturne<\/h3>\n<p><a href=\"http:\/\/ecrire-coach.biographe-valeriejean.fr\/wp-content\/uploads\/2015\/11\/P1370273-copie.jpg\"><img loading=\"lazy\" decoding=\"async\" class=\"wp-image-1907 size-medium alignleft\" src=\"http:\/\/ecrire-coach.biographe-valeriejean.fr\/wp-content\/uploads\/2015\/11\/P1370273-copie-300x226.jpg\" alt=\"All\u00e9e centrale expo Milan\" width=\"300\" height=\"226\" \/><\/a>D\u00e8s le d\u00e9but de notre visite, la configuration\u00a0 m&rsquo;a parue plus serr\u00e9e et surtout plus ramass\u00e9e autour de l&rsquo;immense all\u00e9e centrale. Les all\u00e9es adjacentes ne s&rsquo;\u00e9tendant pas en profondeur par rapport \u00e0 elle et l&rsquo;espace entre les pavillons m&rsquo;apparurent tr\u00e8s rapproch\u00e9s, ne laissant pas beaucoup d&rsquo;espace pour les mettre en valeur.<\/p>\n<p><a href=\"http:\/\/ecrire-coach.biographe-valeriejean.fr\/wp-content\/uploads\/2015\/11\/P1370262-copie.jpg\"><img loading=\"lazy\" decoding=\"async\" class=\"alignleft wp-image-1910 size-medium\" src=\"http:\/\/ecrire-coach.biographe-valeriejean.fr\/wp-content\/uploads\/2015\/11\/P1370262-copie-300x226.jpg\" alt=\"Pavillon de la Belgique-Expo Milan\" width=\"300\" height=\"226\" \/><\/a><strong>L e pavillon de la Belgique<\/strong> offrait un espace d\u00e9ambulatoire, il n&rsquo;y avait donc pas de queue. Je ne sais pas comment nous nous sommes d\u00e9brouill\u00e9s mais nous l&rsquo;avons pris \u00e0 l&rsquo;envers! Nous nous sommes donc trouv\u00e9s dans le grand bar, avant d&rsquo;acc\u00e9der aux installations du dessous, r\u00e9serv\u00e9s aux serres o\u00f9 sont expos\u00e9s des syst\u00e8mes alternatifs de culture r\u00e9alisable en ville: Cultures hydroponiques, aquaponie, culture d\u2019algues et d\u2019insectes&#8230;<br \/><a href=\"http:\/\/ecrire-coach.biographe-valeriejean.fr\/wp-content\/uploads\/2015\/11\/P1370265-copie.jpg\"><img loading=\"lazy\" decoding=\"async\" class=\"alignright wp-image-1911 size-medium\" src=\"http:\/\/ecrire-coach.biographe-valeriejean.fr\/wp-content\/uploads\/2015\/11\/P1370265-copie-300x226.jpg\" alt=\"Pavillon belge expo Milan\" width=\"300\" height=\"226\" \/><\/a> <a href=\"http:\/\/ecrire-coach.biographe-valeriejean.fr\/wp-content\/uploads\/2015\/11\/P1370268-copie.jpg\"><img loading=\"lazy\" decoding=\"async\" class=\"alignleft wp-image-1912 size-medium\" src=\"http:\/\/ecrire-coach.biographe-valeriejean.fr\/wp-content\/uploads\/2015\/11\/P1370268-copie-300x226.jpg\" alt=\"P1370268 copie\" width=\"300\" height=\"226\" \/><\/a>Cette\u00a0 serre mobile\u00a0 est fix\u00e9 sur un bassin avec des poissons. Elle tourne sur un axe, comme les anciens moulins et les cultures sont baign\u00e9es de l&rsquo;eau augment\u00e9e des \u00e9l\u00e9ments rejet\u00e9s par les poissons. Les serres n&rsquo;\u00e9taient plus ouvertes lors de notre passage&#8230;C&rsquo;est l\u00e0 le probl\u00e8me des entr\u00e9es en nocturne, les pavillons sont ferm\u00e9s \u00e0 21h et nombre d&rsquo;entre eux, n&rsquo;autorisent plus l&rsquo;entr\u00e9e d\u00e8s 19h&#8230;<br \/><a href=\"http:\/\/ecrire-coach.biographe-valeriejean.fr\/wp-content\/uploads\/2015\/11\/P1370271-copie.jpg\"><img loading=\"lazy\" decoding=\"async\" class=\"alignright wp-image-1913 size-medium\" src=\"http:\/\/ecrire-coach.biographe-valeriejean.fr\/wp-content\/uploads\/2015\/11\/P1370271-copie-300x226.jpg\" alt=\"Pavillon belge Expo Milan\" width=\"300\" height=\"226\" \/><\/a>Le couloir d&rsquo;entr\u00e9e du pavillon pr\u00e9sente une alerte que le visiteur ne peut pas rater sur l&rsquo;urgence de la situation mondiale.<\/p>\n<p>Nous sortons poursuivant notre d\u00e9ambulation. Des d\u00e9corations th\u00e9matiques ponctuent toute l&rsquo;all\u00e9e centrale.<a href=\"http:\/\/ecrire-coach.biographe-valeriejean.fr\/wp-content\/uploads\/2015\/11\/P1370272-copie.jpg\"><img loading=\"lazy\" decoding=\"async\" class=\"alignleft wp-image-1915 size-medium\" src=\"http:\/\/ecrire-coach.biographe-valeriejean.fr\/wp-content\/uploads\/2015\/11\/P1370272-copie-300x226.jpg\" alt=\"Milan expo\" width=\"300\" height=\"226\" \/><\/a><\/p>\n<p>Malgr\u00e9 l&rsquo;heure, l&rsquo;all\u00e9e centrale d\u00e9verse toujours autant de monde. Il semble que pour les milanais l&rsquo;exposition soit devenue un endroit pour sortir car autour de nous, ce sont des familles parlant italien, avec des enfants, des poussettes&#8230;<br \/><a href=\"http:\/\/ecrire-coach.biographe-valeriejean.fr\/wp-content\/uploads\/2015\/11\/P1370276-copie.jpg\"><img loading=\"lazy\" decoding=\"async\" class=\"alignright wp-image-1916 size-medium\" src=\"http:\/\/ecrire-coach.biographe-valeriejean.fr\/wp-content\/uploads\/2015\/11\/P1370276-copie-300x226.jpg\" alt=\"Pavillon Viet-Nam Expo Milan\" width=\"300\" height=\"226\" \/><\/a>Le pavillon du Vien-Nam s&rsquo;offre \u00e0 nous, lui aussi en mode d\u00e9ambulatoire, nous entrons. De l&rsquo;ext\u00e9rieur, la structure est tr\u00e8s jolie, compos\u00e9e de d&rsquo;immenses palmiers en bambou, \u00e9clair\u00e9s&#8230;<a href=\"http:\/\/ecrire-coach.biographe-valeriejean.fr\/wp-content\/uploads\/2015\/11\/P1370274-copie.jpg\"><img loading=\"lazy\" decoding=\"async\" class=\"alignleft wp-image-1917 size-medium\" src=\"http:\/\/ecrire-coach.biographe-valeriejean.fr\/wp-content\/uploads\/2015\/11\/P1370274-copie-300x226.jpg\" alt=\"Pavillon Viet-Nam Milan Expo\" width=\"300\" height=\"226\" \/><\/a>L&rsquo;int\u00e9rieur n&rsquo;est qu&rsquo;un vaste \u00e9talage de babioles \u00e0 vendre sur un couloir qui fait tout le tour du pavillon. Au premier \u00e9tage, nous sommes accueillis par un homme qui nous offre des chapeaux, ceux traditionnels que l&rsquo;on voit port\u00e9s dans les rizi\u00e8res par les paysans. Jos\u00e9phine en prend un, mais observant la destin\u00e9e des autres personnes devant nous, je m&rsquo;aper\u00e7ois que quelques m\u00e8tres plus loin on demande 10 euros \u00e0 ceux qui ont des chapeaux! Je lui dis de le rendre&#8230;Sans plus attendre, n&rsquo;ayant rien \u00e0 voir d&rsquo;autres, nous sortons.<\/p>\n<p><a href=\"http:\/\/ecrire-coach.biographe-valeriejean.fr\/wp-content\/uploads\/2015\/11\/P1370284-copie.jpg\"><img loading=\"lazy\" decoding=\"async\" class=\"wp-image-1918 size-medium alignright\" src=\"http:\/\/ecrire-coach.biographe-valeriejean.fr\/wp-content\/uploads\/2015\/11\/P1370284-copie-225x300.jpg\" alt=\"Pavillon tahailande expo milan\" width=\"225\" height=\"300\" \/><\/a> <a href=\"http:\/\/ecrire-coach.biographe-valeriejean.fr\/wp-content\/uploads\/2015\/11\/P1370285-copie.jpg\"><img loading=\"lazy\" decoding=\"async\" class=\"alignleft wp-image-1919 size-medium\" src=\"http:\/\/ecrire-coach.biographe-valeriejean.fr\/wp-content\/uploads\/2015\/11\/P1370285-copie-300x226.jpg\" alt=\"P1370285 copie\" width=\"300\" height=\"226\" \/><\/a>La fatigue commence \u00e0 se faire sentir mais nous continuons esp\u00e9rant pouvoir faire au moins encore une belle visite. Nous longeons l&rsquo;all\u00e9e&#8230;La Tha\u00eflande, est d\u00e9j\u00e0 ferm\u00e9e et nous ne pourrons admirer son architecture, \u00e9tant inspir\u00e9 des chapeaux des paysans des rizi\u00e8res (le gnob),seules les t\u00eates de monstres mythologiques nous sourient montrant des dents ac\u00e9r\u00e9es! L&rsquo;Uruguay, vaste structure qui fait penser \u00e0\u00a0 un Fort Boyard\u00a0 de bois est \u00e9galement ferm\u00e9.<br \/>Nous arrivons \u00e0 l&rsquo;un des pavillons vedettes de l&rsquo;expo: la Chine. Nous longeons l&rsquo;ext\u00e9rieur pour trouver l&rsquo;entr\u00e9e&#8230; Apr\u00e8s avoir fait le tour, nous tombons sur la terrasse du restaurant d&rsquo;o\u00f9 \u00e9manent des odeurs fortes d&rsquo;huile chauff\u00e9e&#8230;Non, ce n&rsquo;est pas l\u00e0&#8230;Nous retournons sur nos pas, et voyons par des ouvertures le spectacle d&rsquo;un tapis de lampes changeant de couleurs&#8230;Nous essayons d&rsquo;entr\u00e9e par des escaliers mais on nous dit que ce n&rsquo;est pas l\u00e0&#8230;En vain, d\u00e9courag\u00e9s, nous abandonnons, pr\u00eats \u00e0 revenir demain.<\/p>\n<p><a href=\"http:\/\/ecrire-coach.biographe-valeriejean.fr\/wp-content\/uploads\/2015\/11\/P1370305-copie.jpg\"><img loading=\"lazy\" decoding=\"async\" class=\"alignright wp-image-1920 size-medium\" src=\"http:\/\/ecrire-coach.biographe-valeriejean.fr\/wp-content\/uploads\/2015\/11\/P1370305-copie-300x226.jpg\" alt=\"Pavillon Argentine Milan expo\" width=\"300\" height=\"226\" \/><\/a>Plus loin, le pavillon de l&rsquo;Argentine, toujours sans queue, nous ouvre ses portes. Il n&rsquo;est pas spectaculaire de l&rsquo;ext\u00e9rieur, et encore moins de nuit! Il est compos\u00e9 de gros silos \u00e0 grains avec une entr\u00e9e bard\u00e9e d&rsquo;\u00e9crans&#8230;<a href=\"http:\/\/ecrire-coach.biographe-valeriejean.fr\/wp-content\/uploads\/2015\/11\/P1370315-copie.jpg\"><img loading=\"lazy\" decoding=\"async\" class=\"alignleft wp-image-1921 size-medium\" src=\"http:\/\/ecrire-coach.biographe-valeriejean.fr\/wp-content\/uploads\/2015\/11\/P1370315-copie-300x226.jpg\" alt=\"Pavillon Argentine Expo Milan\" width=\"300\" height=\"226\" \/><\/a> Puis on d\u00e9bouche dans une vaste salle o\u00f9 des \u00e9crans immenses passent en boucle des photographies de l&rsquo;histoire de l&rsquo;Argentine. Se m\u00ealent des photos d&rsquo;indiens, de p\u00e9ones, de paysages et beaucoup de photographies de familles de paysans. L&rsquo;endroit est calme, reposant et nous nous asseyons pour laisser se d\u00e9rouler sous nos yeux tout le diaporama qui fait bien une demi-heure&#8230;<a href=\"http:\/\/ecrire-coach.biographe-valeriejean.fr\/wp-content\/uploads\/2015\/11\/P1370320-copie.jpg\"><img loading=\"lazy\" decoding=\"async\" class=\"wp-image-1922 aligncenter\" src=\"http:\/\/ecrire-coach.biographe-valeriejean.fr\/wp-content\/uploads\/2015\/11\/P1370320-copie-769x1024.jpg\" alt=\"Pavillon Argentine Expo Milan\" width=\"351\" height=\"467\" \/><\/a>En redescendant l&rsquo;escalier qui m\u00e8ne \u00e0 la sortie, nous avons le plaisir d&rsquo;observer des couples en train de s&rsquo;\u00e9chauffer pour la d\u00e9monstration de Tango qui sera donn\u00e9e un peu plus tard dans la soir\u00e9e&#8230;Beau moment.<\/p>\n<p><a href=\"http:\/\/ecrire-coach.biographe-valeriejean.fr\/wp-content\/uploads\/2015\/11\/P1370333-copie.jpg\"><img loading=\"lazy\" decoding=\"async\" class=\"alignleft wp-image-1963 size-medium\" src=\"http:\/\/ecrire-coach.biographe-valeriejean.fr\/wp-content\/uploads\/2015\/11\/P1370333-copie-300x225.jpg\" alt=\"P1370333 copie\" width=\"300\" height=\"225\" \/><\/a>Nous retrouvons l&rsquo;all\u00e9e centrale avant de bifurquer vers le pavillon de la Pologne. Une longue entr\u00e9e flanqu\u00e9e de murs en bois, fa\u00e7on cagettes de l\u00e9gumes empil\u00e9es,se finissant sur un escalier.<\/p>\n<p><a href=\"http:\/\/ecrire-coach.biographe-valeriejean.fr\/wp-content\/uploads\/2015\/11\/P1370334-copie.jpg\"><img loading=\"lazy\" decoding=\"async\" class=\"alignright wp-image-1964 size-thumbnail\" src=\"http:\/\/ecrire-coach.biographe-valeriejean.fr\/wp-content\/uploads\/2015\/11\/P1370334-copie-150x150.jpg\" alt=\"Pavillon de la Pologne\" width=\"150\" height=\"150\" \/><\/a> Nous d\u00e9bouchons sur une grande terrasse agr\u00e9ment\u00e9 d&rsquo;un jardin aux reflets magiques et changeants, accentu\u00e9s par d&rsquo;astucieux miroirs plant\u00e9s dans le d\u00e9cor. Il est illumin\u00e9\u00a0 de lumi\u00e8res aux couleurs changeantes, un petit sentier le traversant. C&rsquo;est tr\u00e8s joli, reposant, calme apr\u00e8s le brouhaha de <a href=\"http:\/\/ecrire-coach.biographe-valeriejean.fr\/wp-content\/uploads\/2015\/11\/P1370339-copie.jpg\"><img loading=\"lazy\" decoding=\"async\" class=\"wp-image-1972 size-medium alignleft\" src=\"http:\/\/ecrire-coach.biographe-valeriejean.fr\/wp-content\/uploads\/2015\/11\/P1370339-copie-300x225.jpg\" alt=\"Pavillon Pologne Expo Milan\" width=\"300\" height=\"225\" \/><\/a>l&rsquo;all\u00e9e centrale et nous avons la chance de le parcourir sans qu&rsquo;il n&rsquo;y ait trop de monde: une gageure! Apr\u00e8s avoir travers\u00e9 le jardin, nous redescendons\u00a0 \u00e0 l&rsquo;int\u00e9rieur du pavillon. Sans qu&rsquo;il y ait foule, il y a d\u00e9j\u00e0 plus de monde. Une boutique d\u00e9cor\u00e9e avec soin<a href=\"http:\/\/ecrire-coach.biographe-valeriejean.fr\/wp-content\/uploads\/2015\/11\/P1370347-copie.jpg\"><img loading=\"lazy\" decoding=\"async\" class=\"wp-image-1968 size-medium alignright\" src=\"http:\/\/ecrire-coach.biographe-valeriejean.fr\/wp-content\/uploads\/2015\/11\/P1370347-copie-300x225.jpg\" alt=\"pavillon de la Pologne expo Milan\" width=\"300\" height=\"225\" \/><\/a> propose divers produits phares du pays.Nous levons la t\u00eate et oh surprise le plafond est en miroir!<\/p>\n<p>Une longue maquette ferrovi\u00e8re faite en chocolat interpelle les enfants<\/p>\n<p><a href=\"http:\/\/ecrire-coach.biographe-valeriejean.fr\/wp-content\/uploads\/2015\/11\/P1370343-copie.jpg\"><img loading=\"lazy\" decoding=\"async\" class=\"wp-image-1967 size-medium alignleft\" src=\"http:\/\/ecrire-coach.biographe-valeriejean.fr\/wp-content\/uploads\/2015\/11\/P1370343-copie-300x225.jpg\" alt=\"Pavillon de la Pologne\" width=\"300\" height=\"225\" \/><\/a> Le chocolat est devenu gris depuis le temps du d\u00e9but de l&rsquo;expo mais reste spectaculaire.<\/p>\n<p>\u00a0<\/p>\n<p>\u00a0<\/p>\n<p><a href=\"http:\/\/ecrire-coach.biographe-valeriejean.fr\/wp-content\/uploads\/2015\/11\/P1370345-copie-e1453132031602.jpg\"><img loading=\"lazy\" decoding=\"async\" class=\"wp-image-1969 size-medium alignright\" src=\"http:\/\/ecrire-coach.biographe-valeriejean.fr\/wp-content\/uploads\/2015\/11\/P1370345-copie-e1453132031602-225x300.jpg\" alt=\"Pavillon Pologne Milan expo\" width=\"225\" height=\"300\" \/><\/a>Nous traversons une salle o\u00f9 est propos\u00e9 un documentaire sur les atouts du pays. Cela fait du bien de s&rsquo;asseoir un peu! Apr\u00e8s quelques minutes, nous rejoignons le fond du pavillon dont les murs sont noirs. Des oeuvres de peintres polonais nous attendent.<\/p>\n<p><span style=\"color: #000000;\"><a style=\"color: #000000;\" href=\"http:\/\/ecrire-coach.biographe-valeriejean.fr\/wp-content\/uploads\/2015\/11\/P1370346-copie-e1453132170810.jpg\">Nous sommes rest\u00e9s environ une heure dans le pavillon polonais et il est 20h30. Nous pensons pouvoir entrer encore dans un pavillon avant la fermeture fatidique de 21h&#8230;<\/a><a style=\"color: #000000;\" href=\"http:\/\/ecrire-coach.biographe-valeriejean.fr\/wp-content\/uploads\/2015\/11\/P1370346-copie-e1453132170810.jpg\"><img loading=\"lazy\" decoding=\"async\" class=\"wp-image-1970 size-medium alignleft\" src=\"http:\/\/ecrire-coach.biographe-valeriejean.fr\/wp-content\/uploads\/2015\/11\/P1370346-copie-e1453132170810-225x300.jpg\" alt=\"Pavillon Pologne Expo Milan\" width=\"225\" height=\"300\" \/><\/a><a style=\"color: #000000;\" href=\"http:\/\/ecrire-coach.biographe-valeriejean.fr\/wp-content\/uploads\/2015\/11\/P1370346-copie-e1453132170810.jpg\"> Nous continuons vers le pavillon de l&rsquo;Arabie S\u00e9oudite mais ils ont clos les portes. Nous nous d\u00e9p\u00eachons de rejoindre le pavillon fran\u00e7ais&#8230;Un chemin s&rsquo;ouvre sur un jardin qui nous emm\u00e8ne vers le pavillon&#8230;Malheureusement il faudra revenir le lendemain car lui aussi est ferm\u00e9. Il ne reste plus que quelques pavillons ouverts quand ils proposent de la restauration. <\/a><\/span><\/p>\n<p><span style=\"color: #000000;\"><a href=\"http:\/\/ecrire-coach.biographe-valeriejean.fr\/wp-content\/uploads\/2015\/11\/P1370374-copie.jpg\"><img loading=\"lazy\" decoding=\"async\" class=\"alignleft wp-image-1984 size-medium\" src=\"http:\/\/ecrire-coach.biographe-valeriejean.fr\/wp-content\/uploads\/2015\/11\/P1370374-copie-300x225.jpg\" alt=\"Expo Milan\" width=\"300\" height=\"225\" \/><\/a><a style=\"color: #000000;\" href=\"http:\/\/ecrire-coach.biographe-valeriejean.fr\/wp-content\/uploads\/2015\/11\/P1370346-copie-e1453132170810.jpg\">De loin nous voyons une bulle illumin\u00e9e et nous reconnaissons le pavillon de l&rsquo;Angleterre&#8230;Il est ouvert: En haut se trouve un bar et nous discutons avec le barman, un jeune \u00e9cossais qui n&rsquo;est pas \u00e0 sa premi\u00e8re expo&#8230; <\/a><a style=\"color: #000000;\" href=\"http:\/\/ecrire-coach.biographe-valeriejean.fr\/wp-content\/uploads\/2015\/11\/P1370346-copie-e1453132170810.jpg\">Apr\u00e8s un bon caf\u00e9, nous nous dirigeons vers l&rsquo;\u00e9norme boule compos\u00e9e de milliers de led. <\/a><a href=\"http:\/\/ecrire-coach.biographe-valeriejean.fr\/wp-content\/uploads\/2015\/11\/P1370381-copie.jpg\"><img loading=\"lazy\" decoding=\"async\" class=\"alignleft wp-image-1986 size-thumbnail\" src=\"http:\/\/ecrire-coach.biographe-valeriejean.fr\/wp-content\/uploads\/2015\/11\/P1370381-copie-150x150.jpg\" alt=\"expo Milan-ecrirecoach\" width=\"150\" height=\"150\" \/><\/a><a style=\"color: #000000;\" href=\"http:\/\/ecrire-coach.biographe-valeriejean.fr\/wp-content\/uploads\/2015\/11\/P1370346-copie-e1453132170810.jpg\">Cela repr\u00e9sente les alv\u00e9oles d&rsquo;une immense ruche, l&rsquo;effet\u00a0 est magnifique et nous ne regrettons pas de le voir dans la nuit. Un sol translucide est pos\u00e9 dans la boule sur lequel on marche. Il refl\u00e8te les \u00e9clats de lumi\u00e8re: l&rsquo;effet est superbe&#8230;difficile \u00e0 d\u00e9crire. C&rsquo;est un entrelacs de fer et d&rsquo;ampoules&#8230;Magique!<\/a><a href=\"http:\/\/ecrire-coach.biographe-valeriejean.fr\/wp-content\/uploads\/2015\/11\/P1370375-copie-2.jpg\"><img loading=\"lazy\" decoding=\"async\" class=\"alignright wp-image-1985 size-medium\" src=\"http:\/\/ecrire-coach.biographe-valeriejean.fr\/wp-content\/uploads\/2015\/11\/P1370375-copie-2-300x225.jpg\" alt=\"expo milan\" width=\"300\" height=\"225\" \/><\/a><\/span><\/p>\n<p>\u00a0<\/p>\n<p>Apr\u00e8s \u00eatre rest\u00e9s un petit moment sous ses \u00e9toiles \u00e9lectriques,\u00a0 dans une ambiance calme, nous redescendons dans la foule. <a href=\"http:\/\/ecrire-coach.biographe-valeriejean.fr\/wp-content\/uploads\/2015\/11\/P1370386-copie.jpg\"><img loading=\"lazy\" decoding=\"async\" class=\"alignleft wp-image-1989 size-medium\" src=\"http:\/\/ecrire-coach.biographe-valeriejean.fr\/wp-content\/uploads\/2015\/11\/P1370386-copie-300x225.jpg\" alt=\"Pavillon Nepal expo Milan\" width=\"300\" height=\"225\" \/><\/a>Quelques pas plus loin, nous sommes attir\u00e9s vers une pagode mise en valeur par un bel \u00e9clairage: c&rsquo;est la pavillon du N\u00e9pal, nous longeons un couloir dans un jardin en esp\u00e9rant qu&rsquo;il sera encore ouvert mais non, nous ne pouvons qu&rsquo;apercevoir le pavillon de l&rsquo;ext\u00e9rieur.<\/p>\n<p><a href=\"http:\/\/ecrire-coach.biographe-valeriejean.fr\/wp-content\/uploads\/2015\/11\/P1370387-copie.jpg\"><img loading=\"lazy\" decoding=\"async\" class=\"size-medium wp-image-1990 alignright\" src=\"http:\/\/ecrire-coach.biographe-valeriejean.fr\/wp-content\/uploads\/2015\/11\/P1370387-copie-300x225.jpg\" alt=\"valerie jean biograph-Expo milan\" width=\"300\" height=\"225\" \/><\/a>Le pays a voulu reproduire l&rsquo;univers des anciens\u00a0\u00a0 villages des vall\u00e9es de Katmandu, avec des temples port\u00e9s par des colonnes, au nombre de 42 toutes sculpt\u00e9es \u00e0 la main.<\/p>\n<p>\u00a0<\/p>\n<p><a href=\"http:\/\/ecrire-coach.biographe-valeriejean.fr\/wp-content\/uploads\/2015\/11\/P1370363-copie-e1454697358791.jpg\"><img loading=\"lazy\" decoding=\"async\" class=\"alignright wp-image-1982 size-medium\" src=\"http:\/\/ecrire-coach.biographe-valeriejean.fr\/wp-content\/uploads\/2015\/11\/P1370363-copie-e1454697358791-225x300.jpg\" alt=\"expo milan\" width=\"225\" height=\"300\" \/><\/a>Nous commen\u00e7ons \u00e0 \u00eatre fatigu\u00e9s, il est temps de remonter vers la sortie, d&rsquo;autant que Nera doit venir nous chercher. Encore quelques photographies sous la sculpture illumin\u00e9e qui marque la moiti\u00e9 de l&rsquo;all\u00e9e centrale que nous remonter dans le flot de visiteurs.<\/p>\n<p>\u00a0<\/p>\n<p><a href=\"http:\/\/ecrire-coach.biographe-valeriejean.fr\/wp-content\/uploads\/2015\/11\/P1370361-copie.jpg\"><img loading=\"lazy\" decoding=\"async\" class=\"alignleft wp-image-1983 size-medium\" src=\"http:\/\/ecrire-coach.biographe-valeriejean.fr\/wp-content\/uploads\/2015\/11\/P1370361-copie-300x225.jpg\" alt=\"expo Milan\" width=\"300\" height=\"225\" \/><\/a>On passe pr\u00e8s d&rsquo;un jardin destin\u00e9 aux enfants: Jos\u00e9phine et Mathieu ne r\u00e9sistent pas \u00e0 la tentation d&rsquo;aller sauter sur une esp\u00e8ce de toile tendue comme un tobbogan&#8230;<a href=\"http:\/\/ecrire-coach.biographe-valeriejean.fr\/wp-content\/uploads\/2015\/11\/P1370395-copie.jpg\"><img loading=\"lazy\" decoding=\"async\" class=\"alignright wp-image-1991 size-medium\" src=\"http:\/\/ecrire-coach.biographe-valeriejean.fr\/wp-content\/uploads\/2015\/11\/P1370395-copie-300x225.jpg\" alt=\"valerie jean biographe\" width=\"300\" height=\"225\" \/><\/a><\/p>\n<p>L&rsquo;aire de jeux abrite aussi une \u00e9norme sph\u00e8re sur laquelle est \u00ab\u00a0cousue\u00a0\u00bb de dessins d&rsquo;enfants, qui semblent avoir \u00e9t\u00e9 vernis.\u00a0 <a href=\"http:\/\/ecrire-coach.biographe-valeriejean.fr\/wp-content\/uploads\/2015\/11\/P1370397-copie.jpg\"><img loading=\"lazy\" decoding=\"async\" class=\"alignleft size-medium wp-image-1992\" src=\"http:\/\/ecrire-coach.biographe-valeriejean.fr\/wp-content\/uploads\/2015\/11\/P1370397-copie-300x225.jpg\" alt=\"expo milan valeriejeanbiograph\" width=\"300\" height=\"225\" \/><\/a><\/p>\n<p>\u00a0<\/p>\n<p>Avant d&rsquo;entrer sur le site de l&rsquo;exposition, nous avions rep\u00e9r\u00e9 un bar pr\u00e8s du parking, il n&rsquo;est pas encore l&rsquo;heure de notre rendez-vous et nous pensons pouvoir nous r\u00e9fugier au chaud car la temp\u00e9rature a baiss\u00e9&#8230;<a href=\"http:\/\/ecrire-coach.biographe-valeriejean.fr\/wp-content\/uploads\/2015\/11\/P1370398.jpg\"><img loading=\"lazy\" decoding=\"async\" class=\"alignright wp-image-1993 size-medium\" src=\"http:\/\/ecrire-coach.biographe-valeriejean.fr\/wp-content\/uploads\/2015\/11\/P1370398-300x225.jpg\" alt=\"valeriejeanbiographe\" width=\"300\" height=\"225\" \/><\/a>H\u00e9las, le bar est ferm\u00e9, nous sommes d\u00e9\u00e7us et attendons sur le trottoir, en nous disant qu&rsquo;il est \u00e9tonnant que le bar ne profite pas de r\u00e9cup\u00e9rer les visiteurs jusqu&rsquo;\u00e0 la fermeture de l&rsquo;expo \u00e0 23h alors qu&rsquo;il n&rsquo;est que 22h&#8230; Beaucoup de voitures viennent rechercher des personnes mais nous devons patienter&#8230;<\/p>\n<h3>Deuxi\u00e8me jour<\/h3>\n<p>Nera nous avait conseill\u00e9 de prendre le bus de 9h30 pour arriver \u00e0 l&rsquo;expo un quart d&rsquo;heure avant l&rsquo;ouverture&#8230;Quand nous arrivons, l&rsquo;esplanade est pleine \u00e0 craquer , les portes ne s&rsquo;ouvrant qu&rsquo;\u00e0 10 h&#8230;Les queues sont gigantesques. Enfin nous entrons mais bien apr\u00e8s les premiers visiteurs&#8230;Forts de notre exp\u00e9rience \u00e0 S\u00e9ville nous savons qu&rsquo;il faut \u00e0 l&rsquo;ouverture foncer vers les pavillons les plus populaires pour esp\u00e9rer y rentrer.<\/p>\n<p>Nous filons\u00a0 prendre la navette\u00a0 pour rejoindre les pavillons du fond de l&rsquo;exposition dont\u00a0 celui du Japon, avec\u00a0 l&rsquo;espoir de ne pas avoir trop \u00e0 attendre&#8230; H\u00e9las, les queues sont d\u00e9j\u00e0 bien longues&#8230;<\/p>\n<p><a href=\"http:\/\/ecrire-coach.biographe-valeriejean.fr\/wp-content\/uploads\/2015\/11\/P1370413-copie.jpg\"><img loading=\"lazy\" decoding=\"async\" class=\"wp-image-1994 size-medium alignleft\" src=\"http:\/\/ecrire-coach.biographe-valeriejean.fr\/wp-content\/uploads\/2015\/11\/P1370413-copie-300x225.jpg\" alt=\"expo milan\" width=\"300\" height=\"225\" \/><\/a>Le pavillon am\u00e9ricain semble d\u00e9gag\u00e9: c&rsquo;est parti. Un escalier m\u00e8ne \u00e0 une terrasse o\u00f9 sont expos\u00e9s de nombreux \u00eelots d&rsquo;information&#8230;Vraiment rien de spectaculaire. Des tuyaux d&rsquo;a\u00e9ration en guise de d\u00e9coration&#8230; Tr\u00e8s vite, nous remontons d&rsquo;un \u00e9tage pour d\u00e9boucher sur une tr\u00e8s grande terrasse. Il est tr\u00e8s haut compar\u00e9 aux autres pavillons et\u00a0 offre une\u00a0 vue sur l&rsquo;ensemble de l&rsquo;expo&#8230;<a href=\"http:\/\/ecrire-coach.biographe-valeriejean.fr\/wp-content\/uploads\/2015\/11\/P1370419-copie.jpg\"><img loading=\"lazy\" decoding=\"async\" class=\"alignright size-medium wp-image-1995\" src=\"http:\/\/ecrire-coach.biographe-valeriejean.fr\/wp-content\/uploads\/2015\/11\/P1370419-copie-300x225.jpg\" alt=\"expo milan\" width=\"300\" height=\"225\" \/><\/a> A une centaine de m\u00e8tres, nous nous amusons de voir le pavillon russe qui d\u00e9tr\u00f4ne en hauteur de quelques m\u00e8tres le pavillon am\u00e9ricain! L&rsquo;attraction am\u00e9ricaine se passe \u00e0 l&rsquo;ext\u00e9rieur. La particularit\u00e9 du pavillon est la grande \u00ab\u00a0ferme verticale\u00a0\u00bben fa\u00e7ade, qui produit une r\u00e9colte quotidienne. Elle est compos\u00e9e de panneaux verticaux supportant des cultures, qui pivotent pour suivre le soleil. J&rsquo;essaie d&rsquo;attraper un piment mais ils sont trop haut&#8230;!<a href=\"http:\/\/ecrire-coach.biographe-valeriejean.fr\/wp-content\/uploads\/2015\/11\/P1370424-copie.jpg\"><img loading=\"lazy\" decoding=\"async\" class=\"size-medium wp-image-1996 alignleft\" src=\"http:\/\/ecrire-coach.biographe-valeriejean.fr\/wp-content\/uploads\/2015\/11\/P1370424-copie-300x225.jpg\" alt=\"velriejeanbiographe\" width=\"300\" height=\"225\" \/><\/a> <a href=\"http:\/\/ecrire-coach.biographe-valeriejean.fr\/wp-content\/uploads\/2015\/11\/P1370426-copie.jpg\"><img loading=\"lazy\" decoding=\"async\" class=\"alignright size-medium wp-image-1997\" src=\"http:\/\/ecrire-coach.biographe-valeriejean.fr\/wp-content\/uploads\/2015\/11\/P1370426-copie-300x225.jpg\" alt=\"ecrire coach carnets voyage\" width=\"300\" height=\"225\" \/><\/a><\/p>\n<p>\u00a0<\/p>\n<p>\u00a0<\/p>\n<p>\u00a0<\/p>\n<p>\u00a0<\/p>\n<p>\u00a0<\/p>\n<p>\u00a0<\/p>\n<p>\u00a0<\/p>\n<p>\u00a0<\/p>\n<p>\u00a0<\/p>\n<p>\u00a0<\/p>\n<p><a href=\"http:\/\/ecrire-coach.biographe-valeriejean.fr\/wp-content\/uploads\/2015\/11\/Pavillon-turquie-expo-milan-ecrire-coach-e1463582353411.jpg\"><img loading=\"lazy\" decoding=\"async\" class=\"alignleft size-medium wp-image-1999\" src=\"http:\/\/ecrire-coach.biographe-valeriejean.fr\/wp-content\/uploads\/2015\/11\/Pavillon-turquie-expo-milan-ecrire-coach-e1463582353411-225x300.jpg\" alt=\"ecrire coach-pavillon turquie\" width=\"225\" height=\"300\" \/><\/a>Puis nous traversons la Turquie, dont le pavillon est en forme de grenade\u00a0 stylis\u00e9e (nar), qui a choisi de faire un projet alternant des espaces ouverts et ferm\u00e9s. Ainsi nous traversons une esplanade orn\u00e9e d&rsquo;\u00e9normes jarres d\u00e9cor\u00e9es de mosa\u00efques et de sculptures ressemblant \u00e0 des paniers d&rsquo;osiers avant d&rsquo;entrer dans une des salles o\u00f9 sont expos\u00e9es de superbes services \u00e0 caf\u00e9 et des objets traditionnels.<\/p>\n<p><a href=\"http:\/\/ecrire-coach.biographe-valeriejean.fr\/wp-content\/uploads\/2015\/11\/Turqui-expo-milan-ecrire-coach.jpg\"><img loading=\"lazy\" decoding=\"async\" class=\"alignright size-medium wp-image-2000\" src=\"http:\/\/ecrire-coach.biographe-valeriejean.fr\/wp-content\/uploads\/2015\/11\/Turqui-expo-milan-ecrire-coach-300x200.jpg\" alt=\"ecire coach-pavillon Turquie -expo milan\" width=\"300\" height=\"200\" \/><\/a><\/p>\n<p>\u00a0<\/p>\n<p>\u00a0<\/p>\n<p>\u00a0<\/p>\n<p>\u00a0<\/p>\n<p><a href=\"http:\/\/ecrire-coach.biographe-valeriejean.fr\/wp-content\/uploads\/2015\/11\/P1370437-copie-e1463583082783.jpg\"><img loading=\"lazy\" decoding=\"async\" class=\"size-medium wp-image-2001 alignleft\" src=\"http:\/\/ecrire-coach.biographe-valeriejean.fr\/wp-content\/uploads\/2015\/11\/P1370437-copie-e1463583082783-225x300.jpg\" alt=\"ecrire coach-exposition Milan\" width=\"225\" height=\"300\" \/><\/a>En sortant du pavillon turque nous passons devant celui de Monaco, structur\u00e9 par un gigantesque \u00e9chafaudage de conteneurs symbolisant le trafic incessant des transporteurs de marchandises sur les divers oc\u00e9ans. Accol\u00e9 \u00e0 cette structure, une sculpture compos\u00e9e de troncs d&rsquo;arbre br\u00fbl\u00e9s symbolisant l&rsquo;urgence \u00e0 sauver les for\u00eats.C&rsquo;est l&rsquo;oeuvre de Philippe Pastor : Les arbres br\u00fbl\u00e9s<strong>, <\/strong>r\u00e9solument \u00e0 vis\u00e9e \u00e9cologique; elle veut redonner vie aux arbres en d\u00e9non\u00e7ant les agressions de l&rsquo;homme sur la nature et montrer une soci\u00e9t\u00e9 malade qui s&rsquo;auto-d\u00e9truit. Les troncs noirs et calcin\u00e9s repr\u00e9sentent la conscience \u00e0 l&rsquo;\u00e9gard des probl\u00e8mes de l&rsquo;environnement<strong>.<\/strong>Le pavillon de Monaco, simple et efficace, \u00e0 mes yeux, revendique la sobri\u00e9t\u00e9 qui sied \u00e0 cet \u00e9v\u00e8nement majeur organis\u00e9 pour l&rsquo;\u00e9veil de la conscience de tous.<a href=\"http:\/\/ecrire-coach.biographe-valeriejean.fr\/wp-content\/uploads\/2015\/11\/P1370439-copie.jpg\"><img loading=\"lazy\" decoding=\"async\" class=\"alignright size-medium wp-image-2002\" src=\"http:\/\/ecrire-coach.biographe-valeriejean.fr\/wp-content\/uploads\/2015\/11\/P1370439-copie-300x225.jpg\" alt=\"ecrire coach-exposition Milan\" width=\"300\" height=\"225\" \/><\/a><\/p>\n<p>Nous continuons, interpell\u00e9s par des objets, sculptures, d\u00e9corations \u00e7a et l\u00e0&#8230;<\/p>\n<p>Une teut-teut g\u00e9ante<\/p>\n<p><a href=\"http:\/\/ecrire-coach.biographe-valeriejean.fr\/wp-content\/uploads\/2015\/11\/P1370449-copie1.jpg\"><img loading=\"lazy\" decoding=\"async\" class=\"wp-image-2006 size-thumbnail alignleft\" src=\"http:\/\/ecrire-coach.biographe-valeriejean.fr\/wp-content\/uploads\/2015\/11\/P1370449-copie1-150x150.jpg\" alt=\"ecrire coach- expo milan\" width=\"150\" height=\"150\" \/><\/a><\/p>\n<p>une fa\u00e7ade<a href=\"http:\/\/ecrire-coach.biographe-valeriejean.fr\/wp-content\/uploads\/2015\/11\/P1370447-copie.jpg\"><img loading=\"lazy\" decoding=\"async\" class=\"wp-image-2007 size-thumbnail alignright\" src=\"http:\/\/ecrire-coach.biographe-valeriejean.fr\/wp-content\/uploads\/2015\/11\/P1370447-copie-150x150.jpg\" alt=\"ecrire coach- expo milan\" width=\"150\" height=\"150\" \/><\/a><\/p>\n<p>\u00a0<\/p>\n<p>\u00a0<\/p>\n<p>Nous nous enfon\u00e7ons jusqu&rsquo;\u00e0 l&rsquo;extr\u00e9mit\u00e9 de l&rsquo;exposition afin de nous rendre \u00e0 l&rsquo;espace slow food&#8230; qui selon le texte de la brochure nous donnait envie d&rsquo;aller voir cet espace: \u00ab\u00a0<\/p>\n<ul>\n<li>L\u2019installation <strong><em>l\u2019Arbre de la Nourriture<\/em><\/strong>, par exemple, explique en quoi la nourriture est le produit de l\u2019interaction de nombreux aspects diff\u00e9rents : langage, culture, territoire, durabilit\u00e9 environnementale et sociale, cinq sens, convivialit\u00e9 et bien d\u2019autres encore.<\/li>\n<li>Une autre installation, <strong><em>l\u2019Homme de Ma\u00efs<\/em><\/strong>, est consacr\u00e9e \u00e0 <strong>la plante la plus cultiv\u00e9e au monde<\/strong>. On y explore la nourriture industrielle qui utilise tr\u00e8s fr\u00e9quemment cette c\u00e9r\u00e9ale, notamment en identifiant sur les \u00e9tiquettes les noms derri\u00e8re lesquels elle se cache, et on en apprend plus sur ses origines et les pays qui la cultivent actuellement. La production alimentaire de petite \u00e9chelle se mobilise d\u00e9sormais contre ce g\u00e9ant, porte-drapeau de l\u2019agriculture industrielle, omnipr\u00e9sent dans les rayons de la grande distribution.<\/li>\n<li>Un \u00e9norme <strong><em>Sablier<\/em><\/strong> indiquera la vitesse, en constante acc\u00e9l\u00e9ration, \u00e0 laquelle la biodiversit\u00e9 dispara\u00eet, et une s\u00e9rie de photographies montrera les milliers de vari\u00e9t\u00e9s de fruits, l\u00e9gumes, l\u00e9gumineuses, vaches, ch\u00e8vres, brebis et autres races animales menac\u00e9es d\u2019extinction.<\/li>\n<\/ul>\n<p><a href=\"http:\/\/ecrire-coach.biographe-valeriejean.fr\/wp-content\/uploads\/2015\/11\/P1370456-copie.jpg\"><img loading=\"lazy\" decoding=\"async\" class=\"alignright wp-image-2008 size-medium\" src=\"http:\/\/ecrire-coach.biographe-valeriejean.fr\/wp-content\/uploads\/2015\/11\/P1370456-copie-e1463586578774-225x300.jpg\" alt=\"ecrire coach-expo milan\" width=\"225\" height=\"300\" \/><\/a>Quelle d\u00e9ception, une halle ouverte avec des\u00a0 jeux \u00e9cul\u00e9s, un pauvre arbre compos\u00e9s d&rsquo;\u00e9tiquette, une triste mappemonde&#8230;Bref je n&rsquo;ai rien trouv\u00e9 d&rsquo;innovant ou d&rsquo;int\u00e9ressant, ni spectaculaire&#8230;<\/p>\n<p>Nous sommes arriv\u00e9s \u00e0 l&rsquo;extr\u00eamit\u00e9 de l&rsquo;expo et apr\u00e8s avoir ingurgit\u00e9 un petit en cas, nous remontons l&rsquo;all\u00e9e centrale.<\/p>\n<p><a href=\"http:\/\/ecrire-coach.biographe-valeriejean.fr\/wp-content\/uploads\/2015\/11\/P1370473-copie-1.jpg\"><img loading=\"lazy\" decoding=\"async\" class=\"size-medium wp-image-2059 alignleft\" src=\"http:\/\/ecrire-coach.biographe-valeriejean.fr\/wp-content\/uploads\/2015\/11\/P1370473-copie-1-225x300.jpg\" alt=\"P1370473 copie\" width=\"225\" height=\"300\" \/><\/a>\u00a0\u00a0\u00a0\u00a0\u00a0\u00a0\u00a0\u00a0\u00a0\u00a0\u00a0\u00a0\u00a0\u00a0\u00a0\u00a0\u00a0\u00a0\u00a0\u00a0\u00a0\u00a0\u00a0\u00a0\u00a0\u00a0\u00a0\u00a0\u00a0\u00a0\u00a0\u00a0\u00a0\u00a0\u00a0\u00a0\u00a0\u00a0\u00a0\u00a0\u00a0\u00a0\u00a0\u00a0\u00a0\u00a0\u00a0\u00a0\u00a0\u00a0\u00a0\u00a0\u00a0\u00a0\u00a0\u00a0\u00a0\u00a0\u00a0\u00a0\u00a0\u00a0\u00a0\u00a0\u00a0\u00a0 Un petit d\u00e9tour par les pavillons africains, qui se partagent des pavillons r\u00e9duits au minimum, tri\u00e9s par th\u00e9matique de leurs productions alimentaire (caf\u00e9, chocolat, sucre etc&#8230;). On croirait jouer aux richesses du monde&#8230;Tous pr\u00e9sentent leur artisanat. Mat peut enfin s&rsquo;exprimer!<a href=\"http:\/\/ecrire-coach.biographe-valeriejean.fr\/wp-content\/uploads\/2015\/11\/P1370471-copie.jpg\"><img loading=\"lazy\" decoding=\"async\" class=\"alignright size-medium wp-image-2060\" src=\"http:\/\/ecrire-coach.biographe-valeriejean.fr\/wp-content\/uploads\/2015\/11\/P1370471-copie-300x225.jpg\" alt=\"expo milan\" width=\"300\" height=\"225\" \/><\/a><\/p>\n<p>\u00a0<\/p>\n<p>\u00a0<\/p>\n<p>\u00a0<\/p>\n<p>\u00a0<\/p>\n<p>\u00a0<\/p>\n<p>\u00a0<\/p>\n<p><a href=\"http:\/\/ecrire-coach.biographe-valeriejean.fr\/wp-content\/uploads\/2015\/11\/P1370480-copie.jpg\"><img loading=\"lazy\" decoding=\"async\" class=\"size-medium wp-image-2061 alignleft\" src=\"http:\/\/ecrire-coach.biographe-valeriejean.fr\/wp-content\/uploads\/2015\/11\/P1370480-copie-225x300.jpg\" alt=\"expo milan\" width=\"225\" height=\"300\" \/><\/a>Le pavillon de l&rsquo;Iran nous attire par la verdure qui orne\u00a0 l&rsquo;ext\u00e9rieur: n\u00e9nuphars, cactus, arbres&#8230; la queue est importante mais cela avance vite. Il se pr\u00e9sente comme un long couloir o\u00f9 de multiples plantes- choisies comme caract\u00e9ristiques de 7 climats de l&rsquo;Iran- et objets relatifs \u00e0 la culture traditionnelle culinaire sont pr\u00e9sent\u00e9s sous un plafond vo\u00fbt\u00e9 travaill\u00e9 de m\u00e9tal \u00e0 formes coniques. Une invitation \u00e0 partager le repas, sous cette toile qui semble \u00eatre le symbole du sofreh, la nappe traditionnelle dress\u00e9e pour accueillir le repas offert aux h\u00f4tes.<a href=\"http:\/\/ecrire-coach.biographe-valeriejean.fr\/wp-content\/uploads\/2015\/11\/P1370488-copie.jpg\"><img loading=\"lazy\" decoding=\"async\" class=\"alignright size-medium wp-image-2064\" src=\"http:\/\/ecrire-coach.biographe-valeriejean.fr\/wp-content\/uploads\/2015\/11\/P1370488-copie-300x225.jpg\" alt=\"Iran-Expo Milan\" width=\"300\" height=\"225\" \/><\/a><\/p>\n<p>\u00a0<\/p>\n<p>\u00a0<\/p>\n<p>\u00a0<\/p>\n<p><a href=\"http:\/\/ecrire-coach.biographe-valeriejean.fr\/wp-content\/uploads\/2015\/11\/P1370489-copie.jpg\"><img loading=\"lazy\" decoding=\"async\" class=\"size-medium wp-image-2063 alignleft\" src=\"http:\/\/ecrire-coach.biographe-valeriejean.fr\/wp-content\/uploads\/2015\/11\/P1370489-copie-225x300.jpg\" alt=\"Iran-Expo milan\" width=\"225\" height=\"300\" \/><\/a><\/p>\n<p>\u00a0<\/p>\n<p>\u00a0<\/p>\n<p>\u00a0<\/p>\n<p>\u00a0<\/p>\n<p><a href=\"http:\/\/ecrire-coach.biographe-valeriejean.fr\/wp-content\/uploads\/2015\/11\/P1370485-copie.jpg\"><img loading=\"lazy\" decoding=\"async\" class=\"alignright size-medium wp-image-2062\" src=\"http:\/\/ecrire-coach.biographe-valeriejean.fr\/wp-content\/uploads\/2015\/11\/P1370485-copie-300x225.jpg\" alt=\"P1370485 copie\" width=\"300\" height=\"225\" \/><\/a><\/p>\n<p>\u00a0<\/p>\n<p>\u00a0<\/p>\n<p>\u00a0<\/p>\n<p>\u00a0<\/p>\n<p>\u00a0<\/p>\n<p>\u00a0<\/p>\n<p>\u00a0<\/p>\n<p>Au bout de cette longue coursive, un immense \u00e9cran d\u00e9structur\u00e9 nous invite \u00e0 un voyage dans la r\u00e9publique islamiste, pr\u00e9sentant l&rsquo;histoire de l&rsquo;agriculture du pays.<\/p>\n<p><a href=\"http:\/\/ecrire-coach.biographe-valeriejean.fr\/wp-content\/uploads\/2015\/11\/P1370498-copie.jpg\"><img loading=\"lazy\" decoding=\"async\" class=\"size-medium wp-image-2065 alignleft\" src=\"http:\/\/ecrire-coach.biographe-valeriejean.fr\/wp-content\/uploads\/2015\/11\/P1370498-copie-225x300.jpg\" alt=\"P1370498 copie\" width=\"225\" height=\"300\" \/><\/a>\u00a0 <a href=\"http:\/\/ecrire-coach.biographe-valeriejean.fr\/wp-content\/uploads\/2015\/11\/P1370503-copie.jpg\"><img loading=\"lazy\" decoding=\"async\" class=\"alignright size-medium wp-image-2067\" src=\"http:\/\/ecrire-coach.biographe-valeriejean.fr\/wp-content\/uploads\/2015\/11\/P1370503-copie-300x225.jpg\" alt=\"P1370503 copie\" width=\"300\" height=\"225\" \/><\/a> <a href=\"http:\/\/ecrire-coach.biographe-valeriejean.fr\/wp-content\/uploads\/2015\/11\/P1370506-copie.jpg\"><img loading=\"lazy\" decoding=\"async\" class=\"size-medium wp-image-2068 alignleft\" src=\"http:\/\/ecrire-coach.biographe-valeriejean.fr\/wp-content\/uploads\/2015\/11\/P1370506-copie-300x225.jpg\" alt=\"P1370506 copie\" width=\"300\" height=\"225\" \/><\/a>Nous poursuivons par la visite du pavillon de la Slov\u00e9nie.On nous remet un petit autocollant \u00e0 l&rsquo;entr\u00e9e, un petit coeur vert avec l&rsquo;inscription\u00a0 \u00ab\u00a0I feel Slovenia\u00a0\u00bb, le th\u00e8me choisi par la Slov\u00e9nie.<br \/>Un mur agr\u00e9ment\u00e9 de plante et de fleurs accueillent les visiteurs.<br \/>Ce pays nous fait voyager\u00a0 au travers de\u00a0 cinq\u00a0 th\u00e8mes: marais salants, les abeilles, les eaux thermales et min\u00e9rales , randonn\u00e9es p\u00e9destres et cyclistes.<br \/>On nous invite par petites \u00e9tapes \u00e0 toucher le coeur de la Slov\u00e9nie par la sensibilisation. Sentir le miel, le th\u00e8me de la ruche \u00e9tant tr\u00e8s pr\u00e9sent dans la d\u00e9coration; marcher dans du sel r\u00e9put\u00e9 apporter apaisement aux pieds, le th\u00e8me slov\u00e8ne aborde aussi le th\u00e8me \u00ab\u00a0prendre soin de nous\u00a0\u00bb . <a href=\"http:\/\/ecrire-coach.biographe-valeriejean.fr\/wp-content\/uploads\/2015\/11\/P1370518-copie.jpg\"><img loading=\"lazy\" decoding=\"async\" class=\"alignright size-medium wp-image-2069\" src=\"http:\/\/ecrire-coach.biographe-valeriejean.fr\/wp-content\/uploads\/2015\/11\/P1370518-copie-300x225.jpg\" alt=\" slovenie- Milan expo\" width=\"300\" height=\"225\" \/><\/a>Cela implique de s&rsquo;immerger dans la nature mais aussi d&rsquo;\u00eatre vivant dans le monde technologique qui est le n\u00f4tre aujourd&rsquo;hui. C&rsquo;est jouer, des ballons sauteurs sont accessibles aux enfants, s&rsquo;essayer \u00e0 la r\u00e9alit\u00e9 augment\u00e9e gr\u00e2ce \u00e0 des casques remis aux visiteurs&#8230;Dans cet espace on trouve l&rsquo;id\u00e9e de l&rsquo;aventure avec l&rsquo;exposition d&rsquo;un petit avion, et une h\u00f4tesse qui nous guide pour nous exposer toutes les randonn\u00e9es, \u00e0 pied ou \u00e0 v\u00e9lo \u00e0 faire (entre autre) en Slov\u00e9nie. \u00c0 la sortie nous recevons 5 graines de sarrasin.<\/p>\n<p>En sortant nous nous dirigeons vers le pavillon allemand&#8230;Inaccessible tant la queue est immense. On d\u00e9cline! Et fourbus et nous nous accordons une pause en nous noyant dans des fauteuils confortables, dans un des bars bordant l&rsquo;all\u00e9e principale. Un bon caf\u00e9 pour recharger les batteries, je trouve une place en face d&rsquo;un jeune homme avec qui je sympathise&#8230;Apr\u00e8s une bonne demi-heure de conversation il me dit \u00eatre cuisinier au restaurant du pavillon allemand. Je lui dis que nous aurions bien aim\u00e9 le voir mais que l&rsquo;affluence des visiteurs est telle que nous avons abandonn\u00e9!<\/p>\n<p>Il doit retourner bosser et me dit de l&rsquo;attendre qu&rsquo;il va tnter de nous faire rentrer&#8230;Je suis sceptique mais pourquoi pas. Nelson commence \u00e0 s&rsquo;impatienter et s&rsquo;\u00e9loigne tandis que je reste, profitant de ce contre-temps pour me reposer&#8230;C&rsquo;est que faire une exposition universelle ce sont des kilom\u00e8tres \u00e0 parcourir!<\/p>\n<p>Franck, mon nouvel ami allemand, revient en courant et me lance j&rsquo;ai r\u00e9ussi c&rsquo;est maintenant. heureusement, Nelson ne s&rsquo;\u00e9tait pas trop \u00e9loign\u00e9 et nous le chopons au passage. Franck me glisse devant le contr\u00f4les VIP, j&rsquo;ai dit que tu \u00e9tais ma tante. Oups je ne connais que quatre mots d&rsquo;allemand !!! \u00c7a passe et nous voil\u00e0 dans le pavillon allemand et je dois dire que cela aurait \u00e9t\u00e9 dommage de le rater.<\/p>\n<p><a href=\"http:\/\/ecrire-coach.biographe-valeriejean.fr\/wp-content\/uploads\/2015\/11\/P1370523-copie.jpg\"><img loading=\"lazy\" decoding=\"async\" class=\"size-medium wp-image-2070 alignleft\" src=\"http:\/\/ecrire-coach.biographe-valeriejean.fr\/wp-content\/uploads\/2015\/11\/P1370523-copie-300x225.jpg\" alt=\"Allemagne-Exposition universelle-Milan\" width=\"300\" height=\"225\" \/><\/a> <a href=\"http:\/\/ecrire-coach.biographe-valeriejean.fr\/wp-content\/uploads\/2015\/11\/P1370532-copie.jpg\"><img loading=\"lazy\" decoding=\"async\" class=\"alignright size-medium wp-image-2071\" src=\"http:\/\/ecrire-coach.biographe-valeriejean.fr\/wp-content\/uploads\/2015\/11\/P1370532-copie-300x225.jpg\" alt=\"Allemagne-Exposition universelle-Milan\" width=\"300\" height=\"225\" \/><\/a>Hautement instructif, l&rsquo;Allemagne a mis un point d&rsquo;honneur \u00e0 faire une r\u00e9elle information, concise, compl\u00e8te, pr\u00e9cise sur l&rsquo;\u00e9tat du monde. L&rsquo;exposition est interactive, on nous remet des plaquettes qui quand on les passe au-dessus de tables connect\u00e9es, s&rsquo;animent avec un film&#8230;<\/p>\n<p>\u00a0<\/p>\n<p>\u00a0<\/p>\n<p><a href=\"http:\/\/ecrire-coach.biographe-valeriejean.fr\/wp-content\/uploads\/2015\/11\/P1370537-copie.jpg\"><img loading=\"lazy\" decoding=\"async\" class=\"size-medium wp-image-2072 alignleft\" src=\"http:\/\/ecrire-coach.biographe-valeriejean.fr\/wp-content\/uploads\/2015\/11\/P1370537-copie-300x225.jpg\" alt=\"Allemagne-Exposition universelle-Milan\" width=\"300\" height=\"225\" \/><\/a>Dans la pi\u00e8ce suivante, un hypermarch\u00e9 du futur d\u00e9montre\u00a0 ce qui ne doit pas \u00eatre consomm\u00e9, en proposant de remplir son panier au moyen d&rsquo;\u00e9crans&#8230;<\/p>\n<p><a href=\"http:\/\/ecrire-coach.biographe-valeriejean.fr\/wp-content\/uploads\/2015\/11\/P1370540-copie.jpg\"><img loading=\"lazy\" decoding=\"async\" class=\"alignright size-medium wp-image-2073\" src=\"http:\/\/ecrire-coach.biographe-valeriejean.fr\/wp-content\/uploads\/2015\/11\/P1370540-copie-300x225.jpg\" alt=\"Allemagne-Exposition universelle-Milan\" width=\"300\" height=\"225\" \/><\/a>Au premier \u00e9tage on rejoint une vaste cuisine immense avec ustensiles de cuisine, plantes etc&#8230;Enfin nous sommes conduits dans une pi\u00e8ce o\u00f9 on va chanter&#8230;guid\u00e9s par un animateur.<\/p>\n<p>Quelle ne fut pas notre surprise en sortant du pavillon allemand de d\u00e9couvrir l&rsquo;expo dans un brouillard \u00e9pais&#8230;Nous avions pr\u00e9vu d&rsquo;aller voir le show de l&rsquo;Arbre pr\u00e9vu \u00e0 la tomb\u00e9e de la nuit&#8230;Une affluence record malgr\u00e9 la temp\u00e9rature et surtout la visibilit\u00e9.<\/p>\n<p><a href=\"http:\/\/ecrire-coach.biographe-valeriejean.fr\/wp-content\/uploads\/2015\/11\/P1370547-copie.jpg\"><img loading=\"lazy\" decoding=\"async\" class=\"size-medium wp-image-2074 alignleft\" src=\"http:\/\/ecrire-coach.biographe-valeriejean.fr\/wp-content\/uploads\/2015\/11\/P1370547-copie-300x225.jpg\" alt=\"Allemagne-Exposition universelle-Milan\" width=\"300\" height=\"225\" \/><\/a>Nous attendons quelques dizaines de minutes dans le froid pour voir au loin quelques faisceaux de lumi\u00e8re&#8230; Nous ne restons pas, on ne voit gu\u00e8re les effets escompt\u00e9s de l&rsquo;illumination, nous sommes trop loin pour entendre la musique et l&rsquo;humidit\u00e9 nous p\u00e9n\u00e8tre irr\u00e9m\u00e9diablement&#8230;Nous rentrons ext\u00e9nu\u00e9s.<\/p>\n<p><a href=\"http:\/\/ecrire-coach.biographe-valeriejean.fr\/wp-content\/uploads\/2015\/11\/P1370443-copie.jpg\"><img loading=\"lazy\" decoding=\"async\" class=\"size-medium wp-image-2004 alignleft\" src=\"http:\/\/ecrire-coach.biographe-valeriejean.fr\/wp-content\/uploads\/2015\/11\/P1370443-copie-300x225.jpg\" alt=\"ecrire coach-exposition Milan\" width=\"300\" height=\"225\" \/><\/a>Il est temps de rejoindre le pavillon russe. En s&rsquo;approchant, je remarque la similitude des silhouettes du pavillon estonien et russe! Un dont l&rsquo;habillage est tout en bois brut et l&rsquo;autre dont on aper\u00e7oit l&rsquo;avanc\u00e9e miroitante refl\u00e9tant les visiteurs pr\u00eats d&rsquo;entrer. <a href=\"http:\/\/ecrire-coach.biographe-valeriejean.fr\/wp-content\/uploads\/2015\/11\/expisition-universelle-ecrire-coach.jpg\"><img loading=\"lazy\" decoding=\"async\" class=\"size-medium wp-image-2123 alignright\" src=\"http:\/\/ecrire-coach.biographe-valeriejean.fr\/wp-content\/uploads\/2015\/11\/expisition-universelle-ecrire-coach-300x225.jpg\" alt=\"expisition-universelle-Russie\" width=\"300\" height=\"225\" \/><\/a>Il n&rsquo;y a pas trop de monde, enfin la queue est raisonnable: nous tentons notre chance. Nous rentrons dans un grand hall, bien d\u00e9cor\u00e9 o\u00f9 nous devons encore patienter un peu avant de p\u00e9n\u00e9trer dans une immense salle baign\u00e9e d&rsquo;une lumi\u00e8re bleut\u00e9e.<\/p>\n<figure id=\"attachment_2124\" aria-describedby=\"caption-attachment-2124\" style=\"width: 300px\" class=\"wp-caption alignleft\"><a href=\"http:\/\/ecrire-coach.biographe-valeriejean.fr\/wp-content\/uploads\/2015\/11\/Pavillon-russie.jpg\"><img loading=\"lazy\" decoding=\"async\" class=\"size-medium wp-image-2124\" src=\"http:\/\/ecrire-coach.biographe-valeriejean.fr\/wp-content\/uploads\/2015\/11\/Pavillon-russie-300x200.jpg\" alt=\"pavillon russe-Expo Milan\" width=\"300\" height=\"200\" \/><\/a><figcaption id=\"caption-attachment-2124\" class=\"wp-caption-text\">mylittleroad.com<\/figcaption><\/figure>\n<p>Au centre, un tr\u00e8s grand bar emplit l&rsquo;espace et nous comprenons qu&rsquo;il faut attendre la prochaine s\u00e9quence de d\u00e9gustation. En attendant, nous pouvons d\u00e9crypter l&rsquo;information que nous livre un immense mur : les \u00e9l\u00e9ments chimiques qui composent toute notre alimentation. Impressionnant!<a href=\"http:\/\/ecrire-coach.biographe-valeriejean.fr\/wp-content\/uploads\/2015\/11\/Pavillon-russe-expo-milan.jpg\"><img loading=\"lazy\" decoding=\"async\" class=\"alignright size-medium wp-image-2125\" src=\"http:\/\/ecrire-coach.biographe-valeriejean.fr\/wp-content\/uploads\/2015\/11\/Pavillon-russe-expo-milan-300x225.jpg\" alt=\"Pavillon russe expo milan\" width=\"300\" height=\"225\" \/><\/a> Les personnes se rapprochant de plus en plus du bar, nous abandonnons notre lecture pour nous appuyer au bar: les serveurs arrivant pour l&rsquo;ouvrir! suspens, qu&rsquo;allons nous d\u00e9guster qui puisse sortir de ces dr\u00f4les de tubes phosphorescents?&#8230;Et bien divers sodas aux extraits de plantes <a href=\"http:\/\/ecrire-coach.biographe-valeriejean.fr\/wp-content\/uploads\/2015\/11\/Tarkhum-Pavillon-russe.jpg\"><img loading=\"lazy\" decoding=\"async\" class=\"alignleft wp-image-2127 size-full\" src=\"http:\/\/ecrire-coach.biographe-valeriejean.fr\/wp-content\/uploads\/2015\/11\/Tarkhum-Pavillon-russe.jpg\" alt=\"expo milan-pavillon russe\" width=\"800\" height=\"600\" \/><\/a>comme le Tarkhun&#8230;Mais K\u00e9sako? R\u00e9ponse en image!<\/p>\n<p><a href=\"http:\/\/ecrire-coach.biographe-valeriejean.fr\/wp-content\/uploads\/2015\/11\/Ecrire-coach-Pavillon-russe-e1481911715624.jpg\"><img loading=\"lazy\" decoding=\"async\" class=\"alignleft size-medium wp-image-2128\" src=\"http:\/\/ecrire-coach.biographe-valeriejean.fr\/wp-content\/uploads\/2015\/11\/Ecrire-coach-Pavillon-russe-e1481911715624-225x300.jpg\" alt=\"pavillon russe-expo Milan\" width=\"225\" height=\"300\" \/><\/a>Apr\u00e8s notre rapide d\u00e9gustation, nous partons vers l&rsquo;\u00e9tage sup\u00e9rieur en empruntant un escalier d\u00e9cor\u00e9 de peintures symbolique \u00e0 la gloire de la Russie qui a des vieux airs de tableaux de propagande style que l&rsquo;on pouvait voir en URSS dans les ann\u00e9es 60.<\/p>\n<p><a href=\"http:\/\/ecrire-coach.biographe-valeriejean.fr\/wp-content\/uploads\/2015\/11\/ecrire-coach.jpg\"><img loading=\"lazy\" decoding=\"async\" class=\"alignright wp-image-2129 size-thumbnail\" src=\"http:\/\/ecrire-coach.biographe-valeriejean.fr\/wp-content\/uploads\/2015\/11\/ecrire-coach-150x150.jpg\" alt=\"pavillon russe-expo milan\" width=\"150\" height=\"150\" \/><\/a> <a href=\"http:\/\/ecrire-coach.biographe-valeriejean.fr\/wp-content\/uploads\/2015\/11\/pavillon-russe-ecrire-coach-2.jpg\"><img loading=\"lazy\" decoding=\"async\" class=\"alignleft wp-image-2130 size-thumbnail\" src=\"http:\/\/ecrire-coach.biographe-valeriejean.fr\/wp-content\/uploads\/2015\/11\/pavillon-russe-ecrire-coach-2-150x150.jpg\" alt=\"pavillon russe-expo milan\" width=\"150\" height=\"150\" \/><\/a>Nous d\u00e9bouchons dans une salle couverte de tableaux au motifs na\u00effs et color\u00e9s, que je trouve personnellement tr\u00e8s joli m\u00eame si en y regardant de plus pr\u00e8s, il affiche des symboles du productivisme agricole&#8230;En tout cas c&rsquo;est assum\u00e9!<\/p>\n<p><a href=\"http:\/\/ecrire-coach.biographe-valeriejean.fr\/wp-content\/uploads\/2015\/11\/Ecrire-coach-pavillon-russe3.jpg\"><img loading=\"lazy\" decoding=\"async\" class=\"wp-image-2131 size-thumbnail alignleft\" src=\"http:\/\/ecrire-coach.biographe-valeriejean.fr\/wp-content\/uploads\/2015\/11\/Ecrire-coach-pavillon-russe3-150x150.jpg\" alt=\"pavillon russe-expo milan\" width=\"150\" height=\"150\" \/><\/a>Et le fameux marteau et la faucille qui comme chacun sait est le symbole du communisme. On se croirait revenir aux belles heures de l&rsquo;ancienne Union sovi\u00e9tique sauf qu&rsquo;un air de modernit\u00e9 s&rsquo;en d\u00e9gage avec ces bustes coiff\u00e9s d&rsquo;un foulard qui ne d\u00e9pareillerait pas une boutique de mode d&rsquo;une grande m\u00e9tropole..<a href=\"http:\/\/ecrire-coach.biographe-valeriejean.fr\/wp-content\/uploads\/2015\/11\/ecrire-coach-Pavillon-russe4.jpg\"><img loading=\"lazy\" decoding=\"async\" class=\"size-medium wp-image-2132 aligncenter\" src=\"http:\/\/ecrire-coach.biographe-valeriejean.fr\/wp-content\/uploads\/2015\/11\/ecrire-coach-Pavillon-russe4-300x225.jpg\" alt=\"pavillon russe-expo milan\" width=\"300\" height=\"225\" \/><\/a> <a href=\"http:\/\/ecrire-coach.biographe-valeriejean.fr\/wp-content\/uploads\/2015\/11\/Ecrire-coach-pavillon-russe5.jpg\"><img loading=\"lazy\" decoding=\"async\" class=\"alignleft size-medium wp-image-2134\" src=\"http:\/\/ecrire-coach.biographe-valeriejean.fr\/wp-content\/uploads\/2015\/11\/Ecrire-coach-pavillon-russe5-300x225.jpg\" alt=\"ecrire-coach-pavillon-russe5\" width=\"300\" height=\"225\" \/><\/a>Au centre de la salle, une sph\u00e8re s\u00e9par\u00e9e en deux dont le fond renvoie des images.<\/p>\n<p>Puis nous grimpons sur la terrasse qui domine toute l&rsquo;exposition o\u00f9 est install\u00e9 une autre bar \u00e0 vodka celui-l\u00e0&#8230;bon il est un peu t\u00f4t pour un alcool fort! Inutile de pr\u00e9ciser que Jos\u00e9phine simule&#8230;vous l&rsquo;aurez compris!<a href=\"http:\/\/ecrire-coach.biographe-valeriejean.fr\/wp-content\/uploads\/2015\/11\/Ecrire-coach-pavillon-russe6.jpg\"><img loading=\"lazy\" decoding=\"async\" class=\"alignleft size-medium wp-image-2135\" src=\"http:\/\/ecrire-coach.biographe-valeriejean.fr\/wp-content\/uploads\/2015\/11\/Ecrire-coach-pavillon-russe6-300x225.jpg\" alt=\"pavillon russe-expo milan\" width=\"300\" height=\"225\" \/><\/a> Nous redescendons vers un autre bar, qui propose encore de la vodka mais aussi du caviar&#8230;L&rsquo;occasion pour moi de go\u00fbter ce nectar que je ne connais pas. Avec des gestes mesur\u00e9s, le serveur nous tend une cuill\u00e8re&#8230;c&rsquo;est vrai que c&rsquo;est d\u00e9licieux, tr\u00e8s fin, tr\u00e8s subtil mais pas au point de me ruiner!<a href=\"http:\/\/ecrire-coach.biographe-valeriejean.fr\/wp-content\/uploads\/2015\/11\/ecrirecoach-pavillon-russe.jpg\"><img loading=\"lazy\" decoding=\"async\" class=\"alignright wp-image-2136 size-thumbnail\" src=\"http:\/\/ecrire-coach.biographe-valeriejean.fr\/wp-content\/uploads\/2015\/11\/ecrirecoach-pavillon-russe-150x150.jpg\" alt=\"pavillon russe-expo milan\" width=\"150\" height=\"150\" \/><\/a><\/p>\n<p>La visite est termin\u00e9e et nous rejoignons la boutique o\u00f9 nous retrouvons les fameuses poup\u00e9es russe et &#8230;Tadam!<\/p>\n<p><a href=\"http:\/\/ecrire-coach.biographe-valeriejean.fr\/wp-content\/uploads\/2015\/11\/tee-shirt-vladimir-Poutine.jpg\"><img loading=\"lazy\" decoding=\"async\" class=\"alignleft wp-image-2137 size-thumbnail\" src=\"http:\/\/ecrire-coach.biographe-valeriejean.fr\/wp-content\/uploads\/2015\/11\/tee-shirt-vladimir-Poutine-150x150.jpg\" alt=\"Tee shirt vladimir Poutine-expo milan\" width=\"150\" height=\"150\" \/><\/a>Le tee-shirt \u00e0 l&rsquo;effigie de Vladimir Poutine \u00e0 la modique somme de 99 \u20ac!!! Excuse moi Vladi mais l\u00e0 \u00e7a ne va pas le faire&#8230;tu fr\u00e9quentes trop d&rsquo;oligarches, et tu n&rsquo;as plus le sens de la mesure&#8230;c&rsquo;est un peu incoh\u00e9rent avec tout l&rsquo;esprit collectiviste que tu as montr\u00e9 jusque l\u00e0! En plus tu n&rsquo;es m\u00eame pas le petit p\u00e8re des peuples alors!<a href=\"http:\/\/ecrire-coach.biographe-valeriejean.fr\/wp-content\/uploads\/2015\/11\/Prix-tee-shirt-Vladimir-Poutine.jpg\"><img loading=\"lazy\" decoding=\"async\" class=\"aligncenter wp-image-2138 size-full\" src=\"http:\/\/ecrire-coach.biographe-valeriejean.fr\/wp-content\/uploads\/2015\/11\/Prix-tee-shirt-Vladimir-Poutine.jpg\" alt=\"Prix tee shirt Vladimir pOUTINE-EXPO MILAN\" width=\"800\" height=\"600\" \/><\/a>Voil\u00e0 cette visite s&rsquo;ach\u00e8ve sur une note humoristique&#8230;mais le pavillon russe \u00e9tait vraiment une exp\u00e9rience enrichissante.<\/p>\n<p>On poursuit avec le pavillon autrichien qui est une promenade bienfaisante&#8230;Ils ont \u00e9labor\u00e9 un chemin dans une for\u00eat autrichienne, reproduisant son microclimat, gr\u00e2ce au ph\u00e9nom\u00e8ne naturel d\u2019\u00e9vapotranspiration des plantes&#8230;Un peu d&rsquo;attente mais rien de bien m\u00e9chant!<a href=\"http:\/\/ecrire-coach.biographe-valeriejean.fr\/wp-content\/uploads\/2015\/11\/Milan-expo-universelle-Pavillon-autrichien.jpg\"><img loading=\"lazy\" decoding=\"async\" class=\"aligncenter size-medium wp-image-2208\" src=\"http:\/\/ecrire-coach.biographe-valeriejean.fr\/wp-content\/uploads\/2015\/11\/Milan-expo-universelle-Pavillon-autrichien-300x225.jpg\" alt=\"Milan expo universelle-Pavillon autrichien\" width=\"300\" height=\"225\" \/><\/a> <a href=\"http:\/\/ecrire-coach.biographe-valeriejean.fr\/wp-content\/uploads\/2015\/11\/Milan-expo-universelle-Pavillon-autrichien2.jpg\"><img loading=\"lazy\" decoding=\"async\" class=\"aligncenter size-medium wp-image-2209\" src=\"http:\/\/ecrire-coach.biographe-valeriejean.fr\/wp-content\/uploads\/2015\/11\/Milan-expo-universelle-Pavillon-autrichien2-300x225.jpg\" alt=\"Milan expo universelle-Pavillon autrichien\" width=\"300\" height=\"225\" \/><\/a> <a href=\"http:\/\/ecrire-coach.biographe-valeriejean.fr\/wp-content\/uploads\/2015\/11\/Milan-expo-universelle-Pavillon-autrichien3.jpg\"><img loading=\"lazy\" decoding=\"async\" class=\"aligncenter size-medium wp-image-2210\" src=\"http:\/\/ecrire-coach.biographe-valeriejean.fr\/wp-content\/uploads\/2015\/11\/Milan-expo-universelle-Pavillon-autrichien3-300x225.jpg\" alt=\"Milan expo universelle-Pavillon autrichien\" width=\"300\" height=\"225\" \/><\/a><\/p>\n<p>Il commence \u00e0 faire faim&#8230;Nous nous dirigeons vers le pavillon des pays du Moyen orient&#8230;Pour manger de la cuisine libanaise&#8230;Miam, je craque pour une montagne de g\u00e2teaux!<\/p>\n<p><a href=\"http:\/\/ecrire-coach.biographe-valeriejean.fr\/wp-content\/uploads\/2015\/11\/Expo-Milan-Egypte-e1522244776283.jpg\"><img loading=\"lazy\" decoding=\"async\" class=\"size-medium wp-image-2212 alignleft\" src=\"http:\/\/ecrire-coach.biographe-valeriejean.fr\/wp-content\/uploads\/2015\/11\/Expo-Milan-Egypte-e1522244776283-225x300.jpg\" alt=\"Expo Milan-Egypte\" width=\"225\" height=\"300\" \/><\/a>Ensuite apr\u00e8s nous \u00eatre pos\u00e9s et restaur\u00e9s, une petite escapade chez les Egyptiens: <a href=\"http:\/\/ecrire-coach.biographe-valeriejean.fr\/wp-content\/uploads\/2015\/11\/Expo-Milan-Egypte2-e1522244792498.jpg\"><img loading=\"lazy\" decoding=\"async\" class=\"aligncenter size-medium wp-image-2213\" src=\"http:\/\/ecrire-coach.biographe-valeriejean.fr\/wp-content\/uploads\/2015\/11\/Expo-Milan-Egypte2-e1522244792498-225x300.jpg\" alt=\"Expo Milan-Egypte\" width=\"225\" height=\"300\" \/><\/a> <a href=\"http:\/\/ecrire-coach.biographe-valeriejean.fr\/wp-content\/uploads\/2015\/11\/Expo-Milan-Egypte3-e1522244810205.jpg\"><img loading=\"lazy\" decoding=\"async\" class=\"aligncenter size-medium wp-image-2214\" src=\"http:\/\/ecrire-coach.biographe-valeriejean.fr\/wp-content\/uploads\/2015\/11\/Expo-Milan-Egypte3-e1522244810205-225x300.jpg\" alt=\"Expo Milan-Egypte\" width=\"225\" height=\"300\" \/><\/a><\/p>\n<p><a href=\"http:\/\/ecrire-coach.biographe-valeriejean.fr\/wp-content\/uploads\/2015\/11\/Milan-expo-Irlande.jpg\"><img loading=\"lazy\" decoding=\"async\" class=\"size-medium wp-image-2215 alignleft\" src=\"http:\/\/ecrire-coach.biographe-valeriejean.fr\/wp-content\/uploads\/2015\/11\/Milan-expo-Irlande-300x225.jpg\" alt=\"Expo Milan-Egypte\" width=\"300\" height=\"225\" \/><\/a>Nous retournons au d\u00e9but de l&rsquo;expo en prenant la navette pour nous rapprocher de l&rsquo;entr\u00e9e&#8230;En chemin, nous avons la chance de passer \u00e0 c\u00f4t\u00e9 du pavillon irlandais quand un groupe se produit&#8230;Super! Donc on scotch pour suivre les rythmes endiabl\u00e9s.<\/p>\n<p><a href=\"http:\/\/ecrire-coach.biographe-valeriejean.fr\/wp-content\/uploads\/2015\/11\/Expo-Milan-e1522245410600.jpg\"><img loading=\"lazy\" decoding=\"async\" class=\"size-medium wp-image-2216 alignright\" src=\"http:\/\/ecrire-coach.biographe-valeriejean.fr\/wp-content\/uploads\/2015\/11\/Expo-Milan-e1522245410600-225x300.jpg\" alt=\"Expo Milan\" width=\"225\" height=\"300\" \/><\/a>Nous parvenons \u00e0 l&rsquo;entr\u00e9e de l&rsquo;exposition, gard\u00e9e par des statues. C&rsquo;est la parade des g\u00e9ants, chacun \u00e9tant inspir\u00e9 des portraits du c\u00e9l\u00e8bre peintres Giuseppe Arcimboldo. Ils sont la repr\u00e9sentation anthropomorphe des produits traditionnels italiens.<\/p>\n<p>C&rsquo;est l&rsquo;artiste et metteur en sc\u00e8ne italien, Dante Ferretti, qui a immagin\u00e9 l&rsquo;ensemble des d\u00e9cors et am\u00e9nagements des <a href=\"http:\/\/ecrire-coach.biographe-valeriejean.fr\/wp-content\/uploads\/2015\/11\/Expo-Milan2-e1522245426595.jpg\"><img loading=\"lazy\" decoding=\"async\" class=\"size-medium wp-image-2217 alignleft\" src=\"http:\/\/ecrire-coach.biographe-valeriejean.fr\/wp-content\/uploads\/2015\/11\/Expo-Milan2-e1522245426595-225x300.jpg\" alt=\"Expo Milan2\" width=\"225\" height=\"300\" \/><\/a>art\u00e8res de l&rsquo;exposition avec une symbolique: le march\u00e9 italien avec ses productions agricoles typiques et connues du monde entier.<\/p>\n<p><a href=\"http:\/\/ecrire-coach.biographe-valeriejean.fr\/wp-content\/uploads\/2015\/11\/Expo-Milan3-e1522245444837.jpg\"><img loading=\"lazy\" decoding=\"async\" class=\"size-medium wp-image-2218 alignright\" src=\"http:\/\/ecrire-coach.biographe-valeriejean.fr\/wp-content\/uploads\/2015\/11\/Expo-Milan3-e1522245444837-225x300.jpg\" alt=\"Expo Milan3\" width=\"225\" height=\"300\" \/><\/a> <a href=\"http:\/\/ecrire-coach.biographe-valeriejean.fr\/wp-content\/uploads\/2015\/11\/Expo-Milan4.jpg\"><img loading=\"lazy\" decoding=\"async\" class=\"aligncenter size-medium wp-image-2219\" src=\"http:\/\/ecrire-coach.biographe-valeriejean.fr\/wp-content\/uploads\/2015\/11\/Expo-Milan4-300x225.jpg\" alt=\"Expo Milan4\" width=\"300\" height=\"225\" \/><\/a><\/p>\n<p>\u00a0<\/p>\n<p>Apr\u00e8s notre travers\u00e9e curieuse aupr\u00e8s de ces statues, nous arrivons au pavillon z\u00e9ro. Elle est inspir\u00e9e de la relation de la nature, des animaux \u00e0 l&rsquo;Humanit\u00e9. Son architecture ext\u00e9rieure parait tr\u00e8s simple, de forme arrondie, constitu\u00e9e de lattes de bois.<\/p>\n<p><img loading=\"lazy\" decoding=\"async\" class=\"aligncenter size-medium wp-image-2807\" src=\"https:\/\/ecrire-coach.biographe-valeriejean.fr\/wp-content\/uploads\/2025\/11\/20151028131419-300x225.jpg\" alt=\"\" width=\"300\" height=\"225\" srcset=\"https:\/\/ecrire-coach.biographe-valeriejean.fr\/wp-content\/uploads\/2025\/11\/20151028131419-300x225.jpg 300w, https:\/\/ecrire-coach.biographe-valeriejean.fr\/wp-content\/uploads\/2025\/11\/20151028131419-1024x768.jpg 1024w, https:\/\/ecrire-coach.biographe-valeriejean.fr\/wp-content\/uploads\/2025\/11\/20151028131419-768x576.jpg 768w, https:\/\/ecrire-coach.biographe-valeriejean.fr\/wp-content\/uploads\/2025\/11\/20151028131419-1536x1152.jpg 1536w, https:\/\/ecrire-coach.biographe-valeriejean.fr\/wp-content\/uploads\/2025\/11\/20151028131419.jpg 2048w\" sizes=\"auto, (max-width: 300px) 100vw, 300px\" \/>Le mur est couvert de graffitis, signalements du passage des visiteurs, nous ne r\u00e9sistons pas \u00e0 l&rsquo;envie de laisser notre trace!<\/p>\n<p><img loading=\"lazy\" decoding=\"async\" class=\"aligncenter size-medium wp-image-2808\" src=\"https:\/\/ecrire-coach.biographe-valeriejean.fr\/wp-content\/uploads\/2025\/11\/20151028134606-300x225.jpg\" alt=\"\" width=\"300\" height=\"225\" srcset=\"https:\/\/ecrire-coach.biographe-valeriejean.fr\/wp-content\/uploads\/2025\/11\/20151028134606-300x225.jpg 300w, https:\/\/ecrire-coach.biographe-valeriejean.fr\/wp-content\/uploads\/2025\/11\/20151028134606-1024x768.jpg 1024w, https:\/\/ecrire-coach.biographe-valeriejean.fr\/wp-content\/uploads\/2025\/11\/20151028134606-768x576.jpg 768w, https:\/\/ecrire-coach.biographe-valeriejean.fr\/wp-content\/uploads\/2025\/11\/20151028134606-1536x1152.jpg 1536w, https:\/\/ecrire-coach.biographe-valeriejean.fr\/wp-content\/uploads\/2025\/11\/20151028134606.jpg 2048w\" sizes=\"auto, (max-width: 300px) 100vw, 300px\" \/><\/p>\n<p>La premi\u00e8re pi\u00e8ce est une immense biblioth\u00e8que majestueuse, agr\u00e9ment\u00e9e non pas de livres mais de tiroirs innombrables.<\/p>\n<p><img loading=\"lazy\" decoding=\"async\" class=\"aligncenter size-medium wp-image-2809\" src=\"https:\/\/ecrire-coach.biographe-valeriejean.fr\/wp-content\/uploads\/2025\/11\/20151028135006-300x225.jpg\" alt=\"\" width=\"300\" height=\"225\" srcset=\"https:\/\/ecrire-coach.biographe-valeriejean.fr\/wp-content\/uploads\/2025\/11\/20151028135006-300x225.jpg 300w, https:\/\/ecrire-coach.biographe-valeriejean.fr\/wp-content\/uploads\/2025\/11\/20151028135006-1024x768.jpg 1024w, https:\/\/ecrire-coach.biographe-valeriejean.fr\/wp-content\/uploads\/2025\/11\/20151028135006-768x576.jpg 768w, https:\/\/ecrire-coach.biographe-valeriejean.fr\/wp-content\/uploads\/2025\/11\/20151028135006-1536x1152.jpg 1536w, https:\/\/ecrire-coach.biographe-valeriejean.fr\/wp-content\/uploads\/2025\/11\/20151028135006.jpg 2048w\" sizes=\"auto, (max-width: 300px) 100vw, 300px\" \/><\/p>\n<p>Sans transition, on passe un porche et l&rsquo;on se retrouve dans un immense espace dot\u00e9 d&rsquo;un mur fait d&rsquo;une multitude d&rsquo;\u00e9crans renvoyant des images diverses.\u00a0<\/p>\n<p><img loading=\"lazy\" decoding=\"async\" class=\"aligncenter size-medium wp-image-2811\" src=\"https:\/\/ecrire-coach.biographe-valeriejean.fr\/wp-content\/uploads\/2025\/11\/20151028140603-300x225.jpg\" alt=\"Expo Milan 2015\" width=\"300\" height=\"225\" srcset=\"https:\/\/ecrire-coach.biographe-valeriejean.fr\/wp-content\/uploads\/2025\/11\/20151028140603-300x225.jpg 300w, https:\/\/ecrire-coach.biographe-valeriejean.fr\/wp-content\/uploads\/2025\/11\/20151028140603-1024x768.jpg 1024w, https:\/\/ecrire-coach.biographe-valeriejean.fr\/wp-content\/uploads\/2025\/11\/20151028140603-768x576.jpg 768w, https:\/\/ecrire-coach.biographe-valeriejean.fr\/wp-content\/uploads\/2025\/11\/20151028140603-1536x1152.jpg 1536w, https:\/\/ecrire-coach.biographe-valeriejean.fr\/wp-content\/uploads\/2025\/11\/20151028140603.jpg 2048w\" sizes=\"auto, (max-width: 300px) 100vw, 300px\" \/><\/p>\n<p>On traverse des passages o\u00f9 des panneaux dessin\u00e9s color\u00e9s de fruits et l\u00e9gumes sont suspendus avant de longer un couloir compos\u00e9 de vitrines avec \u00e0 l&rsquo;int\u00e9rieur des graines de toutes sortes qui symbolisent la richesse des dons de dame nature.<\/p>\n<p><img loading=\"lazy\" decoding=\"async\" class=\"aligncenter size-medium wp-image-2812\" src=\"https:\/\/ecrire-coach.biographe-valeriejean.fr\/wp-content\/uploads\/2025\/11\/20151028141517-300x225.jpg\" alt=\"\" width=\"300\" height=\"225\" srcset=\"https:\/\/ecrire-coach.biographe-valeriejean.fr\/wp-content\/uploads\/2025\/11\/20151028141517-300x225.jpg 300w, https:\/\/ecrire-coach.biographe-valeriejean.fr\/wp-content\/uploads\/2025\/11\/20151028141517-1024x768.jpg 1024w, https:\/\/ecrire-coach.biographe-valeriejean.fr\/wp-content\/uploads\/2025\/11\/20151028141517-768x576.jpg 768w, https:\/\/ecrire-coach.biographe-valeriejean.fr\/wp-content\/uploads\/2025\/11\/20151028141517-1536x1152.jpg 1536w, https:\/\/ecrire-coach.biographe-valeriejean.fr\/wp-content\/uploads\/2025\/11\/20151028141517.jpg 2048w\" sizes=\"auto, (max-width: 300px) 100vw, 300px\" \/><\/p>\n<p>Puis on arrive \u00e0 un espace o\u00f9 sont expos\u00e9s des animaux de ferme, tous blancs et au plafond des bancs de poissons , blancs \u00e9galement, pour nous rappeler que les animaux sont l\u00e0 pour nourrir les humains.<\/p>\n<p><img loading=\"lazy\" decoding=\"async\" class=\"aligncenter size-medium wp-image-2813\" src=\"https:\/\/ecrire-coach.biographe-valeriejean.fr\/wp-content\/uploads\/2025\/11\/20151028141801-300x225.jpg\" alt=\"\" width=\"300\" height=\"225\" srcset=\"https:\/\/ecrire-coach.biographe-valeriejean.fr\/wp-content\/uploads\/2025\/11\/20151028141801-300x225.jpg 300w, https:\/\/ecrire-coach.biographe-valeriejean.fr\/wp-content\/uploads\/2025\/11\/20151028141801-1024x768.jpg 1024w, https:\/\/ecrire-coach.biographe-valeriejean.fr\/wp-content\/uploads\/2025\/11\/20151028141801-768x576.jpg 768w, https:\/\/ecrire-coach.biographe-valeriejean.fr\/wp-content\/uploads\/2025\/11\/20151028141801-1536x1152.jpg 1536w, https:\/\/ecrire-coach.biographe-valeriejean.fr\/wp-content\/uploads\/2025\/11\/20151028141801.jpg 2048w\" sizes=\"auto, (max-width: 300px) 100vw, 300px\" \/><\/p>\n<p>Nous d\u00e9couvrons par un passage vers l&rsquo;ext\u00e9rieur que le pavillon est con\u00e7u de telle mani\u00e8re que son toit forme des gradins.<\/p>\n<p><img loading=\"lazy\" decoding=\"async\" class=\"aligncenter size-medium wp-image-2814\" src=\"https:\/\/ecrire-coach.biographe-valeriejean.fr\/wp-content\/uploads\/2025\/11\/20151028142032-300x225.jpg\" alt=\"\" width=\"300\" height=\"225\" srcset=\"https:\/\/ecrire-coach.biographe-valeriejean.fr\/wp-content\/uploads\/2025\/11\/20151028142032-300x225.jpg 300w, https:\/\/ecrire-coach.biographe-valeriejean.fr\/wp-content\/uploads\/2025\/11\/20151028142032-1024x768.jpg 1024w, https:\/\/ecrire-coach.biographe-valeriejean.fr\/wp-content\/uploads\/2025\/11\/20151028142032-768x576.jpg 768w, https:\/\/ecrire-coach.biographe-valeriejean.fr\/wp-content\/uploads\/2025\/11\/20151028142032-1536x1152.jpg 1536w, https:\/\/ecrire-coach.biographe-valeriejean.fr\/wp-content\/uploads\/2025\/11\/20151028142032.jpg 2048w\" sizes=\"auto, (max-width: 300px) 100vw, 300px\" \/><\/p>\n<p>Deux halles se suivent pour alerter sur la financiarisation des mati\u00e8res premi\u00e8res et paradoxalement la gab\u00e9gie de nourriture.<\/p>\n<p><img loading=\"lazy\" decoding=\"async\" class=\"aligncenter size-medium wp-image-2815\" src=\"https:\/\/ecrire-coach.biographe-valeriejean.fr\/wp-content\/uploads\/2025\/11\/20151028142753-300x225.jpg\" alt=\"\" width=\"300\" height=\"225\" srcset=\"https:\/\/ecrire-coach.biographe-valeriejean.fr\/wp-content\/uploads\/2025\/11\/20151028142753-300x225.jpg 300w, https:\/\/ecrire-coach.biographe-valeriejean.fr\/wp-content\/uploads\/2025\/11\/20151028142753-1024x768.jpg 1024w, https:\/\/ecrire-coach.biographe-valeriejean.fr\/wp-content\/uploads\/2025\/11\/20151028142753-768x576.jpg 768w, https:\/\/ecrire-coach.biographe-valeriejean.fr\/wp-content\/uploads\/2025\/11\/20151028142753-1536x1152.jpg 1536w, https:\/\/ecrire-coach.biographe-valeriejean.fr\/wp-content\/uploads\/2025\/11\/20151028142753.jpg 2048w\" sizes=\"auto, (max-width: 300px) 100vw, 300px\" \/><\/p>\n<p><img loading=\"lazy\" decoding=\"async\" class=\"aligncenter size-medium wp-image-2816\" src=\"https:\/\/ecrire-coach.biographe-valeriejean.fr\/wp-content\/uploads\/2025\/11\/20151028143015-300x225.jpg\" alt=\"\" width=\"300\" height=\"225\" srcset=\"https:\/\/ecrire-coach.biographe-valeriejean.fr\/wp-content\/uploads\/2025\/11\/20151028143015-300x225.jpg 300w, https:\/\/ecrire-coach.biographe-valeriejean.fr\/wp-content\/uploads\/2025\/11\/20151028143015-1024x768.jpg 1024w, https:\/\/ecrire-coach.biographe-valeriejean.fr\/wp-content\/uploads\/2025\/11\/20151028143015-768x576.jpg 768w, https:\/\/ecrire-coach.biographe-valeriejean.fr\/wp-content\/uploads\/2025\/11\/20151028143015-1536x1152.jpg 1536w, https:\/\/ecrire-coach.biographe-valeriejean.fr\/wp-content\/uploads\/2025\/11\/20151028143015.jpg 2048w\" sizes=\"auto, (max-width: 300px) 100vw, 300px\" \/><\/p>\n<p>Le ciel s&rsquo;assombrit et nous nous dirigeons vers le pavillon chinois, dont l&rsquo;architecture est savamment compos\u00e9e de treillis de bois faisant penser \u00e0 une humble maison rurale de la campagne chinoise. Des milliers de fleurs nous accueillent.<\/p>\n<p><img loading=\"lazy\" decoding=\"async\" class=\"aligncenter size-medium wp-image-2818\" src=\"https:\/\/ecrire-coach.biographe-valeriejean.fr\/wp-content\/uploads\/2025\/11\/20151028155555-300x225.jpg\" alt=\"\" width=\"300\" height=\"225\" srcset=\"https:\/\/ecrire-coach.biographe-valeriejean.fr\/wp-content\/uploads\/2025\/11\/20151028155555-300x225.jpg 300w, https:\/\/ecrire-coach.biographe-valeriejean.fr\/wp-content\/uploads\/2025\/11\/20151028155555-1024x768.jpg 1024w, https:\/\/ecrire-coach.biographe-valeriejean.fr\/wp-content\/uploads\/2025\/11\/20151028155555-768x576.jpg 768w, https:\/\/ecrire-coach.biographe-valeriejean.fr\/wp-content\/uploads\/2025\/11\/20151028155555-1536x1152.jpg 1536w, https:\/\/ecrire-coach.biographe-valeriejean.fr\/wp-content\/uploads\/2025\/11\/20151028155555.jpg 2048w\" sizes=\"auto, (max-width: 300px) 100vw, 300px\" \/><\/p>\n<p>Une longue queue t\u00e9moigne du succ\u00e8s du pavillon chinois. L&rsquo;entr\u00e9e nous plonge dans l&rsquo;histoire de la chine avec de vieux livres , des figurines, des maquettes de paysages de rizi\u00e8re, des coupelles pr\u00e9sentant divers th\u00e9s, des ombrelles traditionnelles&#8230;jusqu&rsquo;\u00e0 s&rsquo;ouvrir sur l&rsquo;espace d\u00e9di\u00e9 \u00e0 la modernit\u00e9 dans un contraste saisissant. Puis c&rsquo;est la d\u00e9ambulation autour de ce parterre de lumi\u00e8re qui change de couleurs et de formes.<\/p>\n<p><img loading=\"lazy\" decoding=\"async\" class=\"aligncenter size-medium wp-image-2819\" src=\"https:\/\/ecrire-coach.biographe-valeriejean.fr\/wp-content\/uploads\/2025\/11\/20151028163242-300x225.jpg\" alt=\"\" width=\"300\" height=\"225\" srcset=\"https:\/\/ecrire-coach.biographe-valeriejean.fr\/wp-content\/uploads\/2025\/11\/20151028163242-300x225.jpg 300w, https:\/\/ecrire-coach.biographe-valeriejean.fr\/wp-content\/uploads\/2025\/11\/20151028163242-1024x768.jpg 1024w, https:\/\/ecrire-coach.biographe-valeriejean.fr\/wp-content\/uploads\/2025\/11\/20151028163242-768x576.jpg 768w, https:\/\/ecrire-coach.biographe-valeriejean.fr\/wp-content\/uploads\/2025\/11\/20151028163242-1536x1152.jpg 1536w, https:\/\/ecrire-coach.biographe-valeriejean.fr\/wp-content\/uploads\/2025\/11\/20151028163242.jpg 2048w\" sizes=\"auto, (max-width: 300px) 100vw, 300px\" \/><\/p>\n<p><img loading=\"lazy\" decoding=\"async\" class=\"aligncenter size-medium wp-image-2820\" src=\"https:\/\/ecrire-coach.biographe-valeriejean.fr\/wp-content\/uploads\/2025\/11\/20151028163359-300x225.jpg\" alt=\"\" width=\"300\" height=\"225\" srcset=\"https:\/\/ecrire-coach.biographe-valeriejean.fr\/wp-content\/uploads\/2025\/11\/20151028163359-300x225.jpg 300w, https:\/\/ecrire-coach.biographe-valeriejean.fr\/wp-content\/uploads\/2025\/11\/20151028163359-1024x768.jpg 1024w, https:\/\/ecrire-coach.biographe-valeriejean.fr\/wp-content\/uploads\/2025\/11\/20151028163359-768x576.jpg 768w, https:\/\/ecrire-coach.biographe-valeriejean.fr\/wp-content\/uploads\/2025\/11\/20151028163359-1536x1152.jpg 1536w, https:\/\/ecrire-coach.biographe-valeriejean.fr\/wp-content\/uploads\/2025\/11\/20151028163359.jpg 2048w\" sizes=\"auto, (max-width: 300px) 100vw, 300px\" \/><\/p>\n<p>La nuit tombe quand nous nous pr\u00e9sentons devant le pavillon fran\u00e7ais -cocorico-, il y a un monde fou l\u00e0 aussi. Des visiteurs rencontr\u00e9s nous avaient pr\u00e9venus qu&rsquo;il y avait foule dans la journ\u00e9e sur ce pavilon, c&rsquo;est pourquoi nous avons attendus la fin de la journ\u00e9e pour aller le voir. C&rsquo;est surtout sa structure qui est incroyablement bien r\u00e9alis\u00e9e. elle est en bois, tout en rondeur et ondulation, renfermant des alv\u00e9oles o\u00f9 sont suspendus et plac\u00e9s d&rsquo;innombrables objets li\u00e9s \u00e0 la cuisine et aux repas.<\/p>\n<p><img loading=\"lazy\" decoding=\"async\" class=\"aligncenter size-medium wp-image-2821\" src=\"https:\/\/ecrire-coach.biographe-valeriejean.fr\/wp-content\/uploads\/2025\/11\/20151028181732-300x225.jpg\" alt=\"\" width=\"300\" height=\"225\" srcset=\"https:\/\/ecrire-coach.biographe-valeriejean.fr\/wp-content\/uploads\/2025\/11\/20151028181732-300x225.jpg 300w, https:\/\/ecrire-coach.biographe-valeriejean.fr\/wp-content\/uploads\/2025\/11\/20151028181732-1024x768.jpg 1024w, https:\/\/ecrire-coach.biographe-valeriejean.fr\/wp-content\/uploads\/2025\/11\/20151028181732-768x576.jpg 768w, https:\/\/ecrire-coach.biographe-valeriejean.fr\/wp-content\/uploads\/2025\/11\/20151028181732-1536x1152.jpg 1536w, https:\/\/ecrire-coach.biographe-valeriejean.fr\/wp-content\/uploads\/2025\/11\/20151028181732.jpg 2048w\" sizes=\"auto, (max-width: 300px) 100vw, 300px\" \/><\/p>\n<p><img loading=\"lazy\" decoding=\"async\" class=\"aligncenter size-medium wp-image-2822\" src=\"https:\/\/ecrire-coach.biographe-valeriejean.fr\/wp-content\/uploads\/2025\/11\/20151028175714-300x225.jpg\" alt=\"\" width=\"300\" height=\"225\" srcset=\"https:\/\/ecrire-coach.biographe-valeriejean.fr\/wp-content\/uploads\/2025\/11\/20151028175714-300x225.jpg 300w, https:\/\/ecrire-coach.biographe-valeriejean.fr\/wp-content\/uploads\/2025\/11\/20151028175714-1024x768.jpg 1024w, https:\/\/ecrire-coach.biographe-valeriejean.fr\/wp-content\/uploads\/2025\/11\/20151028175714-768x576.jpg 768w, https:\/\/ecrire-coach.biographe-valeriejean.fr\/wp-content\/uploads\/2025\/11\/20151028175714-1536x1152.jpg 1536w, https:\/\/ecrire-coach.biographe-valeriejean.fr\/wp-content\/uploads\/2025\/11\/20151028175714.jpg 2048w\" sizes=\"auto, (max-width: 300px) 100vw, 300px\" \/><\/p>\n<p>Juste en face du pavillon France, une boulangerie qui vend de la baguete et des croissants!<\/p>\n<p>Ce(tte) \u0153uvre est mise \u00e0 disposition selon les termes de la <a href=\"http:\/\/creativecommons.org\/licenses\/by-nc-nd\/2.0\/fr\/\" rel=\"license\">Licence Creative Commons Attribution &#8211; Pas d\u2019Utilisation Commerciale &#8211; Pas de Modification 2.0 France<\/a>.<\/p>\n<p><a href=\"http:\/\/ecrire-coach.biographe-valeriejean.fr\/wp-content\/uploads\/2015\/11\/88x31.png\"><img loading=\"lazy\" decoding=\"async\" class=\"size-full wp-image-1928 alignleft\" src=\"http:\/\/ecrire-coach.biographe-valeriejean.fr\/wp-content\/uploads\/2015\/11\/88x31.png\" alt=\"creative commons\" width=\"88\" height=\"31\" \/><\/a><\/p>\n<p>\u00a0<\/p>\n<p>\u00a0<\/p>\n<p>\u00a0<\/p>\n<p>\u00a0<\/p>\n<p><strong>\u00a0<\/strong><\/p>\n<p>\u00a0<\/p>\n<p>\u00a0<\/p>\n\n\n<p><\/p>\n","protected":false},"excerpt":{"rendered":"<p>Une \u00e9chapp\u00e9e \u00e0 Milan pour l&rsquo;exposition universelle Un petit retour sur notre escapade en terre lombarde, \u00e0 l&rsquo;occasion de la tenue de l&rsquo;exposition universelle \u00e0 Milan. Avant de vous faire partager notre voyage, regardons d&rsquo;un peu plus pr\u00e8s ce que recoupe l&rsquo;appellation \u00ab\u00a0exposition universelle\u00a0\u00bb Qu&rsquo;est ce qu&rsquo;est une exposition universelle Tout d&rsquo;abord, il existe une &hellip; <a href=\"https:\/\/ecrire-coach.biographe-valeriejean.fr\/?page_id=1893\" class=\"more-link\">Continuer la lecture de <span class=\"screen-reader-text\">Milan: Exposition universelle<\/span>  <span class=\"meta-nav\">&rarr;<\/span><\/a><\/p>\n","protected":false},"author":1,"featured_media":2074,"parent":815,"menu_order":0,"comment_status":"closed","ping_status":"closed","template":"","meta":{"footnotes":""},"class_list":["post-1893","page","type-page","status-publish","has-post-thumbnail","hentry"],"aioseo_notices":[],"_links":{"self":[{"href":"https:\/\/ecrire-coach.biographe-valeriejean.fr\/index.php?rest_route=\/wp\/v2\/pages\/1893","targetHints":{"allow":["GET"]}}],"collection":[{"href":"https:\/\/ecrire-coach.biographe-valeriejean.fr\/index.php?rest_route=\/wp\/v2\/pages"}],"about":[{"href":"https:\/\/ecrire-coach.biographe-valeriejean.fr\/index.php?rest_route=\/wp\/v2\/types\/page"}],"author":[{"embeddable":true,"href":"https:\/\/ecrire-coach.biographe-valeriejean.fr\/index.php?rest_route=\/wp\/v2\/users\/1"}],"replies":[{"embeddable":true,"href":"https:\/\/ecrire-coach.biographe-valeriejean.fr\/index.php?rest_route=%2Fwp%2Fv2%2Fcomments&post=1893"}],"version-history":[{"count":2,"href":"https:\/\/ecrire-coach.biographe-valeriejean.fr\/index.php?rest_route=\/wp\/v2\/pages\/1893\/revisions"}],"predecessor-version":[{"id":2824,"href":"https:\/\/ecrire-coach.biographe-valeriejean.fr\/index.php?rest_route=\/wp\/v2\/pages\/1893\/revisions\/2824"}],"up":[{"embeddable":true,"href":"https:\/\/ecrire-coach.biographe-valeriejean.fr\/index.php?rest_route=\/wp\/v2\/pages\/815"}],"wp:featuredmedia":[{"embeddable":true,"href":"https:\/\/ecrire-coach.biographe-valeriejean.fr\/index.php?rest_route=\/"}],"wp:attachment":[{"href":"https:\/\/ecrire-coach.biographe-valeriejean.fr\/index.php?rest_route=%2Fwp%2Fv2%2Fmedia&parent=1893"}],"curies":[{"name":"wp","href":"https:\/\/api.w.org\/{rel}","templated":true}]}}