{"id":2437,"date":"2021-02-20T19:37:02","date_gmt":"2021-02-20T18:37:02","guid":{"rendered":"http:\/\/ecrire-coach.biographe-valeriejean.fr\/?page_id=2437"},"modified":"2021-02-20T19:37:02","modified_gmt":"2021-02-20T18:37:02","slug":"memoire-defa","status":"publish","type":"page","link":"https:\/\/ecrire-coach.biographe-valeriejean.fr\/?page_id=2437","title":{"rendered":"M\u00e9moire DEFA : Le Conte de la grenouille bleue, un projet de vie, vie de Quartier"},"content":{"rendered":"\n<figure class=\"wp-block-image size-large\"><img decoding=\"async\" src=\"http:\/\/ecrire-coach.biographe-valeriejean.fr\/wp-content\/uploads\/2013\/11\/La-grenouille-bleue-soullans-copie-8.jpeg\" alt=\"Quartier-theatre\" class=\"wp-image-589\"\/><\/figure>\n\n\n\n<h2 class=\"wp-block-heading\">Le spectacle, un enjeu collectif pour la valorisation de l\u2019image d\u2019un quartier<\/h2>\n\n\n\n<p>SOMMAIRE&nbsp;&nbsp;&nbsp;&nbsp;&nbsp;&nbsp;&nbsp;&nbsp;&nbsp;&nbsp;&nbsp;&nbsp;&nbsp; &nbsp;&nbsp;&nbsp;&nbsp;&nbsp;&nbsp;&nbsp;&nbsp;&nbsp;&nbsp;&nbsp;&nbsp;&nbsp;&nbsp;&nbsp;&nbsp;&nbsp;&nbsp;&nbsp;&nbsp;&nbsp;&nbsp;&nbsp;&nbsp;&nbsp;&nbsp;&nbsp;&nbsp;&nbsp;&nbsp;&nbsp;&nbsp;&nbsp;&nbsp;&nbsp;&nbsp;&nbsp;&nbsp;&nbsp;&nbsp;&nbsp; Page&nbsp;&nbsp;&nbsp;&nbsp;&nbsp; 1 \u00e0 4<\/p>\n\n\n\n<p>INTRODUCTION&nbsp;&nbsp;&nbsp;&nbsp;&nbsp;&nbsp;&nbsp;&nbsp;&nbsp;&nbsp;&nbsp;&nbsp;&nbsp;&nbsp;&nbsp;&nbsp;&nbsp;&nbsp;&nbsp;&nbsp;&nbsp;&nbsp;&nbsp;&nbsp;&nbsp;&nbsp;&nbsp;&nbsp;&nbsp;&nbsp;&nbsp;&nbsp;&nbsp;&nbsp;&nbsp;&nbsp;&nbsp;&nbsp;&nbsp;&nbsp;&nbsp;&nbsp;&nbsp;&nbsp;&nbsp;&nbsp;&nbsp;&nbsp;&nbsp;&nbsp;&nbsp;&nbsp;&nbsp;&nbsp;&nbsp;&nbsp;&nbsp; 5 \u00e0 6<\/p>\n\n\n\n<p>I\/ LE CONTE THEATRAL&nbsp;&nbsp;&nbsp;&nbsp;&nbsp;&nbsp;&nbsp;&nbsp;&nbsp;&nbsp;&nbsp;&nbsp;&nbsp;&nbsp;&nbsp;&nbsp;&nbsp;&nbsp;&nbsp;&nbsp;&nbsp;&nbsp;&nbsp;&nbsp;&nbsp;&nbsp;&nbsp;&nbsp;&nbsp;&nbsp;&nbsp;&nbsp;&nbsp;&nbsp;&nbsp;&nbsp;&nbsp;&nbsp;&nbsp;&nbsp;&nbsp;&nbsp;&nbsp;&nbsp; <strong>7 \u00e0 19<\/strong><strong><\/strong><\/p>\n\n\n\n<p><strong>A\/ Approche g\u00e9n\u00e9rale du conte&nbsp;&nbsp;&nbsp;&nbsp;&nbsp;&nbsp;&nbsp;&nbsp;&nbsp;&nbsp;&nbsp;&nbsp;&nbsp;&nbsp;&nbsp;&nbsp;&nbsp;&nbsp;&nbsp;&nbsp;&nbsp;&nbsp;&nbsp;&nbsp;&nbsp;&nbsp;&nbsp;&nbsp;&nbsp;&nbsp;&nbsp;&nbsp;&nbsp;&nbsp;&nbsp;&nbsp;&nbsp; <\/strong>6 \u00e0 13<\/p>\n\n\n\n<p>&nbsp;&nbsp;&nbsp;&nbsp;&nbsp;&nbsp; 1&nbsp;: la structuration du conte<\/p>\n\n\n\n<p>&nbsp;&nbsp;&nbsp;&nbsp;&nbsp;&nbsp; 2&nbsp;: Le renouveau du conte et sa fonction p\u00e9dagogique<\/p>\n\n\n\n<p>&nbsp;&nbsp;&nbsp;&nbsp;&nbsp;&nbsp; 3&nbsp;: De la th\u00e9orie \u00e0 la pratique<\/p>\n\n\n\n<p><strong>B\/ \u00ab&nbsp;La grenouille bleue&nbsp;\u00bb&nbsp;&nbsp;&nbsp;&nbsp;&nbsp;&nbsp;&nbsp;&nbsp;&nbsp;&nbsp;&nbsp;&nbsp;&nbsp;&nbsp;&nbsp;&nbsp;&nbsp;&nbsp;&nbsp;&nbsp;&nbsp;&nbsp;&nbsp;&nbsp;&nbsp;&nbsp;&nbsp;&nbsp;&nbsp;&nbsp;&nbsp;&nbsp;&nbsp;&nbsp;&nbsp;&nbsp;&nbsp;&nbsp;&nbsp;&nbsp;&nbsp;&nbsp;&nbsp;&nbsp;&nbsp; <\/strong>13 \u00e0 19<\/p>\n\n\n\n<p>&nbsp;&nbsp;&nbsp;&nbsp;&nbsp;&nbsp; 1&nbsp;: L\u2019origine du conte<\/p>\n\n\n\n<p>&nbsp;&nbsp;&nbsp;&nbsp;&nbsp;&nbsp; 2&nbsp;: L\u2019histoire et ses personnages<\/p>\n\n\n\n<p>&nbsp;&nbsp;&nbsp;&nbsp;&nbsp;&nbsp; 4&nbsp;: Analyse du jeu et du texte<\/p>\n\n\n\n<p>3&nbsp;: De la fonction p\u00e9dagogique au travail de mise en sc\u00e8ne<strong><\/strong><\/p>\n\n\n\n<p><em>Il \u00e9tait une fois\u2026\u2026\u2026\u2026\u2026\u2026\u2026..&nbsp;&nbsp;&nbsp;&nbsp;&nbsp;&nbsp;&nbsp;&nbsp;&nbsp;&nbsp;&nbsp;&nbsp;&nbsp;&nbsp;&nbsp;&nbsp;&nbsp;&nbsp;&nbsp;&nbsp;&nbsp;&nbsp;&nbsp;&nbsp;&nbsp;&nbsp;&nbsp;&nbsp;&nbsp;&nbsp;&nbsp;&nbsp;&nbsp;&nbsp;&nbsp;&nbsp;&nbsp;&nbsp; 20 \u00e021<\/em><\/p>\n\n\n\n<p>II\/ ENVIRONNEMENT DU PROJET&nbsp;&nbsp;&nbsp;&nbsp;&nbsp;&nbsp;&nbsp;&nbsp;&nbsp;&nbsp;&nbsp;&nbsp;&nbsp;&nbsp;&nbsp;&nbsp;&nbsp;&nbsp;&nbsp;&nbsp;&nbsp;&nbsp;&nbsp;&nbsp;&nbsp;&nbsp;&nbsp;&nbsp;&nbsp; <strong>22 \u00e0 27<\/strong><\/p>\n\n\n\n<p><strong>A\/ La ville de La Roche sur Yon&nbsp;&nbsp;&nbsp;&nbsp;&nbsp;&nbsp;&nbsp;&nbsp;&nbsp;&nbsp;&nbsp;&nbsp;&nbsp;&nbsp;&nbsp;&nbsp;&nbsp;&nbsp;&nbsp;&nbsp;&nbsp;&nbsp;&nbsp;&nbsp;&nbsp;&nbsp;&nbsp;&nbsp; <\/strong>&nbsp;&nbsp;&nbsp;&nbsp;&nbsp;&nbsp; 22 \u00e0 25<\/p>\n\n\n\n<p>1&nbsp;: Une histoire particuli\u00e8re<\/p>\n\n\n\n<p>2&nbsp;: La ville partenaire pour les quartiers<\/p>\n\n\n\n<p>3&nbsp;: Un sch\u00e9ma fonctionnel autarcique<\/p>\n\n\n\n<p><strong>B\/ Les moyens d\u2019une politique sociale culturelle forte&nbsp;&nbsp;&nbsp;&nbsp;&nbsp;&nbsp;&nbsp;&nbsp;&nbsp;&nbsp;&nbsp; &nbsp;&nbsp;&nbsp;&nbsp;&nbsp;&nbsp; <\/strong>26 \u00e0 29<\/p>\n\n\n\n<p>1&nbsp;: Les maisons de quartiers<\/p>\n\n\n\n<p>2&nbsp;: l\u2019Association de coordination yonnaise des quartiers<\/p>\n\n\n\n<p>3&nbsp;: Les \u00e9quipements culturels<\/p>\n\n\n\n<p>III\/ PREMIER ACTE DE LA GRENOUILLE BLEUE&nbsp;&nbsp;&nbsp;&nbsp;&nbsp;&nbsp;&nbsp;&nbsp;&nbsp;&nbsp;&nbsp;&nbsp;&nbsp; <strong>29 \u00e0 45<\/strong><\/p>\n\n\n\n<p><strong>A\/ Histoire singuli\u00e8re du quartier des Forges&nbsp;&nbsp;&nbsp;&nbsp;&nbsp;&nbsp;&nbsp;&nbsp;&nbsp;&nbsp;&nbsp;&nbsp;&nbsp;&nbsp;&nbsp;&nbsp; <\/strong>&nbsp;&nbsp;&nbsp;&nbsp;&nbsp;&nbsp; 29 \u00e0 33<\/p>\n\n\n\n<p>1&nbsp;: Une fronti\u00e8re naturelle, le rail<\/p>\n\n\n\n<p>2&nbsp;: Forges, une mauvaise r\u00e9putation<\/p>\n\n\n\n<p>3&nbsp;: L\u2019Aadiqno, un militantisme de combat<\/p>\n\n\n\n<p><strong>B\/ Diagnostic du projet social de l\u2019Aadiqno&nbsp;&nbsp;&nbsp;&nbsp;&nbsp;&nbsp;&nbsp;&nbsp;&nbsp;&nbsp;&nbsp;&nbsp; &nbsp;&nbsp;&nbsp;&nbsp;&nbsp;&nbsp; <\/strong>&nbsp;&nbsp;&nbsp;&nbsp;&nbsp;&nbsp; 33 \u00e0 36<\/p>\n\n\n\n<p>1&nbsp;: Des \u00e9quipements sous utilis\u00e9s<\/p>\n\n\n\n<p>2&nbsp;: Une offre culturelle peu cibl\u00e9e sur les habitants<\/p>\n\n\n\n<p>3&nbsp;: Une organisation de la vie statutaire excluante<\/p>\n\n\n\n<p><strong>C\/ L\u2019Aadiqno, l\u2019ouverture vers tous ses habitants&nbsp;&nbsp;&nbsp;&nbsp;&nbsp;&nbsp;&nbsp;&nbsp;&nbsp;&nbsp; <\/strong>&nbsp;&nbsp;&nbsp;&nbsp;&nbsp;&nbsp; 37 \u00e0 38<\/p>\n\n\n\n<p>&nbsp;&nbsp;&nbsp;&nbsp;&nbsp;&nbsp; 1&nbsp;: Permettre aux habitants de s\u2019investir dans la vie du centre<\/p>\n\n\n\n<p>&nbsp;&nbsp;&nbsp;&nbsp;&nbsp;&nbsp; 2&nbsp;: Promouvoir la culture<\/p>\n\n\n\n<p>&nbsp;&nbsp;&nbsp;&nbsp;&nbsp;&nbsp; 3&nbsp;: Favoriser des activit\u00e9s d\u2019expression et de cr\u00e9ation<\/p>\n\n\n\n<p><strong>D\/ Le montage du spectacle&nbsp;&nbsp;&nbsp;&nbsp;&nbsp;&nbsp;&nbsp;&nbsp;&nbsp;&nbsp;&nbsp;&nbsp;&nbsp;&nbsp;&nbsp;&nbsp;&nbsp;&nbsp;&nbsp;&nbsp;&nbsp;&nbsp;&nbsp;&nbsp;&nbsp;&nbsp;&nbsp;&nbsp;&nbsp;&nbsp;&nbsp;&nbsp;&nbsp;&nbsp;&nbsp; <\/strong>&nbsp;&nbsp;&nbsp;&nbsp;&nbsp;&nbsp; 39 \u00e0 45<\/p>\n\n\n\n<p><strong>&nbsp;&nbsp;&nbsp;&nbsp;&nbsp;&nbsp; <\/strong>1&nbsp;: Les ressources collectives de l\u2019Aadiqno<\/p>\n\n\n\n<p>&nbsp;&nbsp;&nbsp;&nbsp;&nbsp;&nbsp; 2&nbsp;: Les vis\u00e9es op\u00e9ratoires du projet global<\/p>\n\n\n\n<p>3&nbsp;: Un travail collectif valorisant<\/p>\n\n\n\n<p>IV\/ DEUXIEME ACTE DE LA GRENOUILLE BLEUE&nbsp;&nbsp;&nbsp;&nbsp;&nbsp;&nbsp;&nbsp;&nbsp;&nbsp;&nbsp; <strong>46 \u00e0 62<\/strong><\/p>\n\n\n\n<p><strong>A\/ Environnement social du quartier Jean Yole&nbsp;&nbsp;&nbsp;&nbsp;&nbsp;&nbsp;&nbsp;&nbsp;&nbsp;&nbsp;&nbsp;&nbsp;&nbsp;&nbsp;&nbsp;&nbsp;&nbsp;&nbsp;&nbsp;&nbsp; <\/strong>&nbsp;&nbsp;&nbsp;&nbsp;&nbsp;&nbsp; 46 \u00e0 50<\/p>\n\n\n\n<p>1&nbsp;: Un quartier enclav\u00e9<\/p>\n\n\n\n<p>&nbsp;&nbsp;&nbsp;&nbsp;&nbsp;&nbsp; 2&nbsp;: Jean Yole, une image d\u00e9valoris\u00e9e<\/p>\n\n\n\n<p>3&nbsp;: Le projet sant\u00e9, &nbsp;sp\u00e9cifique \u00e0 Jean Yole<\/p>\n\n\n\n<p>4&nbsp;: Une forte pr\u00e9sence d\u2019associations \u00e0 but&nbsp; social<\/p>\n\n\n\n<p><strong>B\/ Jean yole et l\u2019ACAJY&nbsp;&nbsp;&nbsp;&nbsp;&nbsp;&nbsp;&nbsp;&nbsp;&nbsp;&nbsp;&nbsp;&nbsp;&nbsp;&nbsp;&nbsp;&nbsp;&nbsp;&nbsp;&nbsp;&nbsp;&nbsp;&nbsp;&nbsp;&nbsp;&nbsp;&nbsp;&nbsp;&nbsp;&nbsp;&nbsp;&nbsp;&nbsp;&nbsp;&nbsp;&nbsp;&nbsp;&nbsp;&nbsp;&nbsp;&nbsp; <\/strong>&nbsp;&nbsp;&nbsp;&nbsp;&nbsp;&nbsp; 50 \u00e0 52<\/p>\n\n\n\n<p>1&nbsp;: L\u2019ACAJY, une identit\u00e9 bafou\u00e9e<\/p>\n\n\n\n<p>2&nbsp;: Une faiblesse de sa repr\u00e9sentation associative<\/p>\n\n\n\n<p>3&nbsp;: Perte symbolique du projet enfance<\/p>\n\n\n\n<p><strong>C\/ L\u2019Acajy, revitalisation d\u2019un quartier&nbsp;&nbsp;&nbsp;&nbsp;&nbsp;&nbsp;&nbsp;&nbsp;&nbsp;&nbsp;&nbsp;&nbsp;&nbsp;&nbsp;&nbsp;&nbsp;&nbsp;&nbsp;&nbsp;&nbsp;&nbsp;&nbsp;&nbsp;&nbsp; <\/strong>&nbsp;&nbsp;&nbsp;&nbsp;&nbsp;&nbsp; 52 \u00e0 54<\/p>\n\n\n\n<p>&nbsp;&nbsp;&nbsp;&nbsp;&nbsp;&nbsp; 1&nbsp;: R\u00e9initialiser des animations enfance sur la maison de quartier<\/p>\n\n\n\n<p>2&nbsp;: Travailler sur les ressources des habitants et en permettre l\u2019expression.<\/p>\n\n\n\n<p>3&nbsp;: Traduire la force du quartier dans un \u00e9v\u00e8nement \u00e0 l\u2019\u00e9chelle de la ville.<\/p>\n\n\n\n<p><strong>D&nbsp;\/ Le montage du spectacle&nbsp;&nbsp;&nbsp;&nbsp;&nbsp;&nbsp;&nbsp;&nbsp;&nbsp;&nbsp;&nbsp;&nbsp;&nbsp;&nbsp;&nbsp;&nbsp;&nbsp;&nbsp;&nbsp;&nbsp;&nbsp;&nbsp;&nbsp;&nbsp;&nbsp;&nbsp;&nbsp;&nbsp;&nbsp;&nbsp;&nbsp;&nbsp;&nbsp;&nbsp; <\/strong>&nbsp;&nbsp;&nbsp;&nbsp;&nbsp;&nbsp; 54 \u00e0 62<\/p>\n\n\n\n<p>&nbsp;&nbsp;&nbsp;&nbsp;&nbsp;&nbsp;&nbsp;&nbsp; 1&nbsp;: Le relais d\u2019animation p\u00e9dagogique acajy<\/p>\n\n\n\n<p>2&nbsp;: Les ressources individuelles du public de Jean Yole<\/p>\n\n\n\n<p>3&nbsp;: La collaboration associative acajy<\/p>\n\n\n\n<p>V&nbsp;\/ SOURCE CONCEPTUELLE DE LA GRENOUILLE BLEUE<\/p>\n\n\n\n<p><strong>A\/&nbsp; Le cheminement vers des concepts&nbsp;&nbsp;&nbsp;&nbsp;&nbsp;&nbsp;&nbsp;&nbsp;&nbsp;&nbsp;&nbsp;&nbsp;&nbsp;&nbsp;&nbsp;&nbsp;&nbsp;&nbsp;&nbsp;&nbsp;&nbsp;&nbsp;&nbsp;&nbsp;&nbsp;&nbsp;&nbsp; &nbsp;&nbsp;&nbsp;&nbsp;&nbsp;&nbsp; <\/strong>62 \u00e0 65<\/p>\n\n\n\n<p>1&nbsp;: Eclairage sur l\u2019\u00e9volution de ma d\u00e9marche<\/p>\n\n\n\n<p>&nbsp;&nbsp;&nbsp;&nbsp;&nbsp;&nbsp; 2&nbsp;: La complexit\u00e9 des concepts travers\u00e9s<\/p>\n\n\n\n<p>&nbsp;&nbsp;&nbsp;&nbsp;&nbsp;&nbsp; 3&nbsp;: La naissance d\u2019une hypoth\u00e8se \u00e0 v\u00e9rifier<\/p>\n\n\n\n<p><strong>B\/ L\u2019\u00e9tude des comportements des personnes disqualifi\u00e9es &nbsp;&nbsp;&nbsp; &nbsp;&nbsp;&nbsp;&nbsp;&nbsp;&nbsp; <\/strong>65 \u00e0 67<\/p>\n\n\n\n<p><strong>selon Serge Paugam&nbsp;&nbsp;&nbsp;&nbsp;&nbsp;&nbsp;&nbsp;&nbsp;&nbsp;&nbsp;&nbsp;&nbsp;&nbsp;&nbsp;&nbsp;&nbsp;&nbsp;&nbsp;&nbsp;&nbsp;&nbsp;&nbsp;&nbsp;&nbsp;&nbsp;&nbsp;&nbsp;&nbsp;&nbsp;&nbsp;&nbsp;&nbsp;&nbsp;&nbsp;&nbsp;&nbsp;&nbsp;&nbsp;&nbsp;&nbsp;&nbsp;&nbsp;&nbsp;&nbsp;&nbsp;&nbsp;&nbsp;&nbsp;&nbsp;&nbsp;&nbsp;&nbsp;&nbsp;&nbsp;&nbsp;&nbsp;&nbsp;&nbsp;&nbsp;&nbsp;&nbsp;&nbsp;&nbsp;&nbsp;&nbsp;&nbsp;&nbsp;<\/strong><\/p>\n\n\n\n<p>1&nbsp;: Les limites pos\u00e9es \u00e0 l\u2019utilisation de l\u2019enqu\u00eate de Serge Paugam<\/p>\n\n\n\n<p>2&nbsp;: Des similitudes \u00e0 l\u2019environnement social observ\u00e9<\/p>\n\n\n\n<p>3&nbsp;: Des \u00e9l\u00e9ments th\u00e9oriques emprunt\u00e9s \u00e0 Serge Paugam.<\/p>\n\n\n\n<p><strong>C\/ Jean Yole et Forges des quartiers marqu\u00e9s par leur image <\/strong>68 \u00e0 73<\/p>\n\n\n\n<p>1&nbsp;: Forges, une r\u00e9putation de violence et d\u2019insoumission<\/p>\n\n\n\n<p>2&nbsp;: Jean Yole une image d\u00e9valoris\u00e9e<\/p>\n\n\n\n<p>VI\/ EVALUATION DU PROJET ET DE MA DEMARCHE&nbsp;&nbsp;&nbsp;&nbsp;&nbsp;&nbsp;&nbsp;&nbsp;&nbsp;&nbsp;&nbsp;&nbsp; <strong>73 \u00e0 82<\/strong><\/p>\n\n\n\n<p><strong>A\/ Ma relation professionnelle \u00e0 mon objet de recherche&nbsp;&nbsp;&nbsp;&nbsp;&nbsp;&nbsp; <\/strong>73 \u00e0 74<\/p>\n\n\n\n<p>1&nbsp;: D\u00e9centrement de mon objet<\/p>\n\n\n\n<p>2&nbsp;: La d\u00e9construction de mes savoirs professionnels<\/p>\n\n\n\n<p>3&nbsp;: L\u2019ouverture vers d\u2019autres champs professionnels<\/p>\n\n\n\n<p><strong>B\/ Retour \u00e0 l\u2019intention premi\u00e8re&nbsp;: la reconnaissance sociale&nbsp;&nbsp;&nbsp;&nbsp;&nbsp;&nbsp;&nbsp;&nbsp;&nbsp; <\/strong>75 \u00e0 81<\/p>\n\n\n\n<p><strong>&nbsp;&nbsp;&nbsp;&nbsp;&nbsp;&nbsp; <\/strong>1&nbsp;: La reconnaissance sociale, besoin inh\u00e9rent \u00e0 l\u2019homme<\/p>\n\n\n\n<p>2&nbsp;: La grenouille bleue&nbsp;: une petite pierre \u00e0 l\u2019\u00e9difice de la reconnaissance sociale<\/p>\n\n\n\n<p>3&nbsp;: Faire reliance dans ma pratique aux valeurs de l\u2019Education populaire<\/p>\n\n\n\n<p><strong>CONCLUSION&nbsp;&nbsp;&nbsp;&nbsp;&nbsp;&nbsp;&nbsp;&nbsp;&nbsp;&nbsp;&nbsp;&nbsp;&nbsp;&nbsp;&nbsp;&nbsp;&nbsp;&nbsp;&nbsp;&nbsp;&nbsp;&nbsp;&nbsp;&nbsp;&nbsp;&nbsp;&nbsp;&nbsp;&nbsp;&nbsp;&nbsp;&nbsp;&nbsp;&nbsp;&nbsp;&nbsp;&nbsp;&nbsp;&nbsp;&nbsp;&nbsp;&nbsp;&nbsp;&nbsp;&nbsp;&nbsp;&nbsp;&nbsp;&nbsp;&nbsp;&nbsp;&nbsp;&nbsp;&nbsp;&nbsp;&nbsp;&nbsp;&nbsp;&nbsp; 82<\/strong><\/p>\n\n\n\n<h2 class=\"wp-block-heading\">Le conte de \u00ab&nbsp;la grenouille bleue&nbsp;\u00bb,un projet de vie, de vie de quartier.<\/h2>\n\n\n\n<p>Cette aventure s\u2019\u00e9chelonne sur trois ann\u00e9es et \u00e9volue sur deux quartiers de La Roche sur Yon.<\/p>\n\n\n\n<p>L\u2019histoire a commenc\u00e9 en octobre 2002 et s\u2019est termin\u00e9e en octobre 2005.<\/p>\n\n\n\n<p>Pourtant, la grenouille bleue est n\u00e9e de mon imagination en 1983 sans savoir qu\u2019elle grandirait au fil du&nbsp; temps, enrichie des diverses exp\u00e9riences de sc\u00e8ne et que son \u00e9cho r\u00e9sonnerait comme maillon de la m\u00e9moire collective d\u2019un quartier.<\/p>\n\n\n\n<p>Voici une&nbsp; introduction qui tente de restituer le cheminement de ma d\u00e9marche.<\/p>\n\n\n\n<p>Dans la premi\u00e8re partie, \u00ab&nbsp;LE CONTE THEATRAL&nbsp;\u00bb je me suis pos\u00e9e \u00e0 la fois comme auteur- metteur en sc\u00e8ne et animatrice technique de th\u00e9\u00e2tre.<\/p>\n\n\n\n<p>J\u2019ai voulu montrer la pertinence p\u00e9dagogique de travailler sur les contes et en particulier sur \u00ab&nbsp;la grenouille bleue&nbsp;\u00bb.<\/p>\n\n\n\n<p>J\u2019ai cherch\u00e9 tout d\u2019abord \u00e0 d\u00e9finir ce qu\u2019est un conte, la structuration conceptuelle et&nbsp; les caract\u00e9ristiques qui en fait&nbsp; un&nbsp; support p\u00e9dagogique int\u00e9ressant pour r\u00e9aliser un travail avec un groupe d\u2019enfants.<\/p>\n\n\n\n<p>En second lieu je tente de &nbsp;construire une argumentation qui montre la coh\u00e9rence entre les \u00e9l\u00e9ments th\u00e9oriques et ma d\u00e9marche p\u00e9dagogique dans le travail de pratiques th\u00e9\u00e2trales sur le conte de la \u00ab&nbsp;grenouille bleue&nbsp;\u00bb.<\/p>\n\n\n\n<p>Pour terminer cette premi\u00e8re partie je parle de la \u00ab&nbsp;grenouille bleue&nbsp;\u00bb comme sujet en d\u00e9voilant l\u2019origine de sa cr\u00e9ation,&nbsp; les exp\u00e9riences qui l\u2019ont fait grandir, et la place qu\u2019elle tient aujourd\u2019hui dans un projet de quartier.<\/p>\n\n\n\n<p>Si \u00ab&nbsp;La grenouille bleue&nbsp;\u00bb devait \u00eatre analys\u00e9e en 2058&nbsp;\u2026\u2026\u2026.<\/p>\n\n\n\n<p>Je me suis amus\u00e9e \u00e0 cr\u00e9er un bout d\u2019essai en imitant le style des interpr\u00e9tations modernes comme&nbsp; certains auteurs le font pour des&nbsp; contes traditionnels.(1) &nbsp;<\/p>\n\n\n\n<p>Sous une approche ludique c\u2019est un lien de l\u2019ordre de la nature profonde du conte qui relie l\u2019auteur \u00e0 son histoire.<\/p>\n\n\n\n<p>(1)\u00ab&nbsp;Une certaine identit\u00e9 petit chaperon rouge&nbsp;\u00bbpar Mich\u00e8le RAMAND p61 Identit\u00e9s individuelles identit\u00e9s collectives Presses Universitaires de Caen.<\/p>\n\n\n\n<p>Cela&nbsp; nous replace dans le contexte de l\u2019exp\u00e9rience d\u2019animation et donc \u00e0 ma place d\u2019animatrice professionnelle&nbsp; en charge &nbsp;d\u2019un projet de quartier.<\/p>\n\n\n\n<p>Le deuxi\u00e8me chapitre \u00ab&nbsp;ENVIRONNEMENT DU PROJET&nbsp;\u00bb aborde la question de la place des quartiers sous un angle institutionnel, historique et politique \u00e0 l\u2019\u00e9chelle globale de la ville&nbsp; de La Roche sur Yon r\u00e9servant le d\u00e9tail sur les quartiers dans les chapitres leur \u00e9tant consacr\u00e9s.<\/p>\n\n\n\n<p>Dans les chapitres suivants, \u00ab&nbsp;PREMIER ACTE DE LA GRENOUILLE BLEUE&nbsp;\u00bb et &nbsp;\u00ab&nbsp;DEUXIEME ACTE DE LA GRENOUILLE BLEUE&nbsp;\u00bb j\u2019\u00e9labore pour chacun des deux quartiers (Forges et Jean Yole) la tryptique diagnostic, constats et objectifs.<\/p>\n\n\n\n<p>Puis j\u2019envisage le montage du projet de chacun des quartiers concern\u00e9s.<\/p>\n\n\n\n<p>Mais la r\u00e9alisation du m\u00eame projet, sur deux quartiers dont les caract\u00e9ristiques sociales sont tr\u00e8s proches, mais port\u00e9 par deux associations diff\u00e9renci\u00e9es m\u2019a permis de constater que cela ne proc\u00e9dait pas de la m\u00eame d\u00e9marche.<\/p>\n\n\n\n<p>C\u2019est ainsi que dans le chapitre \u00ab&nbsp;SOURCES CONCEPTUELLES&nbsp;DE LA GRENOUILLE BLEUE&nbsp;\u00bb je r\u00e9interroge des auteurs et des concepts me permettant de r\u00e9pondre \u00e0 ma question&nbsp;:<\/p>\n\n\n\n<p>Quels m\u00e9canismes sont \u00e0 l\u2019\u0153uvre dans la construction sociale &nbsp;d\u2019un quartier&nbsp;?<\/p>\n\n\n\n<p>Enfin apr\u00e8s avoir&nbsp; montr\u00e9 que quelque soit l\u2019identit\u00e9 d\u2019un quartier et de ses habitants, la notion de reconnaissance sociale est fondamentale dans la construction des individus, j\u2019explique comment je pense avoir contribu\u00e9 \u00e0 apporter une parcelle de reconnaissance sociale aux habitants de ces quartiers.<\/p>\n\n\n\n<p>Pour conclure, j\u2019aborde le lien que j\u2019entretiens avec la pratique de l\u2019Education populaire recentr\u00e9 sur mon sujet&nbsp;: L\u2019enjeu d\u2019un projet collectif&nbsp; pour qu\u2019il participe \u00e0 la valorisation du quartier.<\/p>\n\n\n\n<h2 class=\"wp-block-heading\"><strong>I\/ LE CONTE THEATRAL<\/strong><\/h2>\n\n\n\n<p>Etant auteur de ce conte je pense qu\u2019il est important de se reporter \u00e0 quelques \u00e9l\u00e9ments th\u00e9oriques qui caract\u00e9risent le conte et qui m\u2019ont amen\u00e9s \u00e0 faire le choix de ce support pour travailler avec un jeune public.<\/p>\n\n\n\n<p>Toutefois, je n\u2019approfondirai pas l\u2019\u00e9tude du conte, me bornant \u00e0 donner quelques cl\u00e9s de compr\u00e9hension afin d\u2019appuyer mon propos.<\/p>\n\n\n\n<h3 class=\"wp-block-heading\"><strong>A\/ Approche g\u00e9n\u00e9rale du conte<\/strong><\/h3>\n\n\n\n<p>Du fait de leur simplicit\u00e9 et qu\u2019ils s\u2019adressent le plus souvent aux enfants, nous avons des contes une repr\u00e9sentation fauss\u00e9e. Nous verrons&nbsp; qu\u2019ils sont plus riches et plus complexes qu\u2019il n\u2019y para\u00eet.<\/p>\n\n\n\n<h4 class=\"wp-block-heading\"><strong>1&nbsp;: La structuration du conte<\/strong><\/h4>\n\n\n\n<p>En introduction je me propose de restituer un texte qui donne l\u2019importance des histoires, dans notre histoire humaine.<\/p>\n\n\n\n<p><em>Innombrables sont les r\u00e9cits du monde. C&rsquo;est d&rsquo;abord une vari\u00e9t\u00e9 prodigieuse de genres, eux-m\u00eames distribu\u00e9s entre des substances diff\u00e9rentes, comme si toute mani\u00e8re \u00e9tait bonne \u00e0 l&rsquo;homme pour lui confier ses r\u00e9cits&nbsp;: le r\u00e9cit peut \u00eatre support\u00e9 par le langage articul\u00e9, oral ou \u00e9crit, par l&rsquo;image, fixe ou mobile, par le geste et par le m\u00e9lange ordonn\u00e9 de toutes ces substances&nbsp;; il est pr\u00e9sent dans le mythe, la l\u00e9gende, la fable, le conte, la nouvelle, l&rsquo;\u00e9pop\u00e9e, l&rsquo;histoire, la trag\u00e9die, le drame, la com\u00e9die, la pantomime, le tableau peint\u2026, le vitrail, le cin\u00e9ma, les comics, le fait divers, la conversation. De plus, sous ces formes presque infinies, le r\u00e9cit est pr\u00e9sent dans tous les temps, dans tous les lieux, dans toutes les soci\u00e9t\u00e9s; le r\u00e9cit commence avec l&rsquo;histoire m\u00eame de l&rsquo;humanit\u00e9; il n&rsquo;y a pas, il n&rsquo;y a jamais eu nulle part aucun peuple sans r\u00e9cit; toutes les classes, tous les groupes humains ont leurs r\u00e9cits, et bien souvent ces r\u00e9cits sont go\u00fbt\u00e9s en commun par des hommes de culture diff\u00e9rente, voire oppos\u00e9e&nbsp;: le r\u00e9cit se moque de la bonne et de la mauvaise litt\u00e9rature : international, transhistorique, transculturel, le r\u00e9cit est l\u00e0, comme la vie.(1)<\/em><\/p>\n\n\n\n<p>Le conte a toute sa place dans la restitution du monde m\u00eame s\u2019il emploie un r\u00e9cit bas\u00e9 sur la fiction et le merveilleux, pacte pass\u00e9 entre le conteur et son auditoire ou ses lecteurs. Ces derniers acceptent de croire \u00e0 l\u2019univers merveilleux et \u00e0 ses lois, d\u2019entrer avec le conteur dans un monde second sans rapport avec le n\u00f4tre. Ce monde o\u00f9 les h\u00e9ros sont comme anonymes, figures plus qu\u2019\u00eatres, o\u00f9 les distances et le temps varient, o\u00f9 toutes sortes de cr\u00e9atures peuvent se manifester.<br>En tant que pratique du r\u00e9cit, le conte appartient \u00e0 la fois \u00e0 la tradition orale populaire et \u00e0 la litt\u00e9rature \u00e9crite.<\/p>\n\n\n\n<p>(1)R.Barthes, Introduction \u00e0 l&rsquo;analyse structurale des r\u00e9cits, Seuil, \u00ab\u00a0Points\u00a0\u00bb, 1976<\/p>\n\n\n\n<p>Malgr\u00e9 une image na\u00efve en raison de&nbsp; la simplicit\u00e9 des r\u00e9cits, le conte r\u00e9sulte d\u2019une d\u00e9marche intellectuelle complexe, visant \u00e0 extraire les th\u00e9matiques inh\u00e9rentes \u00e0 la vie en soci\u00e9t\u00e9.<\/p>\n\n\n\n<p>Cependant, il reste accessible par sa simplicit\u00e9 \u00e0 un auditoire multiple m\u00eame s\u2019il introduit des v\u00e9rit\u00e9s qui ne pourraient que difficilement \u00eatre expos\u00e9es hors de son contexte narratif.<\/p>\n\n\n\n<p>En effet, c\u2019est parce que le conte merveilleux populaire est enti\u00e8rement sous le signe de la fictivit\u00e9 que l\u2019auditoire peut adh\u00e9rer aux \u00e9v\u00e9nements narr\u00e9s. C\u2019est parce que le conte est enti\u00e8rement coup\u00e9 de la r\u00e9alit\u00e9, d\u00e9finissant son espace, son temps, ses personnages propres qu&rsquo;il ne peut donc menacer.<br>Loin d&rsquo;\u00eatre une marque de la cr\u00e9dulit\u00e9 populaire, il t\u00e9moigne donc d&rsquo;une grande sophistication.<\/p>\n\n\n\n<p>La collecte des histoires, l\u00e9gendes, mythes et contes populaires a \u00e9t\u00e9 tout d\u2019abord entreprise par les fr\u00e8res Grimm mais parmi les nombreuses figures qui se sont int\u00e9ress\u00e9es aux contes (1)c\u2019est le folkloriste russe Vladimir Propp qui a inaugur\u00e9 en quelque sorte l&rsquo;analyse structurale du conte.<\/p>\n\n\n\n<p>Il a \u00e9tudi\u00e9 les contes merveilleux traditionnels, dans lesquels il voit le jeu de \u00ab\u00a0variables\u00a0\u00bb (les noms et les attributs des personnages) et de \u00ab\u00a0constantes\u00a0\u00bb (les fonctions qu&rsquo;ils accomplissent). Au terme de son analyse, Propp conclut que le conte merveilleux ob\u00e9it \u00e0 une structure unique qui s\u2019organise&nbsp; depuis un manque ou un m\u00e9fait initial jusqu&rsquo;\u00e0 sa r\u00e9paration finale par une succession de situations communes \u00e0 tous les contes.<\/p>\n\n\n\n<p>Propp d\u00e9finit aussi le conte merveilleux comme r\u00e9cit \u00e0 sept personnages ayant chacun leur sph\u00e8re d&rsquo;action propre : le H\u00e9ros, la Princesse, le Mandateur, l&rsquo;Agresseur, le Donateur, l&rsquo;Auxiliaire et le Faux H\u00e9ros.<\/p>\n\n\n\n<p>Nous verrons plus loin la relation de cette cat\u00e9gorisation des personnages d\u00e9finis par Propp avec les personnages du conte de la grenouille bleue.<\/p>\n\n\n\n<p>Cette pr\u00e9sentation succincte m\u2019a servi \u00e0 vous ouvrir \u00e0 la complexit\u00e9 de la structuration du conte et de sa fonction cach\u00e9e comme miroir de la soci\u00e9t\u00e9.<\/p>\n\n\n\n<p>En effet, le sujet n\u2019\u00e9tant pas de poursuivre plus en avant l\u2019\u00e9tude approfondie des contes mais bien de montrer en quoi le choix de ce support m\u2019a permis d\u2019aborder un travail d\u2019expression avec des enfants.<\/p>\n\n\n\n<p>(1)&nbsp;L\u2019\u00e9tude des variantes d\u00e9bouche sur la notion de \u00ab\u00a0conte-type\u00a0\u00bb d\u00e9finie par le Finnois Anti Aarne. Dans les ann\u00e9es 1930, le structuralisme de Vladimir Propp met en \u00e9vidence les \u00ab\u00a0fonctions\u00a0\u00bb du conte, v\u00e9ritables briques de ce que le Fran\u00e7ais Claude Br\u00e9mond d\u00e9finit comme un \u00ab\u00a0meccano\u00a0\u00bb, et l\u2019Anglais Tolkien comme une \u00ab\u00a0soupe \u00e9ternelle\u00a0\u00bb, toujours enrichie de nouveaux \u00e9l\u00e9ments, bouillonnant dans le \u00ab\u00a0chaudron du conte\u00a0\u00bb. Rapport\u00e9 sur le site http:\/\/ exposition.bnf.fr\/ contes\/arr\u00eat\/ecrit\/index.htm<\/p>\n\n\n\n<h4 class=\"wp-block-heading\"><strong>2&nbsp;: Le renouveau du conte et sa fonction p\u00e9dagogique<\/strong><\/h4>\n\n\n\n<p>Nous savons que le conte a longtemps gard\u00e9 une fonction de r\u00e9gulation et de morale dans les soci\u00e9t\u00e9s traditionnelles. Cette tendance s\u2019est perdue avec l\u2019av\u00e8nement de la soci\u00e9t\u00e9 moderne et le recul de la soci\u00e9t\u00e9 rurale et des avanc\u00e9es technologiques qui ont supplant\u00e9 l\u2019art de la veill\u00e9e \u00e0 la soir\u00e9e t\u00e9l\u00e9visuelle dans les foyers.<\/p>\n\n\n\n<p>Dans notre monde occidental, le conte a surv\u00e9cu&nbsp; comme une histoire pour enfant sans grande dimension cr\u00e9ative sinon&nbsp; d\u2019\u00eatre le r\u00e9servoir de livres pour enfants avec pour fonction de les endormir le soir.<\/p>\n\n\n\n<p>Est-ce le fait d\u2019avoir \u00e9t\u00e9 d\u00e9poussi\u00e9r\u00e9 par les cr\u00e9ateurs de dessin anim\u00e9 emmen\u00e9 par la figure embl\u00e9matique de Walt Disney ou de s\u2019\u00eatre de nouveau frott\u00e9 \u00e0 la culture des soci\u00e9t\u00e9s traditionnelles (comme l\u2019Afrique) dont la tradition orale a \u00e9t\u00e9 maintenue (1) que le conte a recouvr\u00e9 sa modernit\u00e9&nbsp;?<\/p>\n\n\n\n<p>On ne peut que&nbsp; constater aujourd\u2019hui&nbsp; la place de plus en plus importante accord\u00e9e au conte dans la soci\u00e9t\u00e9 et plus particuli\u00e8rement dans le monde scolaire.(2)<\/p>\n\n\n\n<p>Il est donc aujourd&rsquo;hui reconnu comme un outil p\u00e9dagogique pour l&rsquo;enfant.<\/p>\n\n\n\n<p>Au regard de cette perspective qui lui est propre, ce genre litt\u00e9raire est ainsi progressivement introduit dans le milieu \u00e9ducatif.<\/p>\n\n\n\n<p>M\u2019inspirant des travaux de Christel Duprat &nbsp;( 3) j\u2019ai tent\u00e9 de r\u00e9sumer les apports p\u00e9dagogiques que rev\u00eat le conte.<br><br>On peut soit consid\u00e9rer le conte comme un objet d&rsquo;enseignement soit&nbsp;&nbsp; l&rsquo;utiliser en tant qu&rsquo;auxiliaire d&rsquo;enseignement, le r\u00e9duisant \u00e0 sa fonction d&rsquo;outil ou de support, au service des apprentissages fondamentaux de la lecture et de l&rsquo;\u00e9criture.<\/p>\n\n\n\n<p>&nbsp;(1)Il est \u00e0 voir le succ\u00e8s remport\u00e9 par le long m\u00e9trage de Kirikou, conte bas\u00e9 sur une l\u00e9gende d\u2019Afrique<\/p>\n\n\n\n<p>(2) En r\u00e9f\u00e9rence au&nbsp; texte \u00e9manant du Minist\u00e8re de la culture et de la communication sur les propositions pour pr\u00e9parer l\u2019avenir du spectacle vivant. Fiche 10 page 31 \u00ab&nbsp; Il y a cinq ans, le minist\u00e8re, faisant le constat d\u2019une pr\u00e9sence et d\u2019une visibilit\u00e9 croissantes des spectacles se r\u00e9f\u00e9rant au conte et plus g\u00e9n\u00e9ralement aux arts du r\u00e9cit ou de la parole, commandait un \u00e9tat des lieux concernant l\u2019\u00e9volution artistique de cette discipline ainsi que des pratiques professionnelles et publiques s\u2019y attachant.<\/p>\n\n\n\n<p>Cette \u00e9tude devait confirmer unevitalit\u00e9 insoup\u00e7onn\u00e9e.<strong>&nbsp;\u00bb<\/strong><\/p>\n\n\n\n<p>En terme de proposition \u00ab&nbsp;la constitution d\u2019un portail internet sur les arts du conte participant \u00e0 la promotion de la<\/p>\n\n\n\n<p>discipline par l\u2019information et une mise \u00e0 jour permanente des projets et propositions les plus embl\u00e9matiques ; la r\u00e9alisation d\u2019un tel espace commun de ressources devrait r\u00e9pondre, en partie, au besoin de reconnaissance, d\u2019identification et de dialogue de ce secteur professionnel et artistique&nbsp;\u00bb<\/p>\n\n\n\n<p>(3)Christel Duprat&nbsp; \u00ab&nbsp;L&rsquo;influence des contes sur le d\u00e9veloppement psychop\u00e9dagogique de l&rsquo;enfant&nbsp;\u00bb1998<\/p>\n\n\n\n<p><strong>Le conte comme objet d\u2019enseignement&nbsp;:<\/strong><\/p>\n\n\n\n<p>&#8211; Le conte alimente la vie int\u00e9rieure de l\u2019enfant (r\u00e9f\u00e9rent psychologique)<\/p>\n\n\n\n<p>&#8211; Le conte aide l\u2019enfant \u00e0 s\u2019int\u00e9grer \u00e0 son environnement (r\u00e9f\u00e9rent social).<\/p>\n\n\n\n<p>&#8211; Le conte initie l\u2019enfant aux connaissances et aux comportements de la soci\u00e9t\u00e9 humaine (r\u00e9f\u00e9rent culturel)<\/p>\n\n\n\n<p>&#8211; le conte nourrit l&rsquo;imaginaire de l&rsquo;enfant, et donc ses potentialit\u00e9s cr\u00e9atrices<\/p>\n\n\n\n<p><strong>Le conte comme auxiliaire d\u2019enseignement&nbsp;:<\/strong><\/p>\n\n\n\n<p>&#8211; Le conte est un support narratif qui permet les apprentissages fondamentaux de la lecture et l\u2019\u00e9criture.<\/p>\n\n\n\n<p>&#8211; Le conte est facteur de stimulation intellectuelle<\/p>\n\n\n\n<p>&#8211; Le conte rel\u00e8ve d\u2019une approche ludique par lequel l\u2019enfant peut s\u2019essayer \u00e0 la pratique&nbsp; de disciplines plurielles.<\/p>\n\n\n\n<p><strong>La valorisation de l\u2019enfant&nbsp; comme objectif p\u00e9dagogique<\/strong> peut se travailler sur deux registres&nbsp;:<\/p>\n\n\n\n<p>Le conte classique et traditionnel auquel on attribue des crit\u00e8res de validit\u00e9 litt\u00e9raire et culturelle qui facilite l\u2019acquisition des savoirs fondamentaux<\/p>\n\n\n\n<p>&#8211; Les contes traditionnels introduisent l\u2019enfant \u00e0 l\u2019univers de la litt\u00e9rature, m\u00e9moires et traces de l\u2019humanit\u00e9.<\/p>\n\n\n\n<p>&nbsp;&nbsp;&nbsp;&nbsp; &#8211;&nbsp; Le conte participe \u00e0 la structuration mentale de l\u2019enfant, d\u00e9veloppant ses facult\u00e9s cognitives.<\/p>\n\n\n\n<p>Le conte dit moderne qui se vit comme une adaptation p\u00e9dagogique, centr\u00e9e sur la transmission de savoirs d\u00e9j\u00e0 constitu\u00e9s.<\/p>\n\n\n\n<p>&#8211; Les contes modernes \u00e9voquent \u00e0 l&rsquo;enfant son v\u00e9cu quotidien, facilitant ainsi son adaptation \u00e0 la r\u00e9alit\u00e9<\/p>\n\n\n\n<p>&#8211; Le conte permet \u00e0 l&rsquo;enfant de mettre en oeuvre son imagination, lib\u00e9rant ainsi son \u00e9nergie personnelle<\/p>\n\n\n\n<p>Ce support&nbsp; est donc l\u00e9gitim\u00e9 au simple regard de la valorisation g\u00e9n\u00e9rale qui le caract\u00e9rise.<\/p>\n\n\n\n<p>S\u2019agissant ici d\u2019une cr\u00e9ation, nous ne travaillerons pas l\u2019aspect litt\u00e9raire et traditionnel du conte comme r\u00e9f\u00e9rent culturel.<\/p>\n\n\n\n<p>Cependant le chapitre sur l\u2019importance de&nbsp; la langue comme outil r\u00e9f\u00e9rent de grammaire et de vocabulaire&nbsp; sera abord\u00e9 plus loin.<\/p>\n\n\n\n<p>Je me&nbsp; bornerais donc \u00e0 l\u2019\u00e9tude symbolique du conte et au travail relatif de la mise en sc\u00e8ne.<\/p>\n\n\n\n<h4 class=\"wp-block-heading\"><strong><br><\/strong><strong>3&nbsp;: De la th\u00e9orie \u00e0 la pratique<\/strong><\/h4>\n\n\n\n<p><em>&#8211;&nbsp; &nbsp;le conte nourrit l&rsquo;imaginaire de l&rsquo;enfant, et donc ses potentialit\u00e9s cr\u00e9atrices<\/em><\/p>\n\n\n\n<p>Dans le syst\u00e8me scolaire, l\u2019expression orale tient une grande place \u00e0 la maternelle pour devenir dans le primaire cantonn\u00e9e \u00e0 la po\u00e9sie.<\/p>\n\n\n\n<p>&nbsp;En effet de la grande section au cours moyen II, les priorit\u00e9s p\u00e9dagogiques s&rsquo;inversent : les activit\u00e9s visant le d\u00e9veloppement de l&rsquo;imagination cr\u00e9atrice (caract\u00e9ristiques de l&rsquo;enseignement pr\u00e9\u00e9l\u00e9mentaire) se substituent \u00e0 celles dont le but est de d\u00e9velopper la pens\u00e9e rationnelle.<\/p>\n\n\n\n<p>Travailler autour d\u2019un conte permet \u00e0 l\u2019enfant de sortir des savoirs fondamentaux li\u00e9s \u00e0 la scolarit\u00e9 et (quelquefois de l\u2019\u00e9chec qu\u2019induit la non acquisition de ses savoirs) pour s\u2019autoriser des divergences li\u00e9s \u00e0 l\u2019imaginaire et le symbolique.<\/p>\n\n\n\n<p><em>&#8211;&nbsp; &nbsp;&nbsp;&nbsp; Le conte aide l\u2019enfant \u00e0 s\u2019int\u00e9grer \u00e0 son environnement (r\u00e9f\u00e9rent social)<\/em><\/p>\n\n\n\n<p>Le r\u00f4le endoss\u00e9, (par exemple le petit gar\u00e7on qui devient le h\u00e9ros), a une d\u00e9termination sociale dans la pi\u00e8ce que l\u2019enfant va int\u00e9grer et qui sera mis en comparaison avec son propre r\u00f4le dans la r\u00e9alit\u00e9.<\/p>\n\n\n\n<p>Le travail de la sc\u00e8ne va lui&nbsp; permettre de se confronter au regard des autres. Il va prendre des risques en s\u2019exprimant devant un groupe, un public.<\/p>\n\n\n\n<p>L\u2019apprentissage de la prise de parole va faciliter l\u2019acc\u00e8s au d\u00e9bat pour manifester ses envies mais aussi ses connaissances.<\/p>\n\n\n\n<p><em>&#8211; Le conte participe \u00e0 la structuration mentale de l\u2019enfant, d\u00e9veloppant ses facult\u00e9s cognitives.<\/em><\/p>\n\n\n\n<p>Le conte est une forme de r\u00e9cit o\u00f9 tout est possible. Par contre, il n\u2019\u00e9chappe pas \u00e0 un ensemble d\u2019\u00e9l\u00e9ments qui r\u00e9gissent de mani\u00e8re absolue sa structure et sa syntaxe sous peine de perdre tout int\u00e9r\u00eat et toute cr\u00e9dibilit\u00e9.<\/p>\n\n\n\n<p>Il doit ainsi d\u00e9velopper des comp\u00e9tences communicationnelles qui requi\u00e8rent le d\u00e9sir de s\u2019int\u00e9resser \u00e0 autrui. Pour y parvenir il devra adapter ses savoir-faire, ses comportements signifiant \u00e0 autrui la volont\u00e9 de partager ses id\u00e9es, Cela part d\u2019un principe d\u2019adaptation et de traitement de l\u2019information.<\/p>\n\n\n\n<p><em>&#8211; Les contes modernes \u00e9voquent \u00e0 l&rsquo;enfant son v\u00e9cu quotidien, facilitant ainsi son adaptation \u00e0 la r\u00e9alit\u00e9<\/em><\/p>\n\n\n\n<p>Il faut souligner encore une fois que le conte n\u2019est qu\u2019un moyen, un support pour arriver aux objectifs fix\u00e9s dans le cadre du projet.<\/p>\n\n\n\n<p>C\u2019est un biais motivant pour les enfants car ils vont travailler dans un environnement charg\u00e9 de sens pour eux.<\/p>\n\n\n\n<p>L\u2019interpr\u00e9tation des r\u00f4les peut se nourrir de leurs repr\u00e9sentations et sera charg\u00e9e de leurs&nbsp; \u00e9motions v\u00e9cues au quotidien.<\/p>\n\n\n\n<p>Mais cette p\u00e9dagogie &nbsp;leur permettra aussi de se projeter dans le temps par la programmation&nbsp; des r\u00e9p\u00e9titions, d\u2019assumer leurs responsabilit\u00e9s et d\u2019\u00eatre les acteurs de leur apprentissage en produisant la pi\u00e8ce.<\/p>\n\n\n\n<p><em>&#8211; Le conte est un support narratif qui permet les apprentissages fondamentaux de la lecture et l\u2019\u00e9criture.<\/em><\/p>\n\n\n\n<p>Les \u00e9l\u00e9ments de lecture sont omnipr\u00e9sents dans la mise en place du conte.<\/p>\n\n\n\n<p>&nbsp;Au cours de la premi\u00e8re p\u00e9riode de travail, les enfants vont s\u2019impr\u00e9gner de la structure du conte et de l\u2019ambiance merveilleuse.<\/p>\n\n\n\n<p>Cela n\u00e9cessite des comp\u00e9tences pr\u00e9cises&nbsp;:<\/p>\n\n\n\n<p>&#8211; Savoir d\u00e9chiffrer un texte,<\/p>\n\n\n\n<p>&#8211; Etre capable de lire des mots difficiles,<\/p>\n\n\n\n<p>&#8211; Comprendre le r\u00e9cit dans sa globalit\u00e9,<\/p>\n\n\n\n<p>&#8211; Savoir moduler la langue oralement da fa\u00e7on appropri\u00e9e selon les intentions et les exigences que requiert la sc\u00e8ne,<\/p>\n\n\n\n<p>&#8211; Savoir \u00ab&nbsp;d\u00e9clamer&nbsp;\u00bb sans tr\u00e9bucher, en clair, jouer sans r\u00e9citer, avec le ton juste.<\/p>\n\n\n\n<p><em>&#8211; Le conte initie l\u2019enfant aux connaissances et aux comportements de la soci\u00e9t\u00e9 humaine<\/em><\/p>\n\n\n\n<p>Le conte a pour vocation de nous amener dans le monde de tous les possibles. Il nous permet de nous pencher sur notre r\u00e9alit\u00e9, notamment en faisant de ces personnages une galerie de portraits o\u00f9 les vices et les grandeurs de la nature humaine se c\u00f4toient sans cesse avec le parti pris de ne pas avoir de \u00ab&nbsp;vrais m\u00e9chants&nbsp;\u00bb.<\/p>\n\n\n\n<h3 class=\"wp-block-heading\"><strong>B\/ \u00ab&nbsp;La grenouille bleue&nbsp;\u00bb<\/strong><\/h3>\n\n\n\n<h4 class=\"wp-block-heading\"><strong>1&nbsp;: L\u2019origine du conte<\/strong><\/h4>\n\n\n\n<p>J\u2019ai \u00e9crit&nbsp; ce conte pour un institut m\u00e9dico-\u00e9ducatif, \u00e0 l\u2019occasion d\u2019une f\u00eate de No\u00ebl dans les ann\u00e9es 1980.<\/p>\n\n\n\n<p>Il a \u00e9t\u00e9 jou\u00e9 initialement par des adultes.<\/p>\n\n\n\n<p>Quand je suis devenue animatrice culturelle dans une maison de quartier, j\u2019ai r\u00e9activ\u00e9 l\u2019histoire pour la faire jouer par des enfants dans un atelier th\u00e9\u00e2tre.<\/p>\n\n\n\n<p>L\u2019adh\u00e9sion qu\u2019a suscit\u00e9 le projet sur le quartier m\u2019a fait prendre conscience du potentiel p\u00e9dagogique qu\u2019il portait en lui tant du point de vue des enfants que des parents et des habitants comme action collective.<\/p>\n\n\n\n<p>Ce spectacle a \u00e9t\u00e9 port\u00e9 \u00e0 la sc\u00e8ne 4 fois avec le m\u00eame bonheur, le m\u00eame succ\u00e8s et la m\u00eame \u00ab&nbsp;efficacit\u00e9&nbsp;\u00bb.<\/p>\n\n\n\n<p>Les conditions dans lequel le projet a \u00e9t\u00e9 mont\u00e9 a suivi mon \u00e9volution professionnelle, \u00e0 savoir&nbsp;:<\/p>\n\n\n\n<p>&#8211; Mont\u00e9 une deuxi\u00e8me fois dans le cadre d\u2019un atelier th\u00e9\u00e2tre pour enfants dans une petite maison de quartier, les interm\u00e8des \u00e9taient dans\u00e9s par les \u00e9l\u00e8ves des cours de danse de la m\u00eame maison de quartier avec pour&nbsp; public principal, les parents.<\/p>\n\n\n\n<figure class=\"wp-block-image size-large\"><img decoding=\"async\" src=\"http:\/\/ecrire-coach.biographe-valeriejean.fr\/wp-content\/uploads\/2013\/11\/La-grenouille-bleue-1-copie.jpeg\" alt=\"Theatre enfant- Maison de Quartier\" class=\"wp-image-591\"\/><figcaption>La grenouille bleue &#8211; Salle Rustic- Montereau Fault-Yonne- Archives Activit\u00e9s Maison Quartier ville Basse<\/figcaption><\/figure>\n\n\n\n<p>&#8211; Puis jou\u00e9 une troisi\u00e8me fois dans un foyer rural par des enfants inscrits dans un atelier th\u00e9\u00e2tre devant les parents dont les enfants assuraient aussi les interm\u00e8des chant\u00e9s, dans\u00e9s et jou\u00e9s (instruments de musique).<\/p>\n\n\n\n<p>&#8211; Enfin et c\u2019est l\u2019objet de mon exp\u00e9rience d\u2019animation le projet a&nbsp; pris depuis une dimension collective associative forte&nbsp; dont je vais vous exposer la mise en \u0153uvre.<\/p>\n\n\n\n<p>Il a donc \u00e9t\u00e9 jou\u00e9, dans des conditions similaires \u00e0 savoir dans des projets de quartier sans jamais n\u2019\u00eatre tout \u00e0 fait le m\u00eame ni tout \u00e0 fait un autre.<\/p>\n\n\n\n<p>Non pas que l\u2019interpr\u00e9tation diff\u00e8re au point de changer le spectacle mais bien parce qu\u2019il se fonde sur les ressources diff\u00e9renci\u00e9es et originales des personnes charg\u00e9es du projet.<\/p>\n\n\n\n<p>En effet si le canevas du conte reste inchang\u00e9 des espaces blancs restent \u00e0 am\u00e9nager selon les comp\u00e9tences des participants.<\/p>\n\n\n\n<p>Ainsi plusieurs sc\u00e8nes ont \u00e9t\u00e9 interpr\u00e9t\u00e9es selon les pratiques et les disciplines des acteurs ou des groupes pouvant se greffer sur le projet.<\/p>\n\n\n\n<p>Cinq espaces restent \u00e0 cr\u00e9er par chacune des \u00e9quipes nouvelles.<\/p>\n\n\n\n<p>A chacun de ces \u00ab&nbsp;blancs&nbsp;\u00bb il a \u00e9t\u00e9 propos\u00e9 depuis sa cr\u00e9ation beaucoup de disciplines.<\/p>\n\n\n\n<p>&nbsp;La&nbsp; liste ci \u2013dessous, qui n\u2019est bien s\u00fbr pas exhaustive puisque de fait toute id\u00e9e originale fait la force du projet,&nbsp; peut donner une id\u00e9e de la diversit\u00e9 d\u2019interpr\u00e9tations du conte&nbsp;:<\/p>\n\n\n\n<p>Mime, danse (hip hop, modern\u2019jazz, folklorique, classique ou contemporaine, de salon claquettes) jonglage, percussions, instruments de musique, a\u00e9robic, chant,&nbsp; arts martiaux, diaporamas informatiques etc\u2026<\/p>\n\n\n\n<p>Le conte sert bien de pr\u00e9texte \u00e0 une mise en sc\u00e8ne fond\u00e9e sur la participation d\u2019un groupe de personnes impliqu\u00e9es dans un projet collectif.<\/p>\n\n\n\n<p>Le projet collectif&nbsp;ne se r\u00e9sume pas \u00e0 la mise en sc\u00e8ne d\u2019un texte &nbsp;mais \u00e0 la production de l\u2019ensemble du spectacle&nbsp;qui n\u00e9cessite&nbsp;:<\/p>\n\n\n\n<p>&#8211; Les r\u00e9p\u00e9titions du texte et l\u2019\u00e9criture des pr\u00e9ambules ou \u00e9pilogues adapt\u00e9s au contexte du projet<\/p>\n\n\n\n<p>&#8211; Les interm\u00e8des sc\u00e9niques (chant, danse, mime, musique, percussions&nbsp; etc\u2026.)<\/p>\n\n\n\n<p>&#8211; Les d\u00e9cors et les accessoires<\/p>\n\n\n\n<p>&#8211; Les costumes<\/p>\n\n\n\n<p>&#8211; La gestion des coulisses<\/p>\n\n\n\n<p>&#8211; La r\u00e9gie technique<\/p>\n\n\n\n<p>&#8211; La communication (tracts, affiches, programme etc\u2026)<\/p>\n\n\n\n<h4 class=\"wp-block-heading\"><strong>2&nbsp;: L\u2019histoire et ses personnages<\/strong><\/h4>\n\n\n\n<p>Un petit gar\u00e7on face \u00e0 son ordinateur joue.<\/p>\n\n\n\n<p>&nbsp;Une panne d\u2019\u00e9lectricit\u00e9 et sa vie bascule dans le monde imaginaire de son jeu.<\/p>\n\n\n\n<p>Il sera entra\u00een\u00e9 dans une histoire rocambolesque dont il sera le h\u00e9ros malgr\u00e9 lui. Une grenouille, celle qui est le personnage habituel de son jeu vid\u00e9o, lui demande de sauver les habitants de l\u2019\u00e9tang dans lequel elle vit avec ses cong\u00e9n\u00e8res.<\/p>\n\n\n\n<p>Il devra trouver au fil de l\u2019histoire qui se cache derri\u00e8re ce drame. Ce sera l\u2019occasion de rencontrer diff\u00e9rents personnages qui le m\u00e8neront \u00e0 la source du probl\u00e8me&nbsp;: le sortil\u00e8ge lanc\u00e9 sur l\u2019\u00e9tang et ses habitants. Il parviendra \u00e0 ses fins&nbsp;: sauver l\u2019\u00e9tang et retrouver sa chambre.<\/p>\n\n\n\n<p><strong>Les personnages du conte&nbsp;:<\/strong><\/p>\n\n\n\n<p>Ils sont list\u00e9s premi\u00e8rement selon la r\u00e9f\u00e9rence conceptuelle&nbsp; de V.Propp d\u00e9finie plus haut puis du nom qu\u2019ils tiennent dans la pi\u00e8ce.<\/p>\n\n\n\n<p><strong>Le h\u00e9ros<\/strong><\/p>\n\n\n\n<p><strong>Rapha\u00ebl&nbsp;<\/strong>: Un petit gar\u00e7on \u00ab&nbsp;normalis\u00e9&nbsp;\u00bb en ce qu\u2019il ne pr\u00e9sente pas de particularit\u00e9 affich\u00e9e, avec lequel des enfants peuvent facilement s\u2019identifier et qui va endosser le r\u00f4le d\u2019un h\u00e9ros malgr\u00e9 lui.<\/p>\n\n\n\n<p><strong>La princesse<\/strong><\/p>\n\n\n\n<p><strong>Ranacula,<\/strong> la reine des grenouilles, responsable de la tribu des ranacul\u00e9ens, mise en danger par les manipulations d\u2019un alchimiste au service d\u2019un roi malheureux.<\/p>\n\n\n\n<p>La situation difficile que vit Ranacula la rend stress\u00e9e et \u00e9go\u00efste.<\/p>\n\n\n\n<p><strong>L\u2019auxiliaire<\/strong><\/p>\n\n\n\n<p><strong>Le crocodile alias le page<\/strong>, tr\u00e8s bavard car malheureux de ne pas \u00eatre aim\u00e9 et d\u2019avoir la r\u00e9putation d \u00eatre m\u00e9chant qui sert la reine servilement<\/p>\n\n\n\n<p><strong>Tient le r\u00f4le de p\u00e9rip\u00e9tie<\/strong><\/p>\n\n\n\n<p><strong>Charles Hubert de la Goutti\u00e8re du toit<\/strong>, premier fant\u00f4me \u00e0 la cour qui tient \u00e0 ses pr\u00e9rogatives, \u00e0 la biens\u00e9ance, qui n\u2019effraie personne et ne s\u2019int\u00e9resse qu\u2019\u00e0 lui.<\/p>\n\n\n\n<p><strong>Toto cou tordu<\/strong> <strong>alias chlorida<\/strong>, &nbsp;deuxi\u00e8me fant\u00f4me discret, afflig\u00e9 d\u2019un b\u00e9gaiement qui en sait plus qu\u2019il veut r\u00e9v\u00e9ler et qui donnera les indices essentiels au d\u00e9nouement de l\u2019histoire.<\/p>\n\n\n\n<p><strong>Un autre auxiliaire<\/strong><\/p>\n\n\n\n<p><strong>La servante<\/strong>, forte personnalit\u00e9, maternelle et qui sait beaucoup de choses depuis le temps qu\u2019elle sert au ch\u00e2teau.<\/p>\n\n\n\n<p><strong>Le donateur<\/strong><\/p>\n\n\n\n<p><strong>La reine<\/strong>, Une &nbsp;reine arrogante parce qu\u2019elle souffre d\u2019un mal secret, dont les \u00e9preuves ont conduit \u00e0 nouer l\u2019intrigue. Et donc \u00e0 la d\u00e9nouer.<\/p>\n\n\n\n<p><strong>Le roi<\/strong><\/p>\n\n\n\n<p>Personnage cit\u00e9 qui n\u2019appara\u00eet pas dans la pi\u00e8ce et qui est la cause du drame.<\/p>\n\n\n\n<h4 class=\"wp-block-heading\"><strong>3&nbsp;: Analyse du jeu et du texte<\/strong><\/h4>\n\n\n\n<p>Face \u00e0 la difficult\u00e9 souvent \u00e9prouv\u00e9e par les enfants pour comprendre, apprendre et restituer un texte, la pi\u00e8ce est partag\u00e9e entre trois r\u00f4les difficiles et quatre r\u00f4les n\u2019apparaissant de fa\u00e7on cons\u00e9quente que sur une sc\u00e8ne.<\/p>\n\n\n\n<p>Ainsi, les deux r\u00f4les principaux que sont Rapha\u00ebl et Ranacula ne quittent jamais la sc\u00e8ne et encha\u00eenent &nbsp;les dialogues pendant toute l\u2019histoire.<\/p>\n\n\n\n<p>Les autres acteurs ayant moins de texte ont par contre des jeux plus excessifs quant \u00e0 l\u2019interpr\u00e9tation caract\u00e9rologique&nbsp;: la folie de la reine, le dynamisme de la servante, l\u2019arrogance du premier fant\u00f4me, l\u2019humilit\u00e9 du deuxi\u00e8me fant\u00f4me et la volubilit\u00e9 du crocodile.<\/p>\n\n\n\n<p>Le texte est \u00e9crit dans un fran\u00e7ais correct et ne s\u2019autorise que peu d\u2019\u00e9cart. Cela oblige \u00e0 une diction travaill\u00e9e, un phras\u00e9 rythm\u00e9.<\/p>\n\n\n\n<p>Except\u00e9 le r\u00f4le de la servante qui s\u2019applique \u00e0 prendre l\u2019accent du terroir (qui pourra \u00e9voluer vers le titi parisien, le roulement des r ou l\u2019introduction d\u2019un&nbsp; patois local).<\/p>\n\n\n\n<p>Il est \u00e0 noter \u00e9galement que le texte initial a \u00e9t\u00e9 \u00e9crit en 1985 avec certaines r\u00e9f\u00e9rences de cette \u00e9poque (publicit\u00e9, expression, chansons etc\u2026). Soit le groupe d\u00e9cide de faire \u00e9voluer le texte et le replace dans le contexte \u00e0 la mode, soit suffisamment ancr\u00e9 dans la m\u00e9moire collective, les r\u00e9f\u00e9rences sont gard\u00e9es comme clin d\u2019\u0153il \u00e0 une culture assimil\u00e9e par chacun aujourd\u2019hui.(Un poisson, nomm\u00e9 Wanda en r\u00e9f\u00e9rence au film, ou bien \u00ab&nbsp;il est ou hein le petit, il est ou le youki chanson de Gotainer&nbsp;\u00bb)<\/p>\n\n\n\n<p>Enfin, la pi\u00e8ce a \u00e9t\u00e9 con\u00e7ue de fa\u00e7on \u00e0 ne pas \u00eatre bloqu\u00e9e s\u2019il s\u2019av\u00e9rait qu\u2019il n\u2019y ait pas assez d\u2019acteurs pour monter sur sc\u00e8ne, ce qui est quelquefois le cas quand on initie un projet sur un quartier vierge de toute exp\u00e9rience th\u00e9\u00e2trale.<\/p>\n\n\n\n<p>Ainsi, elle peut \u00eatre jou\u00e9e par 4, 5, 6,7 acteurs, certains personnages, disparaissant dans le deuxi\u00e8me acte, peuvent \u00eatre endoss\u00e9s par ceux ayant quitt\u00e9 la sc\u00e8ne.<\/p>\n\n\n\n<h4 class=\"wp-block-heading\"><strong>4&nbsp;: De la fonction p\u00e9dagogique au travail de mise en sc\u00e8ne<\/strong><\/h4>\n\n\n\n<p>Bien que la fonction p\u00e9dagogique du th\u00e9\u00e2tre soit depuis longtemps reconnue dans les milieux \u00e9ducatifs, il acquiert un caract\u00e8re l\u00e9gitime&nbsp; par l\u2019obligation en 2002 de l\u2019inscrire dans les programmes scolaires. (1)<\/p>\n\n\n\n<p>Pr\u00e9c\u00e9demment, j\u2019ai pr\u00e9sent\u00e9 la globalit\u00e9 des apports th\u00e9oriques de l\u2019\u00e9tude du conte. J\u2019aborderai dans ce chapitre la concr\u00e9tisation de mon travail d\u2019encadrante p\u00e9dagogique sur les ateliers th\u00e9\u00e2tre que j\u2019anime.<\/p>\n\n\n\n<p>&nbsp;Plusieurs strat\u00e9gies sont&nbsp; mises en place pour l\u2019appropriation du conte par les enfants. Deux \u00e9tapes sont n\u00e9cessaires pour que le texte devienne du th\u00e9\u00e2tre.<\/p>\n\n\n\n<p><strong>1\/ La premi\u00e8re phase<\/strong>&nbsp;:<\/p>\n\n\n\n<p>C\u2019est une \u00e9tape dans la connaissance globale de la pi\u00e8ce mais aussi d\u2019interconnaissance des membres du groupe qui fera appel aux comp\u00e9tences communicationnelles des enfants. Ils devront savoir faire \u00e9voluer leurs \u00e9changes entre la fiction et la r\u00e9alit\u00e9, entre un langage structur\u00e9 et la langue parl\u00e9e habituelle et entre les silences et les propositions.<\/p>\n\n\n\n<p>Quant \u00e0 moi je tiens le r\u00f4le de&nbsp; m\u00e9diateur entre les enfants et le texte et les enfants entre eux.<\/p>\n\n\n\n<p>Pendant les premi\u00e8res s\u00e9ances il y a une alternance entre trois approches&nbsp;:<\/p>\n\n\n\n<p>a\/ Je fais une premi\u00e8re lecture du texte, ponctu\u00e9e d\u2019explications sur le d\u00e9roulement de l\u2019histoire et d\u2019\u00e9lucidation des mots&nbsp; soit&nbsp; inusit\u00e9s, soit inconnus du vocabulaire des enfants.<\/p>\n\n\n\n<p>Afin de rendre le r\u00e9cit vivant, je lis avec le ton de ma propre interpr\u00e9tation qui sera au d\u00e9but copi\u00e9e mais vite supplant\u00e9e par celle des enfants au fur et \u00e0 mesure de leur appropriation de la pi\u00e8ce.<\/p>\n\n\n\n<p>Il est utile de rappeler que&nbsp; \u00ab&nbsp;Imiter&nbsp;\u00bb au th\u00e9\u00e2tre n&rsquo;est pas \u00ab\u00a0<em>copier les apparences mais reproduire les forces cr\u00e9atrices int\u00e9rieures qui produisent ces apparences<\/em>\u00a0\u00bb (2)<\/p>\n\n\n\n<p>b\/&nbsp; Lecture des enfants, \u00e0 l\u2019italienne, par alternance afin que chacun s\u2019exprime et s\u2019approprie le texte. &nbsp;L&rsquo;enfant sollicit\u00e9 doit donc&nbsp; sentir en s\u00e9curit\u00e9. Avoir le texte entre les mains le s\u00e9curise car il retrouve une activit\u00e9 qu\u2019il conna\u00eet&nbsp;: la lecture.<\/p>\n\n\n\n<p>&nbsp; Ce climat de confiance est obtenu tout d&rsquo;abord par l\u2019adh\u00e9sion de l&rsquo;enfant dans le jeu qui ne sera pas risqu\u00e9 pour lui puisque c\u2019est le personnage qui parle. C\u2019est la p\u00e9riode d\u2019appropriation de chacun du conte.<\/p>\n\n\n\n<p>[1](1)&nbsp; \u00ab\u00a0Qu&rsquo;apprend-on \u00e0 l&rsquo;\u00e9cole \u00e9l\u00e9mentaire?\u00a0\u00bb CNDP, 2002 dans la partie LITTERATURE (dire, lire, \u00e9crire) : \u00ab\u00a0mettre sa voix et son corps en jeu dans un travail collectif portant sur un texte th\u00e9\u00e2tral ou sur un texte po\u00e9tique\u00a0\u00bbpage 173<\/p>\n\n\n\n<p>[1](2) ARISTOTE cit\u00e9 par D.MEGRIER \u00ab\u00a0100 jeux de th\u00e9\u00e2tre \u00e0 l&rsquo;\u00e9cole maternelle\u00a0\u00bb RETZ<\/p>\n\n\n\n<p>De m\u00eame, il se peut qu\u2019un enfant bute sur une expression, un mot&nbsp;: c\u2019est alors \u00e0 moi d\u2019\u0153uvrer sur une facilitation langagi\u00e8re pour permettre \u00e0 l\u2019enfant d\u2019exprimer au mieux le texte&nbsp; sans que le sens de celui-ci&nbsp; en souffre. Il est souvent arriv\u00e9 que le texte soit modifi\u00e9 sur proposition des enfants.<\/p>\n\n\n\n<p>Il est cependant important de garder une coh\u00e9rence narrative notamment sur l\u2019exigence de la qualit\u00e9 du vocabulaire.<\/p>\n\n\n\n<p>Enfin, des mots comme par exemple, alchimiste ou stratag\u00e8me sont d\u00e9tourn\u00e9s en les \u00e9corchant volontairement par un des personnages afin d\u2019apporter une dose d\u2019imperfection au&nbsp; dialogue et ainsi&nbsp; d\u00e9dramatiser l\u2019empreinte intellectuelle du texte, tout en \u00e9tant restitu\u00e9 correctement par le h\u00e9ros, l\u2019enfant.<\/p>\n\n\n\n<p>c\/ Sc\u00e8nes jou\u00e9es afin que les enfants&nbsp; aient une approche gestuelle du r\u00e9cit et qu\u2019ils&nbsp;&nbsp; \u00ab&nbsp;reconnaissent&nbsp;\u00bb &nbsp; de mani\u00e8re intuitive le r\u00f4le qu\u2019ils sentent le mieux afin de ne pas occasionner de frustration particuli\u00e8re.<\/p>\n\n\n\n<p>En effet, Le jeu du corps engage le joueur dans l&rsquo;espace, le mouvement, les rythmes et d\u00e9veloppe les r\u00e9flexes. Autant que la parole, le corps s\u2019expose au regard de l\u2019autre, il est donc n\u00e9cessaire d\u2019\u00eatre vigilant au climat de s\u00e9curit\u00e9 du groupe pour que chacun puisse s\u2019exprimer avec aisance et plaisir. C\u2019est une condition n\u00e9cessaire pour que l\u2019enfant puisse acc\u00e9der au d\u00e9sir d\u2019apprendre pr\u00e9alable \u00e0 toute activit\u00e9 d\u2019expression dont le th\u00e9\u00e2tre.(1)<\/p>\n\n\n\n<p>C\u2019est tout au long de cette p\u00e9riode pr\u00e9paratoire que la perspicacit\u00e9 est \u00e0 l\u2019\u0153uvre pour rep\u00e9rer&nbsp; les talents et les capacit\u00e9s des uns et des autres.<\/p>\n\n\n\n<p>En effet, malgr\u00e9 la motivation sinc\u00e8re et r\u00e9elle de nos acteurs, certains r\u00f4les demandent un effort plus soutenu de m\u00e9morisation et de diction que d\u2019autres.<\/p>\n\n\n\n<p><strong>2\/ La deuxi\u00e8me phase<\/strong>&nbsp;:<\/p>\n\n\n\n<p>Le travail de la coordination du jeu des acteurs peut commencer car les enfants sont lib\u00e9r\u00e9s de l\u2019emprise r\u00e9ductrice de la&nbsp; lecture qui donne un ton saccad\u00e9 \u00e0 la parole.<\/p>\n\n\n\n<p>Selon les enfants, ce stade ne s\u2019\u00e9labore pas au m\u00eame rythme et je dois r\u00e9guler les \u00e9ventuelles comparaisons entre les enfants.<\/p>\n\n\n\n<p>(1) \u00ab&nbsp;L&rsquo;\u00eatre humain a ceci de particulier qu&rsquo;il construit sa propre valeur \u00e0 partir de la valeur que l&rsquo;autre lui accorde. L&rsquo;enfant cherchera des renforcements de cette valeur dans toutes les marques de reconnaissances qui \u00e9maneront de la sph\u00e8re sociale, il les cherchera en particulier dans ses enseignants.&nbsp;\u00bb Annie LANGLOIS. Nouvelle revue de AIS (adaptation et int\u00e9gration scolaire), N\u00b018.2002<\/p>\n\n\n\n<p>Pour apprivoiser la parole et la gestualit\u00e9 th\u00e9\u00e2trale, ils ont besoin de se sortir de l\u2019univers de l\u2019apprentissage scolaire ou quotidien&nbsp;: cela n\u00e9cessite&nbsp; que je montre les sc\u00e8nes avec l\u2019emphase adapt\u00e9e \u00e0 la pi\u00e8ce pour qu\u2019ils osent se d\u00e9passer\u2026.c\u2019est en quelque sorte une autorisation \u00e0 braver les normes (cris, abus de langages, moquerie, rire etc\u2026)<\/p>\n\n\n\n<p>Cette phase constitue une approche psychologique des personnages qui n\u00e9cessite que les acteurs aient partiellement m\u00e9moris\u00e9 leur texte afin d\u2019avoir la parole libre.<\/p>\n\n\n\n<p>C\u2019est le passage d\u2019appropriation des r\u00f4les par la restitution des \u00e9motions v\u00e9cues par les personnages.<\/p>\n\n\n\n<p>L&rsquo;expression th\u00e9\u00e2trale passe par&nbsp; un travail complexe d\u2019identification au r\u00f4le qui doit faire appel&nbsp; aux&nbsp; \u00e9motions et \u00e0&nbsp; la m\u00e9moire des \u00e9motions. Cette ma\u00eetrise des \u00e9motions s&rsquo;acquiert peu \u00e0 peu par les exercices de r\u00e9p\u00e9tition et de situation.<\/p>\n\n\n\n<p>C\u2019est \u00e0 ce stade que la m\u00e9diation que je porte est essentielle. Il faut que l\u2019enfant&nbsp; passe de l\u2019\u00e9tat d\u2019apprenant et de r\u00e9citant \u00e0 celui d\u2019acteur. Les mots que j\u2019emploie pour faire acc\u00e9der l\u2019enfant \u00e0 l\u2019univers symbolique et immaginaire doivent \u00eatre riches d\u2019images simples qui fait r\u00e9f\u00e9rence aux \u00e9motions qu\u2019ils portent naturellement en eux car ils sont humains et qu\u2019on joue sur l\u2019humanit\u00e9 des personages.(le rire, l\u2019ironie, l\u2019orgueil,la peur etc\u2026.)<\/p>\n\n\n\n<p>Puis quand ils y parviennent \u00e0 \u00eatre le personnage je dis combien j\u2019ai \u00e9t\u00e9 touch\u00e9e, \u00e9mue ou amus\u00e9e par leur dr\u00f4lerie.<\/p>\n\n\n\n<p>Nous touchons l\u00e0 le travail de m\u00e9diation artistique gr\u00e2ce auquel les enfants vont abandonner plus facilement les repr\u00e9sentations qui, pensent-ils, plairaient \u00e0 l&rsquo;adulte mais faire appel \u00e0 leur expression cr\u00e9ative spontan\u00e9e o\u00f9 tour \u00e0 tour ils vont oser dire et oser faire ensemble<\/p>\n\n\n\n<p>Enfin, il faut poser &nbsp;les r\u00e8gles permanentes de l\u2019atelier quant au respect du lieu et du travail de chacun.<\/p>\n\n\n\n<p>A chaque s\u00e9ance il y a un moment d\u2019ajustement crucial pour passer d\u2019un groupe d\u2019enfants dans un univers de jeux au sens ludique (ils reviennent en bande de l\u2019\u00e9cole pour arriver au centre social) \u00e0 une troupe organis\u00e9e qui joue des r\u00f4les o\u00f9 le cri est admis dans la pi\u00e8ce de th\u00e9\u00e2tre, et uniquement dans la pi\u00e8ce.<\/p>\n\n\n\n<p>La m\u00eame adaptation sera vitale pour les relations \u00e0 venir dans le groupe&nbsp;: les acteurs, par le texte, peuvent \u00eatre amen\u00e9s \u00e0 jouer des railleries et des attitudes moqueuses et en temps que personnes ne doivent se laisser aller \u00e0 de tels comportements.<\/p>\n\n\n\n<p>Mais quel regard&nbsp; pourrait-t-on porter si la grenouille bleue devait traverser les \u00e2ges, aur\u00e9ol\u00e9e d\u2019une notori\u00e9t\u00e9 croissante au point d\u2019\u00eatre sous les feux d\u2019une analyse critique sur&nbsp; les conditions de sa naissance.<\/p>\n\n\n\n<p><em>Nantes le 25\/XI\/2088<\/em><\/p>\n\n\n\n<p><em>\u00ab&nbsp;De l\u2019interpr\u00e9tation du conte de la grenouille bleue&nbsp;\u00bb<\/em><\/p>\n\n\n\n<p><em>Les premi\u00e8res traces du conte de la grenouille bleue nous conduisent dans une cit\u00e9 partag\u00e9e entre son pass\u00e9 et son avenir, \u00e0 la crois\u00e9e de deux rivi\u00e8res, le confluent marque la fronti\u00e8re naturelle entre la ville, tranquille depuis toujours, et les nouveaux quartiers, flanqu\u00e9s de tours, issus de l\u2019urbanisation de la politique des villes nouvelles des ann\u00e9es 1960.<\/em><\/p>\n\n\n\n<p><em>L\u2019auteur dans cette fable, restitue peut \u00eatre le d\u00e9sir de revenir aux temps anciens, celui r\u00e9gi par les certitudes o\u00f9 l\u2019ordre se traduit par une hi\u00e9rarchie sociale bien organis\u00e9e.<\/em><\/p>\n\n\n\n<p><em>Un conte de f\u00e9e dans lequel la r\u00e9alit\u00e9 va d\u00e9raper \u00e0 cause de la f\u00e9e \u00e9lectricit\u00e9.<\/em><\/p>\n\n\n\n<p><em>Le progr\u00e8s va engendrer le chaos, la folie et la magie salvatrice n\u2019est qu\u2019une utopie, une solution illusoire temporaire.<\/em><\/p>\n\n\n\n<p><em>Il semble que l\u2019auteur ait voulu montrer la difficult\u00e9 \u00e0 grandir et se r\u00e9fugie dans le r\u00eave des solutions faciles qu\u2019offre la magie.<\/em><\/p>\n\n\n\n<p><em>Plus tard on retrouve le conte de la grenouille bleue dans des interpr\u00e9tations moins f\u00e9eriques, ax\u00e9es davantage sur le comique des situations avec une galerie de portraits caricaturaux comme on pourrait le voir avec des personnages de Moli\u00e8re.<\/em><\/p>\n\n\n\n<p><em>Le conte semble s\u2019\u00eatre adapt\u00e9 aux d\u00e9calages du temps o\u00f9 chacun peut exprimer sa folie en toute libert\u00e9. Le monde subit le changement de la modernit\u00e9 et le temps qui s\u2019acc\u00e9l\u00e8re.<\/em><\/p>\n\n\n\n<p><em>Seul le h\u00e9ros reste d\u2019une sobri\u00e9t\u00e9 \u00e9gale \u00e0 celui qui doit sauver la situation.Il tient le cap de l\u2019histoire. Stress contre s\u00e9r\u00e9nit\u00e9.<\/em><\/p>\n\n\n\n<p><em>Enfin, la trace de la grenouille bleue \u00e9merge dans deux provinces tr\u00e8s \u00e9loign\u00e9es du lieu de sa naissance.<\/em><\/p>\n\n\n\n<p><em>Dans le B\u00e9arn o\u00f9 le conte prend ses libert\u00e9s en apportant au h\u00e9ros une aide f\u00e9minine par le biais d\u2019une petite fille.<\/em><\/p>\n\n\n\n<p><em>En Vend\u00e9e, charg\u00e9 d\u2019une succession d\u2019extensions et transformations le conte s\u2019inscrit dans&nbsp;&nbsp; une instrumentalisation \u00e0 des fins plus politiques.<\/em><\/p>\n\n\n\n<p><em>Les personnages sont porteurs d\u2019un message collectif et solidaire.<\/em><\/p>\n\n\n\n<p><em>L\u2019interpr\u00e9tation possible est que l\u2019environnement social est en crise et que les personnages n\u2019aient qu\u2019une issue, retrouver leur identit\u00e9 pour de nouveau trouver la voie par eux m\u00eame, sans \u00eatre guid\u00e9s par la m\u00e8re (la luciole dispara\u00eet), contexte d\u2019une ville symboliquement fortifi\u00e9e qui r\u00e9gente la vie des personnes.<\/em><\/p>\n\n\n\n<p><em>Enfin, dans sa derni\u00e8re version,&nbsp; l\u2019issue du conte rev\u00eat la cr\u00e9dibilit\u00e9 d\u2019une histoire qui pourrait \u00eatre v\u00e9cue mais seule un personnage d\u00e9tient la v\u00e9rit\u00e9, les autres ne poss\u00e9dant que des bribes de r\u00e9alit\u00e9 interpr\u00e9tant des signes qui vont permettre \u00e0 la l\u00e9gende de na\u00eetre&nbsp;: inspiration sans doute n\u00e9e des rumeurs observ\u00e9es au moment de sa cr\u00e9ation.<\/em><\/p>\n\n\n\n<p><em>Les diverses mutations de cette farce nous montre que les contes se chargent des histoires de ceux qui les content, chacun marqu\u00e9s du contexte historique et social de leur \u00e9poque.<\/em><\/p>\n\n\n\n<p><em>Curieusement le conte est n\u00e9 dans une ville marqu\u00e9e par Napol\u00e9on (on y f\u00eate les grognards encore aujourd\u2019hui dans le Parc des Noues)&nbsp;; et notre \u00e9tude se conclut dans une ville fond\u00e9e par Napol\u00e9on.<\/em><\/p>\n\n\n\n<p>Revenons \u00e0 la r\u00e9alit\u00e9 pour&nbsp; r\u00e9introduire &nbsp;le contexte global de la r\u00e9alisation du spectacle sur deux quartiers de La Roche sur Yon.<\/p>\n\n\n\n<h2 class=\"wp-block-heading\"><strong>I\/ ENVIRONNEMENT DU PROJET<\/strong><\/h2>\n\n\n\n<p>Chaque projet s\u2019inscrit dans un contexte historique et culturel. Il me semble important de rappeler l\u2019histoire de La Roche sur yon pour comprendre que ses habitants ont h\u00e9rit\u00e9 d\u2019une ville profond\u00e9ment marqu\u00e9e par son fondateur.<\/p>\n\n\n\n<p>Tant sa cr\u00e9ation que l\u2019\u00e9volution de&nbsp; son organisation&nbsp; illustrent la volont\u00e9 de faire de La Roche sur Yon un socle de valeurs r\u00e9publicaines.<\/p>\n\n\n\n<h3 class=\"wp-block-heading\"><strong>A\/ La ville de La Roche sur Yon<\/strong><\/h3>\n\n\n\n<h4 class=\"wp-block-heading\"><strong>1&nbsp;: Une histoire particuli\u00e8re<\/strong><\/h4>\n\n\n\n<p>La Roche sur Yon petit bourg, f\u00fbt choisi par Napol\u00e9on 1<sup>er<\/sup> pour devenir capitale de la vend\u00e9e comme l\u2019atteste &nbsp;le d\u00e9cret envoy\u00e9 aupr\u00e8s des autorit\u00e9s administratives pour l\u2019application de cette d\u00e9cision.(1)<\/p>\n\n\n\n<p>Le choix de la&nbsp; fondation de la ville&nbsp; repose sur deux crit\u00e8res&nbsp;:<\/p>\n\n\n\n<p>Un imp\u00e9ratif de gestion&nbsp; territoriale afin de&nbsp; r\u00e9tablir des \u00e9quilibres g\u00e9ographiques et administratifs d\u2019une r\u00e9gion enclav\u00e9e.<\/p>\n\n\n\n<p>La capitale de la r\u00e9gion \u00e9tait jusqu\u2019alors Fontenay le comte, situ\u00e9e \u00e0 l\u2019extr\u00eame sud du d\u00e9partement.<\/p>\n\n\n\n<p>L\u2019ensemble du d\u00e9partement, fait de bocage et de bois \u00e9pais est difficile d\u2019acc\u00e8s n\u2019ayant pas de r\u00e9seaux routiers suffisants.<\/p>\n\n\n\n<p>Pour l\u2019anecdote qui montre le retard des infrastructures routi\u00e8res du d\u00e9partement, Il faudra 23 jours aux journaliers affect\u00e9s aux travaux&nbsp; pour aplanir la rue principale de Fontenay (de la R\u00e9publique) pour que le carrosse imp\u00e9rial puisse correctement traverser la ville lors de sa visite.<\/p>\n\n\n\n<p>(1)Extrait du site histoire du consulat et du premier Empire&nbsp;. <a href=\"http:\/\/www.hirtoire_empire.org\/new_2004.htm_129k\">www.hirtoire_empire.org\/new_2004.htm_129k<\/a>.<\/p>\n\n\n\n<p>Au palais de Saint-Cloud, le 5 prairial an XII, Napol\u00e9on, Empereur des Fran\u00e7ais, sur le rapport du ministre de l&rsquo;Int\u00e9rieur,<br>Arr\u00eate ce qui suit :&nbsp;Article 1er. Le chef-lieu du d\u00e9partement de la Vend\u00e9e sera transf\u00e9r\u00e9 \u00e0 La Roche-sur-Yon le premier fructidor prochain.<br>Art. 2. Un ing\u00e9nieur des ponts et chauss\u00e9es et un officier du g\u00e9nie militaire seront envoy\u00e9s \u00e0 La Rocher-sur-Yon. Ils d\u00e9termineront sur les lieux l&#8217;emplacement de la pr\u00e9fecture, du tribunal, de la prison, de casernes propres \u00e0 contenir deux bataillons d&rsquo;infanterie et les officiers, d&rsquo;un h\u00f4pital militaire pour 300 lits, d&rsquo;une manutention des Vivres, d&rsquo;un magasin de subsistances et d&rsquo;un lyc\u00e9e. Ils traceront l&rsquo;ouverture et l&rsquo;alignement des rues, dont le terrain serait conc\u00e9d\u00e9 \u00e0 la charge de b\u00e2tir des maisons. Leurs plans et projets seront dress\u00e9s dans les proportions n\u00e9cessaires \u00e0 une ville de 12 \u00e0 15 000 habitants. Ils reconna\u00eetront le cours de l&rsquo;Yon et d\u00e9termineront l&rsquo;esp\u00e8ce de navigation dont cette rivi\u00e8re est susceptible. Ces op\u00e9rations seront dirig\u00e9es et suivies de mani\u00e8re que les m\u00e9moires d\u00e9taill\u00e9s et tous les plans \u00e0 l&rsquo;appui soient pr\u00e9sent\u00e9s par le ministre de l&rsquo;int\u00e9rieur au premier travail de messidor prochain.<br>Art. 3. Les routes seront ouvertes entre La Roche-sur-Yon, Les Sables d&rsquo;Olonne, Montaigu et Sainte-Hermine et dirig\u00e9es de mani\u00e8re que la communication soit \u00e9tablie entre Fontenay, Nantes, Les Sables et La Roche-sur-Yon.<br>Art. 4. Un m\u00e9moire et des projets seront dress\u00e9s pour faire conna\u00eetre : l\u00b0 les am\u00e9liorations n\u00e9cessaires au port des Sables pour qu&rsquo;il devienne le port d&rsquo;entrep\u00f4t de toute la Vend\u00e9e, 2\u00b0 les manufactures qui peuvent \u00eatre \u00e9tablies \u00e0 La Roche-sur-Yon et les encouragements qui peuvent \u00eatre accord\u00e9s.<br>Art. 5. La construction des b\u00e2timents de la pr\u00e9fecture, du tribunal et de la prison commencera d\u00e8s cette ann\u00e9e. A cet effet, un fonds de 50 000 F est mis \u00e0 disposition du ministre de l&rsquo;int\u00e9rieur.<br>Art. 6. La construction des casernes, de l&rsquo;h\u00f4pital militaire, de la manutention des vivres et du magasin des subsistances commencera d\u00e8s cette ann\u00e9e. A cet effet, un fonds de 50 000 F est mis \u00e0 la disposition du ministre de la guerre.<br>Art. 7. Les travaux pour les communications de La Roche-sur-Yon aux Sables d&rsquo;Olonne, \u00e0 Montaigu et \u00e0 Sainte- Hermine commenceront sans aucun d\u00e9lai et seront poursuivis avec activit\u00e9. A cet effet, un fonds de 300 000 F est mis \u00e0 la disposition du ministre de l&rsquo;int\u00e9rieur<br>Art. 8. Les ministres de l&rsquo;int\u00e9rieur, de la Guerre et du Tr\u00e9sor public sont charg\u00e9s de l&rsquo;ex\u00e9cution du pr\u00e9sent d\u00e9cret.<\/p>\n\n\n\n<p>Un imp\u00e9ratif politique de pacification de cette r\u00e9gion traumatis\u00e9e par les exactions r\u00e9publicaines de la terreur R\u00e9volutionnaire.<\/p>\n\n\n\n<p>Le danger toujours imminent selon l\u2019empereur de voir les anglais d\u00e9barquer sur les c\u00f4tes accentue le d\u00e9sir d\u2019y installer et de contr\u00f4ler par une forte garnison le secteur vend\u00e9en.<\/p>\n\n\n\n<p>Enfin il existe une insurrection r\u00e9currente qui se solde par les soul\u00e8vements en 1803 d\u2019Aizenay. Cette instabilit\u00e9 du pouvoir donne l\u2019urgence n\u00e9cessaire \u00e0 la volont\u00e9 de cr\u00e9er une ville sous le pouvoir de l\u2019empereur et de son administration.<\/p>\n\n\n\n<p>C\u2019est ainsi que la ville \u00ab&nbsp;Napol\u00e9on&nbsp;\u00bb, premier nom de la ville de La Roche sur Yon, na\u00eetra sous la direction des \u00e9tudes et travaux des Ponts et Chauss\u00e9es, corps d\u2019ing\u00e9nieurs n\u00e9s sous Napol\u00e9on, sans le concours d\u2019architecte priv\u00e9, du moins dans un premier temps. \u00bb. La population de la ville \u00e9tait alors essentiellement compos\u00e9e de militaires en garnison et de fonctionnaires, situation qui n\u2019a gu\u00e8re \u00e9volu\u00e9, La Roche sur Yon \u00e9tant encore aujourd\u2019hui un centre administratif avec un nombre importants de cat\u00e9gorie d\u2019employ\u00e9s sur les services tertiaires, sans classe de population d\u2019origine noble ou bourgeoise.<\/p>\n\n\n\n<p>En effet son caract\u00e8re artificiel ne lui conf\u00e9rait aucun attrait et il a fallu attendre le XX\u00e8me si\u00e8cle pour la voir prosp\u00e9rer de fa\u00e7on significative.<\/p>\n\n\n\n<p>Regroupement de bourgs<\/p>\n\n\n\n<p>La deuxi\u00e8me caract\u00e9ristique de La Roche sur Yon est qu\u2019apr\u00e8s s\u2019\u00eatre tr\u00e8s vite organis\u00e9e en&nbsp;&nbsp; enceinte administrative et militaire concentr\u00e9e autour d\u2019un pentagone parfait,&nbsp; elle s\u2019est d\u00e9velopp\u00e9e au fur et \u00e0 mesure de l\u2019int\u00e9gration des hameaux voisins. Ainsi,&nbsp; Les Forges&nbsp; un groupe de maisons \u00e9tait d\u00e9j\u00e0 inscrit sur la carte de Cassini au 17<sup>\u00e8me<\/sup> si\u00e8cle, et a perdur\u00e9 jusqu\u2019\u00e0&nbsp; aujourd\u2019hui.<\/p>\n\n\n\n<p>La ville s&rsquo;est donc&nbsp; d\u00e9velopp\u00e9e petit \u00e0 petit, jusqu&rsquo;\u00e0 atteindre les limites du territoire de la commune et s\u2019est donc historiquement construite autour des diff\u00e9rents quartiers, leur donnant leur identit\u00e9 respective, ainsi elle &nbsp;a fusionn\u00e9e en 1964 avec deux villes limitrophes, <a href=\"http:\/\/fr.wikipedia.org\/w\/index.php?title=Saint-Andr%C3%A9-d%27Ornay&amp;action=edit\">Saint-Andr\u00e9-d&rsquo;Ornay<\/a> et le <a href=\"http:\/\/fr.wikipedia.org\/w\/index.php?title=Bourg-sous-la-Roche&amp;action=edit\">Bourg-sous-la-Roche<\/a>.<\/p>\n\n\n\n<p>&nbsp; Les quartiers Pyramides-Jean Yole \u00e9tant les derniers, b\u00e2tis autour d\u2019habitats collectifs dans les ann\u00e9es 1970.<\/p>\n\n\n\n<p>Depuis d&rsquo;autres constructions r\u00e9centes de type r\u00e9sidentiel comme La Brossardi\u00e8re se greffent sur les quartiers existants et leur infrastructure administrative et sociale sans, pour l&rsquo;instant, modifier l&rsquo;identit\u00e9 de quartier.<\/p>\n\n\n\n<h4 class=\"wp-block-heading\"><strong>2&nbsp;: La ville, un cadre de partenariat&nbsp; pour les quartiers<\/strong><\/h4>\n\n\n\n<p>La charte de partenariat&nbsp; contract\u00e9e avec les maisons de quartier de la ville de<\/p>\n\n\n\n<p>La roche sur yon&nbsp; s\u2019inscrit dans la d\u00e9fense des valeurs fondamentales r\u00e9publicaines&nbsp;:<\/p>\n\n\n\n<p>Elle d\u00e9fend le respect de la libert\u00e9 d\u2019association, de l\u2019ind\u00e9pendance des projets et de l\u2019autonomie associative.<\/p>\n\n\n\n<p>Elle d\u00e9fend le respect du bien public, des services publics, la l\u00e9gitimit\u00e9 de l\u2019\u00e9lu au suffrage universel.<\/p>\n\n\n\n<p>Elle d\u00e9fend la reconnaissance r\u00e9ciproque&nbsp;:<\/p>\n\n\n\n<p>1\/Des associations \u00e0 \u00eatre actrices de l\u2019animation globale dans la cit\u00e9, &nbsp;&nbsp;&nbsp;&nbsp;&nbsp;&nbsp; de la vie sociale dans les quartiers, \u00e0 \u00eatre porteuses d\u2019initiatives.<\/p>\n\n\n\n<p>2\/De la ville \u00e0 conduire sa politique publique, \u00e0 assumer ses &nbsp;&nbsp;&nbsp;&nbsp; responsabilit\u00e9s et \u00e0 d\u00e9velopper son action publique envers tous les &nbsp;&nbsp;&nbsp;&nbsp;&nbsp;&nbsp; habitants, \u00e0 soutenir toutes formes de citoyennet\u00e9.<\/p>\n\n\n\n<p>Il est \u00e9tabli que la reconnaissance des quartiers constitue une priorit\u00e9 de la politique de d\u00e9veloppement de la vie sociale de la cit\u00e9.<\/p>\n\n\n\n<p>Par cet engagement, il est affirm\u00e9<\/p>\n\n\n\n<p>&nbsp;&nbsp;&nbsp;&nbsp;&nbsp;&nbsp; 1\/que les quartiers et leurs associations repr\u00e9sentatives sont des partenaires \u00e0 part enti\u00e8re de la politique de la ville.<\/p>\n\n\n\n<p>2\/Le quartier, lieu d\u2019identit\u00e9 sociale, culturelle et \u00e9conomique doit jouer un r\u00f4le essentiel dans la politique de d\u00e9veloppement urbain.<\/p>\n\n\n\n<p>Dans cette perspective, les \u00e9quipements de quartier repr\u00e9sentent des lieux de vitalit\u00e9, de libert\u00e9 et de solidarit\u00e9 d\u2019o\u00f9 peuvent \u00e9merger de nouveaux modes de relation entre les habitants.<\/p>\n\n\n\n<p>La ville affirme avec force son choix en faveur de la vie associative et sa confiance dans sa capacit\u00e9 d\u2019adaptation, de souplesse et de cr\u00e9ativit\u00e9 des forces qui les constituent. Elle entend donc mener avec les associations un rapport de dialogue et de confiance bas\u00e9 sur la responsabilit\u00e9.<\/p>\n\n\n\n<p>Les associations reconnaissent le r\u00f4le d\u00e9terminant des habitants dans son projet. Elles se fixent donc comme but la promotion des habitants de fa\u00e7on \u00e0 ce que ceux-ci deviennent les acteurs de leur destin\u00e9e et de la vie sociale locale tout en veillant \u00e0 s\u2019adresser plus particuli\u00e8rement \u00e0 tous ceux qui ont des difficult\u00e9s \u00e0 se faire reconna\u00eetre comme acteurs.<\/p>\n\n\n\n<h4 class=\"wp-block-heading\"><strong>3: Un sch\u00e9ma fonctionnel autarcique<\/strong><\/h4>\n\n\n\n<p>Malgr\u00e9 cette pr\u00e9sentation refl\u00e9tant une r\u00e9alit\u00e9 concr\u00e8te (aucun \u00e9lu ne si\u00e8ge dans les conseils d\u2019administration des maisons de quartier) j\u2019objecterai \u00e0 ce syst\u00e8me organisationnel d\u00e9mocratique un p\u00e9ch\u00e9 de perfection.<\/p>\n\n\n\n<p>Les intentions, louables au demeurant, de la ville \u00e0 veiller sur le d\u00e9veloppement social de ses quartiers provoquent une omnipr\u00e9sence souvent v\u00e9cue comme oppressante qu\u2019on pourrait comparer \u00e0 une maman parfaite qui pense et pr\u00e9voit tout, contraire par essence \u00e0 l\u2019autonomie.<\/p>\n\n\n\n<p>Dans le d\u00e9sir de bien faire, la ville est depuis tant d\u2019ann\u00e9es \u00e0 la pointe du d\u00e9veloppement citoyen de ses administr\u00e9s et par l\u00e0 m\u00eame si pr\u00e9sente dans&nbsp; l\u2019organisation d\u00e9mocratique par une profusion d\u2019instances de concertation o\u00f9 elle est \u00e0 l\u2019\u00e9coute de ses habitants qu\u2019elle provoque une inertie fonctionnelle pr\u00e9judiciable.<\/p>\n\n\n\n<p>&nbsp;Les habitants sont devenus extr\u00eamement exigeants envers \u00ab&nbsp;LA VILLE&nbsp;\u00bb, habitu\u00e9s \u00e0 \u00eatre entendus au travers des multiples lieux de concertation, ils exercent trop souvent ce droit pour&nbsp; obtenir la r\u00e9alisation d\u2019\u00e9quipements publics en d\u00e9laissant &nbsp;le terrain des id\u00e9es et des initiatives largement prises en charge par les services municipaux et les&nbsp; charg\u00e9s de mission.<\/p>\n\n\n\n<p>Il n\u2019y a pas \u00e0 rechercher des id\u00e9es propices au d\u00e9veloppement social car la ville a initi\u00e9 la r\u00e9flexion avant ses habitants.<\/p>\n\n\n\n<p>D\u2019autre part, la ville, g\u00e9n\u00e9reuse pour ses projets de quartier favorise toutes associations yonnaises r\u00e9pondant aux crit\u00e8res g\u00e9n\u00e9raux d\u00e9finis par la charte associative, ce qui en soit est coh\u00e9rent.<\/p>\n\n\n\n<p>&nbsp;Toutefois quand on pratique l\u2019animation sociale, sportive et culturelle comme partenaire conventionn\u00e9 avec la ville, on finit par \u00eatre d\u00e9pendant d\u2019un r\u00e9seau de partenaires li\u00e9s contractuellement ce qui appauvrit l\u2019innovation, la cr\u00e9ativit\u00e9 et l\u2019adaptation \u00e0 d\u2019autres pratiques et d\u2019autres champs.<\/p>\n\n\n\n<p>Chaque association&nbsp; subventionn\u00e9e et l\u00e9gitim\u00e9e va dans son champ alimenter le partenariat puisqu\u2019elle a l\u2019obligation contractuelle de travailler avec les quartiers.&nbsp; Ce maillage n\u2019est pas un circuit obligatoire puisqu\u2019 aucune ing\u00e9rence ne s\u2019effectue sur la gestion des projets de quartier&nbsp;: c\u2019est davantage v\u00e9cu comme une vaste organisation convenue.<\/p>\n\n\n\n<p>Cependant malgr\u00e9 la s\u00e9v\u00e9rit\u00e9 de ces observations, il n\u2019en reste pas moins vrai que La Roche sur Yon est un lieu de&nbsp; d\u00e9mocratie participative et qu\u2019elle est l\u2019exemple des limites que doit s\u2019imposer l\u2019animateur dans l\u2019accompagnement de projet pour ne pas empi\u00e9ter sur le terrain de l\u2019initiative individuelle et collective des habitants.<\/p>\n\n\n\n<p>Dans mon analyse je n\u2019oublie pas la situation politique particuli\u00e8re \u00e0 la Vend\u00e9e o\u00f9 s\u2019affrontent deux blocs qui ne se conc\u00e8dent aucun terrain d\u2019entente, la ville et le conseil g\u00e9n\u00e9ral,&nbsp; ce qui fait de La Roche sur Yon et ce depuis des d\u00e9cennies&nbsp; une ville fortifi\u00e9e, ancr\u00e9e farouchement dans ses valeurs r\u00e9publicaines.<\/p>\n\n\n\n<h3 class=\"wp-block-heading\"><strong>B\/ Les moyens d\u2019une politique sociale et culturelle forte.<\/strong><\/h3>\n\n\n\n<h4 class=\"wp-block-heading\"><strong>1&nbsp;: Les maisons de quartiers<\/strong><\/h4>\n\n\n\n<p>Elles sont au nombre de neuf r\u00e9parties sur l\u2019ensemble de la ville.<\/p>\n\n\n\n<p>Elles reprennent en partie la sectorisation initiale des quartiers qui se sont implant\u00e9s au fil des ans dans le maillage territorial de La Roche sur Yon.<\/p>\n\n\n\n<p>Au sud de la ville, elles sont implant\u00e9es dans les quartiers pavillonnaires voire r\u00e9sidentiels de derni\u00e8re g\u00e9n\u00e9ration&nbsp;qui pour certains se sont greff\u00e9s sur d\u2019anciens bourgs existants (Le bourg et Saint Andr\u00e9 d\u2019Ornay).<\/p>\n\n\n\n<p>La maison de quartier du Bourg<\/p>\n\n\n\n<p>La maison de quartier de la vall\u00e9e verte<\/p>\n\n\n\n<p>La maison de quartier du Val D\u2019Ornay<\/p>\n\n\n\n<p>La maison de quartier de Saint Andr\u00e9 d\u2019Ornay<\/p>\n\n\n\n<p>Au centre, La maison de quartier de la libert\u00e9 et celle du Pont Morineau,<\/p>\n\n\n\n<p>Au nord de la ville, elles sont situ\u00e9es au c\u0153ur des l\u2019habitat collectif ou pavillonnaire de type plus ancien \u00e0 l\u2019exception de certains lotissements&nbsp;:<\/p>\n\n\n\n<p>La maison de quartier des Forges<\/p>\n\n\n\n<p>La maison de quartier des Pyramides<\/p>\n\n\n\n<p>La maison de quartier Jean Yole<\/p>\n\n\n\n<p>Leurs objectifs sont r\u00e9gis par les chartes et conventions d\u00e9finis par les partenaires financiers et sont pour la plupart sous le statut de centre social, except\u00e9 La maison de quartier du Pont Morineau.<\/p>\n\n\n\n<p>Il n\u2019y a pas de diff\u00e9rence fondamentale dans leur mission quoique toute organis\u00e9es selon un fonctionnement qui leur est propre, \u00e9manation de leur conseil d\u2019administration.&nbsp;<\/p>\n\n\n\n<p>Elles sont toutes adh\u00e9rentes de l\u2019association ACYAQ.<\/p>\n\n\n\n<h4 class=\"wp-block-heading\"><strong>2&nbsp;: L\u2019Association de coordination yonnaise des quartiers<\/strong><\/h4>\n\n\n\n<p>L\u2019ACYAQ est une \u00e9manation de l\u2019ensemble des quartiers de La Roche sur Yon.<\/p>\n\n\n\n<p>Ses objectifs contractuels avec la ville sont la coordination, le soutien et la promotion des actions initi\u00e9es au sein des associations adh\u00e9rentes, \u00e0 leur demande.<\/p>\n\n\n\n<p>Par cette convention elle peut \u00eatre amen\u00e9e \u00e0 \u00eatre op\u00e9rateur pour la mise en \u0153uvre d\u2019actions coordonn\u00e9es. Cette mission sera n\u00e9goci\u00e9e et conventionn\u00e9e avec la ville et les maisons de quartiers.<\/p>\n\n\n\n<p>Elle est \u00e9galement gestionnaire des moyens mat\u00e9riels, mutualis\u00e9s, mis \u00e0 disposition prenant la forme d\u2019une coop\u00e9rative.<\/p>\n\n\n\n<p>Son action se d\u00e9cline en 3 points&nbsp;:<\/p>\n\n\n\n<ol class=\"wp-block-list\" type=\"1\"><li>Etre un lieu d\u2019\u00e9change, de r\u00e9flexion, d\u2019harmonisation, d\u2019animation, d\u2019\u00e9valuation et de gestion au service de la vie associative socioculturelle yonnaise pour soutenir l\u2019action des maisons de quartier.<\/li><\/ol>\n\n\n\n<ul class=\"wp-block-list\"><li>Ces structures continuent \u00e0 d\u00e9finir et g\u00e9rer les projets d\u2019animation sp\u00e9cifiques \u00e0 leur champ d\u2019intervention sur leur quartier respectif.<\/li><\/ul>\n\n\n\n<ul class=\"wp-block-list\"><li>Elle assure la gestion administrative et financi\u00e8re des personnels permanents qu\u2019elle met \u00e0 disposition des associations de quartier \u00e0 vocation d\u2019animation globale.<\/li><\/ul>\n\n\n\n<h4 class=\"wp-block-heading\"><strong>3&nbsp;: Les \u00e9quipements culturels<\/strong><\/h4>\n\n\n\n<p>La Roche-sur-Yon poss\u00e8de les \u00e9quipements d&rsquo;une ville de 100 000 habitants telle la Sc\u00e8ne nationale du man\u00e8ge qui prouve la volont\u00e9 politique d\u2019offir un lieu de culture qui &nbsp;accueille de nombreux artistes dans un cadre de qualit\u00e9.<\/p>\n\n\n\n<p>Elle dispose pour agir&nbsp;:<\/p>\n\n\n\n<p>&#8211; du<strong> Th\u00e9\u00e2tre municipal <\/strong>de &nbsp;350 places, actuellement en cours de r\u00e9novation, r\u00e9ouverture en janvier 2005 et remplac\u00e9 temporairement par la salle du Concorde de 240 places,<br>&#8211; de <strong>la salle du Man\u00e8ge<\/strong> de 840 places,<br>&#8211; d\u2019un <strong>studio de danse<\/strong>,<br>&#8211; de la <strong>Maison Gueffier<\/strong><\/p>\n\n\n\n<p>&nbsp;<strong>La M\u00e9diath\u00e8que<\/strong> de la Ville qui accueille les nouvelles technologies de l&rsquo;information et de la communication, a ouvert ses portes en 2000.<\/p>\n\n\n\n<p>La m\u00e9diath\u00e8que Benjamin Rabier s&rsquo;inscrit aujourd&rsquo;hui au c\u0153ur d&rsquo;un r\u00e9seau r\u00e9parti sur cinq sites, deux sites en centre ville (m\u00e9diath\u00e8que centrale et d\u00e9partement art) et trois \u00e9quipements de proximit\u00e9 dans les quartiers (m\u00e9diath\u00e8ques de Saint-Andr\u00e9-d&rsquo;Ornay, du Bourg-sous-la-Roche et des Pyramides).<\/p>\n\n\n\n<p>La <strong>Vid\u00e9oth\u00e8que<\/strong> propose un panorama de la cr\u00e9ation cin\u00e9matographique depuis le d\u00e9but du si\u00e8cle. Elle rend compte de la vari\u00e9t\u00e9 de la production en France, en Europe et dans le monde.<\/p>\n\n\n\n<p>L&rsquo;<strong>Artoth\u00e8que<\/strong> est un service de pr\u00eat d&rsquo;estampes (gravures, lithographies, s\u00e9rigraphies) et de photographies originales, qui permet aux particuliers et aux collectivit\u00e9s d&rsquo;int\u00e9grer dans leur environnement (domicile, association, \u00e9tablissement scolaire) des t\u00e9moignages de l&rsquo;art<\/p>\n\n\n\n<p>L\u2019<strong>Ecole d\u2019art municipale<\/strong> propose une formation aux pratiques plastiques, ouverte \u00e0 tous les publics<br>(enfants, jeunes et adultes).<\/p>\n\n\n\n<p>Enfin, les structures et activit\u00e9s festives \u00e0 La Roche-sur-Yon permettent au Yonnais de b\u00e9n\u00e9ficier d\u2019une animation urbaine tout au long de l\u2019ann\u00e9e&nbsp;: Carnaval, Journ\u00e9es du Patrimoine, F\u00eate du go\u00fbt, Biennale des Jardins et Paysages, March\u00e9 de No\u00ebl, Zygomates (festival des Arts de la rue), Festival du film \u00ab&nbsp;En route pour le monde&nbsp;\u00bb et le, Fuzz\u2019Yon, sc\u00e8ne de musiques amplifi\u00e9es.<\/p>\n\n\n\n<h4 class=\"wp-block-heading\"><strong>Le chapiteau culturel<\/strong><\/h4>\n\n\n\n<p>Dernier n\u00e9 des \u00e9quipements culturels g\u00e9r\u00e9s par le service culturel de la ville, il a \u00e9t\u00e9 con\u00e7u dans le but d\u2019apporter l\u2019animation culturelle au c\u0153ur des quartiers.<\/p>\n\n\n\n<p>Ancien barnum, il a \u00e9t\u00e9 r\u00e9habilit\u00e9 en salle de spectacle pouvant accueillir entre 100 et 150 places assises organis\u00e9es autour d\u2019une sc\u00e8ne de 7m par 6m.<\/p>\n\n\n\n<p>Il est \u00e9quip\u00e9 d\u2019une r\u00e9gie technique et du personnel s\u2019y aff\u00e9rant comme toute salle de spectacle.<\/p>\n\n\n\n<p>L\u2019objectif \u00e9tant de permettre l\u2019acc\u00e8s aux habitants des quartiers \u00e0 des spectacles de proximit\u00e9 de qualit\u00e9 mais aussi de promouvoir l\u2019art populaire des quartiers \u00e0 la dimension de la ville.<\/p>\n\n\n\n<p>La ville prenant en charge la totalit\u00e9 des budgets initi\u00e9s pendant le temps d\u2019animation sur le quartier mis en \u0153uvre par la coordination du chapiteau et de l\u2019\u00e9quipe associative des quartiers.<\/p>\n\n\n\n<p>Cela r\u00e9pond \u00e0 un besoin d\u2019associer les habitants&nbsp; \u00e0 l\u2019animation culturelle de proximit\u00e9, par la mise en place d\u2019une coordination avec les acteurs que sont les b\u00e9n\u00e9voles et les professionnels des associations pour r\u00e9fl\u00e9chir ensemble \u00e0 une programmation culturelle prenant en compte l\u2019identit\u00e9 du quartier.<\/p>\n\n\n\n<p>L\u2019inauguration de cet \u00e9quipement avait \u00e9t\u00e9 pr\u00e9vu dans un premier temps sur le quartier des Forges avec en lever de rideau une repr\u00e9sentation du spectacle de la Grenouille bleue, conte r\u00e9alis\u00e9 par l\u2019ensemble de l\u2019\u00e9quipe&nbsp; de la maison de quartier dont j\u2019\u00e9tais \u00e0 l\u2019\u00e9poque, la directrice.<\/p>\n\n\n\n<p>Malheureusement, les autorisations d\u2019ouverture n\u2019ayant pas \u00e9t\u00e9 obtenues&nbsp; par la ville au moment de la finalisation du spectacle en avril 2003, l\u2019objectif final de le pr\u00e9senter sous le chapiteau culturel n\u2019a pas \u00e9t\u00e9 atteint.<\/p>\n\n\n\n<p>Mon d\u00e9part en cong\u00e9 parental n\u2019a fait que retarder davantage le projet.<\/p>\n\n\n\n<p>L\u2019aventure du conte se poursuit &nbsp;et je me propose de vous en restituer l\u2019histoire de puis le d\u00e9but et de vous en exposer les&nbsp; suites qui permettra&nbsp; de la finaliser par sa programmation sous le chapiteau des Arts nomades pr\u00e9vu pour octobre 2005, sur le quartier Jean Yole.<\/p>\n\n\n\n<h3 class=\"wp-block-heading\">III\/ PREMIER ACTE DU PROJET \u00ab&nbsp; LA GRENOUILLE BLEUE&nbsp;\u00bb<\/h3>\n\n\n\n<p>Il se situe sur le quartier des Forges, dans le cadre du projet social de l\u2019Aadiqno, association de gestion du centre social de ce quartier.<\/p>\n\n\n\n<p>J\u2019ai pris mes fonctions de direction sur cette association au lendemain d\u2019une p\u00e9riode de rupture entre l\u2019Aadiqno et la ville et au moment du renouvellement de l\u2019agr\u00e9ment du projet social.<\/p>\n\n\n\n<p>C\u2019est pourquoi il m\u2019appara\u00eet n\u00e9cessaire, pour une meilleure compr\u00e9hension de la situation du quartier au moment de la mise en place du projet de la grenouille bleue de faire un retour sur l\u2019histoire du quartier et de l\u2019association en plus du diagnostic social.<\/p>\n\n\n\n<h4 class=\"wp-block-heading\"><strong>A\/ L\u2019environnement historique et social du quartier des Forges<\/strong><\/h4>\n\n\n\n<h4 class=\"wp-block-heading\"><strong>1&nbsp;: Histoire singuli\u00e8re&nbsp; du quartier des Forges<\/strong><\/h4>\n\n\n\n<p><strong>&nbsp;<\/strong>A l\u2019origine la cr\u00e9ation de l\u2019Aadiqno est fond\u00e9e sur&nbsp; une revendication l\u00e9gitime&nbsp;: Faire reconna\u00eetre les difficult\u00e9s quotidiennes que vivent les habitants du fait du passage \u00e0 niveau.<\/p>\n\n\n\n<p>&nbsp;La Roche sur Yon \u00e9tant la gare centrale de la Vend\u00e9e,&nbsp; le r\u00e9seau fonctionne beaucoup et occasionne de nombreuses fermetures du passage \u00e0 niveau (76 trains par jour).<\/p>\n\n\n\n<p>En effet, la liaison ferrovi\u00e8re est une fronti\u00e8re naturelle qui coupe le quartier des Forges du centre ville sur toute la longueur et qui de fait isole ses habitants qui ne peuvent traverser la voie sinon au passage \u00e0 niveau, limite du quartier.<\/p>\n\n\n\n<p>Le contournement de la voie ferr\u00e9e pour rallier le centre ville occasionne un important d\u00e9tour pour les habitants tant en voiture, qu\u2019\u00e0 pied.<\/p>\n\n\n\n<p>Le journal de quartier a d\u2019ailleurs pour titre \u00ab&nbsp;au-del\u00e0 du rail&nbsp;\u00bb.<\/p>\n\n\n\n<p>La mobilisation des habitants autour du passage \u00e0 niveau aboutira \u00e0 la cr\u00e9ation d\u2019une premi\u00e8re association \u00ab&nbsp;association des utilisateurs du passage \u00e0 niveau&nbsp;\u00bb en 1973 avec des r\u00e9unions dans les sous sol des b\u00e2timents collectifs.<\/p>\n\n\n\n<p>Les besoins \u00e9mergents de la population et la mont\u00e9e de la d\u00e9linquance aboutiront \u00e0 la modification de l\u2019association par une nouvelle appellation&nbsp;: \u00ab&nbsp;L\u2019Aadiqno&nbsp;\u00bb.<\/p>\n\n\n\n<h4 class=\"wp-block-heading\"><strong>2&nbsp;: L\u2019AADIQNO, un militantisme de combat.<\/strong><\/h4>\n\n\n\n<p>L\u2019Aadiqno, association d\u2019animation et de d\u00e9fense des int\u00e9r\u00eats du quartier nord ouest emprunte pour sa d\u00e9nomination un vocabulaire dont on pressent une connotation combative.Il \u00e9voque un respect militant et citoyen qui ne s\u2019est jamais d\u00e9menti au fil de son histoire.<\/p>\n\n\n\n<p>En effet, le mot d\u00e9fense n\u2019est pas vain puisqu\u2019il illustre des positions qu\u2019a eu l\u2019association dans son pass\u00e9&nbsp;:<\/p>\n\n\n\n<ul class=\"wp-block-list\"><li>Mobilisation en 1977 contre l\u2019implantation d\u2019une grande surface sur le terrain pressenti pour la cr\u00e9ation du centre social.<\/li><li>Construction en 1980-1981 de la maison de quartier sur les plans propos\u00e9s par les habitants.<\/li><\/ul>\n\n\n\n<p>&#8211;&nbsp;&nbsp;&nbsp;&nbsp; R\u00e9sistance organis\u00e9e par l\u2019association pour garder en autogestion le personnel d\u2019animation du centre social. Seul le poste de direction restera sous la gestion associative de l\u2019Aadiqno avec l\u2019aide de la subvention cons\u00e9quente (42&nbsp;000 euros)du conseil g\u00e9n\u00e9ral.<\/p>\n\n\n\n<ul class=\"wp-block-list\"><li>R\u00e9alisation de l\u2019\u00e9quipement caf\u00e9-club sur le terrain annexe de la maison de quartier.<\/li><li>Cr\u00e9ation d\u2019un chantier d\u2019insertion au terrain d\u2019aventure en 1990-1991 et conflit avec la ville pour que la structure reste \u00e0 l\u2019Aadiqno et ne soit pas int\u00e9gr\u00e9 aux centres de loisirs de la ville.<\/li><li>Volont\u00e9 affirm\u00e9e de garder ses activit\u00e9s de soutien scolaire en gestion ind\u00e9pendante sans int\u00e9grer l\u2019organisation \u00ab&nbsp;accompagnement scolaire&nbsp;\u00bb g\u00e9r\u00e9 par les services scolaires de la ville.<\/li><li>En 2000-2001, \u00e9clate le conflit r\u00e9current de la gestion du poste de direction entre l\u2019Aadiqno et la ville qui souhaite l\u2019inscription du poste de direction \u00e0 l\u2019Acyaq ainsi que le changement de convention collective (SNAECSO) pour celle du SNOGAEC (convention de l\u2019ensemble des autres maisons de quartier de la ville.<\/li><\/ul>\n\n\n\n<p>L\u2019association va se bagarrer fermement pendant des mois mais sous la pression de la ville de La Roche sur Yon qui la menace de lui retirer sa mission d\u2019int\u00e9r\u00eat g\u00e9n\u00e9ral et les subventions qui en d\u00e9coulent, elle perd la bataille.<\/p>\n\n\n\n<p>Cela entra\u00eenera&nbsp;&nbsp; la d\u00e9mission de la majorit\u00e9 de ses administrateurs et de son directeur. C\u2019est \u00e0 la suite de cette rupture que je prends mes fonctions au sein de l\u2019Aadiqno.<\/p>\n\n\n\n<p>L\u2019association poursuivra sa mission, acceptant les r\u00e8gles de la municipalit\u00e9 de rallier l\u2019organisation de l\u2019Acyaq et d\u2019adh\u00e9rer de fait \u00e0 la convention collective du SNOGAEC.<\/p>\n\n\n\n<p>La d\u00e9faite face \u00e0 la ville r\u00e9duira la force mobilisatrice de l\u2019Aadiqno mais l\u2019association restera vigilante \u00e0 faire entendre sa voix pour ce qui est de l\u2019am\u00e9nagement et l\u2019animation de son quartier.<\/p>\n\n\n\n<p>Ainsi,&nbsp; quand il s\u2019est d\u00e9cid\u00e9 le passage d\u2019une voie souterraine d\u00e9viant la circulation du quartier pour le passage du rail par la mairie, l\u2019Aadiqno &nbsp;a organis\u00e9 des r\u00e9unions d\u2019information, de r\u00e9flexion et de propositions concr\u00e8tes quant \u00e0 la r\u00e9alisation du projet d\u2019am\u00e9nagement.<\/p>\n\n\n\n<p>Son identit\u00e9 ne trouve pas sa source seulement dans le conflit, elle s\u2019est \u00e9labor\u00e9e gr\u00e2ce \u00e0 des actes solidaires en faveur de l\u2019ensemble de ses habitants.<\/p>\n\n\n\n<p>Elle n\u2019a pas h\u00e9sit\u00e9 \u00e0 ester en justice en faveur d\u2019une des habitantes du quartier qui avait subi un outrage racial.<\/p>\n\n\n\n<p>De m\u00eame qu\u2019elle a su&nbsp; intervenir par la mobilisation des r\u00e9seaux professionnels n\u00e9cessaires \u00e0 la r\u00e9gulation d\u2019un &nbsp;conflit de voisinage perturbant la vie de quartier.<\/p>\n\n\n\n<p>Ces exemples, et ils ne sont pas exhaustifs, montrent que l\u2019Aadiqno dans un d\u00e9sir d\u2019autogestion affirm\u00e9e est capable d\u2019une grande mobilisation citoyenne pour garder la responsabilit\u00e9 du devenir dans son quartier<\/p>\n\n\n\n<h4 class=\"wp-block-heading\"><strong>3&nbsp;: Une classification \u00ab&nbsp;zone urbaine sensible&nbsp;\u00bb<\/strong><\/h4>\n\n\n\n<p>La typologie du quartier est comme beaucoup de territoire class\u00e9&nbsp; ZUS, partag\u00e9e entre des habitats collectifs et des zones pavillonnaires.<\/p>\n\n\n\n<p>&nbsp;Le c\u0153ur historique du quartier des Forges est \u00e0 l\u2019origine constitu\u00e9 de modestes maisons essentiellement occup\u00e9es par les familles de cheminot.<\/p>\n\n\n\n<p>Le d\u00e9veloppement d\u00e9mographique de La- Roche sur-Yon \u00e0 partir des ann\u00e9es cinquante a abouti \u00e0 la construction successive de zones d\u2019habitation partag\u00e9e entre pavillons et HLM.<\/p>\n\n\n\n<p>&nbsp;L\u2019installation des familles d\u2019origine diverses (rurales, ouvri\u00e8res, immigr\u00e9es et rapatri\u00e9s d\u2019Alg\u00e9rie) s\u2019est op\u00e9r\u00e9e de fa\u00e7on r\u00e9guli\u00e8re et progressive pour atteindre en 1975, 5600habitants.<\/p>\n\n\n\n<p>Une restructuration des logements effectu\u00e9e \u00e0 partir de 1984 avec la transformation d\u2019un des HLM d\u2019habitation en bureaux pour les organismes sociaux, et le regroupement des familles en situation monoparentale sur les logements collectifs et enfin les effets de la d\u00e9natalit\u00e9 entra\u00eeneront la baisse du nombre d\u2019habitants en 1992 \u00e0 4600.<\/p>\n\n\n\n<p>Les caract\u00e9ristiques principales de ces quartiers sont qu\u2019ils regroupent une population fragilis\u00e9e par quatre facteurs situationnels principaux&nbsp;: (1)<\/p>\n\n\n\n<ul class=\"wp-block-list\"><li>Les femmes en situation monoparentales.<\/li><li>Les personnes isol\u00e9es .<\/li><li>Les personnes immigr\u00e9es.<\/li><li>Les anciens ouvriers souvent en situation de ch\u00f4mage apr\u00e8s la chute de l\u2019activit\u00e9 secondaire.<\/li><\/ul>\n\n\n\n<p><em>(1) <\/em><em>Source Contrats de ville 2000-2006 &#8211; Atlas r\u00e9gional &#8211; D\u00e9l\u00e9gation interminist\u00e9rielle \u00e0 la ville &#8211; avril 2002<\/em><\/p>\n\n\n\n<p>&nbsp;parmi les quelques 730 000 familles r\u00e9sidant en ZUS et ayant au moins un enfant de moins de 25 ans, pr\u00e8s de 30 % (29,6 %) sont monoparentales contre 17,4 % au plan national, cette derni\u00e8re sp\u00e9cificit\u00e9 des ZUS s\u2019est accus\u00e9e sur la derni\u00e8re d\u00e9cennie.<\/p>\n\n\n\n<p>En outre, les familles monoparentales ne constituent pas une cat\u00e9gorie homog\u00e8ne et celles qui habitent en ZUS se distinguent par plusieurs traits souvent associ\u00e9s \u00e0 une plus grande vuln\u00e9rabilit\u00e9 : elles ont en moyenne un nombre plus \u00e9lev\u00e9 d\u2019enfants \u00e0 charge, l\u2019adulte responsable de la famille est plus souvent jeune (dans 16 % des cas il a moins de 30ans alors cette proportion est de 10% France enti\u00e8re ), dans pr\u00e8s de 9 familles monoparentales r\u00e9sidant en ZUS sur 10, l\u2019adulte est une femme et la moiti\u00e9 d\u2019entre elles n\u2019ont pas d\u2019emploi ( elles sont au ch\u00f4mage ou inactives), ce dernier type de familles est, on le sait par ailleurs, particuli\u00e8rement expos\u00e9 au risque de pauvret\u00e9.<\/p>\n\n\n\n<p>Parmi les jeunes de moins de 15 ans habitant en ZUS en 1999 environ 23 % vivent dans une famille monoparentale,c\u2019\u00e9tait le cas d\u2019un peu plus de 16 % d\u2019entre eux en 1990, cette progression peut sembler rapide mais elle est en proportion du m\u00eame ordre de grandeur au niveau national.<\/p>\n\n\n\n<p>&nbsp;la part des personnes vivant seules, si elle reste en 1999 inf\u00e9rieure \u00e0 la place de ce type de m\u00e9nage dans l\u2019ensemble des m\u00e9nages urbains, a progress\u00e9 plus rapidement dans les ZUS pour repr\u00e9senter en 1999 presque un m\u00e9nage sur 3 (31,9 %).<\/p>\n\n\n\n<p>Comme dans l\u2019ensemble du territoire, la part de la population de nationalit\u00e9 \u00e9trang\u00e8re a diminu\u00e9 dans les ZUS entre1990 et 1999, elle est \u00e0 cette derni\u00e8re date de 16,5 % contre 18,6% neuf ann\u00e9es auparavant, mais elle reste plus de trois fois plus \u00e9lev\u00e9e que le taux national (5,6 % en 1999). Dans le m\u00eame temps, la surrepr\u00e9sentation des m\u00e9nages dont la personne de r\u00e9f\u00e9rence est \u00e9trang\u00e8re s\u2019accuse au cours de la d\u00e9cennie : de 15,7 % des m\u00e9nages habitant en ZUS,leur proportion passe \u00e0 16,8 % tandis que la part de ces m\u00e9nages dans l\u2019ensemble de l\u2019urbain est en l\u00e9g\u00e8re baisse (de8,1 \u00e0 7,8 %). Ces \u00e9volutions en apparence paradoxales peuvent s\u2019expliquer par une diminution particuli\u00e8rement rapide dans les ZUS de la taille des m\u00e9nages dont la personne de r\u00e9f\u00e9rence est \u00e9trang\u00e8re et par des acquisitions de nationalit\u00e9 fran\u00e7aise (ou d\u00e9clarations de nationalit\u00e9 fran\u00e7aise au recensement) plus fr\u00e9quentes dans les jeunes g\u00e9n\u00e9rations d\u2019enfants dont les parents conservent leur nationalit\u00e9 d\u2019origine.<\/p>\n\n\n\n<p>Quartiers populaires, les ZUS comptent dans leur population peu de m\u00e9nages de cadres et de professions intellectuelles sup\u00e9rieures et peu d\u2019ind\u00e9pendants et chefs d\u2019entreprises. A l\u2019inverse, les m\u00e9nages d\u2019employ\u00e9s et surtout d\u2019ouvriers 2 y sont surrepr\u00e9sent\u00e9s : ainsi, en 1990 plus d\u2019un m\u00e9nage sur trois y est ouvrier<\/p>\n\n\n\n<p>Le quartier des Forges garde une population plus jeune que la moyenne fran\u00e7aise, m\u00eame si cela a un caract\u00e8re dynamisant il n\u2019emp\u00eache que c\u2019est une population plus fragilis\u00e9e souvent vuln\u00e9rabilis\u00e9e dans sa situation face au ch\u00f4mage notamment.<em><\/em><\/p>\n\n\n\n<ul class=\"wp-block-list\"><li>Les 0-24 ans repr\u00e9sentent 37% de la population (25.6% pour la France en 1990)<\/li><li>Les 25-59 ans repr\u00e9sentent 44% de la population (53.8 % pour la France)<\/li><\/ul>\n\n\n\n<p>&#8211;&nbsp;&nbsp;&nbsp;&nbsp; Les 60 ans et plus repr\u00e9sentent 19% de la population (20.6 % pour la France) &nbsp;<\/p>\n\n\n\n<p>Plus pr\u00e9cis\u00e9ment,&nbsp;sur 95 familles inscrites sur le secteur enfance du quartier en 2002, on note&nbsp;:<\/p>\n\n\n\n<p>&#8211;&nbsp;&nbsp;&nbsp;&nbsp;&nbsp; 24,26 % en situation pr\u00e9caire (RMI, ch\u00f4mage, allocation AAH ou parent isol\u00e9) dont 31 familles en situation monoparentale.<\/p>\n\n\n\n<p>&#8211;&nbsp;&nbsp;&nbsp;&nbsp;&nbsp; 33,36% avec un revenu<\/p>\n\n\n\n<p>&#8211;&nbsp;&nbsp;&nbsp;&nbsp;&nbsp; 30,33% avec deux revenus<\/p>\n\n\n\n<p>&#8211;&nbsp;&nbsp;&nbsp;&nbsp;&nbsp; 2,2% retrait\u00e9s avec enfants \u00e0 charge<\/p>\n\n\n\n<p>&#8211;&nbsp;&nbsp;&nbsp;&nbsp;&nbsp; 2% familles d\u2019accueil<em><\/em><\/p>\n\n\n\n<p>Les usagers du secteur enfance vivent pour la moiti\u00e9 d\u2019entre eux avec de faibles revenus et pour un tiers en situation de pr\u00e9carit\u00e9 sociale.<\/p>\n\n\n\n<p>Si on prend comme grille de lecture le calcul du quotient retenu par la caisse d\u2019allocations familiales, elles rel\u00e8vent pour un tiers des effectifs au trois premiers quotients CAF.<\/p>\n\n\n\n<p>Le quartier des Forges n\u2019offre que tr\u00e8s peu d\u2019activit\u00e9s commer\u00e7antes ou d\u2019implantation d\u2019entreprise.<\/p>\n\n\n\n<p>&nbsp;Il a par contre un ensemble group\u00e9 d\u2019\u00e9quipements \u00e9ducatifs&nbsp;: lyc\u00e9e, coll\u00e8ge et \u00e9coles et un fort regroupement de services administratifs et sociaux au sein des logements collectifs.<\/p>\n\n\n\n<p>Le quartier a donc subi comme beaucoup d\u2019autres semblables les distorsions de la crise \u00e9conomique des ann\u00e9es 80 et subit encore aujourd\u2019hui l\u2019image d\u2019un quartier difficile.<\/p>\n\n\n\n<h4 class=\"wp-block-heading\"><strong>B\/ Diagnostic du projet social<\/strong><\/h4>\n\n\n\n<p>La maison de quartier des Forges est soumise aux r\u00e8gles d\u2019agr\u00e9ment de la CAF comme centre social et \u00e0 ce titre doit r\u00e9guli\u00e8rement \u00e9tablir un projet social visant par ses orientations \u00e0 r\u00e9pondre aux aspirations des habitants du quartier. &nbsp;<\/p>\n\n\n\n<p>Alors que&nbsp; l\u2019association a d\u00e9fendu la r\u00e9alisation de ses \u00e9quipements pour son projet de quartier, l\u2019Aadiqno n\u2019a pas toujours su faire \u00e9voluer son action avec les nouveaux&nbsp; besoins du quartier et le dernier diagnostic social a montr\u00e9 les limites de son rayonnement sur le quartier.<\/p>\n\n\n\n<h4 class=\"wp-block-heading\"><strong>1&nbsp;: Des \u00e9quipements sous utilis\u00e9s<\/strong><\/h4>\n\n\n\n<p>Par la convention sign\u00e9e avec la municipalit\u00e9 de La Roche sur Yon&nbsp; l\u2019Aadiqno est responsable de la gestion et de l\u2019animation de certains \u00e9quipements du quartier des Forges.<\/p>\n\n\n\n<p><strong>La maison de quartier<\/strong>&nbsp;: Vaste \u00e9quipement de 616 m2, elle abrite toutes les instances relatives \u00e0 la mission d\u2019animation globale&nbsp;: R\u00e9unions, commissions, bureaux, conseil d\u2019administration, relais partenarial et location de salles.<\/p>\n\n\n\n<p>Et de fait les bureaux du personnel de direction, du secr\u00e9tariat et de l\u2019\u00e9quipe d\u2019animation se trouvent dans les locaux de la maison de quartier.<\/p>\n\n\n\n<p>Outre sa fonction de si\u00e8ge social de l\u2019Aadiqno, la maison de quartier a aussi la vocation d\u2019accueillir les activit\u00e9s du secteur adulte tant culturelles, de d\u00e9tente que sociales.<\/p>\n\n\n\n<p>La maison de quartier se d\u00e9coupe en trois salles d\u2019activit\u00e9s, trois bureaux et une cuisine.<\/p>\n\n\n\n<p>La grande salle est am\u00e9nag\u00e9e pour recevoir des spectacles de petite envergure, des expositions, des assembl\u00e9es ou des f\u00eates conviviales pour 200 personnes.<\/p>\n\n\n\n<p>L\u2019atelier sert aux activit\u00e9s salissantes car il est dot\u00e9 d\u2019un \u00e9vier. La peinture sur soie et les arts plastiques sont dans cette salle.<\/p>\n\n\n\n<p>Le salon est adapt\u00e9 aux activit\u00e9s de d\u00e9tente, jeux de soci\u00e9t\u00e9, broderie, sophrologie et les r\u00e9unions comme le conseil d\u2019administration ou partenariales.<\/p>\n\n\n\n<p><strong>Le caf\u00e9-club<\/strong>&nbsp;: Sur une surface totale de 377 m2, quatre petites salles s\u2019\u00e9chelonnent autour d\u2019un espace central \u00e9quip\u00e9 d\u2019un bar et d\u2019une cuisine.<\/p>\n\n\n\n<p>Le caf\u00e9-club est l\u2019outil privil\u00e9gi\u00e9 pour toutes les rencontres conviviales comme accueil d\u00eenatoire un soir par semaine ouvert aux habitants du quartier.<\/p>\n\n\n\n<p>Il accueille aussi l\u2019accompagnement scolaire. Exceptionnellement il est un lieu de&nbsp; repli pour les activit\u00e9s li\u00e9es au secteur jeune.<\/p>\n\n\n\n<p>Enfin l\u2019\u00e9ducateur de pr\u00e9vention de la ville a son bureau dans ces locaux.<\/p>\n\n\n\n<p><strong>Le bricojeux<\/strong>&nbsp;: s\u2019organise autour d\u2019un bureau, d\u2019une remise, d\u2019une cuisine et de deux salles d\u2019activit\u00e9s pour une totalit\u00e9 de surface de 87 m2.<\/p>\n\n\n\n<p>C\u2019est ici que se d\u00e9roulent les activit\u00e9s du secteur enfance dont celles du centre de loisirs bien qu\u2019il ne soit&nbsp; pas adapt\u00e9 aux activit\u00e9s de l\u2019enfance (pas de salle de repos, un seul toilette perch\u00e9 en&nbsp; au haut des escaliers qui ne r\u00e9pond pas aux normes)<\/p>\n\n\n\n<p>Il se situe au c\u0153ur de b\u00e2timents HLM.<\/p>\n\n\n\n<p><strong>Le terrain d\u2019aventure<\/strong>&nbsp;: b\u00e2ti sur un \u00eelot de verdure, au milieu du quartier pavillonnaire des p\u00e2querettes et depuis peu de la Brossardi\u00e8re, cet espace d\u2019animation de 140 m2 est utilis\u00e9 exclusivement pendant la p\u00e9riode d\u2019\u00e9t\u00e9 comme suppl\u00e9ment d\u2019espace ou pour organiser des activit\u00e9s de plein air tant pour le secteur jeunesse (caisse \u00e0 savon) que pour le centre de loisirs.<\/p>\n\n\n\n<p>Il est distribu\u00e9 autour de deux salles d\u2019activit\u00e9s, un bureau, deux garages et des sanitaires mais n\u2019\u00e9tant dot\u00e9 d\u2019aucun moyen de chauffage il n\u2019est utilis\u00e9 qu\u2019en p\u00e9riode d\u2019\u00e9t\u00e9.<\/p>\n\n\n\n<p>C\u2019est ici que se passe la kermesse de fin d\u2019\u00e9t\u00e9.<\/p>\n\n\n\n<p>Le terrain arbor\u00e9 permet \u00e0 tous les habitants du quartier de profiter d\u2019un espace en toute s\u00e9curit\u00e9 pour les f\u00eates d\u2019\u00e9t\u00e9 mais il n\u2019est pas ouvert et son utilisation passe par la maison de quartier.<\/p>\n\n\n\n<p>Ce sont donc 1220 m2 que peut utiliser l\u2019Aadiqno pour son animation globale.<\/p>\n\n\n\n<p>Hors quand on restitue par secteur la capacit\u00e9 d\u2019utilisation, on constate que les secteurs enfance- jeunesse &nbsp;ont de&nbsp; mani\u00e8re permanente et r\u00e9guli\u00e8re qu\u2019une faible part de l\u2019espace d\u2019animation disponible.<\/p>\n\n\n\n<p>Seul, &nbsp;l\u2019accompagnement scolaire utilise l\u2019espace du caf\u00e9 club, deux soirs par semaine.<\/p>\n\n\n\n<p>La majorit\u00e9 &nbsp;de l\u2019espace des \u00e9quipements de l\u2019Aadiqno est d\u00e9volue aux activit\u00e9s adultes.<\/p>\n\n\n\n<h4 class=\"wp-block-heading\"><strong>2&nbsp;: Une offre culturelle peu cibl\u00e9e sur les habitants.<\/strong><\/h4>\n\n\n\n<p>Le choix de l\u2019\u00e9quipe d\u2019animation est de ne pas proposer un accueil de type foyer de jeune mais de d\u00e9terminer des actions \u00e9labor\u00e9es autour de la notion de projet avec un autofinancement \u00e0 la cl\u00e9.<\/p>\n\n\n\n<p>Paradoxalement quand on analyse le type d\u2019action qui est men\u00e9e, on note que de nombreuses activit\u00e9s s\u2019\u00e9laborent avec des prestataires de service sur des animations consum\u00e9ristes (kart, bowling, mac do etc).<\/p>\n\n\n\n<p>M\u00eame si des projets sont conduits&nbsp; avec une r\u00e9elle recherche p\u00e9dagogique d\u2019autonomie comme la production de cidre ou l\u2019atelier caisse \u00e0 savon, l\u2019offre est cibl\u00e9e autour des activit\u00e9s de loisirs.<\/p>\n\n\n\n<p>&nbsp;Il n\u2019y a pas de proposition d\u2019activit\u00e9s culturelles en direction des enfants et des jeunes du quartier.<\/p>\n\n\n\n<p>Aucune activit\u00e9&nbsp; culturelle de type ateliers permanents, ouverts n\u2019est propos\u00e9e aux habitants pour leurs enfants en dehors du fonctionnement du centre de loisirs qui est un accueil ouvert \u00e0 la journ\u00e9e ou demi journ\u00e9e.<\/p>\n\n\n\n<p>Les familles n\u2019ont pas de contact avec la maison de quartier puisque les activit\u00e9s sont d\u00e9velopp\u00e9es au sein du Bricojeux en autonomie totale de fonctionnement (inscriptions et paiements<\/p>\n\n\n\n<p>Tandis que les activit\u00e9s culturelles pratiqu\u00e9es dans les locaux de la maison de quartier&nbsp;: yoga, sophrologie, peinture sur soie, arts plastiques, broderie, jeux de soci\u00e9t\u00e9, danse de salon s\u2019adressent en grande majorit\u00e9 \u00e0 des adultes ne vivant pas sur le quartier.<\/p>\n\n\n\n<p>A cela s\u2019ajoute que les activit\u00e9s inchang\u00e9es depuis tr\u00e8s longtemps ne r\u00e9pondent plus aux&nbsp; besoins des nouveaux habitants install\u00e9s sur la r\u00e9sidence des Brossardi\u00e8res.<\/p>\n\n\n\n<p>Les nouvelles familles &nbsp;dites moyennes &nbsp;sont \u00e0 la recherche d\u2019activit\u00e9s plus culturelles \u00e0 partager avec leurs enfants et non plus des activit\u00e9s de type centre de loisirs, seule offre de loisirs actuellement d\u00e9velopp\u00e9e \u00e0 l\u2019Aadiqno pour les enfants.<\/p>\n\n\n\n<p>Enfin la population magrh\u00e9bine, importante sur le quartier en raison de l\u2019implantation voisine de la mosqu\u00e9e ne fr\u00e9quente pas les activit\u00e9s adultes existantes et ne sont d\u2019ailleurs pas repr\u00e9sent\u00e9es au sein des instances de l\u2019Aadiqno.<\/p>\n\n\n\n<h4 class=\"wp-block-heading\"><strong>3&nbsp;: Une organisation de la vie statutaire excluante.<\/strong><\/h4>\n\n\n\n<p>L\u2019organisation de la vie statutaire correspond au m\u00eame sch\u00e9ma.<\/p>\n\n\n\n<p>En effet, \u00e0 l\u2019image de l\u2019organisation des activit\u00e9s, l\u2019adh\u00e9sion n\u2019est soumise qu\u2019aux personnes pratiquant des activit\u00e9s r\u00e9guli\u00e8res.<\/p>\n\n\n\n<p>De fait comme il n\u2019y a pas d\u2019activit\u00e9 culturelle en destination des jeunes et de l\u2019enfance, les familles ne sont pas adh\u00e9rentes et ne peuvent donc pas participer \u00e0 la vie statutaire de l\u2019association.<\/p>\n\n\n\n<p>Cela n\u2019emp\u00eache &nbsp;pas les familles du Bricojeux ou les jeunes \u00e0 souscrire \u00e0 l\u2019adh\u00e9sion.<\/p>\n\n\n\n<p>Cependant la l\u00e9gitimit\u00e9 de l\u2019adh\u00e9sion est inverse dans le sens o\u00f9 les personnes qui sont membres actifs sont pour beaucoup externalis\u00e9s \u00e0 la vie de quartier tandis que ceux qui sont directement concern\u00e9s par le projet social ne sont qu\u2019usagers et ne peuvent voter les orientations de l\u2019assembl\u00e9e g\u00e9n\u00e9rale.<\/p>\n\n\n\n<p>C\u2019est en prenant en compte l\u2019ensemble de ces constats que l\u2019Aadiqno et l\u2019\u00e9quipe professionnelle va proposer un nouveau projet social pour la p\u00e9riode 2001-2005.<\/p>\n\n\n\n<h4 class=\"wp-block-heading\"><strong>C\/ L\u2019AADIQNO, l\u2019ouverture vers tous ses habitants<\/strong><\/h4>\n\n\n\n<h4 class=\"wp-block-heading\"><strong>1&nbsp;: permettre aux habitants de s\u2019investir dans la vie du centre social&nbsp;<\/strong><\/h4>\n\n\n\n<p>&#8211; C\u2019est revoir l\u2019organisation des instances associatives et les formes de participation des diff\u00e9rents publics.<\/p>\n\n\n\n<p>Par le biais de l\u2019adh\u00e9sion, les habitants doivent se r\u00e9approprier l\u2019outil politique&nbsp; du projet social dont les d\u00e9finitions sont d\u00e9battues dans les commissions et valid\u00e9es \u00e0 l\u2019assembl\u00e9e g\u00e9n\u00e9rale.<\/p>\n\n\n\n<p>Les ateliers d\u2019expression mis en place&nbsp; pour le projet de la grenouille bleue soient la danse, le th\u00e9\u00e2tre et le &nbsp;hip hop pour les enfants et les jeunes permettront l\u2019adh\u00e9sion \u00e0 la maison de quartier des familles.<\/p>\n\n\n\n<p>Cela leur permettra \u00e9galement d\u2019investir les commissions li\u00e9es au secteur culturel.<\/p>\n\n\n\n<p>&#8211; C\u2019est encourager les initiatives \u00e9mergentes des personnes du quartier par un soutien logistique de leurs actions.<\/p>\n\n\n\n<p>L\u2019ouverture au sein des locaux de la maison de quartier \u00e0 un autre public que celui des ateliers adultes&nbsp; participe \u00e0 l\u2019\u00e9change des habitants avec l\u2019\u00e9quipe b\u00e9n\u00e9vole et professionnelle qui ne se c\u00f4toient que peu.<\/p>\n\n\n\n<p>En effet l\u2019animation \u00e9tant organis\u00e9e par secteur territorialement distinct.<\/p>\n\n\n\n<p>Les familles pouvant s\u2019inscrire au centre de loisirs au bureau du bricojeux, elles n\u2019ont pas \u00e0 aller \u00e0 la maison de quartier. Elles n\u2019ont donc pas d\u2019occasion de rencontrer les b\u00e9n\u00e9voles ni les animateurs relevant des autres secteurs.<\/p>\n\n\n\n<p>Pour faire des projets ensemble, la notion pr\u00e9alable est la rencontre.<\/p>\n\n\n\n<p>&#8211; C\u2019est r\u00e9interroger les r\u00e9f\u00e9rents des ateliers adultes existants sur la notion de projet social.<\/p>\n\n\n\n<p>Il faut rappeler que les r\u00e9f\u00e9rents des activit\u00e9s sont au-del\u00e0 de l\u2019encadrement technique un relais entre les usagers, les adh\u00e9rents et la maison de quartier.<\/p>\n\n\n\n<p>Leur r\u00f4le est aussi d\u2019informer les nouveaux adh\u00e9rents qu\u2019il y a solidarit\u00e9 entre les secteurs diff\u00e9renci\u00e9s dans le projet social et que leur cotisation participe \u00e0 la mise en place d\u2019actions en faveur de l\u2019enfance et la jeunesse.<\/p>\n\n\n\n<p>L\u2019acte d\u2019adh\u00e9rer \u00e0 une maison de quartier plut\u00f4t qu\u2019\u00e0 un club n\u2019est pas neutre et qu\u2019il ne peut s\u2019agir principalement de pratiques consum\u00e9ristes. Le fait de participer \u00e0 un \u00e9v\u00e8nement culturel tel qu\u2019une pi\u00e8ce de th\u00e9\u00e2tre c\u2019est se mettre au service d\u2019un&nbsp; quartier.<\/p>\n\n\n\n<p>Cela&nbsp; participe au processus de mixit\u00e9 sociale et au maintien d\u2019un esprit collectif inh\u00e9rent \u00e0 un projet de quartier.<\/p>\n\n\n\n<p>Le projet de la grenouille bleue \u00e9tant entre autres l\u2019occasion de rassembler des personnes issues de toutes conditions \u00e0 r\u00e9aliser un projet collectif \u00e9labor\u00e9 \u00e0 partir des ressources des personnes participant aux ateliers.&nbsp;&nbsp;&nbsp;&nbsp;&nbsp;&nbsp;&nbsp;&nbsp;&nbsp;&nbsp;<\/p>\n\n\n\n<h4 class=\"wp-block-heading\"><strong>2&nbsp;: Promouvoir la culture<\/strong><\/h4>\n\n\n\n<p>&#8211; C\u2019est permettre la diffusion des cultures du monde.&nbsp; L\u2019initiation \u00e0 l\u2019art comporte un \u00e9l\u00e9ment majeur de d\u00e9couverte des autres cultures.<\/p>\n\n\n\n<p>Au travers des diff\u00e9rentes sc\u00e8nes de la pi\u00e8ce, les enfants vont voir et entendre diverses sources d\u2019expressions auxquelles ils ne sont pas toujours habitu\u00e9s dans leur milieu environnant.<\/p>\n\n\n\n<p>On peut ainsi acc\u00e9der \u00e0 ce qui est diff\u00e9rent de soi ce qui implique une reconnaissance de l\u2019autre.<\/p>\n\n\n\n<p>&#8211; C\u2019est \u00eatre le relais d\u2019autres exp\u00e9riences sc\u00e9niques qui ont leur place dans le registre des pratiques artistiques amateurs.<\/p>\n\n\n\n<p>Nous dansons en premi\u00e8re partie sur une chanson \u00e9crite et r\u00e9alis\u00e9e par les enfants du&nbsp; quartier de la libert\u00e9 \u00ab&nbsp;Des hauts et des bas&nbsp;\u00bb.<\/p>\n\n\n\n<p>Les enfants int\u00e8grent le fait qu\u2019il y a reconnaissance de&nbsp; leur production artistique.<\/p>\n\n\n\n<h4 class=\"wp-block-heading\"><strong>&nbsp;&nbsp;&nbsp;&nbsp;&nbsp;&nbsp;&nbsp;&nbsp;&nbsp;&nbsp;&nbsp;&nbsp;&nbsp; 3&nbsp;: Favoriser des activit\u00e9s d\u2019expression et de cr\u00e9ation<\/strong><\/h4>\n\n\n\n<p>&#8211; &nbsp;C\u2019est d\u00e9velopper des ateliers de cr\u00e9ation et d\u2019expression<\/p>\n\n\n\n<p>Ouvrir les enfants \u00e0 des activit\u00e9s de cr\u00e9ation par une initiation \u00e0 des disciplines artistiques comme la danse et le th\u00e9\u00e2tre. Cela permet une ouverture de soi au monde qui l\u2019environne.<\/p>\n\n\n\n<p>&nbsp;&nbsp;&nbsp;&nbsp;&nbsp;&nbsp; &#8211; C\u2019est offrir un terrain d\u2019exp\u00e9riences \u00e0 l\u2019expression de ses \u00e9motions.<\/p>\n\n\n\n<p>La construction de l\u2019identit\u00e9 se fait aussi par la confrontation de ce que je suis \u00e0 ce qui m\u2019entoure.(1)<\/p>\n\n\n\n<p>La cr\u00e9ation permet de traduire des \u00e9motions, des ressentis et \u00e0 reformuler des repr\u00e9sentations qui n\u2019appartiennent qu\u2019\u00e0 soi.<\/p>\n\n\n\n<p>C\u2019est aussi la possibilit\u00e9 d\u2019exister autrement que par le jeu des savoirs norm\u00e9s car la cr\u00e9ation est libre de toute contrainte.<\/p>\n\n\n\n<ul class=\"wp-block-list\"><li>\u00ab&nbsp;Si elle r\u00e9ussit, cette qu\u00eate d\u2019identit\u00e9 g\u00e9n\u00e8re l\u2019estime de soi et fournit l\u2019\u00e9nergie \u00e9motionnelle n\u00e9cessaire pour continuer \u00e0 vivre. En cas d\u2019\u00e9chec, elle peut s\u2019av\u00e9rer d\u00e9vastatrice. D\u2019o\u00f9 son importance capitale. L\u2019identification \u00e0 un groupe, par exemple, permet \u00e0 l\u2019individu, paradoxalement, de se donner l\u2019impression de poss\u00e9der une plus grande personnalit\u00e9, de se d\u00e9passer, de se sentir davantage lui-m\u00eame&nbsp;\u00bb cit\u00e9 par Pierre Brais d\u2019apr\u00e8s \u00ab&nbsp;L\u2019invention de soi, une th\u00e9orie de l\u2019identit\u00e9&nbsp;\u00bb.Jean Paul KAUFFMAN Armand Colin \/ 2004<\/li><\/ul>\n\n\n\n<h4 class=\"wp-block-heading\"><strong>D\/ Le montage du spectacle<\/strong><\/h4>\n\n\n\n<h4 class=\"wp-block-heading\"><strong>&nbsp;&nbsp;&nbsp;&nbsp;&nbsp;&nbsp;&nbsp;&nbsp;&nbsp;&nbsp;&nbsp;&nbsp;&nbsp; 1&nbsp;: Les ressources collectives de l\u2019Aadiqno<\/strong><\/h4>\n\n\n\n<p><strong>1\/ Les r\u00e9f\u00e9rents d\u2019activit\u00e9s<\/strong><\/p>\n\n\n\n<p>Les activit\u00e9s culturelles et artistiques de la maison de quartier de Forges sont structur\u00e9es en ateliers encadr\u00e9s pour certains par des b\u00e9n\u00e9voles pour d\u2019autres par des salari\u00e9s de l\u2019Aadiqno dont les contrats sont en CDI.<\/p>\n\n\n\n<p>Ce sont donc des personnes ayant une forte connaissance du quartier, de son projet social m\u00eame si leur implication doit \u00eatre r\u00e9activ\u00e9e.<\/p>\n\n\n\n<p>C\u2019est ce que nous chercherons \u00e0 faire dans le projet de la grenouille bleue en leur d\u00e9montrant l\u2019utilit\u00e9 sociale d\u2019engager leurs savoir faire dans l\u2019action collective.<\/p>\n\n\n\n<p>Une premi\u00e8re r\u00e9union a permis de rappeler la n\u00e9cessit\u00e9 de travailler aux orientations globales du projet social, comme objectif g\u00e9n\u00e9ral de la structure.<\/p>\n\n\n\n<p>Une deuxi\u00e8me r\u00e9union afin d\u2019expliquer comment s\u2019investir &nbsp;dans le comit\u00e9 de pilotage pour d\u00e9finir les r\u00f4les de chacun dans l\u2019\u00e9laboration du spectacle et d\u2019en suivre les modalit\u00e9s de r\u00e9alisation avec l\u2019ensemble des acteurs du projet.<\/p>\n\n\n\n<p><strong>a\/ La danse de salon<\/strong><\/p>\n\n\n\n<p>L\u2019\u00e9quipe&nbsp;: Martine.G, Jacky.B,<\/p>\n\n\n\n<p>Cette discipline s\u2019apparentant plus ais\u00e9ment au spectacle, il a \u00e9t\u00e9 simple \u00e0 mettre en place.<\/p>\n\n\n\n<p>Malgr\u00e9 un groupe important de danseurs fr\u00e9quentant les cours il a \u00e9t\u00e9 retenu l\u2019hypoth\u00e8se de n\u2019avoir que deux danseurs sur sc\u00e8ne pour des raisons d\u2019espace.<\/p>\n\n\n\n<p>En effet, un tango \u00e9tant la danse retenue, la place sur sc\u00e8ne ne permettait pas d\u2019accueillir un groupe entier.<\/p>\n\n\n\n<p>De plus, c\u2019est le pr\u00e9sident de l\u2019association qui f\u00fbt mis en sc\u00e8ne, \u00e9tant lui-m\u00eame r\u00e9f\u00e9rent des cours de danse.<\/p>\n\n\n\n<p>Cela &nbsp;&nbsp;&nbsp;&nbsp;&nbsp;&nbsp; nous paraissait important dans le projet que les r\u00e9f\u00e9rents s\u2019investissent, la pi\u00e8ce \u00e9tant jou\u00e9e lors de l\u2019assembl\u00e9e g\u00e9n\u00e9rale. Le choix fut voulu d\u2019\u00eatre un spectacle rassembleur des \u00e9nergies b\u00e9n\u00e9voles du quartier et non un spectacle assimil\u00e9 \u00e0 un gala d\u2019\u00e9l\u00e8ves<\/p>\n\n\n\n<p><strong>b\/ Les arts plastiques<\/strong><\/p>\n\n\n\n<p>L\u2019\u00e9quipe&nbsp;: Madeleine T, Marie Claire P, Fabrice H.<\/p>\n\n\n\n<p>Il a \u00e9t\u00e9 plus facile d\u2019investir cet atelier qui s\u2019est naturellement port\u00e9 sur la cr\u00e9ation des d\u00e9cors.<\/p>\n\n\n\n<p>Nous avons repris ensemble la lecture du conte pour r\u00e9introduire les \u00e9l\u00e9ments de l\u2019histoire permettant aux personnes de s\u2019approprier l\u2019ambiance et le d\u00e9cor qui en d\u00e9coulerait.<\/p>\n\n\n\n<p>Comme pour la peinture sur soie, c\u2019\u00e9tait une premi\u00e8re exp\u00e9rience pour les personnes de participer \u00e0 une exp\u00e9rience collective, leurs cr\u00e9ations \u00e9tant habituellement individuelles.<\/p>\n\n\n\n<p>Il a donc fallu qu\u2019elles cr\u00e9ent ensemble un dessin qui serait ensuite reproduit \u00e0 grande \u00e9chelle (4 m x 3m).<\/p>\n\n\n\n<p>Un des parents des enfants, \u00e9tant peintre de m\u00e9tier, il s\u2019est int\u00e9gr\u00e9 \u00e0 l\u2019\u00e9quipe et a apport\u00e9&nbsp; le proc\u00e9d\u00e9 permettant de projeter \u00e0 partir d\u2019une maquette un dessin \u00e0 l\u2019\u00e9chelle de la sc\u00e8ne, ce qui a facilit\u00e9 l\u2019op\u00e9ration de reproduction du dessin.<\/p>\n\n\n\n<p>Le dessin r\u00e9alis\u00e9 dans un premier temps au crayon sur une pi\u00e8ce de tissu, a ensuite \u00e9t\u00e9 peint par l\u2019\u00e9quipe qui s\u2019est relay\u00e9e&nbsp; en organisant son travail en autonomie.<\/p>\n\n\n\n<p>Il est \u00e0 noter que l\u2019\u00e9quipe a choisi de reproduire \u00e0 l\u2019identique l\u2019\u00e9tang qui se trouve \u00eatre celui qui jouxte la maison de quartier, face au caf\u00e9 club, reconnaissable outre ses ajoncs et ses arbres, au chemin qui le longe dans son pourtour.<\/p>\n\n\n\n<p>La porte, n\u00e9cessaire au d\u00e9cor suivant, a \u00e9t\u00e9 \u00e9galement con\u00e7ue et peinte par l\u2019\u00e9quipe.<\/p>\n\n\n\n<p>La mise en place des fausses&nbsp; toiles d\u2019araign\u00e9es a \u00e9t\u00e9 test\u00e9e lors des r\u00e9p\u00e9titions<\/p>\n\n\n\n<p>et c\u2019est rest\u00e9 la mission de l\u2019\u00e9quipe les jours de spectacle.<\/p>\n\n\n\n<p><strong>c\/ L\u2019art floral<\/strong><\/p>\n\n\n\n<p>L\u2019\u00e9quipe&nbsp;: Josette.D, Monique.R, Jeanine.B<\/p>\n\n\n\n<p>Comme pour la peinture sur soie, l\u2019art floral ne se destine pas \u00e0 \u00eatre mis en sc\u00e8ne.<\/p>\n\n\n\n<p>Pourtant, nous avons recherch\u00e9 le moyen d\u2019int\u00e9grer dans le spectacle cet art.<\/p>\n\n\n\n<p>Nous avons donc eu l\u2019id\u00e9e d\u2019aller chercher une grosse souche d\u2019arbre en laissant le soin aux participants de l\u2019atelier de l\u2019habiller d\u2019un d\u00e9cor floral.<\/p>\n\n\n\n<p>Le r\u00e9sultat fut tr\u00e8s r\u00e9ussi. La souche f\u00fbt mise en \u00e9vidence face au public.<\/p>\n\n\n\n<p><strong>d\/ L\u2019atelier broderie<\/strong><\/p>\n\n\n\n<p>L\u2019\u00e9quipe&nbsp;: Eliane.G, Th\u00e9r\u00e8se.V, Nathalie.M, Mado.G, Andr\u00e9e.S, Jocelyne.T, Ginette.C, Catherine.C&nbsp;<\/p>\n\n\n\n<p>La r\u00e9f\u00e9rente m\u2019a demand\u00e9 de dessiner les costumes n\u2019en ayant jamais r\u00e9alis\u00e9 auparavant.<\/p>\n\n\n\n<p>A partir de mes sch\u00e9mas succincts, l\u2019\u00e9quipe de couture a ensuite r\u00e9alis\u00e9 l\u2019ensemble des costumes de sc\u00e8ne, ce qui a repr\u00e9sent\u00e9 un important&nbsp; travail.<\/p>\n\n\n\n<p>En effet, l\u2019\u00e9quipe a r\u00e9alis\u00e9 29 costumes&nbsp;: 15 spectres, 8 grenouilles, 6 personnages. Un \u00e0 un chaque acteur et danseur est pass\u00e9 \u00e0 la toise afin que les costumes s\u2019ajustent \u00e0 la morphologie de chacun.<\/p>\n\n\n\n<p>Il a fallu \u00e9galement tenir compte de la sp\u00e9cificit\u00e9 du choix des adolescents \u00e0 qui on ne fait pas porter n\u2019importe quelle tenue. Nous avons donc \u00e9cout\u00e9 les dol\u00e9ances des jeunes dans l\u2019\u00e9laboration de leurs costumes&nbsp;: pas trop moulants, avec des couleurs neutres, pas de jupes mais pas des pantalons informes sans style (prononcez sta\u00efle&nbsp;!).<\/p>\n\n\n\n<p>Respecter leurs avis nous a permis de les associer au travail de coupe, ce qui a permis de les initier \u00e0 la couture et par l\u00e0 m\u00eame \u00e0 leur montrer la difficult\u00e9 de mettre en \u00ab&nbsp;couture&nbsp;\u00bb un dessin ou une id\u00e9e.<\/p>\n\n\n\n<p>Cet atelier a atteint l\u2019objectif d\u2019un dialogue fructueux entre les g\u00e9n\u00e9rations, l\u2019atelier \u00e9tant fr\u00e9quent\u00e9 en tr\u00e8s grande majorit\u00e9 par des femmes \u00e0 la retraite.<\/p>\n\n\n\n<p>A l\u2019issue du spectacle les rapports ont chang\u00e9.<\/p>\n\n\n\n<p>Chaque grenouille \u00e9tait unique&nbsp;: Des pi\u00e8ces de &nbsp;broderies&nbsp; cama\u00efeux ont \u00e9t\u00e9 rajout\u00e9s sur le tissu initial et cousus avec des points diff\u00e9renci\u00e9s.<\/p>\n\n\n\n<p>Le crocodile sp\u00e9cialement difficile \u00e0 r\u00e9aliser avec sa m\u00e2choire pro\u00e9minente pourvue d\u2019une galerie de dents qui devait coiffer la t\u00eate de l\u2019acteur sans qu\u2019il ne soit dissoci\u00e9 de l\u2019ensemble et une grosse queue assez lourde pour \u00eatre cr\u00e9dible sans l\u2019\u00eatre trop pour ne pas d\u00e9s\u00e9quilibre l\u2019ensemble.<\/p>\n\n\n\n<p>La r\u00e9alisation de ce costume fut une prouesse digne d\u2019une costumi\u00e8re de th\u00e9\u00e2tre.<\/p>\n\n\n\n<p>Enfin, un soin particulier a \u00e9t\u00e9 apport\u00e9 aux personnages royaux (Ranacula et la reine) qui ont \u00e9t\u00e9 dot\u00e9s de costumes de tr\u00e8s belles factures agr\u00e9ment\u00e9s d\u2019une cape r\u00e9alis\u00e9e dans un autre tissu que leur v\u00eatement tout en \u00e9tant de ton assorti.<\/p>\n\n\n\n<p><strong>e\/ La peinture sur soie&nbsp;:<\/strong><\/p>\n\n\n\n<p>L\u2019\u00e9quipe&nbsp;: France P, Denise B, Yvette T,<\/p>\n\n\n\n<p>Discipline difficile \u00e0 montrer dans le cadre d\u2019un spectacle d\u2019expression, nous avons imagin\u00e9&nbsp; un personnage enti\u00e8rement con\u00e7u avec de la soie&nbsp;:<\/p>\n\n\n\n<p>Ce sera la luciole, messag\u00e8re ail\u00e9e dans l\u2019histoire, qui sera marionnette de soie manipul\u00e9e de l\u2019ext\u00e9rieur de la sc\u00e8ne. En effet ce personnage discret qui n\u2019a qu\u2019une seule r\u00e9plique mais qui dans l\u2019histoire rev\u00eat un caract\u00e8re symbolique pouvait ne pas \u00eatre personnifi\u00e9e.<\/p>\n\n\n\n<p>Il en fut donc ainsi et les participantes \u00e0 l\u2019atelier ont confectionn\u00e9 une bestiole de 80 centim\u00e8tres, \u00e0 la couleur jaune tirant ses reflets de l\u2019\u00e9clairage particulier a assur\u00e9 le r\u00f4le de la luciole initialement port\u00e9 par une danseuse solo.<\/p>\n\n\n\n<p>f\/ L\u2019atelier informatique<\/p>\n\n\n\n<p>Roger.S<\/p>\n\n\n\n<p>Il f\u00fbt \u00e9galement mis \u00e0 contribution dans le prologue pour r\u00e9aliser un diaporama sur l\u2019ordinateur qui servait de support pour engager la pi\u00e8ce de th\u00e9\u00e2tre.<\/p>\n\n\n\n<p><strong>2\/Le collectif des parents<\/strong><\/p>\n\n\n\n<p>Quant au travail collectif sur le costume des grenouilles, outre le v\u00eatement proprement&nbsp; dit, les mamans ont particip\u00e9 de mani\u00e8re collective \u00e0 la recherche de l\u2019accessoire finissant le costume.<\/p>\n\n\n\n<p>Elles ont opt\u00e9 pour un maquillage pr\u00e9cis de toutes les grenouilles qu\u2019elles ont pris en charge au moment des r\u00e9p\u00e9titions et du spectacle, en toute autonomie.<\/p>\n\n\n\n<p>Enfin un des parents, en plus de se joindre aux percussionnistes dans le spectacle, &nbsp;a r\u00e9ussi &nbsp;la transformation d\u2019un disque vinyl en cd pour l\u2019ensemble de la bande son ce qui n\u2019est pas facilement r\u00e9alisable aujourd\u2019hui et qui nous a bien aid\u00e9.<\/p>\n\n\n\n<p>Ce f\u00fbt pour la plupart la cl\u00e9 d\u2019entr\u00e9e au projet, ne participant \u00e0 aucun des ateliers de la maison de quartier.<\/p>\n\n\n\n<p>Au-del\u00e0 de l\u2019accompagnement habituel de leurs enfants sur un spectacle, les parents ont \u00e9t\u00e9 les personnes essentielles \u00e0 la r\u00e9alisation, se portant volontaires pour organiser les coulisses et faire le lien entre la sc\u00e8ne et les coulisses&nbsp;: cl\u00e9 du succ\u00e8s de l\u2019ensemble.<\/p>\n\n\n\n<p><strong>&nbsp;3\/ L\u2019\u00e9quipe professionnelle de l\u2019aadiqno<\/strong><\/p>\n\n\n\n<p><strong>a\/ Le centre de loisirs du Bricojeux<\/strong><\/p>\n\n\n\n<p>Le but \u00e9tant d\u2019associer les enfants au projet par une activit\u00e9 cr\u00e9atrice, il revient \u00e0 l\u2019\u00e9quipe d\u2019animation d\u2019organiser un atelier arts plastiques pour r\u00e9aliser l\u2019affiche qui servira \u00e0 la pr\u00e9sentation du spectacle de la \u00ab&nbsp;grenouille bleue&nbsp;\u00bb.<\/p>\n\n\n\n<p>Une animatrice, \u00e9tudiant en beaux arts a pris en charge le pilotage de cette action.<\/p>\n\n\n\n<p>Premi\u00e8re s\u00e9ance&nbsp;: Pr\u00e9sentation de l\u2019histoire aux enfants<\/p>\n\n\n\n<p>Deuxi\u00e8me s\u00e9ance&nbsp;: Les enfants s\u2019emparent d\u2019un personnage de leur choix et r\u00e9alise un dessin selon leur repr\u00e9sentation du personnage.<\/p>\n\n\n\n<p>Troisi\u00e8me s\u00e9ance&nbsp;: Une affiche commune est \u00e9labor\u00e9e mettant en sc\u00e8ne l\u2019ensemble des personnages selon le choix des enfants.<\/p>\n\n\n\n<p>Enfin la maquette de cette \u0153uvre commune est dupliqu\u00e9e pour \u00e9diter l\u2019affiche qui annoncera le spectacle et sera \u00e9galement la premi\u00e8re page du dossier de l\u2019assembl\u00e9e g\u00e9n\u00e9rale distribu\u00e9e \u00e0 l\u2019ensemble des participants.<\/p>\n\n\n\n<p>Trois enfants du centre participeront \u00e9galement au spectacle par le biais d\u2019un atelier percussions organis\u00e9 en stage pendant les vacances scolaires&nbsp;: un des animateurs ayant une formation des structures Bachet.(1)<\/p>\n\n\n\n<p><strong>b\/ Le secteur jeunesse<\/strong><\/p>\n\n\n\n<p>Ce secteur avait deux missions \u00e0 l\u2019int\u00e9rieur du projet&nbsp;:<\/p>\n\n\n\n<ul class=\"wp-block-list\"><li>Assurer la r\u00e9gie technique avec des jeunes volontaires sur le projet.<\/li><li>Mettre en \u0153uvre une chor\u00e9graphie hip hop au sein du spectacle.<\/li><\/ul>\n\n\n\n<p>Nous avions pr\u00e9vu un stage technique de trois journ\u00e9es avec un prestataire son et lumi\u00e8re pour apporter les connaissances suffisantes \u00e0 l\u2019encadrement technique du spectacle.<\/p>\n\n\n\n<p>Faute d\u2019inscription, le projet n\u2019a pas abouti et seul un jeune a particip\u00e9 \u00e9troitement \u00e0 la r\u00e9gie technique le jour de la pr\u00e9sentation.<\/p>\n\n\n\n<p>(1) Les structures sonores BASCHET ont \u00e9t\u00e9 con\u00e7ues pour l&rsquo;\u00e9veil de l&rsquo;enfant au monde des sons. Ce sont des instruments&nbsp; utilisant un principe acoustique simple : la mise en vibration du m\u00e9tal, provoqu\u00e9e par percussion, frottement, grattement,&nbsp; des tiges de verre reli\u00e9es \u00e0 des masses m\u00e9talliques.<\/p>\n\n\n\n<p>Par contre l\u2019animateur jeunesse, danseur de hip hop a encadr\u00e9 d\u00e8s le mois de f\u00e9vrier,&nbsp; un groupe d\u2019une quinzaine de jeunes issus de quartier qui ont r\u00e9alis\u00e9 la danse des spectres.<\/p>\n\n\n\n<p>Ils ont \u00e9galement particip\u00e9 \u00e0 l\u2019\u00e9laboration de leurs costumes ce qui a \u00e9t\u00e9 l\u2019occasion de croiser les g\u00e9n\u00e9rations de mani\u00e8re \u00e9troite, l\u2019atelier broderie \u00e9tant fr\u00e9quent\u00e9 par une majorit\u00e9 de femmes retrait\u00e9es.<\/p>\n\n\n\n<h4 class=\"wp-block-heading\"><strong>2&nbsp;: L\u2019assembl\u00e9e g\u00e9n\u00e9rale, vis\u00e9e op\u00e9ratoire du projet global<\/strong><\/h4>\n\n\n\n<p>Pr\u00e9vue fin avril comme chaque ann\u00e9e, l\u2019assembl\u00e9e g\u00e9n\u00e9rale est toujours un moment fort dans la vie d\u2019une association. Elle montre la force de l\u2019association par l\u2019adh\u00e9sion de ses membres au projet global de l\u2019association.<\/p>\n\n\n\n<p>C\u2019est strat\u00e9giquement durant cette assembl\u00e9e que se donne \u00e0 voir l\u2019engagement des b\u00e9n\u00e9voles.<\/p>\n\n\n\n<p>Pour cette ann\u00e9e, il a \u00e9t\u00e9 important de montrer l\u2019union de tous les membres apr\u00e8s les difficult\u00e9s li\u00e9es au d\u00e9part controvers\u00e9 de l\u2019ancien directeur et d\u2019une majorit\u00e9 d\u2019administrateurs.<\/p>\n\n\n\n<p>Cette soir\u00e9e repr\u00e9sentait donc un enjeu inhabituel face aux partenaires institutionnels&nbsp;: celui de montrer que les habitants avaient poursuivi le travail de r\u00e9flexion et d\u2019analyse n\u00e9cessaire \u00e0 l\u2019\u00e9laboration du projet social par un projet collectif fort r\u00e9pondant aux besoins de l\u2019ensemble des habitants du quartier.<\/p>\n\n\n\n<p>Leur combativit\u00e9 reconnue dans l\u2019histoire de l\u2019association \u00e9tait d\u00e9montr\u00e9e dans une instance&nbsp; officielle&nbsp;: c\u2019est ainsi que la grenouille bleue est devenue le rapport d\u2019activit\u00e9s de l\u2019association pour 2003.<\/p>\n\n\n\n<p>La grenouille bleue a contribu\u00e9 \u00e0 la r\u00e9appropriation de la maison de quartier et de son projet social par les adh\u00e9rents et les usagers que je pourrais qualifier de f\u00e9d\u00e9ratif.<\/p>\n\n\n\n<p>La vie d\u2019une maison de quartier d\u00e9pend aussi de la communication interne entre les diff\u00e9rentes instances statutaires que sont les bureaux, conseil d\u2019administration et coordination de l\u2019\u00e9quipe professionnelle qui pendant la p\u00e9riode concern\u00e9e soit de mai 2002 \u00e0 juin 2003 ont eu souvent dans leur ordre du jour \u00e0 traiter de la mise en \u0153uvre du projet de la \u00ab&nbsp;grenouille bleue&nbsp;\u00bb.<\/p>\n\n\n\n<p>Un centre social r\u00e9pond \u00e0 une multitude de besoins et le spectacle n\u2019ait qu\u2019une partie de l\u2019activit\u00e9 globale de la maison de quartier.<\/p>\n\n\n\n<p>Un rapport \u00e9crit des autres activit\u00e9s qu\u2019avait r\u00e9alis\u00e9 la maison de quartier sur Forges \u00e9tait donn\u00e9 \u00e0 chaque participant avec le programme de la soir\u00e9e.<\/p>\n\n\n\n<p><strong>3&nbsp;: Le prolongement de l\u2019action<\/strong><\/p>\n\n\n\n<p>Bien que le but&nbsp; de r\u00e9aliser le spectacle sous le chapiteau n\u2019ait pas \u00e9t\u00e9 atteint, l\u2019exp\u00e9rience a continu\u00e9 aux travers de deux actions toujours en accord avec les objectifs du projet social.<\/p>\n\n\n\n<p><strong>1\/ Un spectacle aux anciens du foyer Boutelier<\/strong><\/p>\n\n\n\n<p>Dans la volont\u00e9 de l\u2019association de travailler de mani\u00e8re transversale et produire des activit\u00e9s interg\u00e9n\u00e9rationnelles, le spectacle a \u00e9t\u00e9 mont\u00e9 au foyer Boutelier, r\u00e9sidence des personnes \u00e2g\u00e9es sur le quartier.<\/p>\n\n\n\n<p>Rencontre d\u2019une journ\u00e9e o\u00f9 les enfants ont apport\u00e9 \u00e0 leurs a\u00een\u00e9s un moment de convivialit\u00e9 et de d\u00e9tente passant outre les r\u00e9ticences techniques d\u2019un tel spectacle. En effet, pas de sc\u00e8ne pour cette repr\u00e9sentation, et un minimum de plateau technique, l\u2019objectif \u00e9tant cr\u00e9er de un lien entre les enfants et les r\u00e9sidents.<\/p>\n\n\n\n<p><strong>2\/ Retour festif sur le quartier des Forges<\/strong><\/p>\n\n\n\n<p>Enfin, conscients que tous les habitants du quartier ne sont pas membres de l\u2019Aadiqno, des \u00e9l\u00e9ments du spectacle ont \u00e9t\u00e9 offerts durant la f\u00eate de quartier en juin aux habitants afin qu\u2019ils jouissent \u00e9galement du travail de l\u2019Aadiqno et des enfants et qu\u2019ensemble ils partagent un moment de reconnaissance r\u00e9ciproque.<\/p>\n\n\n\n<p>Car pour rappel, comme je l\u2019ai exprim\u00e9 plus haut, beaucoup des activit\u00e9s fonctionnaient avec des personnes issues d\u2019autres quartiers et les activit\u00e9s du secteur jeunesse et famille n\u2019\u00e9taient pas sous condition d\u2019adh\u00e9sion.<\/p>\n\n\n\n<p>Une grande partie des habitants n\u2019\u00e9taient donc pas membres de l\u2019Aadiqno et de fait n\u2019\u00e9taient pas pr\u00e9sents \u00e0 l\u2019assembl\u00e9e g\u00e9n\u00e9rale.<\/p>\n\n\n\n<p>La reconnaissance dont je parle est bien de nature r\u00e9ciproque&nbsp;: ouvrir et montrer l\u2019ouverture vers le quartier en inaugurant un nouveau syst\u00e8me d\u2019adh\u00e9sion (la modification de l\u2019adh\u00e9sion a \u00e9t\u00e9 vot\u00e9e en 2003) et une ouverture culturelle par des activit\u00e9s nouvelles notamment pour les enfants.<\/p>\n\n\n\n<p>Permettre aux enfants et aux adultes investis dans le projet de montrer leur travail \u00e0 leurs amis et voisins et pas seulement aux partenaires institutionnels et aux adh\u00e9rents, minoritaires sur le quartier.<\/p>\n\n\n\n<p>Mais sans qu\u2019il le sache le rendez vous rat\u00e9 du chapiteau culturel allait \u00eatre donn\u00e9 de nouveau aux enfants&nbsp;:&nbsp; le quartier Jean Yole accueillait le chapiteau culturel au moment de mon retour sur la sc\u00e8ne des quartiers.<\/p>\n\n\n\n<h2 class=\"wp-block-heading\">IV\/ DEUXIEME ACTE DU PROJET DE \u00ab&nbsp;LA GRENOUILLE BLEUE&nbsp;\u00bb<\/h2>\n\n\n\n<h3 class=\"wp-block-heading\"><strong>A\/ Environnement social du quartier Jean Yole<\/strong><\/h3>\n\n\n\n<p>Egalement situ\u00e9 en ZUS, je ne reviendrai pas sur les caract\u00e9ristiques particuli\u00e8res aux populations habitant ces quartiers mais j\u2019approfondirai sur la vuln\u00e9rabilit\u00e9 de Jean Yole plus affirm\u00e9e encore que sur Forges.<\/p>\n\n\n\n<h4 class=\"wp-block-heading\"><strong>1&nbsp;: Un quartier enclav\u00e9<\/strong><\/h4>\n\n\n\n<p>Il se situe \u00e0 1km 500 du centre ville au nord ouest de La Roche sur Yon et il est d\u00e9limit\u00e9&nbsp;:<\/p>\n\n\n\n<p>-C\u00f4t\u00e9 est par la voie rapide La Roche \u2013Nantes, point limitrophe du quartier des Pyramides.<\/p>\n\n\n\n<p>-C\u00f4t\u00e9 ouest par la voie ferr\u00e9e reliant Nantes, point limitrophe du quartier des Forges.<\/p>\n\n\n\n<p>-Au sud en direction du centre ville, par l\u2019art\u00e8re du boulevard d\u2019Angleterre, point limitrophe du quartier pentagone.<\/p>\n\n\n\n<p>-Au nord, deux zones plus vastes car elles jouxtent un territoire peu habit\u00e9&nbsp;: les terres noires qui sont un lieu o\u00f9 est implant\u00e9 un complexe sportif et la zone d\u2019activit\u00e9s commerciales.<\/p>\n\n\n\n<p>Dans son aspect urbanistique, ce quartier est divis\u00e9 en trois grandes zones&nbsp;:<\/p>\n\n\n\n<p>&nbsp;&nbsp;&nbsp;&nbsp;&nbsp;&nbsp;&nbsp;&nbsp; &#8211; Au centre la cit\u00e9 Jean Yole, domin\u00e9 par l\u2019habitat collectif.<\/p>\n\n\n\n<p>&#8211;&nbsp; Au sud le quartier du sacr\u00e9 c\u0153ur, principalement organis\u00e9 autour des \u00ab&nbsp;maisons de rue&nbsp;\u00bb<\/p>\n\n\n\n<p>&#8211; Au nord, les terres noires caract\u00e9ris\u00e9 par un habitat pavillonnaire isol\u00e9 par &nbsp;&nbsp;&nbsp;&nbsp;&nbsp;&nbsp;&nbsp;&nbsp;deux axes routiers.<\/p>\n\n\n\n<p>&nbsp;Les diff\u00e9rentes zones d\u2019habitation sont s\u00e9par\u00e9es par les axes routiers ce qui fait de la cit\u00e9 Jean Yole un \u00eelot d\u2019habitat collectif dont le c\u0153ur est la maison de quartier et le groupe scolaire, accol\u00e9.(1)<\/p>\n\n\n\n<p>(1) \u00ab&nbsp;Ce qui est caract\u00e9ristique de la cit\u00e9 Jean Yole et de la Maison de quartier c\u2019est son enclavement&nbsp;: au fond d\u2019une impasse, dans une cit\u00e9 en forme de U, s\u00e9rr\u00e9e de bretelles, une \u00eele o\u00f9 les gens se connaissent bien, avec une forme de solidarit\u00e9 mais un manque complet d\u2019ouverture&nbsp;\u00bb texte tir\u00e9 du diagnostic social&nbsp; PAR LE CABINET CIRESE pour la Mairie de La Roche sur Yon F\u00e9vrier 2005 page1<strong><\/strong><\/p>\n\n\n\n<p>Pour mieux comprendre le ph\u00e9nom\u00e8ne d\u2019enclavement, la cour de r\u00e9cr\u00e9ation de l\u2019\u00e9cole qui fait face aux HLM de la cit\u00e9, est incluse dans l\u2019espace de circulation et que pour des raisons li\u00e9es aux fonctionnements de l\u2019\u00e9cole, elle n\u2019est accessible que par un petit portail r\u00e9guli\u00e8rement ferm\u00e9.<\/p>\n\n\n\n<p>Ce qui oblige les habitants \u00e0 faire un large d\u00e9tour pour acc\u00e9der au centre ville.<\/p>\n\n\n\n<p>Il est \u00e0 noter que la Mairie de La Roche sur Yon, dans le cadre de l\u2019\u00e9tude des ZUS d\u00e9finie par la loi Borloo, a fait appel \u00e0 deux cabinets pour \u00e9tablir un diagnostic social et un diagnostic urbain sur la zone de Jean Yole.<\/p>\n\n\n\n<p>De ce dernier ressort le constat qu\u2019il ne peut s\u2019\u00e9tablir de circulation dans la cit\u00e9 car les acc\u00e8s sont bloqu\u00e9s tout autour des b\u00e2timents.<\/p>\n\n\n\n<p>D\u2019o\u00f9 une confusion et une difficult\u00e9 de se rep\u00e9rer dans l\u2019espace de la cit\u00e9.<\/p>\n\n\n\n<p>Il est arriv\u00e9 fr\u00e9quemment \u00e0 des personnes de ne pas trouver la maison de quartier, accol\u00e9e au groupe de scolaire.(1)<\/p>\n\n\n\n<p>Bien que le territoire de l\u2019ensemble du quartier pr\u00e9sente d\u2019autres caract\u00e9ristiques urbanistiques, les habitants des&nbsp; zones pavillonnaires ne sont pas int\u00e9gr\u00e9s aux actions d\u2019animation de la maison de quartier Jean Yole dont le public est principalement issu de la cit\u00e9.<\/p>\n\n\n\n<h4 class=\"wp-block-heading\"><strong>2&nbsp;: Jean Yole, une image d\u00e9valoris\u00e9e<\/strong><\/h4>\n\n\n\n<p>Ce quartier class\u00e9 ZUS et ZEP est fortement marqu\u00e9 par la pr\u00e9carit\u00e9 de ses familles.<\/p>\n\n\n\n<p>En effet&nbsp;: 13% des habitants b\u00e9n\u00e9ficient de l\u2019aide alimentaire<\/p>\n\n\n\n<p>&nbsp;&nbsp;&nbsp;&nbsp;&nbsp;&nbsp;&nbsp;&nbsp;&nbsp;&nbsp;&nbsp;&nbsp;&nbsp; 7% per\u00e7oivent le RMI<\/p>\n\n\n\n<p>&nbsp;&nbsp;&nbsp;&nbsp;&nbsp;&nbsp;&nbsp;&nbsp;&nbsp;&nbsp;&nbsp;&nbsp;&nbsp; 8% sont allocataires de l\u2019AAH<\/p>\n\n\n\n<p>&nbsp;&nbsp;&nbsp;&nbsp;&nbsp;&nbsp;&nbsp;&nbsp;&nbsp;&nbsp;&nbsp;&nbsp;&nbsp; 32,7% des enfants scolaris\u00e9s sont de familles monoparentales<\/p>\n\n\n\n<p>&nbsp;&nbsp;&nbsp;&nbsp;&nbsp;&nbsp;&nbsp;&nbsp;&nbsp;&nbsp;&nbsp;&nbsp;&nbsp; 36% des personnes suivies par les assistantes sociales vivent seules.<\/p>\n\n\n\n<p>Outre ces caract\u00e9ristiques sociales marqu\u00e9es par la pr\u00e9carit\u00e9, le public du quartier Jean Yole est en fragilit\u00e9 sociale particuli\u00e8re.<\/p>\n\n\n\n<p>A notre connaissance, sur 140 personnes fr\u00e9quentant r\u00e9guli\u00e8rement la maison de quartier, 34 d\u2019entre elles ont eu \u00e0 un moment de leur vie besoin d\u2019un accompagnement psychiatrique.(19 hommes et 15 femmes). Nous recensons parmi elles&nbsp;: 23 Personnes de moins de 50 ans et 11 personnes de plus de 50 ans.<\/p>\n\n\n\n<p>La majorit\u00e9 d\u2019entre elle se trouvent \u00eatre sous tutelle.<\/p>\n\n\n\n<p>Les pathologies ne nous sont pas connues mais les origines de la fragilit\u00e9 rel\u00e8vent des accidents de la vie qui ne se sont pas sold\u00e9s par des retours \u00e0 la vie normale.<\/p>\n\n\n\n<p>(1) Pour l\u2019anecdote la personne intervenant \u00e0 la coordination locale charg\u00e9e de l\u2019\u00e9tude du quartier dans le cadre de l\u2019am\u00e9nagement urbain quittant la r\u00e9union s\u2019est perdu et est venu me trouver pour que je lui retrouve l\u2019endroit o\u00f9 \u00e9tait gar\u00e9e sa voiture.<\/p>\n\n\n\n<p>Malgr\u00e9 les efforts de l\u2019\u00e9quipe de la maison de quartier pour promouvoir la mixit\u00e9 sociale avec l\u2019ensemble des habitants de quartier , il n\u2019en est pas moins vrai que la maison de quartier rev\u00eat une image d\u00e9valoris\u00e9e du fait de ces deux publics en grande difficult\u00e9 sociale.<\/p>\n\n\n\n<p>Ainsi, lorsqu\u2019on interroge les personnes lors de notre diagnostic social, il nous est dit que le frein \u00e0 leur participation aux activit\u00e9s de la maison de quartier reste que celle-ci est per\u00e7ue comme un \u00e9quipement surinvesti par des personnes en difficult\u00e9&nbsp;.<\/p>\n\n\n\n<h4 class=\"wp-block-heading\"><strong>3&nbsp;: Le projet sant\u00e9, sp\u00e9cifique \u00e0 Jean Yole<\/strong><\/h4>\n\n\n\n<p>C\u2019est en r\u00e9ponse \u00e0 ce constat que l\u2019\u00e9quipe de la maison de quartier s\u2019est lanc\u00e9 dans un projet baptis\u00e9 \u00ab&nbsp;projet sant\u00e9&nbsp;\u00bb en collaboration avec la mission sant\u00e9 de la ville.<\/p>\n\n\n\n<p>Le diagnostic a montr\u00e9 la n\u00e9cessit\u00e9 d\u2019une r\u00e9flexion et d\u2019une concertation commune pour am\u00e9liorer l\u2019accueil, l\u2019accompagnement des personnes en souffrance sur le quartier.<\/p>\n\n\n\n<p>Ce travail de construction commune devrait donc rassembler les acteurs professionnels associatifs ou des diff\u00e9rents services d\u2019Etat et de la collectivit\u00e9 en lien avec cette probl\u00e9matique sp\u00e9cifique au territoire de Jean Yole.<\/p>\n\n\n\n<p>Cette dynamique prend la forme d\u2019instances de travail&nbsp;:<\/p>\n\n\n\n<p>&nbsp;1\/Un comit\u00e9 de pilotage qui a un r\u00f4le de portage et soutien institutionnel et politique qui devra d\u00e9finir les objectifs fix\u00e9s pour le projet, d\u2019en valider la d\u00e9marche, de trouver les financements n\u00e9cessaires et de produire l\u2019\u00e9valuation.<\/p>\n\n\n\n<p>&nbsp;2\/Le groupe technique qui a un r\u00f4le de terrain, instance d\u2019o\u00f9 \u00e9mergent les propositions, de r\u00e9alisation des actions dans le cadre des orientations du comit\u00e9 de pilotage.<\/p>\n\n\n\n<p>La mise en place du projet sant\u00e9 d\u00e9montre la grande souffrance sociale de ce quartier.<\/p>\n\n\n\n<p>Le projet de la grenouille bleue aura \u00e0 se r\u00e9aliser dans un cadre particulier de souffrance sociale.&nbsp;&nbsp;&nbsp;&nbsp;&nbsp;&nbsp;&nbsp;&nbsp;&nbsp;&nbsp;&nbsp;&nbsp;&nbsp;&nbsp;&nbsp;&nbsp;&nbsp;&nbsp;&nbsp;<\/p>\n\n\n\n<h4 class=\"wp-block-heading\">4&nbsp;: <strong>Une forte pr\u00e9sence d\u2019associations \u00e0 but social<\/strong><\/h4>\n\n\n\n<p>Le quartier Jean Yole b\u00e9n\u00e9ficie comme chaque quartier des services sociaux n\u00e9cessaires \u00e0 l\u2019exercice des droits des usagers&nbsp;:<\/p>\n\n\n\n<p>&nbsp;&nbsp;&nbsp;&nbsp;&nbsp;&nbsp;&nbsp;&nbsp; &#8211; Une assistante sociale du conseil g\u00e9n\u00e9ral,<\/p>\n\n\n\n<p>&nbsp;&nbsp;&nbsp;&nbsp;&nbsp;&nbsp; &#8211; une conseill\u00e8re en \u00e9conomie sociale et familiale de la CAF,<\/p>\n\n\n\n<p>&nbsp;&nbsp;&nbsp;&nbsp;&nbsp;&nbsp; &#8211; un \u00e9ducateur de Pr\u00e9vention de la ville<\/p>\n\n\n\n<p>&nbsp;&nbsp;&nbsp;&nbsp;&nbsp;&nbsp;&nbsp;&nbsp; &#8211; Deux agents de m\u00e9diation du service de la ville d\u00e9l\u00e9gu\u00e9 aux quartiers.<\/p>\n\n\n\n<p>Aujourd\u2019hui nous constatons que l\u2019ensemble de ces services qui g\u00e9raient des permanences directes sur le centre d\u2019animation Jean Yole ont subi une restructuration importante de leur organisation tant dans leur mission que dans la r\u00e9partition de leur territoire d\u2019intervention.<\/p>\n\n\n\n<p>Ainsi la conseill\u00e8re en \u00e9conomie sociale et familiale doit \u00e9tendre son secteur sur les communes environnantes de la grande couronne yonnaise ainsi qu\u2019une permanence sur la cr\u00e8che \u00ab&nbsp;la ronde&nbsp;\u00bb sur le quartier des Pyramides. Ainsi elle n\u2019assure plus d\u2019activit\u00e9 directe sur la maison de quartier except\u00e9 sa participation sur le groupe technique sant\u00e9.<\/p>\n\n\n\n<p>Il en est de m\u00eame pour l\u2019\u00e9ducateur de pr\u00e9vention qui n\u2019est plus affili\u00e9 seul \u00e0 un territoire. Les trois \u00e9ducateurs&nbsp; se sont&nbsp; regroup\u00e9s sur l\u2019ensemble du&nbsp; territoire nord ouest. Ne reste qu\u2019une permanence hebdomadaire sur le centre d\u2019animation, le choix des interventions se fait en fonction de l\u2019observation des sites prioritaires par l\u2019ensemble de l\u2019\u00e9quipe. Une coordination des animateurs jeunesses et des \u00e9ducateurs \u00e9tant pr\u00e9vue pour r\u00e9guler les interventions.<\/p>\n\n\n\n<p>Seuls les agents de m\u00e9diations,&nbsp; n\u2019ont pas modifi\u00e9 leur organisation d\u00e9ambulatoire sur la quartier, ils passent r\u00e9guli\u00e8rement pour se tenir inform\u00e9s du climat du quartier et sont pr\u00e9sents sur les temps d\u2019animation globale comme les barbecues de l\u2019\u00e9t\u00e9 ou les tables ouvertes, temps de partage de repas solidaires.<\/p>\n\n\n\n<p>A cela s\u2019ajoute des organismes associatifs \u00e0 utilit\u00e9 sociale, particuli\u00e8rement nombreux sur le quartier, et avec qui la maison de quartier entretient un partenariat permanent&nbsp;:<\/p>\n\n\n\n<p>&#8211; L\u2019association OVISNO, du Centre m\u00e9dico psychologique Emile Faguet.<\/p>\n\n\n\n<p>&#8211; Le GIPIL, sp\u00e9cialiste de l\u2019insertion par le logement<\/p>\n\n\n\n<p>&#8211; Le foyer d\u2019accueil La Fontaine<\/p>\n\n\n\n<p>&nbsp;&nbsp;&nbsp;&nbsp;&nbsp;&nbsp; &#8211; L\u2019atelier des Bazini\u00e8res.<\/p>\n\n\n\n<p>&nbsp;&nbsp;&nbsp;&nbsp;&nbsp;&nbsp;&nbsp;&nbsp; &#8211; Le CAT des terres noires<\/p>\n\n\n\n<p>&#8211; Graine d\u2019id\u00e9e, association d\u2019insertion par le travail partenaire de la Maison de quartier sur&nbsp; la table ouverte.<\/p>\n\n\n\n<p>&#8211; La passerelle, structure d\u2019accueil des primo-arrivants.<\/p>\n\n\n\n<p>&#8211; La m\u00e9diation de proximit\u00e9, association de m\u00e9diation de voisinage.<\/p>\n\n\n\n<p>&#8211; La cl\u00e9, association d\u2019accompagnement aux actes de la vie administrative qui tient une permanence \u00e0 la maison de quartier.<\/p>\n\n\n\n<p>Ces organismes nous sollicitent par l\u2019interm\u00e9diaire de leurs diff\u00e9rents services pour adh\u00e9rer \u00e0 notre structure dans un but d\u2019insertion sociale au b\u00e9n\u00e9fice de leurs usagers.<\/p>\n\n\n\n<p>En effet, l\u2019objectif recherch\u00e9 est bien que leurs usagers en difficult\u00e9 d\u2019int\u00e9gration puissent vivre des activit\u00e9s dans un milieu ouvert afin de leur donner des rep\u00e8res favorisant par la suite des d\u00e9marches personnelles, pour une gestion autonome de leur vie quotidienne.<\/p>\n\n\n\n<p>Le maillage des dispositifs sociaux est donc garanti sur le quartier, preuve s\u2019il en est des carences sp\u00e9cifiques&nbsp;&nbsp; d\u2019une partie de la&nbsp; population du quartier Jean Yole, en plus des crit\u00e8res rep\u00e9r\u00e9s habituellement pour la population habitant dans les ZUS.<\/p>\n\n\n\n<h3 class=\"wp-block-heading\"><strong>B\/ Jean yole et l\u2019Acajy<\/strong><\/h3>\n\n\n\n<h4 class=\"wp-block-heading\"><strong>1&nbsp;: L\u2019Acajy, une identit\u00e9 bafou\u00e9e.<\/strong><\/h4>\n\n\n\n<p>L\u2019Acajy est n\u00e9 en 1987 et a occup\u00e9 pendant longtemps des pr\u00e9fabriqu\u00e9s jusqu\u2019\u00e0 la construction r\u00e9cente&nbsp; de la maison de quartier.<\/p>\n\n\n\n<p>Initialement pr\u00e9vu comme annexe de la maison de quartier des Pyramides elle n\u2019a jamais pu se d\u00e9partir d\u2019une certaine vassalit\u00e9 de sa puissante voisine.<\/p>\n\n\n\n<p>En effet, structur\u00e9e comme une organisation pleine et enti\u00e8re, beaucoup de projets ont \u00e9t\u00e9 mis en \u0153uvre \u00e0 l\u2019initiative de la maison de quartier des Pyramides.<\/p>\n\n\n\n<p>Et malgr\u00e9 une ind\u00e9pendance territoriale et juridique acquise, le fantasme d\u2019\u00eatre annex\u00e9 par le quartier voisin suscite encore des angoisses de l\u2019acajy.<\/p>\n\n\n\n<p>De plus, les locaux de&nbsp; la maison de quartier sont une extension du groupe primaire et maternel de Jean Yole, qui doivent g\u00e9rer en commun le sas d\u2019entr\u00e9e de l\u2019\u00e9cole, la cour int\u00e9rieure et une salle d\u2019activit\u00e9s. Ce qui aggrave encore l\u2019impression de ne pas exister par ses propres ressources et de devoir partager un territoire.<\/p>\n\n\n\n<p>L\u2019Acajy,&nbsp; est donc n\u00e9 d\u2019une double ali\u00e9nation&nbsp;: territoriale et de projet ce qui lui a conf\u00e9r\u00e9 une identit\u00e9 menac\u00e9e et d\u00e9pendante pendant longtemps.<\/p>\n\n\n\n<h4 class=\"wp-block-heading\"><strong>2&nbsp;: Une faiblesse de sa repr\u00e9sentation associative<\/strong><\/h4>\n\n\n\n<p>Bien que l\u2019histoire de l\u2019Acajy ait b\u00e9n\u00e9fici\u00e9 de fortes volont\u00e9s&nbsp; parmi ses pr\u00e9sidents qui ont tenu l\u2019association \u00e0 bout de bras et qui ont fait preuve de pugnacit\u00e9 dans certains de leurs combats, l\u2019association et les administrateurs ne sont que peu &nbsp;relay\u00e9e par les habitants en \u00e9tat de fragilit\u00e9 sociale permanente. L\u2019Acajy n\u2019a pas eu la force collective n\u00e9cessaire pour d\u00e9fendre ses projets.<\/p>\n\n\n\n<p>Etant repr\u00e9sent\u00e9e, au m\u00eame titre que les autres associations de quartier, au sein de l\u2019Acyaq, sa voix, par manque de cr\u00e9dibilit\u00e9 en terme de repr\u00e9sentation sociale, on pourrait dire repr\u00e9sentante \u00ab&nbsp;des sans noms&nbsp;\u00bb, n\u2019a pas port\u00e9.<\/p>\n\n\n\n<p>Elle a alors souvent adopt\u00e9 des attitudes fatalistes et sans r\u00e9sistance lors des d\u00e9bats, se sentant vaincue par avance, o\u00f9 il aurait fallu qu\u2019elle soit port\u00e9e par une vitalit\u00e9 combative.<\/p>\n\n\n\n<p>Cela provoqua plusieurs fois la d\u00e9mission de ses pr\u00e9sidents aggravant la fragilit\u00e9 de la coh\u00e9sion de l\u2019\u00e9quipe associative.<\/p>\n\n\n\n<p>Il en a r\u00e9sult\u00e9 des situations conflictuelles fatales qui ont conduit plusieurs pr\u00e9sidents \u00e0 la d\u00e9mission.<\/p>\n\n\n\n<p>Le dernier ayant d\u00e9missionn\u00e9 au mois d\u2019ao\u00fbt 2004 et personne ne voulant reprendre la pr\u00e9sidence, l\u2019association a opt\u00e9, sous le couvert d\u2019institutions partenaires,&nbsp; pour une gestion collective incertaine.<\/p>\n\n\n\n<p>Face \u00e0 la complexit\u00e9 actuelle de la gestion des associations agr\u00e9es en centre sociaux et respectant le droit \u00e0 l\u2019ouverture de la repr\u00e9sentation de ses habitants \u00e0 la fonction associative, l\u2019Acajy doit renouveller ses forces vives au sein d\u2019une population en pr\u00e9carit\u00e9 et en fragilit\u00e9, souvent&nbsp; pr\u00e9occup\u00e9e \u00e0 survivre elle-m\u00eame.<\/p>\n\n\n\n<h4 class=\"wp-block-heading\"><strong>3&nbsp;: Perte symbolique du projet enfance<\/strong><\/h4>\n\n\n\n<p><strong>Le <\/strong>transfert du Centre de Loisirs hors de la cit\u00e9&nbsp; catalysa les probl\u00e8mes identitaires que traversaient&nbsp; l\u2019association&nbsp;:<\/p>\n\n\n\n<p>&#8211; la fermeture du centre de loisirs primaire et maternel retirait un service de proximit\u00e9 aux habitants du quartier.<\/p>\n\n\n\n<p>&#8211; Il \u00e9tait transf\u00e9r\u00e9 sur le quartier des Pyramides, g\u00e9r\u00e9 par la maison de quartier du m\u00eame nom.<\/p>\n\n\n\n<p>&#8211; Le poste de l\u2019animateur enfance fut diminu\u00e9 \u00e0 50%, l\u2019autre mi-temps \u00e9tant allou\u00e9 sur le nouveau centre de loisirs sous l\u2019autorit\u00e9 du directeur de la maison de quartier des Pyramides.<\/p>\n\n\n\n<p>Cela provoqua la d\u00e9mission de la Pr\u00e9sidente de l\u2019\u00e9poque et exacerba le sentiment d\u2019abandon des habitants et de d\u00e9litement des forces du quartier.<\/p>\n\n\n\n<p>Il n\u2019est pas de mon propos de juger du bien fond\u00e9 de vouloir \u00e0 toute fin garder le centre de loisirs, le nouveau \u00e9tant d\u2019une grande qualit\u00e9 d\u2019accueil ayant pris place dans les locaux adapt\u00e9s d\u2019une ancienne \u00e9cole \u00e0 une distance de 300 m\u00e8tres de la cit\u00e9.<\/p>\n\n\n\n<p>En effet, quelque soit la l\u00e9gitimit\u00e9 de ce transfert, il fut&nbsp; v\u00e9cu par les habitants comme une injustice et d\u00e9stabilisa durablement l\u2019\u00e9quipe associative d\u2019autant qu\u2019il se faisait sur le quartier Pyramides.<\/p>\n\n\n\n<p>L\u2019arr\u00eat des activit\u00e9s du centre fut subi et il manqua&nbsp;&nbsp; la militance et &nbsp;&nbsp;la conviction n\u00e9cessaires&nbsp; pour garder l\u2019espace d\u2019animation et d\u2019en revitaliser le projet.<\/p>\n\n\n\n<p>Il en f\u00fbt de m\u00eame pour la n\u00e9gociation de&nbsp; la place de l\u2019Acajy dans le nouveau projet (comme par exemple garder le poste de directeur p\u00e9dagogique sous la tutelle de Jean Yole ).<\/p>\n\n\n\n<p>La perte du centre de loisirs sonna le glas des activit\u00e9s enfance au sein de l\u2019Acajy, d\u2019autant que l\u2019animateur r\u00e9f\u00e9rent sur la famille apr\u00e8s avoir tent\u00e9 de fonctionner sur les deux structures pendant 2 ans a donn\u00e9 sa d\u00e9mission en juin 2005, nouvelle perte pour le quartier Jean Yole.<\/p>\n\n\n\n<h3 class=\"wp-block-heading\"><strong>C\/ L\u2019ACAJY, revitalisation d\u2019un quartier<\/strong><\/h3>\n\n\n\n<h4 class=\"wp-block-heading\"><strong>1&nbsp;: R\u00e9-initialiser des animations enfance sur la maison de quartier<\/strong><\/h4>\n\n\n\n<p>Ayant perdu les activit\u00e9s du centre de loisirs, il ne reste aucune activit\u00e9 enfance si ce n\u2019est le mini-club ouvert aux enfants \u00e0 partir de 10 ans sur la maison de quartier.<\/p>\n\n\n\n<p>La tentative d\u2019une cr\u00e9ation de biblioth\u00e8que de proximit\u00e9 par deux b\u00e9n\u00e9voles n\u2019a pas pu se maintenir.<\/p>\n\n\n\n<p>Parall\u00e8lement, la mise en place des activit\u00e9s \u00e0 dominantes culturelles pour les adultes sur l\u2019ann\u00e9e 2004 n\u2019a pas eu de succ\u00e8s puisque les cours de dessin et de peinture sur soie n\u2019ont conquis durablement que deux personnes.<\/p>\n\n\n\n<p>Le d\u00e9ficit du d\u00e9sir culturel est donc tr\u00e8s fort sur le quartier et nous pensons qu\u2019ouvrir des ateliers r\u00e9guliers en faveur des enfants, plus facilement disponibles, pourraient amorcer un rapprochement vers des pratiques culturelles.<\/p>\n\n\n\n<p>Je ne reviendrais pas sur le bien fond\u00e9 des objectifs li\u00e9s \u00e0 l\u2019\u00e9veil culturel chez les enfants d\u00e9velopp\u00e9s \u00e0 la page 36 de ce document.<\/p>\n\n\n\n<h4 class=\"wp-block-heading\"><strong>2&nbsp;: Travailler sur les ressources des habitants et des associations de quartier et en permettre l\u2019expression.<\/strong><\/h4>\n\n\n\n<p>La notion de handicap est \u00e0 mon sens une r\u00e9alit\u00e9 sur le quartier Jean Yole.<\/p>\n\n\n\n<p>&nbsp;Bien que sur cette cit\u00e9, comme nous l\u2019avons vu pr\u00e9c\u00e9demment une partie des usagers soient concern\u00e9s par l\u2019handicap mental &nbsp;puisque inscrits dans des parcours de soins li\u00e9es \u00e0 des maladies psychiques, la notion d\u2019handicap social est \u00e0 retenir comme vecteur commun \u00e0 beaucoup d\u2019habitants de Jean Yole qui cumulent des difficult\u00e9s d\u2019ordre \u00e9conomique, culturel et social.<\/p>\n\n\n\n<p>Face \u00e0 un diagnostic aussi fort en mati\u00e8re de d\u00e9valorisation du quartier et des habitants, il m\u2019appara\u00eet essentiel de fonder l\u2019essentiel du projet au travail de reconnaissance des savoirs et potentiels des personnes du quartier.<\/p>\n\n\n\n<p><em>\u00ab&nbsp;La d\u00e9finition du handicap propos\u00e9e par l&rsquo;OMS, exprimant la r\u00e9alit\u00e9 en termes de manque, de d\u00e9savantage (\u00a0\u00bb d\u00e9ficience \u00ab\u00a0, \u00a0\u00bb incapacit\u00e9 \u00ab\u00a0, \u00a0\u00bb handicap \u00ab\u00a0), constitue \u00e0 nos yeux, une approche n\u00e9gative de la personne. Pourquoi ne pas parler de ce qui reste : de l&rsquo;efficience, de capacit\u00e9s, de comp\u00e9tences ? C&rsquo;est, en effet, en repartant des potentialit\u00e9s restantes de la personne et de ses possibilit\u00e9s de performances que les d\u00e9ficiences, les incapacit\u00e9s et les handicaps (ou d\u00e9savantages) pourront \u00eatre mieux assum\u00e9s et d\u00e9pass\u00e9s.<\/em>&nbsp;\u00bb(1)<\/p>\n\n\n\n<h4 class=\"wp-block-heading\"><strong>3&nbsp;: Traduire la force d\u2019un quartier dans un \u00e9v\u00e8nement \u00e0 l\u2019\u00e9chelle de la ville.<\/strong><\/h4>\n\n\n\n<p>L\u2019occasion de l\u2019installation du chapiteau des Arts nomades sur le quartier Jean Yole est un atout qu\u2019il nous est donn\u00e9 de prendre pour montrer que malgr\u00e9 une image fortement d\u00e9valoris\u00e9e, certains habitants et certaines associations pr\u00e9sentes sur Jean Yole ont un potentiel de comp\u00e9tences, de savoir faire \u00e0 exploiter dans le cadre d\u2019un projet collectif.<\/p>\n\n\n\n<p>La grenouille bleue n\u2019est qu\u2019une petite partie du projet inclus dans un vaste programme d\u2019animation culturelle.<\/p>\n\n\n\n<p>Le projet du chapiteau des arts nomades se d\u00e9roule en effet sur une semaine d\u2019animation ayant comme particularit\u00e9 d\u2019introduire une rencontre entre la culture professionnelle et les pratiques amateurs.<\/p>\n\n\n\n<p><strong>(1) <\/strong>Cit\u00e9 par M.Mercier&nbsp;Bulletin d&rsquo;Education du Patient de la communication et de la relation <em>Volume 17, N\u00b0 1, Avril 1998<\/em><\/p>\n\n\n\n<p>Ce sera une occasion de rendre hommage \u00e0 l\u2019ensemble des habitants dans un \u00e9v\u00e8nement festif et culturel \u00e0 l\u2019\u00e9chelle de la ville. Sachant que la programmation de la semaine s\u2019organise aussi en parall\u00e8le par une concertation collective de ses habitants au sein du comit\u00e9 de pilotage du chapiteau des Arts nomades en collaboration avec des partenaires des services culturels de la ville comme par exemple le directeur du festival du film.<\/p>\n\n\n\n<p>L\u2019enjeu est donc important pour le quartier d\u2019autant qu\u2019il pr\u00e9c\u00e8dera la semaine pluriculturelle en lien avec la semaine de la solidarit\u00e9 internationale de La Roche sur Yon.<\/p>\n\n\n\n<h3 class=\"wp-block-heading\"><strong>D&nbsp;\/ Le montage du spectacle<\/strong><\/h3>\n\n\n\n<h4 class=\"wp-block-heading\"><strong>&nbsp;&nbsp;&nbsp;&nbsp;&nbsp;&nbsp;&nbsp;&nbsp;&nbsp;&nbsp;&nbsp;&nbsp;&nbsp; 1&nbsp;: Le relais d\u2019animation p\u00e9dagogique Acajy<\/strong><\/h4>\n\n\n\n<p>Le groupe de pilotage de la grenouille bleue&nbsp;:<\/p>\n\n\n\n<p>Quand les premi\u00e8res s\u00e9ances de travail en danse et th\u00e9\u00e2tre ont d\u00e9but\u00e9 nous avons mis en place une r\u00e9union d\u2019information sur le projet, regroupant les personnes int\u00e9ress\u00e9es au projet.<\/p>\n\n\n\n<p>Le premier groupe de pilotage \u00e9tait compos\u00e9 de la coordonnatrice du chapiteau du service culturel de la ville, d\u2019une repr\u00e9sentante de l\u2019association RochRock\u2019nroll, de cinq habitants, de deux enfants acteurs dont une m\u00e8re&nbsp; du quartier des forges et de moi-m\u00eame.<\/p>\n\n\n\n<p>&nbsp;Apr\u00e8s la pr\u00e9sentation globale du projet du chapiteau et de la grenouille bleue, chaque personne a pu s\u2019exprimer sur ses motivations et le domaine dans lequel il avait envie de s\u2019investir. Un premier partage des objectifs est n\u00e9.<\/p>\n\n\n\n<p>Il est \u00e0 noter que pour des raisons li\u00e9es au respect du calendrier DEFA, j\u2019ai r\u00e9int\u00e9gr\u00e9 ma fonction de direction \u00e0 Jean Yole simultan\u00e9ment au d\u00e9p\u00f4t de mon projet d\u2019exp\u00e9rience d\u2019animation. Cela explique que le premier&nbsp; comit\u00e9 de pilotage f\u00fbt restreint puisque&nbsp;&nbsp; je n\u2019avais&nbsp; \u00e9tabli que peu de contacts avec les usagers du centre et les habitants.<\/p>\n\n\n\n<p><strong>Les ateliers danse et th\u00e9\u00e2tre&nbsp;:<\/strong><\/p>\n\n\n\n<p>Comme pour Forges, j\u2019ai mis en&nbsp; place un atelier danse pour enfant de 3 \u00e0 6 ans et un atelier th\u00e9\u00e2tre pour enfant de 8 \u00e0 12 ans sur le centre social avec l\u2019objectif de p\u00e9renniser une activit\u00e9 culturelle sur le quartier au-del\u00e0 du projet.<\/p>\n\n\n\n<p>Les s\u00e9ances fonctionnent \u00e0 un rythme hebdomadaire.<\/p>\n\n\n\n<p>Malgr\u00e9 un co\u00fbt tr\u00e8s peu \u00e9lev\u00e9 et un tract d\u2019information dans les \u00e9coles primaires et maternelles de Jean Yole, cela n\u2019a pas suffi \u00e0 faire adh\u00e9rer un grand nombre d\u2019enfant \u00e0 l\u2019atelier danse.(1)<\/p>\n\n\n\n<p>Nous avons alors investi le point caf\u00e9 (temps d\u2019\u00e9change avec les parents tous les vendredis matins) afin de rallier davantage d\u2019enfants.<\/p>\n\n\n\n<p>Nous nous heurtons \u00e0 une \u00ab&nbsp;passivit\u00e9&nbsp;\u00bb de d\u00e9sir culturel qui se caract\u00e9rise fortement sur la cit\u00e9, constat partag\u00e9 avec Mr Catroux, directeur de l\u2019\u00e9cole Jean Yole<\/p>\n\n\n\n<p>Ce sont donc avec quatre enfants que nous commen\u00e7ons l\u2019atelier, esp\u00e9rant accueillir d\u2019autres enfants plus tard.<\/p>\n\n\n\n<p>C\u2019est le projet de la grenouille bleue qui porte l\u2019atelier, les parents des enfants concern\u00e9s \u00e9tant&nbsp; beaucoup investis dans le centre.<\/p>\n\n\n\n<p>En ce qui concerne l\u2019atelier th\u00e9\u00e2tre, partant d\u2019un d\u00e9sir de promouvoir les acteurs du spectacle des Forges dans la programmation du chapiteau culturel, il a \u00e9t\u00e9 tout d\u2019abord&nbsp; ouvert aux acteurs du premier spectacle.<\/p>\n\n\n\n<p>A l\u2019issue de ce premier contact, trois enfants ont d\u00e9sir\u00e9 poursuivre l\u2019aventure et trois enfants de Jean Yole ont ralli\u00e9 la troupe d\u2019acteurs.<\/p>\n\n\n\n<p>Apr\u00e8s un premier travail (se reporter au travail de pr\u00e9sentation du conte page 15) nous avons pendant 3 mois travaill\u00e9 indiff\u00e9remment les personnages puis distribu\u00e9 d\u00e9finitivement les r\u00f4les.<\/p>\n\n\n\n<p>Le groupe s\u2019est scind\u00e9 autour des deux r\u00f4les principaux tenus par un enfant de chacun des quartiers.<\/p>\n\n\n\n<p>Depuis le premier spectacle l\u2019histoire a \u00e9volu\u00e9. En effet, connaissant le conte, certains des enfants ont cherch\u00e9 \u00e0 donner \u00e0&nbsp; l\u2019histoire davantage de cr\u00e9dibilit\u00e9. En effet \u00e0 l\u2019origine, le d\u00e9nouement se faisait gr\u00e2ce \u00e0 l\u2019intervention magique de la reine.<\/p>\n\n\n\n<p>Dans cette version, nous nous sommes attach\u00e9s \u00e0 imaginer une histoire qui aurait pu \u00eatre plausible. Je m\u2019explique ce d\u00e9sir par le fait que les enfants ont grandi et aspire davantage \u00e0 coller \u00e0 la r\u00e9alit\u00e9.<\/p>\n\n\n\n<p>Cela apporte une coh\u00e9sion au groupe qui red\u00e9marre une nouvelle histoire ensemble.<\/p>\n\n\n\n<p>(1) Il est \u00e0 noter que le cours de danse africaine port\u00e9 par l\u2019association \u0153il de cauris pr\u00e9sent sur le quartier depuis trois ans n\u2019a que quatre inscrits<strong><\/strong><\/p>\n\n\n\n<h4 class=\"wp-block-heading\"><strong>2&nbsp;: Les ressources individuelles du public de Jean Yole<\/strong><\/h4>\n\n\n\n<p>Apr\u00e8s avoir parl\u00e9 du projet aux personnes fr\u00e9quentant l\u2019accueil de la maison de quartier, nous avons attendu quelques semaines que le r\u00e9seau d\u2019information fonctionne entre les personnes du quartier.<\/p>\n\n\n\n<p>Dans le m\u00eame temps j\u2019ai investi des temps sur lesquels se retrouvent les personnes seules et pour certaines d\u2019entre elles en difficult\u00e9 d\u2019insertion dans les groupes pour des raisons de fragilit\u00e9 psychosociales afin de leur expliquer la place qu\u2019elles pourraient prendre dans notre projet.<\/p>\n\n\n\n<p><strong>Michelle<\/strong>, une jeune femme vivant dans un quotidien de solitude et marqu\u00e9e par vingt ann\u00e9es de th\u00e9rapies a accept\u00e9 de rejoindre le groupe&nbsp; lors de la premi\u00e8re&nbsp; r\u00e9union de concertation.<\/p>\n\n\n\n<p>C\u2019est par le biais des ateliers d\u2019expression &nbsp;v\u00e9cus auparavant qu\u2019un &nbsp;lien avec le projet a pu se faire.<\/p>\n\n\n\n<p>Comme beaucoup de personnes ayant eu des exp\u00e9riences de th\u00e9rapies psychologiques, Michelle a b\u00e9n\u00e9fici\u00e9 de s\u00e9ances d\u2019activit\u00e9s cr\u00e9atrices notamment d\u2019arts plastiques.<\/p>\n\n\n\n<p>M\u2019ayant pr\u00e9cis\u00e9 qu\u2019elle n\u2019\u00e9tait pas en capacit\u00e9 de cr\u00e9ation mais d\u2019ex\u00e9cution sous le couvert d\u2019une personne l\u2019encadrant, elle a accept\u00e9 d\u2019aider \u00e0 &nbsp;la confection du d\u00e9cor servant le projet th\u00e9\u00e2tre.<\/p>\n\n\n\n<p><strong>Leila, <\/strong>une jeune artiste autodidacte du quartier qui a v\u00e9cu des exp\u00e9riences traumatisantes l\u2019ayant \u00e9galement conduit \u00e0 fr\u00e9quenter le centre m\u00e9dico psychologique dans un proche pass\u00e9 a des relations de confiance avec la maison de quartier.<\/p>\n\n\n\n<p>En effet, dans le cadre du soutien \u00e0 la cr\u00e9ation qu\u2019organise la maison de quartier Leila avait expos\u00e9 ses tableaux dans nos locaux.<\/p>\n\n\n\n<p>Apr\u00e8s l\u2019avoir rencontr\u00e9 pour lui exposer notre projet, elle s\u2019est engag\u00e9e \u00e0 encadrer la cr\u00e9ation de la toile de fond du d\u00e9cor. Elle a donc rejoint le groupe de pilotage.<\/p>\n\n\n\n<p>Contrairement \u00e0 Michelle, Leila a adopt\u00e9 une posture d\u2019artiste voulant comprendre le sens de notre d\u00e9marche afin que sa cr\u00e9ation participe pleinement au projet collectif.<\/p>\n\n\n\n<p>Je lui ai confi\u00e9 le texte en pr\u00e9cisant bien que ce n\u2019\u00e9tait qu\u2019un guide pour elle et que la pertinence voulait garantir la libert\u00e9 d\u2019expression de chacun.<\/p>\n\n\n\n<p><strong>Marthe<\/strong> est aussi une artiste autodidacte en peinture et ayant des comp\u00e9tences professionnelles de confection a \u00e9t\u00e9 sollicit\u00e9e pour la cr\u00e9ation de costumes mais aussi pour ses talents de peintre en appui du groupe d\u00e9cor. Son parcours associatif tr\u00e8s riche, ha\u00eftienne d\u2019origine, elle agit depuis longtemps au sein du quartier en soutenant des actions collectives faisant reconna\u00eetre sa culture par ses tableaux et l\u2019art culinaire d\u2019Ha\u00efti entre autre.<\/p>\n\n\n\n<p><strong>Johnattan<\/strong>, a particip\u00e9 \u00e0 l\u2019animation du club jeune depuis son adolescence et conna\u00eet bien Jean Yole. Ses activit\u00e9s l\u2019avaient \u00e9loign\u00e9 de son quartier o\u00f9 il n\u2019\u00e9tait plus qu\u2019un \u00ab&nbsp;r\u00e9sident de nuit&nbsp;\u00bb comme il le dit lui-m\u00eame.<\/p>\n\n\n\n<p>Apr\u00e8s l\u2019avoir rencontr\u00e9 de mani\u00e8re fortuite sur un temps convivial, il m\u2019a parl\u00e9 de ses activit\u00e9s th\u00e9\u00e2trales et de ses comp\u00e9tences li\u00e9es \u00e0 la r\u00e9gie technique.<\/p>\n\n\n\n<p>Je lui ai donc tout naturellement propos\u00e9 d\u2019\u00eatre le r\u00e9f\u00e9rent technique du spectacle, ce qu\u2019il a accept\u00e9, argumentant qu\u2019il \u00e9tait heureux de r\u00e9investir de nouveau son quartier.<\/p>\n\n\n\n<h4 class=\"wp-block-heading\"><strong>3&nbsp;: La collaboration associative acajy<\/strong><\/h4>\n\n\n\n<p><strong>1\/L\u2019association Roch Rock\u2019nroll&nbsp;:<\/strong><\/p>\n\n\n\n<p>L\u2019association RochRock\u2019nroll, a son si\u00e8ge social \u00e0 l\u2019Acajy et b\u00e9n\u00e9ficie de deux cr\u00e9neaux pour organiser des s\u00e9ances de danse de salon aux habitants.<\/p>\n\n\n\n<p>Nous savons que peu des personnes du quartier participent aux activit\u00e9s de l\u2019association mais qu\u2019elle repr\u00e9sente une ouverture sur les autres quartiers.<\/p>\n\n\n\n<p>Qu\u2019en cela elle favorise la mixit\u00e9 sociale dont a besoin l\u2019Acajy pour d\u00e9velopper l\u2019image d\u2019une maison active au profit de l\u2019ensemble des habitants du quartier.<\/p>\n\n\n\n<p>Interpell\u00e9e en tant qu\u2019association adh\u00e9rente de l\u2019Acajy sur l\u2019opportunit\u00e9 de sa pr\u00e9sence sur le projet, la directrice de l\u2019association s\u2019est&nbsp; engag\u00e9e sur le principe d\u2019offrir ses comp\u00e9tences dans la mise en sc\u00e8ne du spectacle et d\u2019\u00eatre pr\u00e9sente dans l\u2019\u00e9laboration du projet en assistant au groupe de pilotage.<\/p>\n\n\n\n<p>A l\u2019image de l\u2019atelier danse de Forges, c\u2019est un groupe tr\u00e8s autonome et tr\u00e8s organis\u00e9, coutumier des d\u00e9monstrations et en cela qui ne demande pas une pr\u00e9paration longue et d\u00e9licate.<\/p>\n\n\n\n<p>&nbsp;Il s\u2019agit davantage d\u2019une mise au point sc\u00e9nique et de calendrier.<\/p>\n\n\n\n<p>Par ailleurs, la directrice de l\u2019association, conna\u00eet les objectifs du projet social et a elle-m\u00eame une sensibilit\u00e9 et une comp\u00e9tence sociale, son poste&nbsp; \u00e9tait animatrice d\u2019insertion professionnelle avant d\u2019\u00eatre directrice de l\u2019association de danse.<\/p>\n\n\n\n<p><strong>2\/ L\u2019association \u0153il de Cauris.<\/strong><\/p>\n\n\n\n<p>Sp\u00e9cialis\u00e9e dans les arts africains, cette association propose des cours de percussions.<\/p>\n\n\n\n<p>Nous travaillons donc un interm\u00e8de musical avec les \u00e9l\u00e8ves de l\u2019atelier percussions qui s\u2019int\u00e8grera dans la sc\u00e8ne du crocodile.<\/p>\n\n\n\n<p><strong>3\/L\u2019association Aadiqno<\/strong><\/p>\n\n\n\n<p>Nous avons pris contact avec des jeunes du quartier Jean Yole pour assurer un des espaces de cr\u00e9ation (la sc\u00e8ne des fant\u00f4mes).<\/p>\n\n\n\n<p>Ils ont travaill\u00e9 pendant les vacances de p\u00e2ques sous la direction d\u2019Alice, une jeune fille qui d\u00e9sirait s\u2019investir dans le centre afin de pr\u00e9parer son entr\u00e9e en Beatep.<\/p>\n\n\n\n<p>Malheureusement, Alice n\u2019a pas pu continuer la route avec nous \u00e9tant appel\u00e9e \u00e0 un autre avenir.<\/p>\n\n\n\n<p>Nous avons alors pris contact avec Xavier l\u2019animateur jeunesse du quartier des Forges qui avait pr\u00e9sent\u00e9 avec nous le premier spectacle.<\/p>\n\n\n\n<p>Nous sommes donc en pr\u00e9paration pour qu\u2019il reprenne le groupe initial de hip hop pour pr\u00e9senter la chor\u00e9graphie des fant\u00f4mes.<\/p>\n\n\n\n<p><strong>4\/ L\u2019association des petits d\u00e9brouillards.<\/strong><\/p>\n\n\n\n<p>C\u2019est une association sp\u00e9cialis\u00e9e dans les activit\u00e9s \u00e0 caract\u00e8re scientifique.<\/p>\n\n\n\n<p>Des relations privil\u00e9gi\u00e9es avec les petits d\u00e9brouillards, qui ont leur antenne dans nos locaux, ont permis d\u2019avancer tr\u00e8s vite la collaboration \u00e0 venir dans le projet.<\/p>\n\n\n\n<p>En effet, l\u2019Acajy et les petits d\u00e9brouillards ont un d\u00e9velopp\u00e9 un&nbsp; partenariat \u00e9labor\u00e9 autour d\u2019ateliers parents- enfants depuis de nombreux mois.<\/p>\n\n\n\n<p>Apr\u00e8s la pr\u00e9sentation du projet, l\u2019animateur a propos\u00e9 d\u2019intervenir pendant l\u2019entracte par le biais d\u2019une exp\u00e9rience sur la lumi\u00e8re.<\/p>\n\n\n\n<p>Malgr\u00e9 la d\u00e9mission en mai 2005 de l\u2019animateur r\u00e9f\u00e9rent, la participation des petits d\u00e9brouillards sur la grenouille bleue n\u2019a pas \u00e9t\u00e9 remise en cause par l\u2019animateur reprenant le poste.<\/p>\n\n\n\n<p>La pr\u00e9paration &nbsp;a donc&nbsp; \u00e9t\u00e9 &nbsp;interrompue le temps de la prise de fonction de Damien le nouvel animateur \u00e0 qui j\u2019ai donn\u00e9 les \u00e9l\u00e9ments du dossier pour qu\u2019il comprenne le projet.<\/p>\n\n\n\n<p>Il m\u2019exposa en&nbsp; retour son d\u00e9sir de travailler sur la fluorescence. Apr\u00e8s quelques exp\u00e9rimentations qu\u2019il fit avec certains jeunes du quartier, il recomposa une mixture fluorescente.<\/p>\n\n\n\n<p>L\u2019id\u00e9e d\u2019int\u00e9grer la potion magique dans le conte amena le groupe d\u2019acteurs \u00e0 retravailler une sc\u00e8ne avec l\u2019animateur des petits d\u00e9brouillards qui deviendrait le mage Merlingo dans l\u2019histoire du conte et nous fournirait la dose magique n\u00e9cessaire au retour du h\u00e9ros dans la r\u00e9alit\u00e9.<\/p>\n\n\n\n<p>Notre collaboration s\u2019est donc&nbsp; \u00e9tay\u00e9e par l\u2019\u00e9criture d\u2019une nouvelle sc\u00e8ne avec les acteurs.<\/p>\n\n\n\n<p><strong>3\/L\u2019association OVISNO<\/strong>&nbsp;:<\/p>\n\n\n\n<p>Au pr\u00e9alable, je pr\u00e9viens le lecteur que ce paragraphe&nbsp; est trait\u00e9 de mani\u00e8re plus d\u00e9taill\u00e9e afin de bien d\u00e9rouler les interf\u00e9rences d\u2019acteurs agissant dans un syst\u00e8me, qui sont n\u00e9cessaires \u00e0 la compr\u00e9hension de mes conclusions.<\/p>\n\n\n\n<p>L\u2019OVISNO est une association g\u00e9r\u00e9e par le centre m\u00e9dico-psychologique Emile Faguet \u00e0 La Roche sur Yon qui est association adh\u00e9rente de l\u2019Acajy dans le cadre d\u2019ateliers th\u00e9rapeutiques ouverts.<\/p>\n\n\n\n<p>C\u2019est \u00e0 l\u2019issue d\u2019un de ces ateliers d\u2019Art floral, que j\u2019engage le dialogue avec l\u2019animatrice soignante sur le d\u00e9sir de monter un travail collectif autour d\u2019un conte par le centre social Jean Yole et d\u2019esp\u00e9rer une collaboration&nbsp; avec l\u2019ovisno.<\/p>\n\n\n\n<p>C\u2019est un contact prometteur puisque, l\u2019animatrice soignante me dit \u00eatre en recherche de nouveaux supports d\u2019animation, l\u2019atelier floral s\u2019essoufflant aupr\u00e8s des participants. L\u2019Art floral ayant fonctionn\u00e9 pendant 10 ans.<\/p>\n\n\n\n<p>Je pr\u00e9sente succinctement l\u2019histoire et le cadre du projet.<\/p>\n\n\n\n<p>L\u2019id\u00e9e est retenue d\u2019aller plus en avant et de retenir une date pour une rencontre avec la direction du CMP.<\/p>\n\n\n\n<p>La premi\u00e8re rencontre institutionnelle est fix\u00e9e entre la chef de service du CHP, faisant partie par ailleurs du groupe de pilotage du projet sant\u00e9 de Jean Yole, accompagn\u00e9e des deux animatrices soignantes du CMP et moi.<\/p>\n\n\n\n<p>Le d\u00e9sir d\u2019arr\u00eater l\u2019art floral et de prendre un autre support p\u00e9dagogique est confirm\u00e9, sans que ce support soit d\u00e9fini.<\/p>\n\n\n\n<p>Suit la pr\u00e9sentation g\u00e9n\u00e9rale du projet de la grenouille bleue et une explication sur les espaces d\u2019expression autonomes qui ponctuent la pi\u00e8ce et que pourraient investir les usagers de l\u2019Ovisno.<\/p>\n\n\n\n<p>Mme M accepte d\u2019engager la participation des ateliers th\u00e9rapeutiques non sans \u00e9mettre la satisfaction de&nbsp; collaborer sur un projet dont les objectifs sont concrets.<\/p>\n\n\n\n<p>Je m\u2019engage \u00e0 mon tour \u00e0 \u00eatre un soutien technique (th\u00e9\u00e2tre,danse) si l\u2019ovisno en fait la demande et laisse \u00e0 l\u2019\u00e9quipe le texte g\u00e9n\u00e9ral de la pi\u00e8ce afin que les animatrices r\u00e9fl\u00e9chissent \u00e0 l\u2019implication de l\u2019ovisno dans le spectacle.<\/p>\n\n\n\n<p>C\u2019est au cours de notre troisi\u00e8me rencontre que nous tentons &nbsp;de d\u00e9finir la place de l\u2019ovisno dans le spectacle.<\/p>\n\n\n\n<p>La r\u00e9union se d\u00e9roule entre les deux animatrices soignantes des ateliers et moi, sous ma casquette de pilote du projet et metteur en sc\u00e8ne.<\/p>\n\n\n\n<p>Cette rencontre est essentielle car le d\u00e9bat ne porte pas sur le fait de participer \u00e0 un projet global mais bien de d\u00e9finir la place de chacun dans le projet, la production effective dans le spectacle en tenant compte de nos pr\u00e9occupations respectives.<\/p>\n\n\n\n<p>Nous posons ensemble des pr\u00e9alables \u00e9vidents mais qu\u2019il est toujours bon de rappeler pour rassurer l\u2019autre&nbsp;:<\/p>\n\n\n\n<p>&#8211; Ne pas mettre en danger les personnes qui vont s\u2019exprimer, c\u2019est d\u00e9j\u00e0 le cas dans tout exercice de sc\u00e8ne, \u00e7a l\u2019est davantage quand on s\u2019adresse \u00e0 un public en difficult\u00e9 psychologique.<\/p>\n\n\n\n<p>&#8211; Ne pas poser un \u00e9ch\u00e9ancier difficile \u00e0 honorer compte tenu de la difficult\u00e9 de ce public de se projeter dans une action.<\/p>\n\n\n\n<p>Le support d\u2019animation th\u00e9\u00e2tre n\u2019est pas retenu parce que les animatrices ont v\u00e9rifi\u00e9 aupr\u00e8s des usagers qu\u2019ils souhaitaient mettre en place de l\u2019informatique et du dessin.<\/p>\n\n\n\n<p>Une des animatrices \u00e9met une r\u00e9serve d\u2019importance sans \u00eatre suivie par sa coll\u00e8gue sur ce point&nbsp;: Travailler sur un conte pour enfant pourrait \u00eatre per\u00e7u comme infantilisant au regard d\u2019un public d\u00e9j\u00e0 en difficult\u00e9 d\u2019acc\u00e8s \u00e0 l\u2019autonomie.<\/p>\n\n\n\n<p>Un d\u00e9bat s\u2019ensuit entre nous. L\u2019id\u00e9e que le conte source d\u2019imaginaire peut \u00e9vacuer certaines tensions avec une mise \u00e0 distance de la r\u00e9alit\u00e9 nous accorde.<\/p>\n\n\n\n<p>J\u2019argumente sur le fait que les r\u00f4les des personnages du conte sont jou\u00e9s par des enfants et que les adultes n\u2019interviennent que dans les interm\u00e8des comme les autres personnes des diff\u00e9rentes associations partenaires.<\/p>\n\n\n\n<p>&nbsp;Nous&nbsp; poursuivons sereinement la r\u00e9union devant cerner plus concr\u00e8tement &nbsp;&nbsp;la d\u00e9finition &nbsp;de notre collaboration.<\/p>\n\n\n\n<p>Respectant le d\u00e9sir de faire pratiquer l\u2019informatique, une des animatrices propose de faire un sommaire du spectacle par le biais d\u2019un diaporama.<\/p>\n\n\n\n<p>J\u2019explique alors la difficult\u00e9 \u00e0 annoncer le spectacle sans en d\u00e9voiler la teneur surtout dans le contexte d\u2019un conte o\u00f9 l\u2019effet de surprise doit exister.<\/p>\n\n\n\n<p>Mais qu\u2019on peut imaginer un diaporama qui fait arr\u00eat sur image \u00e0 la fin de l\u2019histoire, expliquant le pourquoi du n\u0153ud de l\u2019intrigue avec une sorte de remont\u00e9e dans le temps.<\/p>\n\n\n\n<p>Laissant l\u2019initiative au partenaire ovisno ( mais restant en soutien si elles le souhaitent ) d\u2019\u00e9crire l\u2019histoire avant l\u2019histoire avec le support de leur choix&nbsp;: photo, dessin etc\u2026<\/p>\n\n\n\n<p>J\u2019indique qu\u2019il n\u2019y a pas d\u2019obligation de r\u00e9sultat, la pi\u00e8ce pouvant fonctionner en autonomie, les raccords des partenaires ne remettent pas en question la coh\u00e9rence et le d\u00e9roulement de l\u2019histoire.<\/p>\n\n\n\n<p>Malgr\u00e9 ces entretiens, la collaboration avec l\u2019Ovisno stagne.<\/p>\n\n\n\n<p>Cela s\u2019explique me dit-on \u00e0 cause d\u2019un arr\u00eat &nbsp;maladie d\u2019une des animatrices.<\/p>\n\n\n\n<p>Quand elle raccroche au projet en mai 2005, il est convenu qu\u2019avec le retard dans la pr\u00e9paration, il serait plus prudent d\u2019impliquer les personnes sur une chanson qu\u2019ils chanteraient \u00e0 la fin du spectacle.<\/p>\n\n\n\n<p>Je r\u00e9it\u00e8re mes propos sur l\u2019accueil de toute initiative dans le spectacle et nous convenons donc que l\u2019ovisno serait porteur d\u2019une chanson contant les d\u00e9boires de la reine, \u00e0 la fin du spectacle.<\/p>\n\n\n\n<p>Sans aucun autre contact avec les animatrices concern\u00e9es par le projet, la directrice de l\u2019Ovisno, m\u2019informe ,au cours d\u2019une r\u00e9union sur le projet sant\u00e9, du retrait d\u00e9finitif du projet \u00e0 cause du blocage d\u2019une des animatrices sur le fait de participer \u00e0 un conte donc \u00e0 une production enfantine.<\/p>\n\n\n\n<p>Elle convient que cette r\u00e9ticence n\u2019a pas lieu d\u2019\u00eatre et que l\u2019animatrice se cantonne dans un r\u00f4le maternant d\u2019assistance et non d\u2019accompagnement vers des activit\u00e9s d\u2019expression autonome. Mais que le projet ne peut se faire sans l\u2019animatrice d\u2019o\u00f9 le retrait de l\u2019ovisno du projet.<\/p>\n\n\n\n<p>Nous remettons \u00e0 plus tard une collaboration au travers d\u2019autres ateliers.<\/p>\n\n\n\n<p>Au -del\u00e0 de la d\u00e9ception de ne pas pouvoir faire participer des personnes d\u00e9j\u00e0 exclues par leur maladie \u00e0 un projet bas\u00e9 sur l\u2019expression, ce retrait m\u2019a permis de m\u2019interroger sur les raisons de l\u2019\u00e9chec de notre collaboration avec les personnels encadrant les ateliers th\u00e9rapeutiques.<\/p>\n\n\n\n<p>Bien que connaissant les probl\u00e8mes rencontr\u00e9s dans la collaboration d\u2019acteurs issus d\u2019autres milieux professionnels revendiquant des codes, des langages et des orientations sp\u00e9cifiques \u00e0 leurs champs (on dirait culture d\u2019entreprise s\u2019il s\u2019agissait du monde de l\u2019entreprise) j\u2019avais l\u2019intuition que ce qui s\u2019\u00e9tait pass\u00e9 pour l\u2019\u00e9chec de l\u2019investissement de l\u2019Ovisno sur la grenouille bleue proc\u00e9dait d\u2019un ph\u00e9nom\u00e8ne li\u00e9e \u00e0 la culture sp\u00e9cifique du soin.<\/p>\n\n\n\n<p>Il se trouve qu\u2019ayant assist\u00e9 au colloque sur les pratiques d\u2019art th\u00e9rapie peu de temps avant dans le cadre de mes 80 heures de formation j\u2019ai pu v\u00e9rifier mon intuition.<\/p>\n\n\n\n<p>L\u2019existence du pouvoir de certains personnels soignants sur les personnes dont elles ont la charge, qui projettent leur propre repr\u00e9sentation sur l\u2019objet d\u2019expression et de cr\u00e9ativit\u00e9.<\/p>\n\n\n\n<p><em>\u00ab&nbsp;Il faut&nbsp; \u00eatre vigilant en temps que travailleurs sociaux \u00e0 ne pas avoir d\u2019attitude maternante, fig\u00e9e dans l\u2019hyperprotection et ne&nbsp; pas provoquer de confusion dans l\u2019espace d\u00e9sir\/ali\u00e9nation, captation de sa propre projection&nbsp;\u00bb<\/em> (1)<\/p>\n\n\n\n<p>L\u2019activit\u00e9 cr\u00e9atrice chez les personnes disqualifi\u00e9es&nbsp; est une des r\u00e9ponses pour que&nbsp; les cadres accompagnant changent leurs repr\u00e9sentations de l\u2019handicap.<\/p>\n\n\n\n<p><em>Les travaux r\u00e9alis\u00e9s dans le cadre du CREAHM (Cr\u00e9ativit\u00e9 et Handicap Mental), montrent des possibilit\u00e9s de modifier la communication avec la personne handicap\u00e9e \u00e0 travers la cr\u00e9ativit\u00e9 et l&rsquo;art. En effet, l&rsquo;animateur qui produit une \u0153uvre artistique avec la personne handicap\u00e9e et le public qui voit cette \u0153uvre consid\u00e8rent la personne d\u00e9ficiente comme un sujet \u00e0 part enti\u00e8re qui r\u00e9alise quelque chose de beau. Ils sont donc dans un agir \u00e9mancipatoire (2)<\/em><\/p>\n\n\n\n<p>Cet incident &nbsp;m\u2019a aussi permis de m\u2019interroger sur les m\u00e9canismes \u00e0 l\u2019\u0153uvre dans le succ\u00e8s ou l\u2019\u00e9chec d\u2019actions sur les quartiers.<\/p>\n\n\n\n<p>(1)phrase cit\u00e9e au cours du colloque \u00abcr\u00e9ation,expression ou th\u00e9rapie&nbsp;: quel cadre j\u2019habite&nbsp;\u00bb lors de l\u2019&nbsp;Intervention du docteur J.Brousta, psychiatre et psychanalyste, \u00e9crivain, Pr\u00e9sident de l\u2019Association appel d\u2019air.<\/p>\n\n\n\n<p>(1)<em>.<\/em>&nbsp;\u00ab&nbsp;L&rsquo;accompagnement, g\u00e9n\u00e9rateur d&rsquo;\u00e9quilibre personnel et de reconnaissance sociale&nbsp;\u00bb<strong><em>M. Mercier, G.Carlier. <\/em><\/strong>Bulletin d&rsquo;Education du Patientde la communication et de la relation<em> Volume 17, N\u00b0 1, Avril 1998<\/em><\/p>\n\n\n\n<h2 class=\"wp-block-heading\">V&nbsp;\/ SOURCE CONCEPTUELLE DE LA GRENOUILLE BLEUE<\/h2>\n\n\n\n<p>Avec le recul de tous ces mois de recherche et de r\u00e9flexion pour comprendre les m\u00e9canismes des probl\u00e9matiques qui traversent mon exp\u00e9rience d\u2019animation, je poursuis mes questionnements&nbsp;:<\/p>\n\n\n\n<p>Comment ce projet similaire (m\u00eame spectacle, m\u00eame&nbsp; environnement social, m\u00eame troupe sur sc\u00e8ne (en partie)), ne m\u2019a pos\u00e9 &nbsp;de probl\u00e8mes particuliers hormis des ajustements organisationnels sur un quartier et si complexe et avec un cheminement si laborieux sur l\u2019autre&nbsp;?<\/p>\n\n\n\n<h3 class=\"wp-block-heading\"><strong>A\/ Le cheminement vers les concepts<\/strong><\/h3>\n\n\n\n<h4 class=\"wp-block-heading\">1&nbsp;: Eclairage sur l\u2019\u00e9volution de ma d\u00e9marche<\/h4>\n\n\n\n<p>Le d\u00e9marrage de mon exp\u00e9rience d\u2019animation s\u2019est pos\u00e9 dans le cadre du renouvellement du &nbsp;projet social de l\u2019association&nbsp; d\u00e9fini par les r\u00e8gles institu\u00e9es que j\u2019avais d\u00e9j\u00e0 exp\u00e9riment\u00e9es.<\/p>\n\n\n\n<p>Mon travail sur le quartier des Forges a \u00e9t\u00e9 men\u00e9 dans une logique de projet bas\u00e9 sur un diagnostic et des propositions d\u2019actions r\u00e9pondant aux probl\u00e9matiques du quartier et de ses habitants.<\/p>\n\n\n\n<p>La mise en \u0153uvre du spectacle accompagnait l\u2019\u00e9volution du projet social port\u00e9 par l\u2019\u00e9quipe associative et professionnelle et a abouti \u00e0 un travail collectif r\u00e9pondant aux objectifs fix\u00e9s.<\/p>\n\n\n\n<p>J\u2019ai pu pendant toute la dur\u00e9e de l\u2019exp\u00e9rience m\u2019appuyer sur l\u2019association et ses membres structur\u00e9s autour d\u2019une organisation collective forte.<\/p>\n\n\n\n<p>J\u2019emploierai la m\u00e9taphore d\u2019un chantier o\u00f9 chaque membre de l\u2019\u00e9quipe \u00e9tait en charge de mener sa t\u00e2che pour la construction finale.<\/p>\n\n\n\n<p>Quand j\u2019ai r\u00e9-initi\u00e9 le projet sur le quartier de Jean Yole la question de la d\u00e9ficience d\u2019une \u00e9quipe associative forte autour du projet s\u2019est impos\u00e9e.<\/p>\n\n\n\n<p>Tout \u00e9tait \u00e0 reconstruire.<\/p>\n\n\n\n<p>L\u2019\u00e9volution du projet &nbsp;\u00e9tait tributaire non pas d\u2019un engagement collectif assum\u00e9 mais d\u2019un investissement personnalis\u00e9 par les habitants, dans l\u2019association ou hors de l\u2019association.<\/p>\n\n\n\n<p>Ma d\u00e9marche s\u2019est donc appuy\u00e9e non pas sur des commissions et des r\u00e9f\u00e9rents institu\u00e9s dans un fonctionnement lin\u00e9aire mais dans un premier temps sur les associations associ\u00e9es au projet de l\u2019Acajy.<\/p>\n\n\n\n<p>Partant du constat que les habitants et les usagers n\u2019\u00e9taient pas organis\u00e9s collectivement autour de l\u2019Acajy je suis&nbsp; all\u00e9e \u00e0 leur&nbsp; rencontre.<\/p>\n\n\n\n<p>Je me suis alors attach\u00e9e \u00e0 conna\u00eetre les ressources et savoir faire qu\u2019ils pourraient mettre au service du projet tout en leur apportant un b\u00e9n\u00e9fice social.<\/p>\n\n\n\n<p>Sachant par ailleurs la&nbsp; grande fragilit\u00e9 sociale des habitants du quartier je savais qu\u2019il \u00e9tait possible qu\u2019ils n\u2019aillent pas au bout du projet et que le spectacle gardait un caract\u00e8re al\u00e9atoire.<\/p>\n\n\n\n<h4 class=\"wp-block-heading\">2&nbsp;: La complexit\u00e9 des \u00e9l\u00e9ments conceptuels travers\u00e9s<\/h4>\n\n\n\n<p>C\u2019est en \u00e9crivant mon m\u00e9moire sur un plan comparatif des deux quartiers que je me suis forg\u00e9e une s\u00e9rie d\u2019interrogations.<\/p>\n\n\n\n<p>Le bien fond\u00e9 de faire le spectacle de \u00ab&nbsp;la grenouille bleue&nbsp;\u00bb sur un projet de quartier \u00e9tait une conviction acquise depuis le d\u00e9but de mon exp\u00e9rience. A cela il y avait deux raisons&nbsp;:<\/p>\n\n\n\n<p>&nbsp;&nbsp;&nbsp;&nbsp; 1\/ Mon exp\u00e9rience d\u2019animatrice de th\u00e9\u00e2tre et de danse m\u2019avait amen\u00e9 \u00e0 constater souvent l\u2019enrichissement individuel que retirait les participants au travail de sc\u00e8ne ainsi que la dynamique collective qui se d\u00e9gageait dans un groupe port\u00e9 par une exp\u00e9rience de spectacle.<\/p>\n\n\n\n<p>&nbsp;&nbsp;&nbsp;&nbsp; 2\/ L\u2019exp\u00e9rience r\u00e9ussie de l\u2019aventure des Forges \u00e9tait derri\u00e8re moi &nbsp;au moment o\u00f9 j\u2019entamais mon exp\u00e9rience d\u2019animation et j\u2019ai pu v\u00e9rifier que le support de la pi\u00e8ce collective avait un potentiel important dans le cadre d\u2019un centre social.<\/p>\n\n\n\n<p>L\u2019id\u00e9e de travailler sur le concept de m\u00e9diation culturelle et de son utilit\u00e9 sociale a \u00e9t\u00e9 pos\u00e9e en d\u00e9but de parcours.<\/p>\n\n\n\n<p>Mon &nbsp;d\u00e9part en &nbsp;formation m\u00e9thodologie de projet m\u2019a permis d\u2019approfondir mes questionnements et surtout mon objet d\u2019\u00e9tude&nbsp;: la mise en place du projet sur Jean Yole, qui d\u00e9j\u00e0 me laissait entrevoir deux autres \u00e9l\u00e9ments majeurs&nbsp;: les notions d\u2019estime de soi et &nbsp;de reconnaissance sociale.<\/p>\n\n\n\n<h4 class=\"wp-block-heading\">3&nbsp;: La naissance d\u2019une hypoth\u00e8se \u00e0 v\u00e9rifier<\/h4>\n\n\n\n<p>C\u2019est en gardant l\u2019id\u00e9e de comparer la mise en place des deux quartiers qu\u2019est apparu un foisonnement d\u2019interrogations.<\/p>\n\n\n\n<p>Les notions de territoires, d\u2019identit\u00e9 et de m\u00e9moire collective, de stigmatisation et d\u2019ali\u00e9nation, de repr\u00e9sentations collectives et individuelles li\u00e9es \u00e0 l\u2019image d\u2019un quartier traversaient mon travail de recherche.<\/p>\n\n\n\n<p>J\u2019ai alors pos\u00e9 une hypoth\u00e8se&nbsp;:<\/p>\n\n\n\n<p>Alors que l\u2019acte de cr\u00e9ation et d\u2019expression peut \u00eatre source de valorisation de l\u2019image individuelle (l\u2019habitant) ou collective (le quartier) facteur d\u2019estime de soi et de reconnaissance sociale, la stigmatisation&nbsp; collective ou individuelle devient&nbsp; une force&nbsp; ou un frein \u00e0 la r\u00e9alisation de ce projet.<\/p>\n\n\n\n<p>Je fais l\u2019hypoth\u00e8se que la stigmatisation<\/p>\n\n\n\n<p>&#8211; peut \u00eatre un facteur de force collective si elle touche une repr\u00e9sentation collective assum\u00e9e, sans remettre en cause l\u2019unicit\u00e9 du groupe et ses valeurs.<\/p>\n\n\n\n<p>&#8211; Et qu\u2019elle est facteur d\u2019ali\u00e9nation si elle touche l\u2019individu sujet dans son&nbsp; estime de soi repr\u00e9sentant alors un frein \u00e0 la socialisation \u00e0 l\u2019int\u00e9rieur d\u2019un groupe.<\/p>\n\n\n\n<p>Comme je l\u2019ai d\u00e9j\u00e0 soulign\u00e9 la d\u00e9marche de la mise en \u0153uvre du projet \u00e9tait diff\u00e9rente sur les deux quartiers.<\/p>\n\n\n\n<p>Il fallait donc chercher \u00e0 approfondir la question de la diff\u00e9rence.<\/p>\n\n\n\n<p>En effet,&nbsp; les crit\u00e8res \u00e9valuables (voire la classification ZUS) &nbsp;sont globalement identiques ainsi que la typologie des quartiers.<\/p>\n\n\n\n<p>Mais leur point commun est aussi que chacun des deux quartiers ont une mauvaise image sur la ville.<\/p>\n\n\n\n<p>C\u2019est sur cette derni\u00e8re observation que j\u2019ai pu \u00e9tayer mon raisonnement gr\u00e2ce aux \u00e9l\u00e9ments apport\u00e9s par Serge Paugam &nbsp;lors de son enqu\u00eate \u00e0 propos de la disqualification sociale.<\/p>\n\n\n\n<p>Serge Paugam a d\u00e9gag\u00e9 des \u00e9l\u00e9ments d\u2019observation et de th\u00e9orisation qui peuvent s\u2019appliquer \u00e0 ma recherche m\u00eame s\u2019il est admis que chaque quartier a sa sp\u00e9cificit\u00e9 li\u00e9e \u00e0 son histoire, il a mis en \u00e9vidence le fait que &nbsp;la disqualification sociale proc\u00e8de d\u2019une construction sociale qui peut s\u2019appliquer aux quartiers d\u00e9sh\u00e9rit\u00e9s des cit\u00e9s.(1)<\/p>\n\n\n\n<h3 class=\"wp-block-heading\"><strong>B\/ L\u2019\u00e9tude des comportements des personnes disqualifi\u00e9es selon Serge Paugham.<\/strong><\/h3>\n\n\n\n<h4 class=\"wp-block-heading\">1&nbsp;: Les limites pos\u00e9es \u00e0 l\u2019utilisation de l\u2019enqu\u00eate de Serge Paugam.<\/h4>\n\n\n\n<p>Tout d\u2019abord il faut pr\u00e9ciser que l\u2019objet d\u2019\u00e9tude de Serge Paugam dans la disqualification sociale diff\u00e8re, dans le but qu\u2019il s\u2019est assign\u00e9, de ma propre recherche.<\/p>\n\n\n\n<p>En effet l\u2019enqu\u00eate est men\u00e9e aupr\u00e8s des habitants d\u2019une cit\u00e9, stigmatis\u00e9s par leur statut social \u00e0 savoir les personnes ayant de mani\u00e8re occasionnelle ou permanente recours \u00e0 l\u2019aide sociale.<\/p>\n\n\n\n<p>(1) \u00ab&nbsp;La disqualification sociale&nbsp;\u00bb Essai sur la nouvelle pauvret\u00e9. Serge Paugam. PUF 1991, p 172.<\/p>\n\n\n\n<p>Il s\u2019agit d\u2019\u00e9tudier, par le biais des fichiers et ressources des services sociaux d\u2019une ville moyenne, les diff\u00e9rences comportementales dans des exp\u00e9riences v\u00e9cues qui am\u00e8neront l\u2019auteur \u00e0 distinguer trois cat\u00e9gories de population&nbsp;: les fragilis\u00e9s, les assist\u00e9s et les marginaux.<\/p>\n\n\n\n<p>C\u2019est donc un objet d\u2019\u00e9tude cibl\u00e9 sur une cat\u00e9gorie pr\u00e9cise des habitants d\u2019une cit\u00e9. M\u00eame s\u2019il existe une similitude \u00e9vidente dans les cas rapport\u00e9s dans l\u2019enqu\u00eate sur ces populations avec ce qu\u2019on peut observer sur Forges et Jean Yole, ma recherche est bas\u00e9e sur la population globale de ces deux quartiers.<\/p>\n\n\n\n<p>Ce sont davantage les conclusions g\u00e9n\u00e9rales&nbsp; que tire Serge Paugam sur le regard que porte une population stigmatis\u00e9e sur elle-m\u00eame et ce qu\u2019elle est pr\u00eate \u00e0 assumer que j\u2019ai utilis\u00e9es.<\/p>\n\n\n\n<h4 class=\"wp-block-heading\">2&nbsp;: Un environnement et un diagnostic pr\u00e9sentant des similitudes<\/h4>\n\n\n\n<p>Tout d\u2019abord l\u2019enqu\u00eate de Serge Paugam porte sur une ville moyenne d\u2019importance \u00e9gale \u00e0 La Roche sur Yon, sur un quartier d\u2019origine modeste o\u00f9 vivent des populations reconnues en situation de pr\u00e9carit\u00e9.<\/p>\n\n\n\n<p>Partant de ce constat, il pose comme pr\u00e9alable que le terme de disqualification sociale renvoie \u00e0 une logique de d\u00e9signation et d\u2019\u00e9tiquetage qui a des effets sur le plan identitaire des personnes concern\u00e9es.<\/p>\n\n\n\n<p>Par extension, on peut d\u00e9fendre l\u2019id\u00e9e que le zonage ZUS dans son appellation m\u00eame est une sectorisation stigmatis\u00e9e.<\/p>\n\n\n\n<p>La divergence pr\u00e9cis\u00e9e plus haut (le fait qu\u2019il s\u2019agisse exclusivement d\u2019une population aid\u00e9e par l\u2019aide sociale) ne retire en rien la pertinence globale de l\u2019analyse puisque au-del\u00e0 du cadre administratif de l\u2019enqu\u00eate de Serge Paugam, on peut consid\u00e9rer qu\u2019une grande partie des&nbsp; habitants des Forges et de Jean Yole on recours au soutien des services sociaux.<\/p>\n\n\n\n<p>Enfin l\u2019argument majeur que je retiens et qui sert l\u2019objet de mon \u00e9tude est de montrer que l\u2019histoire, la m\u00e9moire collective, l\u2019esprit communautaire, les entraides solidaires autonomes forment&nbsp; un ciment qui favorise la r\u00e9sistance \u00e0 la victimisation de ces quartiers.<\/p>\n\n\n\n<p>Et qu\u2019\u00e0 l\u2019inverse le d\u00e9litement du lien social passe par la d\u00e9solidarisation individuelle de classe qui entra\u00eene l\u2019isolement voire&nbsp; la honte ou la culpabilit\u00e9 de son statut social.<\/p>\n\n\n\n<h4 class=\"wp-block-heading\">3&nbsp;: Les \u00e9l\u00e9ments th\u00e9oriques emprunt\u00e9s \u00e0 Serge Paugam.<\/h4>\n\n\n\n<p>Serge Paugam a pu observer des diff\u00e9rences fondamentales de comportements selon que les personnes acceptent ou non leur statut social.<\/p>\n\n\n\n<p><em>\u00ab&nbsp;Ce qui me semble sociologiquement pertinent pour la compr\u00e9hension et l\u2019analyse de la disqualification sociale des populations reconnues comme \u00ab&nbsp;pauvres&nbsp;\u00bb, ce n\u2019est pas seulement l\u2019effet d\u2019imposition par les travailleurs sociaux d\u2019un statut social d\u00e9grad\u00e9, ni non plus uniquement l\u2019apprentissage des r\u00f4les sociaux qui s\u2019accordent \u00e0 ce statut, c\u2019est aussi l\u2019acceptabilit\u00e9 ou la non- acceptabilit\u00e9 de la proc\u00e9dure de d\u00e9signation ou de l\u2019\u00e9tiquetage.&nbsp;<\/em><em>\u00bb(1)<\/em><\/p>\n\n\n\n<p>A la suite de ce constat il propose comme hypoth\u00e8se que les populations stigmatis\u00e9es par l\u2019aide sociale en g\u00e9n\u00e9ral, n\u00e9gocient l\u2019inf\u00e9riorit\u00e9 de leur statut social et ont une marge si faible soit \u2013elle, sur la r\u00e9interpr\u00e9tation des signes n\u00e9gatifs qui les caract\u00e9risent.<\/p>\n\n\n\n<p>En ce sens, il emprunte \u00e0 E.Goffman (2) la notion de r\u00e9sistance \u00e0 l\u2019\u00e9chec social par des comportements ou des discours visibles qui att\u00e9nuent l\u2019image n\u00e9gative que les autres&nbsp; leur renvoient.<\/p>\n\n\n\n<p><em>\u00ab&nbsp;Il s\u2019agit de privil\u00e9gier l\u2019interpr\u00e9tation compr\u00e9hensive des attitudes collectives et individuelles et des repr\u00e9sentations en admettant que les acteurs sociaux poss\u00e8dent une marge d\u2019autonomie qui leur permet d\u2019int\u00e9rioriser, de refuser ou de n\u00e9gocier la d\u00e9finition sociale de leur statut.&nbsp;\u00bb<\/em><em> (3)<\/em><\/p>\n\n\n\n<p>L\u2019image qu\u2019ils ont d\u2019eux m\u00eame et par extension de leur quartier participe \u00e0 la construction sociale et selon les d\u00e9terminismes sociaux qu\u2019ils favorisent ou qu\u2019ils contredisent, il d\u00e9finissent &nbsp;leur identit\u00e9 individuelle et collective.<\/p>\n\n\n\n<p>C\u2019est en partant de l\u2019image du quartier ou de sa renomm\u00e9e que j\u2019ai pu observer les strat\u00e9gies&nbsp; d\u2019adaptation des personnes vivant sur les quartiers des Forges et Jean Yole.<\/p>\n\n\n\n<p>(1)&nbsp; &nbsp;\u00ab&nbsp;&nbsp;La disqualification sociale&nbsp;\u00bb Essai sur la nouvelle pauvret\u00e9. Serge Paugam. PUF 1991, p 27<\/p>\n\n\n\n<p>(2) ) E.Goffman \u00ab&nbsp;stigmate&nbsp;\u00bb , Paris Edition minuit 1975, p 44.<\/p>\n\n\n\n<p>(3) \u00ab&nbsp;&nbsp;La disqualification sociale&nbsp;\u00bb Essai sur la nouvelle pauvret\u00e9. Serge Paugam. PUF 1991, p 28-29<\/p>\n\n\n\n<h3 class=\"wp-block-heading\">&nbsp;<strong>C\/&nbsp;: Jean Yole et Forges, des associations marqu\u00e9es par leur image.<\/strong><\/h3>\n\n\n\n<p>Il est important pour comprendre la construction sociale des quartiers qui nous occupent de revenir sur l\u2019origine de leur r\u00e9putation.<\/p>\n\n\n\n<h4 class=\"wp-block-heading\">1&nbsp;: Forges, une r\u00e9putation de violence et d\u2019insoumission<\/h4>\n\n\n\n<p>La r\u00e9putation du quartier des Forges d\u00e9passe La Roche sur Yon.<\/p>\n\n\n\n<p>Il m\u2019est arriv\u00e9 souvent apr\u00e8s avoir pris mes fonctions comme directrice de la maison de quartier des Forges et de parler de ma nouvelle affectation, d\u2019avoir des<\/p>\n\n\n\n<p>r\u00e9actions admiratives de travailler dans le quartier des Forges.<\/p>\n\n\n\n<p>Ce quartier a, par le pass\u00e9, d\u00e9fray\u00e9&nbsp; la chronique par certains actes de violence perp\u00e9tr\u00e9s par les jeunes du quartier.<\/p>\n\n\n\n<p>Une \u00e9tude ayant pour th\u00e8me \u00ab&nbsp;la violence&nbsp;\u00bb a \u00e9t\u00e9 \u00e9labor\u00e9e par le CEAS en 1996 \u00e0 la demande des travailleurs sociaux du quartier.<\/p>\n\n\n\n<p>&nbsp;Outre d\u2019apporter des \u00e9l\u00e9ments de compr\u00e9hension par le biais d\u2019enqu\u00eate aupr\u00e8s des habitants sur la d\u00e9finition de la violence per\u00e7ue dans ce quartier elle devait aboutir, d\u00e9j\u00e0 \u00e0 l\u2019\u00e9poque, \u00e0 la restauration d\u2019une meilleure image du quartier.<\/p>\n\n\n\n<p>On peut lire dans le rapport d\u00e9finitif des paroles d\u2019habitants d\u00e9non\u00e7ant cette violence, ici un jeune du quartier <em>\u00ab&nbsp;aujourd\u2019hui Les Forges c\u2019est calme mais tout le monde nous craint&nbsp;\u00bb <\/em><em>(1)<\/em> ou bien une habitante plus \u00e2g\u00e9e <em>\u00ab&nbsp;La r\u00e9putation des Forges c\u2019est exag\u00e9r\u00e9. Mais on n\u2019a pas \u00e0 changer les mentalit\u00e9s, que \u00e7a devienne trop bourgeois, trop triste<\/em>&nbsp;\u00bb (2) une certaine fiert\u00e9 \u00e0 revendiquer leur appartenance au quartier m\u00eame si cela passe par l\u2019image n\u00e9gative de la violence car malgr\u00e9 tout, &nbsp;c\u2019est&nbsp; aussi elle qui fonde son identit\u00e9.<\/p>\n\n\n\n<p>Le rapport insiste sur le paradoxe agissant dans le discours&nbsp; des habitants partag\u00e9s entre se d\u00e9solidariser de l\u2019image n\u00e9gative de leur quartier et de revendiquer leur appartenance \u00e0 l\u2019image qui fonde leur identit\u00e9 de quartier.<\/p>\n\n\n\n<p>La violence ici est per\u00e7ue comme&nbsp; une valeur positive ayant la fonction de d\u00e9marquer le quartier. La notion de force qui en \u00e9mane implique le respect des habitants par les \u00e9trangers au quartier.<strong><\/strong><\/p>\n\n\n\n<p>&nbsp;(1). Cit\u00e9 dans \u00ab&nbsp;vivre \u00e0 Forges, parlons-en&nbsp;!&nbsp;\u00bb Activit\u00e9 sociale N\u00b0 41 juin 1996 p 2.<\/p>\n\n\n\n<p>(2). Cit\u00e9 dans \u00ab&nbsp;vivre \u00e0 Forges, parlons-en&nbsp;!&nbsp;\u00bb Activit\u00e9 sociale N\u00b0 41 juin 1996 p 4.<\/p>\n\n\n\n<p>Serge Paugam restitue ce paradoxe qui est de d\u00e9noncer les faits qui justifient la mauvaise image et dans le m\u00eame temps d\u2019y adh\u00e9rer pour ne pas se couper de sa communaut\u00e9 et ainsi de ne pas compromettre sa r\u00e9putation aupr\u00e8s des autres.<\/p>\n\n\n\n<p><em>\u00ab&nbsp;En r\u00e9interpr\u00e9tant les traits n\u00e9gatifs et la mauvaise r\u00e9putation de leur cit\u00e9, ils veulent montrer ainsi qu\u2019ils ne sont pas moins que les autres mais qu\u2019ils sont autrement. Il s\u2019agit bien dans ce cas d\u2019une revalorisation de l\u2019identit\u00e9 collective et d\u2019une mobilisation g\u00e9n\u00e9rale de tous les habitants pour d\u00e9fendre un territoire commun.&nbsp;\u00bb <\/em><em>(1)<\/em><\/p>\n\n\n\n<p>Au cours de l\u2019histoire qui a fond\u00e9 l\u2019association Aadiqno, (on peut se reporter p28 et 29) on a vu que la solidarit\u00e9 s\u2019est impos\u00e9e du fait d\u2019une situation urbanistique particuli\u00e8re mais que le mouvement collectif s\u2019est \u00e9tendu \u00e0 la prise de conscience que les probl\u00e8mes du quartier et notamment de la violence des jeunes concernaient l\u2019ensemble des habitants.<\/p>\n\n\n\n<p>C\u2019est cette conscience collective qui a amen\u00e9 la cr\u00e9ation du centre social en d\u00e9pit des r\u00e9sistances institutionnelles qui n\u2019ont fait qu\u2019accentuer un sentiment d\u2019injustice pour une population en situation de pr\u00e9carit\u00e9.<\/p>\n\n\n\n<p>La r\u00e9sistance&nbsp; renforce l\u2019esprit communautaire propice \u00e0 la r\u00e9alisation d\u2019actions solidaires comme le souligne M.Selim<em>&nbsp;:<\/em><\/p>\n\n\n\n<p><em>\u00ab&nbsp;La conscience d\u2019appartenir \u00e0 un milieu financi\u00e8rement d\u00e9muni peut raviver le sentiment d\u2019entraide et faciliter le d\u00e9veloppement de r\u00e9seaux de solidarit\u00e9s ainsi que le maintien d\u2019une des formes de l\u2019\u00e9thique populaire traditionnelle&nbsp;\u00bb <\/em><em>(2)<\/em><em><\/em><\/p>\n\n\n\n<p>La pr\u00e9sence de la mosqu\u00e9e, install\u00e9e face \u00e0 la maison de quartier, invite certains esprits malveillants \u00e0 voir un \u00e9l\u00e9ment suppl\u00e9mentaire aujourd\u2019hui, dans la p\u00e9riode de crise face \u00e0 l\u2019islam que l\u2019on conna\u00eet, &nbsp;pour stigmatiser l\u2019image du quartier.<\/p>\n\n\n\n<p>La r\u00e9putation est difficile \u00e0 combattre car elle se base sur des repr\u00e9sentations.(3) Et m\u00eame si elle trouve son fondement dans des situations r\u00e9elles en p\u00e9riode de crise, elle se perp\u00e9tue malgr\u00e9 un retour \u00e0 une situation \u00ab&nbsp;normalis\u00e9e&nbsp;\u00bb.<\/p>\n\n\n\n<p>Bien que le quartier ait retrouv\u00e9 calme et s\u00e9r\u00e9nit\u00e9 depuis une dizaine d\u2019ann\u00e9es, sa r\u00e9putation de quartier rebelle persiste.(4) m\u00eame si comme on l\u2019a vu dans un pr\u00e9c\u00e9dent chapitre les causes ont \u00e9volu\u00e9 vers des conflits d\u2019ordre politique.<\/p>\n\n\n\n<p>&nbsp;(1) \u00ab&nbsp; &nbsp;La disqualification sociale&nbsp;\u00bb Essai sur la nouvelle pauvret\u00e9. Serge Paugam. PUF 1991, p 175.<\/p>\n\n\n\n<p>(2) Rapports sociaux dans un quartier anciennement industriel. \u00ab&nbsp;un isolat social, l\u2019homme&nbsp;\u00bb, 1982.p77<\/p>\n\n\n\n<p>(3)&nbsp;&nbsp; \u00ab&nbsp;La mauvaise renomm\u00e9e de la cit\u00e9 repose, au moins en partie, sur des repr\u00e9sentations collectives qui se sont form\u00e9es \u00e0 l\u2019ext\u00e9rieur de cet espace r\u00e9sidentiel et qui corresponde \u00e0 une forme de connaissance sociale spontan\u00e9e g\u00e9n\u00e9ralisante et souvent superficielle de la r\u00e9alit\u00e9&nbsp;\u00bb &nbsp;&nbsp;La disqualification sociale&nbsp;\u00bb Essai sur la nouvelle pauvret\u00e9. Serge Paugam. PUF 1991, p 172.<\/p>\n\n\n\n<p>(4) \u00ab&nbsp; Cette image n\u00e9gative a n\u00e9anmoins p\u00e9n\u00e9tr\u00e9 dans la conscience sociale des habitants, lesquels ont tendance d\u00e9sormais \u00e0 s\u2019y conformer.&nbsp;\u00bbidem<\/p>\n\n\n\n<h4 class=\"wp-block-heading\"><strong>2&nbsp;:&nbsp;&nbsp;&nbsp; Jean Yole, une image d\u00e9valoris\u00e9e.<\/strong><\/h4>\n\n\n\n<p>Comme je l\u2019ai pr\u00e9cis\u00e9 pr\u00e9c\u00e9demment,&nbsp; le quartier de Jean Yole recouvre un&nbsp; territoire \u00e9largi \u00e0 deux autres secteurs (les terres noires et le sacr\u00e9 c\u0153ur) mais l\u2019image de Jean Yole n\u2019est r\u00e9duite qu\u2019\u00e0 la cit\u00e9 et \u00e0 la maison de quartier implant\u00e9e en son c\u0153ur.<\/p>\n\n\n\n<p>Cette r\u00e9putation d\u00e9valoris\u00e9e est relay\u00e9e par la forte pr\u00e9sence d\u2019organismes et institutions sp\u00e9cialis\u00e9es dans l\u2019handicap sous toutes ses formes.<\/p>\n\n\n\n<p>A l\u2019occasion de r\u00e9unions de coordination locale, certains nouveaux administrateurs se sont exprim\u00e9s sur leur difficult\u00e9 \u00e0 penser la maison de quartier comme un espace ouvert \u00e0 tous.<\/p>\n\n\n\n<p>Pour certains, la vision de la maison de quartier \u00e9tait celle d\u2019un espace administratif o\u00f9 se g\u00e9raient les aides sociales donc un endroit r\u00e9serv\u00e9 aux \u00ab&nbsp;cas sociaux&nbsp;\u00bb auxquels il ne fallait pas \u00eatre assimil\u00e9s.<\/p>\n\n\n\n<p>Pour d\u2019autres, ils n\u2019y avaient pas leur place car ils se sentaient inf\u00e9rieurs du fait, selon eux,&nbsp; d\u2019un capital (au sens de Pierre Bourdieu) culturel et social trop faible.<\/p>\n\n\n\n<p>Ce qui t\u00e9moigne de la difficult\u00e9&nbsp; pour les professionnels \u00e0 situer leur intervention et leurs actions pour garantir l\u2019accessibilit\u00e9 \u00e0 tous sans d\u2019une part accentuer la stigmatisation du lieu et d\u2019autre part se pr\u00e9server d\u2019actions per\u00e7ues comme \u00e9litistes.<\/p>\n\n\n\n<p>Ces deux positionnements qui s\u2019opposent radicalement entra\u00eenent une rupture entre des cat\u00e9gories de population qui ne sont plus solidaires sur un m\u00eame projet et mettent en danger le sentiment communautaire.<\/p>\n\n\n\n<p>Plusieurs facteurs alimentent le d\u00e9litement du lien social de la cit\u00e9&nbsp;:<\/p>\n\n\n\n<h4 class=\"wp-block-heading\"><strong>a\/La mobilit\u00e9 des habitants du quartier<\/strong><\/h4>\n\n\n\n<p>La crise de l\u2019emploi et du logement a entra\u00een\u00e9 une forte mobilit\u00e9 de la population sur le quartier et accentue le ph\u00e9nom\u00e8ne de distanciation des uns et des autres&nbsp;: les nouveaux arrivants pensant n\u2019\u00eatre l\u00e0 que de fa\u00e7on provisoire ont du mal s\u2019identifier aux habitants plus anciens du quartier.<\/p>\n\n\n\n<p>\u00ab&nbsp;<em>L\u2019h\u00e9t\u00e9rog\u00e9n\u00e9it\u00e9 de la population renforc\u00e9e par une rotation importante des m\u00e9nages et une forte perception des diff\u00e9rences rend difficile l\u2019\u00e9mergence de liens communautaires et la d\u00e9fense collective d\u2019un territoire commun&nbsp;\u00bb <\/em><em>(1)<\/em><\/p>\n\n\n\n<p>(1) \u00ab&nbsp; &nbsp;La disqualification sociale&nbsp;\u00bb Essai sur la nouvelle pauvret\u00e9. Serge Paugam. PUF 1991, p 179.<\/p>\n\n\n\n<h4 class=\"wp-block-heading\"><strong>b\/ La d\u00e9ficience de la m\u00e9moire collective<\/strong><\/h4>\n\n\n\n<p>Le regroupement d\u2019habitants de type associatif pour la promotion d\u2019activit\u00e9s d\u2019animation sur le quartier s\u2019est fait post\u00e9rieurement \u00e0 la construction et l\u2019installation des familles dans la cit\u00e9.<\/p>\n\n\n\n<p>Quelques habitants motiv\u00e9s s\u2019\u00e9taient investis dans les loisirs des enfants par la cr\u00e9ation d\u2019une association, qui n\u2019existe plus aujourd\u2019hui et dont les membres fondateurs ne sont plus sur le quartier.<\/p>\n\n\n\n<p>Maurice Halbwachs nous rappelle que pour que la m\u00e9moire collective existe il faut au pr\u00e9alable que les m\u00eames souvenirs soient r\u00e9activ\u00e9s et partag\u00e9s par les personnes ayant v\u00e9cu la m\u00eame histoire, au sens des souvenirs communs.<\/p>\n\n\n\n<p><em>\u00ab&nbsp;Il ne suffit pas de reconstituer pi\u00e8ce \u00e0 pi\u00e8ce l&rsquo;image d&rsquo;un \u00e9v\u00e9nement pass\u00e9 pour obtenir un souvenir. Il faut que cette reconstruction s&rsquo;op\u00e8re \u00e0 partir de donn\u00e9es ou de notions communes qui se trouvent dans notre esprit aussi bien que dans ceux des autres, parce qu&rsquo;elles passent sans cesse de ceux-ci \u00e0 celui-l\u00e0 et r\u00e9ciproquement, ce qui n&rsquo;est possible que s&rsquo;ils ont fait partie et continuent \u00e0 faire partie d&rsquo;une m\u00eame soci\u00e9t\u00e9.(1)<\/em><\/p>\n\n\n\n<p>Le projet du centre social n\u2019a pas \u00e9t\u00e9 port\u00e9 par un mouvement collectif mais par un groupuscule d\u2019habitants influents et&nbsp; par&nbsp; la n\u00e9cessit\u00e9 d\u2019ouvrir une annexe au quartier voisin des Pyramides. La maison de quartier de Jean Yole est d\u2019ailleurs de construction r\u00e9cente (1994).<\/p>\n\n\n\n<p>Il n\u2019y a pas de faits marquants si ce n\u2019est ceux qui renvoient \u00e0 l\u2019\u00e9chec de la coh\u00e9sion de groupe d\u00e9fendant des int\u00e9r\u00eats communs.(se reporter \u00e0 la page 51)<\/p>\n\n\n\n<p>Serge Paugam nous dit \u00ab&nbsp;l\u2019absence d\u2019un sentiment d\u2019appartenance \u00e0 un groupe solidaire s\u2019explique par la faiblesse de la m\u00e9moire collective&nbsp;\u00bb (2)<\/p>\n\n\n\n<p>M\u00eame si des familles ont v\u00e9cu plusieurs ann\u00e9es \u00e0 Jean Yole, elles sont aujourd\u2019hui minoritaires car souvent le but ultime des habitants est de partir de la cit\u00e9.<\/p>\n\n\n\n<p>La notion de m\u00e9moire collective est donc tr\u00e8s faible \u00e0 Jean Yole puisqu\u2019elle ne peut s\u2019appuyer que sur des individus disqualifi\u00e9s socialement dont la pr\u00e9sence permanente sur le territoire a un caract\u00e8re obligatoire du fait soit de leur pauvret\u00e9 soit de leur handicap psychosocial.<\/p>\n\n\n\n<p>(1)&nbsp;\u00bbLa m\u00e9moire collective (1950)&nbsp;\u00bb Maurice Halbwachs p14 http\/\/www.uquebc.ca\/zone30\/classique_des_sciences_sociales\/index.htlm<\/p>\n\n\n\n<p>(2) \u00ab&nbsp; &nbsp;La disqualification sociale&nbsp;\u00bb Essai sur la nouvelle pauvret\u00e9. Serge Paugam. PUF 1991, p 177.<\/p>\n\n\n\n<h4 class=\"wp-block-heading\">c\/ La notion de conflit<\/h4>\n\n\n\n<p>D\u2019autre part les conflits que traversent l\u2019association Acajy ou l\u2019association de parent d\u2019\u00e9l\u00e8ves est un \u00e9l\u00e9ment r\u00e9v\u00e9lateur de la d\u00e9ficience de l\u2019esprit collectif qui r\u00e8gne dans la cit\u00e9.<\/p>\n\n\n\n<p>Plusieurs exclusions du conseil d\u2019administration et d\u00e9missions pour des raisons li\u00e9es \u00e0 des conflits de personnes ont ent\u00e9rin\u00e9 la difficult\u00e9 \u00e0 faire vivre les gens ensemble sur des valeurs communes et respect\u00e9es.&nbsp;&nbsp;&nbsp;&nbsp;<\/p>\n\n\n\n<p><em>\u00ab&nbsp;Pour s\u2019imposer dans la cit\u00e9, s\u2019assurer une place dans les alliances entre les clans, \u00e0 d\u00e9faut de statut professionnel, de bulletin de paie, d\u2019argent, on s\u2019en remet aux r\u00e9putations qui se fa\u00e7onnent dans les querelles et les conflits quotidiens&nbsp;: elles emp\u00eachent que la violence ne d\u00e9rape, ne devienne aveugle car c\u2019est \u00e0 l\u2019image autant qu\u2019au corps qu\u2019on s\u2019attaque.&nbsp;\u00bb<\/em> (1)<\/p>\n\n\n\n<p>Il est \u00e0 voir la r\u00e9gulation n\u00e9cessaire de l\u2019animateur, au point accueil du matin, entre les parents venus parler autour d\u2019un caf\u00e9 pour comprendre la v\u00e9racit\u00e9 de ces propos.<\/p>\n\n\n\n<p>Ce temps de pause avait d\u2019ailleurs \u00e9t\u00e9 supprim\u00e9 car il \u00e9tait devenu un espace de r\u00e8glement de comptes et de prises de pouvoir qui avait eu pour cons\u00e9quence de faire fuir les personnes ne se reconnaissant pas dans ces comportements outranciers.<\/p>\n\n\n\n<p>Un travail sur l\u2019accueil a \u00e9t\u00e9 men\u00e9 pour r\u00e9habiliter cet espace de parole n\u00e9cessaire \u00e0 la condition d\u2019un animateur tiers capable de r\u00e9guler les rapports entre les personnes.<\/p>\n\n\n\n<p>Si les deux premiers \u00e9l\u00e9ments ne sont pas imputables aux habitants de Jean Yole mais sont constitutifs de la construction sociale du quartier, le d\u00e9ficit d\u2019image d\u00fb aux conflits et la visibilit\u00e9 des personnes en difficult\u00e9 sur le quartier introduisent une r\u00e9action de distanciation chez beaucoup d\u2019habitants qui ne se sentent pas concern\u00e9s et ne peuvent se r\u00e9aliser dans le vivre ensemble.<\/p>\n\n\n\n<p>&nbsp;(1) J.F.La\u00e9-N.Murard \u00ab&nbsp;l\u2019argent des pauvres- la vie quotidienne en cit\u00e9 de transit.&nbsp;\u00bb Paris Editions du Seuil 1985 cit\u00e9 par S.Paugam dans \u00ab&nbsp;la disqualification sociale&nbsp;\u00bb p 184&nbsp;&nbsp;&nbsp;<\/p>\n\n\n\n<p>L\u2019interpr\u00e9tation subjective de son statut devient pour les personnes pensant ne pas faire partie du m\u00eame monde que les \u00ab&nbsp;cas sociaux&nbsp;\u00bb devient&nbsp; source d\u2019isolement et\/ou d\u2019une d\u00e9gradation de l\u2019estime de soi.<\/p>\n\n\n\n<p>E.Goffman nous dit&nbsp;: \u00ab&nbsp;<em>d\u2019une fa\u00e7on g\u00e9n\u00e9rale la tendance du stigmate \u00e0 se r\u00e9pandre explique en partie pourquoi l\u2019on pr\u00e9f\u00e8re le plus souvent \u00e9viter d\u2019avoir des relations trop \u00e9troites avec les individus stigmatis\u00e9s ou les supprimer quand elles existent d\u00e9j\u00e0&nbsp;\u00bb <\/em><em>(1)<\/em><em><\/em><\/p>\n\n\n\n<p>Mais quelque soit le degr\u00e9 de r\u00e9sistance des habitants&nbsp; \u00e0 combattre la mauvaise renomm\u00e9e&nbsp; de leur quartier, ils s\u2019inscrivent comme toute personne dans un processus identitaire qui induit un besoin de reconnaissance sociale.<\/p>\n\n\n\n<p>&nbsp;\u00ab&nbsp;Savoir cr\u00e9er avec des mots, son corps et toutes sortes de mat\u00e9riaux, \u00e0 partir d&rsquo;approches diff\u00e9renci\u00e9es de d\u00e9marches cr\u00e9atrices et de mani\u00e8re individuelle et collective&nbsp;\u00bb est un des savoirs transversaux que pr\u00e9conise Philippe Merieu dans son approche des fondamentaux de la citoyennet\u00e9.(2)<\/p>\n\n\n\n<p>M\u2019appuyant sur les propos de philippe Merieu, je vais conclure sur le chapitre principal de mon projet \u00e0 savoir la r\u00e9interpr\u00e9tation des approches diff\u00e9renci\u00e9es dans le cadre de l\u2019\u00e9valuation de mon projet.<\/p>\n\n\n\n<h2 class=\"wp-block-heading\">VI\/ EVALUATION DU PROJET ET DE MA DEMARCHE<\/h2>\n\n\n\n<h3 class=\"wp-block-heading\"><strong>&nbsp;&nbsp;&nbsp;&nbsp;&nbsp;&nbsp; A\/Ma relation professionnelle \u00e0 mon objet de recherche<\/strong><\/h3>\n\n\n\n<h3 class=\"wp-block-heading\">1&nbsp;: Le d\u00e9centrement de mon objet.<\/h3>\n\n\n\n<p>La posture initiale au d\u00e9part de mon exp\u00e9rience d\u2019animation \u00e9tait d\u2019exposer la l\u00e9gitimit\u00e9 de mon action comme productrice de reconnaissance sociale sur un quartier par la mise en \u0153uvre d\u2019un projet collectif.<\/p>\n\n\n\n<p>C\u2019est en \u00e9tant confront\u00e9e \u00e0 l\u2019\u00e9criture d\u2019une exp\u00e9rience pass\u00e9e et de vivre&nbsp; une exp\u00e9rience nouvelle que j\u2019ai compris la pertinence de d\u00e9placer la probl\u00e9matique de mon sujet de m\u00e9moire.<\/p>\n\n\n\n<p>&nbsp;(1) &nbsp;E.Goffman \u00ab&nbsp;stigmate&nbsp;\u00bb , Paris Edition minuit 1975, p 44.<\/p>\n\n\n\n<p>&nbsp;(2) Philippe Merieu le caf\u00e9 p\u00e9dagogique <a href=\"http:\/\/www.caf\u00e9p\u00e9dagogique.net\">www.caf\u00e9p\u00e9dagogique.net<\/a>, p31<\/p>\n\n\n\n<p>En effet, la complexit\u00e9 de la construction sociale mise \u00e0 jour par la r\u00e9alit\u00e9 des contraintes du terrain m\u2019a fait adopter une nouvelle construction de mon objet -qui n\u2019\u00e9tait&nbsp; plus pourquoi je veux faire un spectacle sur le quartier &#8211; en le d\u00e9centrant de l\u2019\u00e9tude initiale- qui est devenue&nbsp; les habitants peuvent- ils collaborer au projet-.<\/p>\n\n\n\n<p>C\u2019est ce que j\u2019appelle le d\u00e9centrement de mon objet car pour parvenir \u00e0 &nbsp;une clarification du vecteur \u00ab&nbsp;animation&nbsp;\u00bb Il fallait que je sorte de mon objectif pour parvenir \u00e0 mieux le cerner.<\/p>\n\n\n\n<h3 class=\"wp-block-heading\">2&nbsp;: La d\u00e9construction de mes savoirs professionnels<\/h3>\n\n\n\n<p>Quand il s\u2019est agit de comprendre les processus de participation des habitants sur les deux quartiers, il ne pouvait suffire de d\u00e9cliner ni mes intuitions, ni le listing des savoirs longuement \u00e9labor\u00e9s au cours de mes diff\u00e9rentes aventures professionnelles.<\/p>\n\n\n\n<p>Car dans&nbsp; chaque exp\u00e9rience quelquechose de nouveau qui ouvre sur d\u2019autres possibles peut survenir et c\u2019est le propre de la relation sociale et par extension humaine.<\/p>\n\n\n\n<p>Sauf que dans le cadre quotidien de notre travail,&nbsp; nous ne sommes pas souvent dans une posture d\u2019analyse suffisante &#8211; comme celle que nous offre l\u2019exp\u00e9rience d\u2019animation du DEFA &#8211; pour rechercher notre l\u00e9gitimit\u00e9 d\u2019acteur. C&rsquo;est-\u00e0-dire ce comprendre les m\u00e9canismes qui sont \u00e0 l\u2019\u0153uvre dans notre d\u00e9marche de m\u00e9diation.<\/p>\n\n\n\n<p>La d\u00e9construction n\u2019est pas un abandon de ses convictions mais un l\u00e2cher prise de ses certitudes qui permettent de se r\u00e9approprier une d\u00e9marche cr\u00e9dible dans notre action.<\/p>\n\n\n\n<h3 class=\"wp-block-heading\">&nbsp;&nbsp;&nbsp;&nbsp;&nbsp;&nbsp; 3&nbsp;: L\u2019ouverture vers d\u2019autres champs professionnels.<\/h3>\n\n\n\n<p>D\u00e9construire nos savoirs professionnels laisse l\u2019opportunit\u00e9 de s\u2019enrichir d\u2019autres pratiques et d\u2019analyser d\u2019autres cl\u00e9s d\u2019entr\u00e9e qui ne sont traditionnellement pas \u00e9tudi\u00e9 dans le champ de l\u2019animation.<\/p>\n\n\n\n<p>Pour &nbsp;exemple, l\u2019investigation op\u00e9r\u00e9e dans le cadre de la sant\u00e9 mentale et des ateliers th\u00e9rapeutiques m\u2019a permis \u00e0 la fois de mieux comprendre l\u2019\u00e9chec de ma collaboration avec l\u2019association Ovisno et de mesurer les limites de ma pratique professionnelle dans le champ de la psychiatrie.<\/p>\n\n\n\n<h3 class=\"wp-block-heading\"><strong>B\/ Retour \u00e0 l\u2019intention premi\u00e8re&nbsp;: la reconnaissance sociale.<\/strong><\/h3>\n\n\n\n<p>Il n\u2019est pas de mon propos de reconduire une deuxi\u00e8me recherche pour \u00e9claircir ce vaste concept qu\u2019est la reconnaissance sociale.<\/p>\n\n\n\n<p>&nbsp;Il est cependant important pour moi, apr\u00e8s avoir \u00e9tudi\u00e9 la nature sociale des quartiers et ainsi d\u2019\u00e9valuer le sens de mon action aupr\u00e8s des habitants, d\u2019exposer l\u2019importance que rev\u00eat ce concept dans mon projet.<\/p>\n\n\n\n<h4 class=\"wp-block-heading\"><strong>1&nbsp;: La reconnaissance sociale un besoin inh\u00e9rent \u00e0 l\u2019homme<\/strong><\/h4>\n\n\n\n<p>A partir de la naissance physique na\u00eet le besoin du regard par l\u2019\u00eatre r\u00e9f\u00e9rent&nbsp;: le parent comme l\u2019exprime si justement winnicot. C&rsquo;est dans ce premier regard et dans ce premier \u201cdialogue tonique\u201d (Wallon) que l&rsquo;enfant peut \u00e9valuer combien il vaut.<\/p>\n\n\n\n<p>Puis&nbsp; au fur et \u00e0 mesure de l\u2019\u00e9volution et de la place que prend&nbsp; l\u2019enfant&nbsp; dans la soci\u00e9t\u00e9 des hommes, son existence est confort\u00e9e par ses pairs puis par les personnes hi\u00e9rarchiques sup\u00e9rieures.<\/p>\n\n\n\n<p>Mais quelque soit sa forme, la reconnaissance atteint toutes les sph\u00e8res qui nous concernent dans notre existence sachant qu\u2019elle peut se substituer l\u2019une \u00e0 l\u2019autre.<\/p>\n\n\n\n<p>Cela se traduit en terme de besoin \u00e0 \u00eatre reconnu dans l\u2019ensemble de ce qui nous traverse. C&rsquo;est-\u00e0-dire, pour l\u2019essentiel dans la vie affective, la vie professionnelle, la vie politique, la vie sociale.<\/p>\n\n\n\n<p>Etre en \u00e9chec dans une des sph\u00e8res dans laquelle on a beaucoup investi peut mettre en p\u00e9ril son existence m\u00eame. D\u2019o\u00f9 la fragilit\u00e9 de personnes qui ne sont reconnues par personne, dans aucun des lieux investis.<\/p>\n\n\n\n<p>Ils deviennent transparents aux yeux des autres. D\u2019o\u00f9 des m\u00e9canismes de d\u00e9fense, de survie comme des actes de violence comme on l\u2019a vu pour le quartier des Forges, ou de d\u00e9gradation excessive de l\u2019image de soi comme on peut le constater pour certaines personnes qui fr\u00e9quentent la table ouverte au sein du centre social et qui ne pratiquent plus les r\u00e8gles \u00e9l\u00e9mentaires d\u2019hygi\u00e8ne. Ils luttent pour interpeller le regard, pr\u00e9f\u00e9rable \u00e0 la mort sociale.<\/p>\n\n\n\n<p>(1) D.W. Winnicott, Jeu et r\u00e9alit\u00e9. L&rsquo;espace potentiel, Editions Gallimard, 1986, p. 155.&nbsp; (1)&nbsp; .&nbsp; \u201c<em>Peut-\u00eatre un b\u00e9b\u00e9 au sein ne regarde-t-il pas le sein. Il est plus vraisemblable qu&rsquo;il regarde le visage [\u2026] Que voit le b\u00e9b\u00e9 quand il tourne son regard vers le visage de sa m\u00e8re&nbsp;? G\u00e9n\u00e9ralement, ce qu&rsquo;il voit, c&rsquo;est lui m\u00eame<\/em><em>&#8230;<\/em>\u201d<\/p>\n\n\n\n<p>Apr\u00e8s cette br\u00e8ve d\u00e9finition du concept de reconnaissance sociale et de son utilit\u00e9 sociale voyons &nbsp;ce qu\u2019a produit le conte de la grenouille bleue qui puisse appuyer<\/p>\n\n\n\n<p>l\u2019affirmation selon laquelle la faiblesse est cach\u00e9e par la force collective qui \u00e9mane du groupe dans lequel on puise la reconnaissance dont on besoin pour vivre.<\/p>\n\n\n\n<p>Etant entendu que le on est par extension le \u00ab&nbsp;je de chacun&nbsp;\u00bb et que le groupe est le \u00ab&nbsp;nous&nbsp;\u00bb.&nbsp;<\/p>\n\n\n\n<h4 class=\"wp-block-heading\"><strong>2: La grenouille bleue une petite pierre \u00e0 l\u2019\u00e9difice de la reconnaissance sociale.<\/strong><\/h4>\n\n\n\n<p>J\u2019ai tent\u00e9 de d\u00e9montrer au fil de ces pages que partant d\u2019un m\u00eame projet ma d\u00e9marche avait \u00e9t\u00e9 &nbsp;diff\u00e9rente sur les deux quartiers du fait m\u00eame de la posture initiale des habitants.<\/p>\n\n\n\n<p>On peut cependant admettre la pertinence de travailler \u00e0 corriger les effets de la stigmatisation qu\u2019entra\u00eene la d\u00e9valorisation de l\u2019image de ces deux quartiers&nbsp;; qu\u2019\u00e0 ce titre, mon action de proposer la r\u00e9alisation d\u2019un spectacle collectif tentait de r\u00e9-introduire des \u00e9l\u00e9ments de valorisation propre \u00e0 la reconnaissance sociale.<\/p>\n\n\n\n<p><strong>a\/ La reconnaissance collective du groupe des Forges<\/strong><\/p>\n\n\n\n<p>Sur le quartier des Forges, je me suis appuy\u00e9e sur une \u00e9quipe forte de ses valeurs et de sa conviction et ainsi montrer que l\u2019Aadiqno&nbsp; pouvait r\u00e9aliser sur ses seules comp\u00e9tences collectives un spectacle.<\/p>\n\n\n\n<p>&nbsp;L\u2019organisation s\u2019est mise en place en mettant en commun les dynamiques collectives tant artistiques qu\u2019organisationnelles permettant \u00e0 chacun d\u2019\u00eatre gratifi\u00e9e d\u2019une reconnaissance individuelle par le biais d\u2019une action collective. L\u2019individu s\u2019effa\u00e7ant au profit du groupe.<\/p>\n\n\n\n<p><em>\u00ab&nbsp;Les individus participent \u00e0 l&rsquo;action collective pour former et disposer d&rsquo;un cercle permanent de reconnaissance qui partage et d\u00e9finit leurs valeurs, pour avoir une repr\u00e9sentation de soi qui soit constante, et partager avec d&rsquo;autres une interpr\u00e9tation de la r\u00e9alit\u00e9. Sans cette volont\u00e9 de reconnaissance r\u00e9ciproque, il ne peut y avoir d&rsquo;action collective.&nbsp;\u00bb <\/em><em>(1)<\/em><em><\/em><\/p>\n\n\n\n<p>La valorisation de l\u2019association \u00e9tait un enjeu car le capital de confiance de l\u2019association avait \u00e9t\u00e9 fortement \u00e9prouv\u00e9 dans le bras de fer engag\u00e9 avec la ville.<\/p>\n\n\n\n<p>Il fallait reconstruire une image de coh\u00e9sion de groupe capable de mobiliser les habitants du quartier sur un m\u00eame projet.<\/p>\n\n\n\n<p>(1) A. Pizzorno Cahiers des sciences humaines 104, 04\/2000<\/p>\n\n\n\n<p>Le choix de l\u2019Assembl\u00e9e g\u00e9n\u00e9rale comme espace de repr\u00e9sentation n\u2019\u00e9tant donc pas neutre car il repla\u00e7ait&nbsp; le travail de l\u2019association dans son contexte politique avec des enjeux associatifs li\u00e9s \u00e0 la r\u00e9alisation de son projet social.&nbsp;<\/p>\n\n\n\n<p>&nbsp;La pr\u00e9sentation finale sous le chapiteau culturel \u00e9tant pour beaucoup un objectif secondaire et le fait qu\u2019elle ait \u00e9t\u00e9 annul\u00e9e n\u2019a pas occasionn\u00e9 de frustration particuli\u00e8re.<\/p>\n\n\n\n<p>Cela ne remettait pas en cause la qualit\u00e9 du travail des participants que l\u2019ensemble des partenaires institutionnels, pr\u00e9sents \u00e0 l\u2019assembl\u00e9e g\u00e9n\u00e9rale ont chaleureusement applaudis.<\/p>\n\n\n\n<p>&nbsp;La d\u00e9monstration du groupe a pu valider le fait que la maison de quartier assurait la coh\u00e9sion de la communaut\u00e9 du territoire de proximit\u00e9.<\/p>\n\n\n\n<p>Par contre &nbsp;pour les enfants des&nbsp; ateliers danse et th\u00e9\u00e2tre impatients de passer dans &nbsp;Roche Magazine et jouer devant les yonnais cela leur retirait leur heure de gloire.<\/p>\n\n\n\n<p>Surtout pour trois d\u2019entre eux qui \u00e9taient en \u00e9chec scolaire et pour qui ce regain de popularit\u00e9 aurait eu un caract\u00e8re de revanche sur le monde scolaire.<\/p>\n\n\n\n<p>&nbsp;C\u2019est ce qui explique aussi ma d\u00e9termination \u00e0 r\u00e9it\u00e9rer mon aventure avec eux sur Jean Yole pour leur restituer cet instant de reconnaissance publique.<\/p>\n\n\n\n<p><strong>b\/ La reconnaissance individuelle pour une reconnaissance de quartier.<\/strong><\/p>\n\n\n\n<p>A l\u2019inverse, sur le quartier Jean Yole, la d\u00e9marche collective s\u2019est vite heurt\u00e9e \u00e0 la d\u00e9ficience de groupements assez solides pour porter le projet.<\/p>\n\n\n\n<p>La mise en \u0153uvre du conte a \u00e9t\u00e9 chaotique, et n\u2019a pu qu\u2019\u00e9voluer au rythme de mon investissement personnalis\u00e9 aupr\u00e8s d\u2019individus qu\u2019il a fallu convaincre de leur<\/p>\n\n\n\n<p>energie cr\u00e9atrice ou artistique.<\/p>\n\n\n\n<p>En effet, c\u2019est en interpellant individuellement les personnes sur leurs comp\u00e9tences et leurs ressources que l\u2019\u00e9chaffaudage fragile du spectacle&nbsp; a pu s\u2019\u00e9riger avec en toile de fond une incertitude quant \u00e0 la r\u00e9alisation finale.<\/p>\n\n\n\n<p>Cela a \u00e9t\u00e9 un travail d\u2019adaptation constant avec des d\u00e9missions, des d\u00e9sengagements, des reculs et des reformulations.<\/p>\n\n\n\n<p>Il en en a \u00e9t\u00e9 de m\u00eame sur l\u2019organisation des ateliers th\u00e9\u00e2tre et danse qui se sont structur\u00e9s autour d\u2019individualit\u00e9s inconstantes du fait de l\u2019irr\u00e9gularit\u00e9 de l\u2019engagement, tributaire des accidents de la vie malmenant invariablement les participants.<\/p>\n\n\n\n<p>Serge Paugam pr\u00e9cise que recr\u00e9er le lien social et remobiliser collectivement les individus et les m\u00e9nages en imaginant d\u2019autres instruments de socialisation en dehors de la sph\u00e8re professionnelle rel\u00e8ve d\u2019une dynamique d\u2019intervention sociale cibl\u00e9e&nbsp; dont le travail des animateurs socio-culturels des quartiers.(1)<\/p>\n\n\n\n<p>Bien que la mobilisation collective ait \u00e9t\u00e9 difficile sur le projet Jean Yole, un noyau d\u2019habitants a permis l\u2019\u00e9mergence d\u2019un groupe de travail &nbsp;performant et motiv\u00e9 qui m\u00e8nera le projet \u00e0 son terme et qui plus est en voie de d\u00e9passer l\u2019objectif initial de la pr\u00e9sentation d\u2019un spectacle.<\/p>\n\n\n\n<p>En effet, travailler sur les ressources individuelles des personnes&nbsp; volontaires \u00e0 participer \u00e0 la mise en place du conte a permis de mettre \u00e0 jour des talents ignor\u00e9s jusque l\u00e0 de la communaut\u00e9.<\/p>\n\n\n\n<p>Certaines de ces personnes sont aujourd\u2019hui d\u00e9sign\u00e9es pour participer \u00e0 d\u2019autres projets, faisant suite \u00e0 la r\u00e9alisation du conte et s\u2019inscrire ainsi dans le r\u00e9seau potentiel d\u2019artistes au sein de la vie culturelle yonnaise.<\/p>\n\n\n\n<p>Au-del\u00e0 de la reconnaissance de leurs talents, elles ont acquis une assurance qui leur permet de se projeter dans des actions collectives.<\/p>\n\n\n\n<p>Elles envisagent notamment de cr\u00e9er un collectif qui donne la possibilit\u00e9 dans le cadre d\u2019ateliers d\u2019expression d\u2019offrir leurs savoir faire b\u00e9n\u00e9volement aux habitants de Jean Yole.<\/p>\n\n\n\n<p>Pour d\u2019autres cela a \u00e9t\u00e9 l\u2019occasion de v\u00e9rifier qu\u2019elle peuvent s\u2019ouvrir \u00e0 d\u2019autres disciplines (je pense notamment \u00e0 Christine m\u00e8re de famille qui cantonn\u00e9e aux ateliers de cuisine s\u2019est ouverte aux plaisirs de la peinture).<\/p>\n\n\n\n<p>Le cas de Michelle qui avaient perdu l\u2019estime de soi et qui &nbsp;retrouv\u00e9 la confiance n\u00e9cessaire pour s\u2019autoriser \u00e0 s\u2019exprimer dans le cadre d\u2019un groupe.<\/p>\n\n\n\n<p>D\u2019autres ont retrouv\u00e9 ou d\u00e9couvert un espace d\u2019\u00e9change qu\u2019elle ne fr\u00e9quentait plus ou pas.<\/p>\n\n\n\n<p>(1)&nbsp; \u00ab&nbsp; &nbsp;La disqualification sociale&nbsp;\u00bb Essai sur la nouvelle pauvret\u00e9. Serge Paugam. PUF 1991, p 215<\/p>\n\n\n\n<p>Dominique qui \u00e9tait persuad\u00e9e&nbsp; de ne pas pouvoir contribuer de quelque mani\u00e8re que ce soit au projet puisqu\u2019elle ne savait que souder la t\u00f4le, son m\u00e9tier. Cela a \u00e9t\u00e9 l\u2019occasion de cr\u00e9er les costumes originaux \u00e0 base de fer des fant\u00f4mes, anciens chevaliers en cote de maille.<\/p>\n\n\n\n<p>Alex, enfant r\u00e9serv\u00e9 qui d\u00e9sesp\u00e9rait sa m\u00e8re de ne s\u2019int\u00e9resser \u00e0 rien et qui a r\u00e9alis\u00e9 la toile de fond du d\u00e9cor pendant tout l\u2019\u00e9t\u00e9. Et sit\u00f4t le d\u00e9cor termin\u00e9 s\u2019est inscrit sur le groupe du projet \u00ab&nbsp;halte aux pirates&nbsp;\u00bb programm\u00e9 dans le cadre du chapiteau en prenant le r\u00f4le du capitaine.<\/p>\n\n\n\n<p>Enfin les enfants acteurs du groupe ont pu ancrer leur plaisir du th\u00e9\u00e2tre de mani\u00e8re plus durable et cherchent aujourd\u2019hui \u00e0 poursuivre cette activit\u00e9 au-del\u00e0 de la pr\u00e9sentation et se projettent pour certains d\u2019entre eux sur d\u2019autres repr\u00e9sentations.<\/p>\n\n\n\n<p>Ils ont enfin pu voir l\u2019annonce de leur repr\u00e9sentation dans le Roche magazine et attendent avec f\u00e9brilit\u00e9 le jour du 7 octobre.<\/p>\n\n\n\n<p>Alors bien s\u00fbr, le spectacle rev\u00eat un caract\u00e8re plus intimiste du fait que les interm\u00e8des musicaux ponctuant le spectacle soit de moindre envergure que pour Forges puisqu\u2019on n\u2019a pas r\u00e9ussi \u00e0 mobiliser suffisamment nos partenaires ou nos coll\u00e8gues pour produire avec nous le spectacle.<\/p>\n\n\n\n<p>Mais il n\u2019emp\u00eache que l\u2019objectif final est en voie de se concr\u00e9tiser&nbsp;: Produire un spectacle au sein de la cit\u00e9 sur une sc\u00e8ne culturelle dans le cadre d\u2019une programmation de qualit\u00e9 offerte \u00e0 tous les habitants de La Roche sur Yon.<\/p>\n\n\n\n<p>L\u2019intention de redonner confiance \u00e0 des personnes et \u00e0 des administrateurs de recr\u00e9er un esprit communautaire sur Jean Yole est amorc\u00e9.<\/p>\n\n\n\n<p>En effet, les professionnels de la maison de quartier ayant saisi le sens de ma d\u00e9marche et du bien fond\u00e9 du projet chapiteau qui n\u2019inclut pas seulement le conte de la grenouille bleue, a investi par secteur des groupements, notamment communautaires sur des actions parall\u00e8les au spectacle.<\/p>\n\n\n\n<p>&nbsp;Mon intention d\u2019apporter une reconnaissance sociale partielle et temporaire -au moins le temps du spectacle- \u00e0 un groupe d\u2019acteurs me renvoient \u00e0 ma pratique d\u2019animateur socio-culturel indissociable des valeurs d\u00e9fendues par l\u2019Education populaire.<\/p>\n\n\n\n<h4 class=\"wp-block-heading\">3&nbsp;: Faire reliance dans ma pratique aux valeurs de l\u2019Education populaire<\/h4>\n\n\n\n<p>Dans mon m\u00e9moire d\u2019approfondissement, je m\u2019interrogeais sur ma l\u00e9gitimit\u00e9 \u00e0 me reconna\u00eetre dans les valeurs de l\u2019Education Populaire.<\/p>\n\n\n\n<p>Et apr\u00e8s avoir analys\u00e9 mes pratiques se rapportant \u00e0 mes exp\u00e9riences qui avaient ponctu\u00e9es mon parcours je concluais que je pouvais me consid\u00e9rer comme vecteur de l\u2019Education populaire.<\/p>\n\n\n\n<p>Je ne choisirai qu\u2019un court extrait de mon texte de l\u2019\u00e9poque pour rester dans le sujet qui nous occupe&nbsp;: la reconnaissance sociale<\/p>\n\n\n\n<p>Je disais alors&nbsp;:<\/p>\n\n\n\n<p>\u00ab&nbsp;Trouver la source du talent chez l\u2019autre qui puisse, s\u2019il l\u2019avait perdu, lui redonner confiance dans ses capacit\u00e9s et &nbsp;donner de la valeur dans un espace public \u00e0 ses savoirs faire, \u00e0 ses comp\u00e9tences.&nbsp;\u00bb (1)<\/p>\n\n\n\n<p>J\u2019esp\u00e8re avoir d\u00e9montr\u00e9 au fil de ces pages que l\u2019esprit qui m\u2019anime n\u2019a pas vari\u00e9 et que cette phrase peut encore illustrer l\u2019analyse de mon exp\u00e9rience d\u2019animation.<\/p>\n\n\n\n<p>Car si je me r\u00e9f\u00e8re \u00e0 Lucien Trichaud qui a tent\u00e9 de d\u00e9finir l\u2019Education Populaire, &nbsp;la conviction de pratiquer l\u2019Education Populaire au sens d\u2019en appliquer certains pr\u00e9ceptes est une d\u00e9marche intime et personnelle.<\/p>\n\n\n\n<p><em>L&rsquo;Education populaire est \u00e0 la fois un fait personnel, un fait social, un fait de civilisation. Plus que contenu \u00e0 transmettre, elle est construction personnelle, elle contribue \u00e0 la synth\u00e8se, r\u00e9alis\u00e9e en chacun de nous, par nous-m\u00eames, des \u00e9l\u00e9ments de l&rsquo;espace et du temps dans lesquels nous agissons. Elle est le contraire de l&rsquo;\u00e9gocentrisme et de la certitude. Elle est le doute, l&rsquo;ouverture, le dialogue, la compr\u00e9hension. Elle est volont\u00e9, raison, imagination, action. Elle est amour, d\u00e9passement de soi, aspiration \u00e0 l&rsquo;universel, et, dans le m\u00eame temps, pr\u00e9servation de nos racines. Elle est l&rsquo;expression de la morale, de l&rsquo;\u00e9thique, que nous avons re\u00e7ue des autres, mais que nous adaptons \u00e0 la dimension du monde. Elle d\u00e9finit notre orbite personnelle dans le temps et l&rsquo;espace, et tend \u00e0 nous situer par rapport \u00e0 l&rsquo;\u00e9ternit\u00e9.<\/em>\u00a0\u00bb (2)<\/p>\n\n\n\n<p>(1)&nbsp; \u00ab&nbsp;A toi Education populaire, Des images qui te font exister, des croyances qui me font vivre&nbsp;\u00bb M\u00e9moire d\u2019approfondissement transversal en sciences humaines.Novembre 2000 p 37<\/p>\n\n\n\n<p>(2)Trichaud Lucien, intervention au Colloque du minist\u00e8re de la Coop\u00e9ration titre de l&rsquo;intervention?, Paris, 1990.<\/p>\n\n\n\n<p>Ce que je constate c\u2019est que quotidiennement ces phrases m\u2019inspirent et que \u00e0 l\u2019issue de ce travail, mes convictions \u00e0 participer \u00e0 la d\u00e9fense de ces valeurs sont plus fortes encore.<\/p>\n\n\n\n<p>Que restaurer de la dignit\u00e9 aupr\u00e8s des populations oubli\u00e9es ou mal accompagn\u00e9es est une partie incontournable de mon m\u00e9tier mais que produire de la connaissance chez l\u2019autre pour qu\u2019il trouve les ressources n\u00e9cessaires au d\u00e9passement de la fragilit\u00e9 de&nbsp; soi peut aboutir \u00e0 d\u00e9voiler ses propres doutes.<\/p>\n\n\n\n<p>C\u2019est en cela que l\u2019Education populaire est une relation permanente d\u2019\u00e9change qui produit du sens et du collectif.<\/p>\n\n\n\n<p>Lors de cette exp\u00e9rience j\u2019ai beaucoup donn\u00e9 et j\u2019ai beaucoup re\u00e7u.<\/p>\n\n\n\n<p>En effet, progresser dans la mise en \u0153uvre de ce projet collectif m\u2019a permis de d\u00e9passer l\u2019accompagnement individuel au profit de la mobilisation collective pour servir un projet de quartier visant \u00e0 apporter \u00e0 chacun une place pas seulement dans le spectacle mais aussi dans l\u2019association et par l\u00e0 m\u00eame dans la cit\u00e9.<\/p>\n\n\n\n<p>Qu\u2019en ce sens, \u00ab&nbsp;le conte de la grenouille bleue&nbsp;\u00bb a \u00e9t\u00e9 un outil culturel dont les enjeux de d\u00e9part sont devenus les enjeux de la valorisation d\u2019un quartier, rendue possibles gr\u00e2ce \u00e0 l\u2019\u00e9largissement de notre action \u00e0 la semaine d\u2019action culturelle du chapiteau des arts nomades.<\/p>\n\n\n\n<p>Qu\u2019ainsi donc l\u2019engagement d\u2019un noyau d\u2019habitants sur le spectacle a contribu\u00e9 \u00e0 structurer un \u00e9v\u00e8nement qui d\u00e9passe la mise en sc\u00e8ne de th\u00e9\u00e2tre et qui int\u00e8gre chacun dans un espace de participation \u00e0 l\u2019\u00e9chelle locale.<\/p>\n\n\n\n<p>Malgr\u00e9 un constat positif de l\u2019action dans sa globalit\u00e9, je constate une fois encore que le plus difficile est de faire adh\u00e9rer les membres d\u2019un groupe \u00e0 un projet. Ainsi, il y a un jeu d\u2019\u00e9quilibre \u00e0 trouver entre \u00eatre force de propositions et laisser \u00e9merger l\u2019initiative pour que le projet collectif reste la d\u00e9marche n\u00e9goci\u00e9e avec tous les acteurs. Qu\u2019en cela le facteur temps reste essentiel pour ne pas mener trop vite une r\u00e9alisation avant que tous ne le construisent avec maturation.<\/p>\n\n\n\n<p>Pour ce qui concerne \u00ab&nbsp;la grenouille bleue&nbsp;\u00bb, mon arriv\u00e9e sur le quartier a \u00e9t\u00e9 trop proche de la date de mon exp\u00e9rience d\u2019animation et de la venue du chapiteau sur le quartier d\u00e9j\u00e0 contractualis\u00e9 avant ma venue.<\/p>\n\n\n\n<p>Malgr\u00e9 le fait de mener au bout notre exp\u00e9rience, le projet aurait gagn\u00e9 en richesse et en r\u00e9sultat (dans le nombre d\u2019acteurs associ\u00e9s) si j\u2019avais eu plus de temps.<\/p>\n\n\n\n<h2 class=\"wp-block-heading\">CONCLUSION<\/h2>\n\n\n\n<p>Savoir vivre ensemble dans des lieux difficiles o\u00f9 le danger est que chacun soit rel\u00e9gu\u00e9 chez lui parce qu\u2019il se&nbsp; sent inutile est un enjeu fondamental dans les cit\u00e9s aujourd\u2019hui.<\/p>\n\n\n\n<p>Le lien social d\u00e9lit\u00e9 n\u2019est pas une fatalit\u00e9.&nbsp; Nous, passeurs de culture, m\u00e9diateur du contact, \u00e9couteur d\u2019histoires de mis\u00e8re, animateurs de groupes h\u00e9t\u00e9rog\u00e8nes devons rester humble dans nos projets pour qu\u2019ils puissent atteindre nos objectifs tout en gardant en perspective de grandir le citoyen autonome qui sommeille en chacun de nous.<\/p>\n\n\n\n<p>Sachant que notre m\u00e9tier est bas\u00e9 sur la relation humaine dans le cadre d\u2019un syst\u00e8me complexe.<\/p>\n\n\n\n<p>Notre place est&nbsp; \u00e0 la crois\u00e9e de l\u2019individu, du groupe et de l\u2019institution et qu\u2019il est essentiel de comprendre les strat\u00e9gies de chaque acteur pour pouvoir mener notre action en respectant la sph\u00e8re priv\u00e9e dans l\u2019espace public.<\/p>\n\n\n\n<p>Refuser &nbsp;\u00e0 produire des actions format\u00e9es par des politiques publiques d\u2019o\u00f9 \u00e9manent trop souvent l\u2019injonction \u00ab&nbsp;\u00e0 faire participer&nbsp;\u00bb les habitants sans qu\u2019aucun sens &nbsp;ne soit donn\u00e9 \u00e0 cette participation, est une de nos responsabilit\u00e9s.<\/p>\n\n\n\n<p>En effet comme l\u2019explique si justement Jean Claude Gillet, l\u2019animateur ne doit pas \u00eatre dans une logique d\u2019action productive du lien social (au sens technique et instrumental li\u00e9 \u00e0 son \u00ab&nbsp;expertise&nbsp;\u00bb) mais bien dans la m\u00e9diaction o\u00f9 prime la recherche de significations communes entre acteurs, combin\u00e9es au travers du projet.<\/p>\n\n\n\n<p>La recherche du sens est donc primordiale, et en cela l\u2019animateur ne peut se limiter \u00e0 \u00eatre un ex\u00e9cutant mais se trouve impliqu\u00e9 en temps que personne avec ses repr\u00e9sentations, ses savoirs et ses convictions sans que&nbsp; ceux-ci n\u2019interf\u00e8rent dans sa relation aux personnes.<\/p>\n\n\n\n<p><em>\u00ab&nbsp;Avec cette vision et des strat\u00e9gies qui tiennent compte de la r\u00e9alit\u00e9 sociale, \u00e9conomique et culturelle, du r\u00f4le de l\u2019Etat et des autres acteurs, il pourra d\u00e9velopper des processus d\u2019influence et de l\u00e9gitimation sur le plan politique, ne perdant pas de vue les id\u00e9aux ni les valeurs fondamentales de l\u2019animation&nbsp;\u00bb<\/em> (1) et tendre vers l\u2019enjeu primordial d\u2019un savoir vivre ensemble condition de la r\u00e9ussite d\u2019un avenir soci\u00e9tal commun.<\/p>\n\n\n\n<p>(1) Jean Claude Gillet. Animation et animateurs .Le sens de l\u2019action p 299 Technologie de l\u2019action sociale.Ed L\u2019harmattan 1995<\/p>\n\n\n\n<h2 class=\"wp-block-heading\"><strong>GLOSSAIRE<\/strong><\/h2>\n\n\n\n<p>AADIQNO&nbsp;: Association d\u2019Animation et de D\u00e9fense des Int\u00e9r\u00eats du quartier Nord Ouest<\/p>\n\n\n\n<p>AAH&nbsp;: Allocation Adulte Handicap\u00e9<\/p>\n\n\n\n<p>ACAJY&nbsp;: Association du centre d\u2019animation Jean Yole<\/p>\n\n\n\n<p>ACYAQ&nbsp;: Association de coordination yonnaise des associations de quartier<\/p>\n\n\n\n<p>APAJH&nbsp;: Association pour Adulte et Jeune Handicap\u00e9s<\/p>\n\n\n\n<p>CAF&nbsp;: Caisse d\u2019Allocations Familiales<\/p>\n\n\n\n<p>GIPIL&nbsp;: Groupement Inter-associatif&nbsp; Pour l\u2019Insertion par le Logement<\/p>\n\n\n\n<p>OMS&nbsp;: Organisation Mondiale de la Sant\u00e9<\/p>\n\n\n\n<p>OVISNO&nbsp;: Organisation pour la Valorisation des Initiatives du Secteur Nord Ouest<\/p>\n\n\n\n<p>RMI&nbsp;: Revenu Minimum d\u2019Insertion<\/p>\n\n\n\n<p>SNAESCO&nbsp;: Syndicat National d\u2019Employeur des centres sociaux et socioculturels<\/p>\n\n\n\n<p>ZEP&nbsp;: Zone d\u2019Education Prioritaire<\/p>\n\n\n\n<p>ZUS&nbsp;: Zone urbaine sociale<\/p>\n\n\n\n<h2 class=\"wp-block-heading\">BIBLIOGRAPHIE<\/h2>\n\n\n\n<p>BARTHES.R&nbsp;: <em>Introduction \u00e0 l\u2019analyse structurale des r\u00e9cits<\/em>. Seuil 1976<\/p>\n\n\n\n<p>DUPRAT.Christine&nbsp;: <em>L\u2019influence des contes sur le d\u00e9veloppement psychop\u00e9dagogique de l\u2019enfant&nbsp;.<\/em>1998<\/p>\n\n\n\n<p>GILLET Jean Claude&nbsp;: <em>Animation et animateurs. Le sens de l\u2019action<\/em>. L\u2019Harmattan 1995<\/p>\n\n\n\n<p>GOFFMAN Erwin<em>&nbsp;: Stigmate <\/em>Edition de minuit 1975<\/p>\n\n\n\n<p>HALBAWACHS Maurice<em>&nbsp;: La m\u00e9moire collective <\/em>1950 Les presses universitaires de France<\/p>\n\n\n\n<p>KAUFFMAN.Jean Paul&nbsp;: <em>L\u2019invention de soi, une th\u00e9orie de l\u2019identit\u00e9<\/em>&nbsp; Armand Collin 2004<\/p>\n\n\n\n<p>LAE.JF et MURARD.N&nbsp;: <em>L\u2019argent des pauvres- la vie quotidienne en cit\u00e9 de transit <\/em>SEUIL 1985<\/p>\n\n\n\n<p>MEGRIER.D&nbsp;:&nbsp;<em>100 jeux de th\u00e9\u00e2tre \u00e0 l\u2019\u00e9cole maternelle<\/em>&nbsp; RETZ<\/p>\n\n\n\n<p>PAUGAM.Serge&nbsp;: <em>La disqualification sociale, essai sur la nouvelle pauvret\u00e9 <\/em>PUF 1991.<\/p>\n\n\n\n<p>RAMAND. Mich\u00e8le&nbsp;: <em>Identit\u00e9s individuelles et collectives<\/em> Presses universitaires de Caen<\/p>\n\n\n\n<p>WINNICOTT.D.W&nbsp;: <em>Jeu et r\u00e9alit\u00e9, l\u2019espace potentiel<\/em> Gallimard 1986<\/p>\n\n\n\n<p><strong>AUTRES SOURCES DOCUMENTAIRES<\/strong><\/p>\n\n\n\n<p>BNF&nbsp;: Expositions sur le conte. Site&nbsp;: <a href=\"http:\/\/exposition.bnf.fr\/contes\/arr\u00eat\/\u00e9crit\/index\/htm\">http:\/\/exposition.bnf.fr\/contes\/arr\u00eat\/\u00e9crit\/index\/htm<\/a><\/p>\n\n\n\n<p>Minist\u00e8re de la culture et de la communication&nbsp;: L\u2019avenir du spectacle vivant<\/p>\n\n\n\n<p>Cahiers P\u00e9dagogiques CNDP 2002 \u00ab&nbsp;Qu\u2019apprend-t-on \u00e0 l\u2019\u00e9cole \u00e9l\u00e9mentaire&nbsp;\u00bb<\/p>\n\n\n\n<p>Nouvelle revue de AIS N 18&nbsp;.2002 Annie LANGLOIS<\/p>\n\n\n\n<p>Site histoire du consulat et du premier Empire&nbsp;: <a href=\"http:\/\/www.histoire_empire.org\/new_2004.htm\">www.histoire_empire.org\/new_2004.htm<\/a><\/p>\n\n\n\n<p>Atlas r\u00e9gional \u2013 D\u00e9l\u00e9gation interminist\u00e9rielle- Avril 2002&nbsp;: Source contrat de ville 2000-2006<\/p>\n\n\n\n<p>Bulletin d\u2019\u00e9ducation du patient de la communication et de la relation volume 17, n1 1998 par MERCIER.M et CARLIER.G<\/p>\n\n\n\n<p>Activit\u00e9s sociales N\u00b0 41 1996&nbsp;: <em>vivre \u00e0 Forges parlons-en par le CEAS La Roche sur Yon<\/em><\/p>\n\n\n\n<p>MERIEU Philippe cit\u00e9 dans le caf\u00e9 p\u00e9dagogique&nbsp;: <a href=\"http:\/\/www.caf\u00e9p\u00e9dagogique.net\">www.caf\u00e9p\u00e9dagogique.net<\/a><\/p>\n\n\n\n<p>Cahier des sciences humaines avril 2000 par A&nbsp;.PIZZORNO<\/p>\n\n\n\n<p>Colloque d\u2019intervention du minist\u00e8re de la coop\u00e9ration 1990 par Lucien TRICHAUD<\/p>\n\n\n\n<h2 class=\"wp-block-heading\"><strong>ANNEXES<\/strong><\/h2>\n\n\n\n<p>1&nbsp;: Tableau de l\u2019\u00e9ch\u00e9ancier de l\u2019action sur Forges<\/p>\n\n\n\n<p>2&nbsp;: Tableau de l\u2019\u00e9ch\u00e9ancier de l\u2019action sur Jean Yole<\/p>\n\n\n\n<p>3&nbsp;: Budgets de l\u2019action sur Forges et Jean Yole<\/p>\n\n\n\n<p>4&nbsp;: Visualisation du projet pour les partenaires de Jean Yole<\/p>\n\n\n\n<p>5&nbsp;: Visualisation du programme du chapiteau culturel<\/p>\n\n\n\n<p>6&nbsp;: Mot du Pr\u00e9sident ouverture de l\u2019Assembl\u00e9e g\u00e9n\u00e9rale de l\u2019Aadiqno<\/p>\n\n\n\n<p>7&nbsp;: Maquette de l\u2019affiche du spectacle pour Forges<\/p>\n\n\n\n<p>8&nbsp;: Maquette de l\u2019affiche du spectacle pour Jean Yole<\/p>\n\n\n\n<p>9&nbsp;: Maquette de l\u2019affiche du spectacle jou\u00e9 en 1991<\/p>\n\n\n\n<p>10&nbsp;: Extrait du programme de Forges avec les acteurs.<\/p>\n\n\n\n<h3 class=\"wp-block-heading\">Calendrier d\u2019actions pour la mise en \u0153uvre du projet grenouille bleue sur Forges<\/h3>\n\n\n\n<figure class=\"wp-block-table is-style-stripes\"><table><tbody><tr><td><\/td><\/tr><tr><td>DATES<\/td><td>ACTION<\/td><td>PARTENAIRES\/ACTEURS<\/td><\/tr><tr><td>Mai \u00e0 juin 2002<\/td><td>Diagnostic projet social<\/td><td>Aadiqno\/habitants\/associations<\/td><\/tr><tr><td>juillet\/aout 2002<\/td><td>Ecriture projet social<\/td><td>Administrateurs\/professionnels<\/td><\/tr><tr><td>septembre 2002<\/td><td>Elaboration projet culturel et demande subvention<\/td><td>Aadiqno<\/td><\/tr><tr><td>Octobre 2002<\/td><td>acceptation subvention projet<\/td><td>Contrat de ville<\/td><\/tr><tr><td>Novembre 2002<\/td><td>D\u00e9marrage des cours th\u00e9\u00e2tre et danse<\/td><td>Habitants\/ professionnels Aadiqno<\/td><\/tr><tr><td>Novembre 2002<\/td><td>Pr\u00e9sentation du projet \u00ab&nbsp;grenouille bleue&nbsp;\u00bb aux r\u00e9f\u00e9rents d\u2019activit\u00e9s<\/td><td>Administrateurs \/r\u00e9f\u00e9rents d\u2019activit\u00e9 et professionnels Aadiqno<\/td><\/tr><tr><td>14 Janvier 2003<\/td><td>Groupe pilotage projet<\/td><td>Acteurs\/parents\/r\u00e9f\u00e9rents activit\u00e9s\/professionnels<\/td><\/tr><tr><td>16 Janvier 2003<\/td><td>R\u00e9union responsable \u00ab&nbsp;chapiteau culturel \u00ab&nbsp;<\/td><td>Professionnels\/service culturel ville<\/td><\/tr><tr><td>27 janvier 2003<\/td><td>Commission animation projet de quartier<\/td><td>Professionnels\/responsable commission animation<\/td><\/tr><tr><td>F\u00e9vrier \u00e0 avril 2003<\/td><td>Ateliers d\u00e9cors et costumes<\/td><td>R\u00e9f\u00e9rents activit\u00e9s\/parents<\/td><\/tr><tr><td>F\u00e9vrier 2003<\/td><td>D\u00e9marrage atelier hip hop<\/td><td>Professionnels Aadiqno\/jeunes<\/td><\/tr><tr><td>F\u00e9vrier 2003<\/td><td>Lancement concours affiche grenouille bleue<\/td><td>Enfants du centre de loisirs\/professionnels<\/td><\/tr><tr><td>7 mars 2003<\/td><td>Informations r\u00e9p\u00e9titions<\/td><td>Acteurs\/parents\/r\u00e9f\u00e9rents activit\u00e9s<\/td><\/tr><tr><td>15 mars 2003<\/td><td>R\u00e9union technique de plateau<\/td><td>R\u00e9gisseurs son et lumi\u00e8re<\/td><\/tr><tr><td>19 mars 2003<\/td><td>R\u00e9p\u00e9tition \u00ab&nbsp;grenouille bleue&nbsp;\u00bb<\/td><td>Acteurs\/r\u00e9gisseurs\/professionnels<\/td><\/tr><tr><td>25 mars 2003<\/td><td>R\u00e9servation ensemble mat\u00e9riel technique de sc\u00e8ne<\/td><td>Professionnels\/prestataires sons<\/td><\/tr><tr><td>26 mars 2003<\/td><td>R\u00e9p\u00e9tition g\u00e9n\u00e9rale<\/td><td>R\u00e9f\u00e9rents activit\u00e9s\/parents\/acteurs professionnels<\/td><\/tr><tr><td>28 mars 2003<\/td><td>Assembl\u00e9e g\u00e9n\u00e9rale Aadiqno et pr\u00e9sentation du spectacle<\/td><td>Partenaires \/ associations\/acteurs projet\/professionnels<\/td><\/tr><tr><td>4 avril 2003<\/td><td>R\u00e9union service culturel ville (retard chapiteau)<\/td><td>Service culturel ville\/professionnel Aadiqno<\/td><\/tr><tr><td>8 avril 2003<\/td><td>R\u00e9union foyer Boutelier<\/td><td>Direction foyer\/professionnel<\/td><\/tr><tr><td>15 avril 2003<\/td><td>R\u00e9union collectif parents \u00ab&nbsp;grenouille bleue&nbsp;\u00bb<\/td><td>Parents\/professionnel\/foyer Boutelier<\/td><\/tr><tr><td>23 avril 2003<\/td><td>Spectacle foyer Boutelier<\/td><td>R\u00e9sidents foyer\/acteurs\/ parents \/professionnels<\/td><\/tr><tr><td>12 juin 2003<\/td><td>R\u00e9union collectif parents grenouille bleue<\/td><td>Parents\/professionnels<\/td><\/tr><tr><td>27 juin 2003<\/td><td>Repr\u00e9sentation ateliers grenouille bleue f\u00eate de quartier<\/td><td>Habitants\/acteurs\/administrateurs\/parents<\/td><\/tr><\/tbody><\/table><\/figure>\n\n\n\n<h3 class=\"wp-block-heading\"><strong>ECHEANCIER GRENOUILLE BLEUE. Quartier Jean Yole<\/strong><\/h3>\n\n\n\n<p>5 Janvier &nbsp;&nbsp;&nbsp;&nbsp;&nbsp;&nbsp;&nbsp; : Contact avec parents des acteurs Forges<\/p>\n\n\n\n<p>6 Janvier &nbsp;&nbsp;&nbsp;&nbsp;&nbsp;&nbsp;&nbsp; : Pr\u00e9sentation projet commission culturelle<\/p>\n\n\n\n<p>7 Janvier&nbsp;&nbsp;&nbsp;&nbsp;&nbsp;&nbsp;&nbsp; : Contacts avec Associations OVISNO, Roche Rock n\u2019Roll,\u0152il de Cauris<\/p>\n\n\n\n<p>11 Janvier &nbsp;&nbsp;&nbsp;&nbsp;&nbsp;&nbsp;&nbsp;&nbsp;&nbsp;&nbsp;&nbsp;&nbsp; : Rendez-vous projet avec Association Petits D\u00e9brouillards<\/p>\n\n\n\n<p>18 F\u00e9vrier&nbsp;&nbsp;&nbsp;&nbsp;&nbsp;&nbsp;&nbsp;&nbsp;&nbsp;&nbsp;&nbsp;&nbsp;&nbsp; : R\u00e9union travail avec OVISNO<\/p>\n\n\n\n<p>02 Mars&nbsp;&nbsp;&nbsp;&nbsp;&nbsp;&nbsp;&nbsp;&nbsp;&nbsp; : Pr\u00e9sentation projet service culturel (chapiteau)<\/p>\n\n\n\n<p>08 Mars&nbsp;&nbsp;&nbsp;&nbsp;&nbsp;&nbsp;&nbsp;&nbsp;&nbsp; : D\u00e9marrage atelier danse Baby<\/p>\n\n\n\n<p>21 Mars&nbsp;&nbsp;&nbsp;&nbsp;&nbsp;&nbsp;&nbsp;&nbsp;&nbsp; : R\u00e9union de travail avec Association Petits D\u00e9brouillards<\/p>\n\n\n\n<p>22 Mars&nbsp;&nbsp;&nbsp;&nbsp;&nbsp;&nbsp;&nbsp;&nbsp;&nbsp; : D\u00e9marrage atelier th\u00e9\u00e2tre<\/p>\n\n\n\n<p>12 Avril&nbsp;&nbsp;&nbsp;&nbsp;&nbsp;&nbsp;&nbsp;&nbsp; : R\u00e9union Roche Rock n\u2019Roll<\/p>\n\n\n\n<p>1920et 2526Avril: Ateliers danse Hip Hop + th\u00e9\u00e2tre<\/p>\n\n\n\n<p>18 Avril&nbsp;&nbsp;&nbsp;&nbsp;&nbsp;&nbsp;&nbsp;&nbsp;&nbsp; : Groupe pilotage Grenouille Bleue<\/p>\n\n\n\n<p>19 Avril&nbsp;&nbsp;&nbsp;&nbsp;&nbsp;&nbsp;&nbsp;&nbsp; : R\u00e9union de travail avec Leila sur concept d\u00e9cor<\/p>\n\n\n\n<p>22 Avril&nbsp;&nbsp;&nbsp;&nbsp;&nbsp;&nbsp;&nbsp;&nbsp; : R\u00e9union de travail avec service culturel<\/p>\n\n\n\n<p>09 Mai&nbsp;&nbsp;&nbsp;&nbsp;&nbsp;&nbsp;&nbsp;&nbsp;&nbsp;&nbsp;&nbsp;&nbsp;: Groupe pilotage Grenouille Bleue \u2013 r\u00e9partition des t\u00e2ches<\/p>\n\n\n\n<p>06 Juin&nbsp;&nbsp;&nbsp;&nbsp;&nbsp;&nbsp;&nbsp;&nbsp;&nbsp;&nbsp;&nbsp;&nbsp;: Groupe pilotage Grenouille Bleue \u2013 information liaison pour la programmation<\/p>\n\n\n\n<p>23 Juin&nbsp;&nbsp;&nbsp;&nbsp;&nbsp;&nbsp;&nbsp;&nbsp;&nbsp;&nbsp; : Rendez-vous travail association Roche Rock n\u2019Roll<\/p>\n\n\n\n<p>30 Juin&nbsp;&nbsp;&nbsp;&nbsp;&nbsp;&nbsp;&nbsp;&nbsp;&nbsp;&nbsp; : Groupe pilotage Grenouille Bleue + chapiteau&nbsp; &#8211; Mise en route de la&nbsp;&nbsp;communication&nbsp;<\/p>\n\n\n\n<p>13 Juillet&nbsp;&nbsp;&nbsp;&nbsp;&nbsp;&nbsp;&nbsp; : Groupe pilotage Grenouille Bleue \u2013 Concertation sur les d\u00e9cors et&nbsp;costumes&nbsp; avant d\u00e9marrage atelier<\/p>\n\n\n\n<p>25 Juillet&nbsp;&nbsp;&nbsp;&nbsp;&nbsp;&nbsp;&nbsp; : D\u00e9marrage atelier costumes<\/p>\n\n\n\n<p>29 Juillet&nbsp;&nbsp;&nbsp;&nbsp;&nbsp;&nbsp;&nbsp; : D\u00e9marrage atelier d\u00e9cor<\/p>\n\n\n\n<p>25 Ao\u00fbt&nbsp;&nbsp;&nbsp;&nbsp;&nbsp;&nbsp;&nbsp;&nbsp;&nbsp; : R\u00e9union de travail Petits D\u00e9brouillards&nbsp; &#8211; Reformulation projet avec &nbsp; nouvel&nbsp; animateur<\/p>\n\n\n\n<p>31 Ao\u00fbt&nbsp;&nbsp;&nbsp;&nbsp;&nbsp;&nbsp;&nbsp;&nbsp;&nbsp; : R\u00e9p\u00e9tition avec animateur Petits D\u00e9brouillards<\/p>\n\n\n\n<p>09 Septembre&nbsp; : R\u00e9union de travail \u2013 R\u00e9gie lumi\u00e8re<\/p>\n\n\n\n<p>27 Septembre&nbsp; : Conf\u00e9rence de presse<\/p>\n\n\n\n<p>05 Octobre&nbsp;&nbsp;&nbsp;&nbsp;&nbsp; &nbsp;&nbsp;&nbsp;&nbsp;&nbsp;&nbsp; : R\u00e9p\u00e9tition g\u00e9n\u00e9rale<\/p>\n\n\n\n<p>07 Octobre&nbsp;&nbsp;&nbsp;&nbsp;&nbsp; &nbsp;&nbsp;&nbsp;&nbsp;&nbsp;&nbsp; : Repr\u00e9sentation<\/p>\n\n\n\n<h2 class=\"wp-block-heading\">EPILOGUE<\/h2>\n\n\n\n<p>La Grenouille Bleue<\/p>\n\n\n\n<p>Un projet de vie, vie de quartier<\/p>\n\n\n\n<p>Le titre&nbsp;: \u00e9vocation de trois id\u00e9es ma\u00eetresse dans mon m\u00e9moire.<\/p>\n\n\n\n<ul class=\"wp-block-list\"><li>la grenouille bleue c\u2019est le nom du conte qui sera mont\u00e9 en spectacle.<\/li><li>un projet de vie parce que cette action a travers\u00e9 mon parcours professionnel et a accompagn\u00e9 mon \u00e9volution.<\/li><li>vie de quartier, synth\u00e8se des m\u00e9canismes \u00e0 l\u2019\u0153uvre dans la construction sociale des quartiers.<\/li><\/ul>\n\n\n\n<p>Mon exp\u00e9rience d\u2019animation c\u2019est faire le lien entre une action r\u00e9alis\u00e9e \u00e0 partir d\u2019activit\u00e9s d\u2019expression et l\u2019\u00e9laboration de strat\u00e9gies de m\u00e9diation sociale.<\/p>\n\n\n\n<p>La grenouille bleue est un support d\u2019apprentissage parce qu\u2019il est con\u00e7u avec des espaces \u00e0 combler. Le conte est un outil de lien social parce qu\u2019il est porteur de situation de reconnaissance sociale.<\/p>\n\n\n\n<p>Le projet d\u2019exp\u00e9rience sera diff\u00e9rent parce qu\u2019il s\u2019op\u00e8re sur deux quartiers.<\/p>\n\n\n\n<p>C\u2019est cette diff\u00e9rence que j\u2019ai analys\u00e9e pour comprendre la pertinence de mon action et de poser des strat\u00e9gies avec les acteurs du quartier pour permettre \u00e0 la grenouille bleue de produire de la reconnaissance sociale.<\/p>\n","protected":false},"excerpt":{"rendered":"<p>Le spectacle, un enjeu collectif pour la valorisation de l\u2019image d\u2019un quartier SOMMAIRE&nbsp;&nbsp;&nbsp;&nbsp;&nbsp;&nbsp;&nbsp;&nbsp;&nbsp;&nbsp;&nbsp;&nbsp;&nbsp; &nbsp;&nbsp;&nbsp;&nbsp;&nbsp;&nbsp;&nbsp;&nbsp;&nbsp;&nbsp;&nbsp;&nbsp;&nbsp;&nbsp;&nbsp;&nbsp;&nbsp;&nbsp;&nbsp;&nbsp;&nbsp;&nbsp;&nbsp;&nbsp;&nbsp;&nbsp;&nbsp;&nbsp;&nbsp;&nbsp;&nbsp;&nbsp;&nbsp;&nbsp;&nbsp;&nbsp;&nbsp;&nbsp;&nbsp;&nbsp;&nbsp; Page&nbsp;&nbsp;&nbsp;&nbsp;&nbsp; 1 \u00e0 4 INTRODUCTION&nbsp;&nbsp;&nbsp;&nbsp;&nbsp;&nbsp;&nbsp;&nbsp;&nbsp;&nbsp;&nbsp;&nbsp;&nbsp;&nbsp;&nbsp;&nbsp;&nbsp;&nbsp;&nbsp;&nbsp;&nbsp;&nbsp;&nbsp;&nbsp;&nbsp;&nbsp;&nbsp;&nbsp;&nbsp;&nbsp;&nbsp;&nbsp;&nbsp;&nbsp;&nbsp;&nbsp;&nbsp;&nbsp;&nbsp;&nbsp;&nbsp;&nbsp;&nbsp;&nbsp;&nbsp;&nbsp;&nbsp;&nbsp;&nbsp;&nbsp;&nbsp;&nbsp;&nbsp;&nbsp;&nbsp;&nbsp;&nbsp; 5 \u00e0 6 I\/ LE CONTE THEATRAL&nbsp;&nbsp;&nbsp;&nbsp;&nbsp;&nbsp;&nbsp;&nbsp;&nbsp;&nbsp;&nbsp;&nbsp;&nbsp;&nbsp;&nbsp;&nbsp;&nbsp;&nbsp;&nbsp;&nbsp;&nbsp;&nbsp;&nbsp;&nbsp;&nbsp;&nbsp;&nbsp;&nbsp;&nbsp;&nbsp;&nbsp;&nbsp;&nbsp;&nbsp;&nbsp;&nbsp;&nbsp;&nbsp;&nbsp;&nbsp;&nbsp;&nbsp;&nbsp;&nbsp; 7 \u00e0 19 A\/ Approche g\u00e9n\u00e9rale du conte&nbsp;&nbsp;&nbsp;&nbsp;&nbsp;&nbsp;&nbsp;&nbsp;&nbsp;&nbsp;&nbsp;&nbsp;&nbsp;&nbsp;&nbsp;&nbsp;&nbsp;&nbsp;&nbsp;&nbsp;&nbsp;&nbsp;&nbsp;&nbsp;&nbsp;&nbsp;&nbsp;&nbsp;&nbsp;&nbsp;&nbsp;&nbsp;&nbsp;&nbsp;&nbsp;&nbsp;&nbsp; 6 \u00e0 13 &nbsp;&nbsp;&nbsp;&nbsp;&nbsp;&nbsp; 1&nbsp;: la structuration du conte &nbsp;&nbsp;&nbsp;&nbsp;&nbsp;&nbsp; 2&nbsp;: Le renouveau du conte et sa fonction p\u00e9dagogique &nbsp;&nbsp;&nbsp;&nbsp;&nbsp;&nbsp; 3&nbsp;: &hellip; <a href=\"https:\/\/ecrire-coach.biographe-valeriejean.fr\/?page_id=2437\" class=\"more-link\">Continuer la lecture de <span class=\"screen-reader-text\">M\u00e9moire DEFA : Le Conte de la grenouille bleue, un projet de vie, vie de Quartier<\/span>  <span class=\"meta-nav\">&rarr;<\/span><\/a><\/p>\n","protected":false},"author":1,"featured_media":589,"parent":0,"menu_order":0,"comment_status":"closed","ping_status":"closed","template":"","meta":{"footnotes":""},"class_list":["post-2437","page","type-page","status-publish","has-post-thumbnail","hentry"],"aioseo_notices":[],"_links":{"self":[{"href":"https:\/\/ecrire-coach.biographe-valeriejean.fr\/index.php?rest_route=\/wp\/v2\/pages\/2437","targetHints":{"allow":["GET"]}}],"collection":[{"href":"https:\/\/ecrire-coach.biographe-valeriejean.fr\/index.php?rest_route=\/wp\/v2\/pages"}],"about":[{"href":"https:\/\/ecrire-coach.biographe-valeriejean.fr\/index.php?rest_route=\/wp\/v2\/types\/page"}],"author":[{"embeddable":true,"href":"https:\/\/ecrire-coach.biographe-valeriejean.fr\/index.php?rest_route=\/wp\/v2\/users\/1"}],"replies":[{"embeddable":true,"href":"https:\/\/ecrire-coach.biographe-valeriejean.fr\/index.php?rest_route=%2Fwp%2Fv2%2Fcomments&post=2437"}],"version-history":[{"count":0,"href":"https:\/\/ecrire-coach.biographe-valeriejean.fr\/index.php?rest_route=\/wp\/v2\/pages\/2437\/revisions"}],"wp:featuredmedia":[{"embeddable":true,"href":"https:\/\/ecrire-coach.biographe-valeriejean.fr\/index.php?rest_route=\/wp\/v2\/media\/589"}],"wp:attachment":[{"href":"https:\/\/ecrire-coach.biographe-valeriejean.fr\/index.php?rest_route=%2Fwp%2Fv2%2Fmedia&parent=2437"}],"curies":[{"name":"wp","href":"https:\/\/api.w.org\/{rel}","templated":true}]}}