{"id":375,"date":"2013-07-24T15:47:55","date_gmt":"2013-07-24T13:47:55","guid":{"rendered":"http:\/\/ecrire-coach.biographe-valeriejean.fr?page_id=375"},"modified":"2013-07-24T15:47:55","modified_gmt":"2013-07-24T13:47:55","slug":"le-coeur-du-metier-du-biographe","status":"publish","type":"page","link":"https:\/\/ecrire-coach.biographe-valeriejean.fr\/?page_id=375","title":{"rendered":"Le coeur du m\u00e9tier du biographe"},"content":{"rendered":"<h1>M\u00c9TIER\u00a0 \u00c9CRIVAIN BIOGRAPHE<\/h1>\n<p style=\"text-align: justify;\">Un petit article \u00e0 celles et ceux qui pensent \u00e0 prendre leur plume pour devenir <a href=\"http:\/\/www.biographe-valeriejean.fr\/ecrivain-biographe-85\/negre-litteraire.html\">biographe.<\/a><\/p>\n<p style=\"text-align: justify;\">De nombreux articles dans la presse, des \u00e9missions de radio vantent <strong>ce nouveau m\u00e9tier<\/strong> et le pr\u00e9sente comme <strong>le nouvel El dorado des passionn\u00e9s d&rsquo;\u00e9criture.<\/strong>&#8230;Mes coll\u00e8gues et moi sommes souvent interpell\u00e9s par des personnes d\u00e9sirant se reconvertir comme biographe parce qu&rsquo;ils aiment \u00e9crire.<\/p>\n<p style=\"text-align: justify;\">Loin de moi l&rsquo;id\u00e9e de vous d\u00e9courager de vous lancer dans cette aventure passionnante, mais <strong>une mise en garde sur la r\u00e9alit\u00e9 du m\u00e9tier.<\/strong> D&rsquo;une part, si vous\u00a0 voulez raisonnablement gagner votre vie, il faudra vous armer de patience avant de r\u00e9colter les fruits de vos rencontres.. Apr\u00e8s sept ann\u00e9es d&rsquo;activit\u00e9s, je commence tout juste \u00e0 vivre de ce m\u00e9tier tout en \u00e9tant pourtant reconnue sur les r\u00e9seaux.<\/p>\n<p>\u00catre \u00e9crivain c&rsquo;est se donner les moyens d&rsquo;exister au travers de l&rsquo;\u00e9criture, <strong>\u00eatre biographe c&rsquo;est faire exister l&rsquo;autre<\/strong>,le compagnon de livre, le client que l&rsquo;on \u00e9coute&#8230;<\/p>\n<p style=\"text-align: justify;\"><a href=\"http:\/\/ecrire-coach.biographe-valeriejean.fr\/wp-content\/uploads\/2013\/07\/Gise\u0300le-et-moi-copie2.jpg\"><img loading=\"lazy\" decoding=\"async\" class=\"alignright size-medium wp-image-465\" src=\"http:\/\/ecrire-coach.biographe-valeriejean.fr\/wp-content\/uploads\/2013\/07\/Gise\u0300le-et-moi-copie2-300x224.jpg\" alt=\"Gise\u0300le et moi copie\" width=\"300\" height=\"224\" \/><\/a>\u00a0Il est important pour moi de vous pr\u00e9senter en introduction mon m\u00e9tier, BIOGRAPHE, qui recouvre une <strong>r\u00e9alit\u00e9 difficile \u00e0 cerner.<\/strong><strong><br \/>\n<\/strong> Depuis mon entr\u00e9e sur le march\u00e9 de la biographie, j\u2019ai pris conscience que ce terme n\u2019est pas explicite et qu\u2019il <strong>recouvre de nombreuses interpr\u00e9tations.<\/strong><strong><br \/>\n<\/strong> Sans pour autant d\u00e9voiler ma d\u00e9marche \u00e9labor\u00e9e durant mes formations (DUHIVIF\u00a0 et DESM), je pense qu\u2019il est important de faire un d\u00e9tour succinct sur ce nouveau m\u00e9tier.<\/p>\n<h2 style=\"text-align: justify;\">Origines de la biographie<\/h2>\n<p style=\"text-align: justify;\">Comme vous le savez, la biographie, dans l\u2019Antiquit\u00e9 s\u2019est attach\u00e9e \u00e0 retracer la vie des h\u00e9ros notamment dans les r\u00e9cits des champs de batailles.<br \/>\nPuis l\u2019\u00e9glise, s\u2019est empar\u00e9 de la biographie jusqu\u2019au si\u00e8cle des lumi\u00e8res, qui est devenue alors hagiographie, compilant principalement la vie de ses saints. Puis est apparu un nouveau concept venu des th\u00e9ologiens et philosophes qui nous ont donn\u00e9 des oeuvres universelles comme Saint Augustin, Rousseau ou encore Diderot &#8230;<br \/>\nAu XIXe si\u00e8cle, ce sont les \u00e9crivains, qui \u00e0 leur tour, prennent le relais pour faire leur autobiographie s&rsquo;inspirant\u00a0 \u00e9troitement pour les personnages de leur roman de leur propre existence.<br \/>\nDepuis, la culture est devenue accessible au plus grand nombre et les biographes historiens emplissent nos biblioth\u00e8ques pour reprendre inlassablement la vie des personnages historiques dont la liste s\u2019allonge.<br \/>\nAujourd\u2019hui, des biographes, souvent issus du monde journalistique,\u00a0 se sont sp\u00e9cialis\u00e9s dans la biographie de personnalit\u00e9s de toutes ob\u00e9diences.<br \/>\nCe tour d\u2019horizon est loin d\u2019\u00eatre document\u00e9 et ne pr\u00e9tend en aucune mani\u00e8re \u00eatre exhaustif. Il n\u2019est l\u00e0 que pour \u00e9clairer le fait qu\u2019aujourd\u2019hui, <strong>deux m\u00e9tiers coexistent<\/strong> ayant la m\u00eame d\u00e9nomination\u00a0:<br \/>\n<strong>Le biographe qui \u00e9dite des livres \u00e0 vocation litt\u00e9raire<\/strong>, historique ou sensationnelle (people) et <strong>le biographe qui \u00e9crit la vie de particuliers anonymes<\/strong>. C\u2019est ce dernier m\u00e9tier dont je vais vous parler.<\/p>\n<h2 style=\"text-align: justify;\">Mais comment suis je arriv\u00e9e \u00e0 exercer au m\u00e9tier de <a href=\"http:\/\/www.biographe-valeriejean.fr\/\">biographe<\/a>?<\/h2>\n<p style=\"text-align: justify;\"><a href=\"http:\/\/ecrire-coach.biographe-valeriejean.fr\/wp-content\/uploads\/2013\/07\/Photo-originale.jpg\"><img loading=\"lazy\" decoding=\"async\" class=\"alignright size-medium wp-image-1689\" src=\"http:\/\/ecrire-coach.biographe-valeriejean.fr\/wp-content\/uploads\/2013\/07\/Photo-originale-300x224.jpg\" alt=\"valerie jean, biographe, r\u00e9cits de vie, coach de vie\" width=\"300\" height=\"224\" \/><\/a>Apr\u00e8s le baccalaur\u00e9at option lettres, je saisis l\u2019opportunit\u00e9 de rentrer comme secr\u00e9taire dans un centre socio-culturel, je\u00a0 deviens parall\u00e8lement animatrice de danse. Plus tard, je prends la direction d\u2019une structure associative tout en pr\u00e9servant l\u2019exercice d\u2019ateliers d\u2019expression.<br \/>\nA la suite d\u2019un licenciement \u00e9conomique, je quitte ma ville natale et je m\u2019installe en Vend\u00e9e. A la suite d\u2019une formation, je retrouve un poste de direction dans un centre social. <strong>Le d\u00e9nominateur commun<\/strong> de tous les postes occup\u00e9s \u00e9tant <strong>l\u2019\u00e9coute et l\u2019accompagnement<\/strong> des usagers et des \u00e9l\u00e8ves qui fr\u00e9quentent ces centres sociaux.<\/p>\n<p style=\"text-align: justify;\">Un drame personnel remettra en question mon engagement professionnel que je consid\u00e8re alors trop important par rapport \u00e0 mon devoir d\u2019\u00e9ducation envers\u00a0 mes 5 enfants.<br \/>\nA l\u2019issue d\u2019un \u00a0cong\u00e9 parental, et apr\u00e8s une longue r\u00e9flexion sur ma motivation \u00e0 poursuivre mon m\u00e9tier, je d\u00e9cide de quitter mon poste et cherche une nouvelle orientation qui me permette d\u2019\u00eatre davantage en coh\u00e9rence avec mes aspirations personnelles, tout en gardant mon m\u00e9tier d\u2019origine\u00a0 l\u2019\u00e9coute et l\u2019accompagnement des personnes.<br \/>\nLe d\u00e9clic se fera en \u00e9coutant une \u00e9mission de radio o\u00f9 on pr\u00e9sentait le m\u00e9tier de biographe.<\/p>\n<p style=\"text-align: justify;\">Au del\u00e0 de mes aptitudes\u00a0 d\u2019\u00e9coute et d\u2019accompagnement,\u00a0 la production d\u2019\u00e9crits n\u00e9cessite une comp\u00e9tence particuli\u00e8re dans l\u2019\u00e9criture. Dans mon parcours d\u2019animatrice, j\u2019ai exerc\u00e9 ces talents par l\u2019\u00e9criture de contes dans le th\u00e9\u00e2tre et l\u2019animation d\u2019ateliers d\u2019\u00e9criture mais il me manquait une l\u00e9gitimit\u00e9 sp\u00e9cifique \u00e0 l\u2019\u00e9coute dans l\u2019\u00e9criture. Je m\u2019inscris donc \u00e0 l\u2019universit\u00e9 de Nantes et j\u2019obtiens un DU \u00ab\u00a0histoires de vie en \u00a0formation\u00a0\u00bb en 2008. Je me sens d\u00e9sormais pr\u00eate \u00e0 cr\u00e9er mon entreprise.<\/p>\n<p style=\"text-align: justify;\">La direction des centres sociaux m\u2019a permis de me confronter \u00e0 la gestion et \u00e0 l\u2019encadrement d\u2019\u00e9quipes pluridisciplinaires tout en restant tr\u00e8s proches des dol\u00e9ances des usagers.<br \/>\nLe dipl\u00f4me du DEFA,\u00a0 d\u00e9livr\u00e9 en 2005 a confort\u00e9 ces exp\u00e9riences d&rsquo;accompagnements sur des structures sociales.<br \/>\nEnfin, pendant 3 ann\u00e9es cons\u00e9cutives, j\u2019ai \u00e9t\u00e9 g\u00e9rante d\u2019un camping sur la c\u00f4te vend\u00e9enne o\u00f9 j\u2019ai appris la relation client, les contrats de vente mais surtout une fois encore d&rsquo;accueillir les visiteurs et d&rsquo;\u00e9couter leurs histoires.<br \/>\nCe m\u00e9tier m&rsquo;offre la chance de\u00a0 pr\u00e9server une stabilit\u00e9 familiale, d\u2019\u00eatre ind\u00e9pendante, de travailler chez moi et de garder ma coh\u00e9rence interne.<br \/>\nMais <strong>quelles comp\u00e9tences<\/strong> ont \u00e9t\u00e9 acquises?<br \/>\nPendant ma p\u00e9riode de pr\u00e9paration au dipl\u00f4me duhivif, je me suis <strong>confront\u00e9e \u00e0\u00a0 l\u2019analyse des r\u00e9cits de vie <\/strong>mais aussi<strong> \u00e0 l&rsquo;introspection n\u00e9cessaire de ma propre histoire <\/strong>et donc de vivre ce qu&rsquo;une personne traverse quand elle s&rsquo;expose au regard d&rsquo;autrui.<\/p>\n<p style=\"text-align: justify;\"><strong>Le dipl\u00f4me <\/strong>de fin d&rsquo;\u00e9tude comporte deux partie:<\/p>\n<p style=\"text-align: justify;\">1\/ Un \u00e9crit mettant en lumi\u00e8re ce qui nous a travers\u00e9, personnellement au travers de nos exp\u00e9riences pendant nos deux ann\u00e9es d&rsquo;\u00e9tude.<strong><br \/>\n<\/strong> 2\/ Un m\u00e9moire soulevant une probl\u00e9matique particuli\u00e8re (une question) en lien avec les r\u00e9cits de vie. Pour ce faire il \u00e9tait n\u00e9cessaire de r\u00e9aliser d&rsquo;un ou deux r\u00e9cits de la vie d\u2019une personne et son analyse. J&rsquo;ai choisi comme question: \u00ab\u00a0L\u2019ANECDOTE: Petite histoire deviendra grande. Insignifiance et d\u00e9tail porteurs de sens dans nos r\u00e9cits de vie\u00a0\u00bb<br \/>\nCette exp\u00e9rience m\u2019a confort\u00e9e dans l\u2019id\u00e9e que j\u2019avais les comp\u00e9tences ad\u00e9quates pour devenir biographe.<br \/>\nParall\u00e8lement, d\u00e8s l\u2019ann\u00e9e 2009, j\u2019ai int\u00e9gr\u00e9 le r\u00e9seau NPI (n\u00e8gre pour inconnu),\u00a0 r\u00e9seau national de biographes, ce qui m\u2019a permis de commencer \u00e0 exercer officieusement mon nouveau m\u00e9tier avec la r\u00e9alisation de deux biographies..<\/p>\n<p style=\"text-align: justify;\"><a href=\"http:\/\/ecrire-coach.biographe-valeriejean.fr\/wp-content\/uploads\/2013\/07\/P1090703-copie.jpg\"><img loading=\"lazy\" decoding=\"async\" class=\"alignright size-medium wp-image-1688\" src=\"http:\/\/ecrire-coach.biographe-valeriejean.fr\/wp-content\/uploads\/2013\/07\/P1090703-copie-300x225.jpg\" alt=\"val\u00e9rie jean, Fran\u00e7ois jaladeau\" width=\"300\" height=\"225\" \/><\/a>Au pr\u00e9alable il convient de\u00a0 savoir ce que recouvre <strong>le terme de biographe<\/strong> car il s\u2019applique \u00e0 <strong>deux m\u00e9tiers diff\u00e9renci\u00e9s.<\/strong><strong><br \/>\n<\/strong> La premi\u00e8re, reconnue majoritairement par le public est le biographe historien qui va aux moyens de recherches et d\u2019investigations, investir la vie d\u2019une c\u00e9l\u00e9brit\u00e9 ou un personnage historique en retracer la vie. Puis en fait une publication.<br \/>\nLa deuxi\u00e8me, celle que je repr\u00e9sente, s\u2019adresse \u00e0 un public anonyme qui par l\u2019\u00e9criture d\u2019un livre, souvent \u00e9dit\u00e9 pour les proches ou la famille, veut transmettre son histoire de vie \u00e0 sa famille, ses amis ou ses proches.<\/p>\n<p style=\"text-align: justify;\"><a href=\"http:\/\/ecrire-coach.biographe-valeriejean.fr\/wp-content\/uploads\/2013\/07\/C.Dauphine\u0301-et-V.-Jean-Biographe-copie1.jpg\"><img loading=\"lazy\" decoding=\"async\" class=\"alignright size-medium wp-image-467\" src=\"http:\/\/ecrire-coach.biographe-valeriejean.fr\/wp-content\/uploads\/2013\/07\/C.Dauphine\u0301-et-V.-Jean-Biographe-copie1-300x262.jpg\" alt=\"C.Dauphine\u0301 et V. Jean Biographe copie\" width=\"300\" height=\"262\" \/><\/a>Le m\u00e9tier de biographe est indissociable de la pratique de l\u2019\u00e9criture, il doit \u00eatre exerc\u00e9 par une personne <strong>ma\u00eetrisant correctement le fran\u00e7ais.<\/strong> La plupart des biographes du r\u00e9seau NPI, que je connais,\u00a0 s\u2019adresse \u00e0 des correcteurs en post \u00e9criture pour parfaire le livre avant son \u00e9dition. Ceux sp\u00e9cialis\u00e9s dans la ma\u00eetrise de l\u2019\u00e9crit et de la typographie sont souvent d\u00e9clar\u00e9s comme \u00ab\u00a0\u00e9crivains publics\u00a0\u00bb pratiquant la biographie.<br \/>\nToutefois, un bon biographe d\u2019auteurs anonymes requiert, certes un talent d\u2019\u00e9criture honorable, mais c\u2019est surtout <strong>une personne qui accompagne, <\/strong>qui saura <strong>restituer au mieux la parole de son client<\/strong> dans un livre\u00a0 convaincant, empreint\u00a0 d\u2019authenticit\u00e9.<\/p>\n<p style=\"text-align: justify;\"><a href=\"http:\/\/ecrire-coach.biographe-valeriejean.fr\/wp-content\/uploads\/2013\/07\/Evelyne158K.jpg\"><img loading=\"lazy\" decoding=\"async\" class=\"alignright wp-image-1081\" src=\"http:\/\/ecrire-coach.biographe-valeriejean.fr\/wp-content\/uploads\/2013\/07\/Evelyne158K-300x224.jpg\" alt=\"Evelyne158K\" width=\"300\" height=\"224\" \/><\/a>Le m\u00e9tier de biographe ne se r\u00e9sume donc pas \u00e0 l&rsquo;\u00e9criture. <strong>L&#8217;empathie, l&rsquo;\u00e9coute,<\/strong> <strong>la curiosit\u00e9, l&rsquo;investigation<\/strong>, <strong>l&rsquo;observation, l&rsquo;adaptation<\/strong> sont autant de <strong>qualit\u00e9s essentielles<\/strong> pour retranscrire la vie d&rsquo;une personne car il s&rsquo;agit d&#8217;emprunter pour un temps la psychologie de la personne dont vous retranscrivez les mots.\u00a0 Votre propre pens\u00e9e s&rsquo;oublie, pour que votre langage s&rsquo;adapte au mieux \u00e0 la parole de votre client\u00a0 et cela dans un subtil m\u00e9lange d&rsquo;expressions refl\u00e9tant la personnalit\u00e9 de votre narrataire et de langage construit, augment\u00e9 et enrichi. La biographie est <strong>un canevas entre deux personnes, entre deux esprits et deux styles d&rsquo;expression<\/strong> qui se combinent mais o\u00f9, au final,\u00a0 le biographe doit s&rsquo;effacer&#8230;<\/p>\n<p style=\"text-align: center;\">Vous l&rsquo;aurez compris, je suis moins une sp\u00e9cialiste de la typographie et de la grammaire qu&rsquo;<strong>une personne apte \u00e0 la relation<\/strong> par la ma\u00eetrise d&rsquo;entretiens et \u00e0 l&rsquo;\u00e9criture fid\u00e8le aux ressentis de mon client.<\/p>\n","protected":false},"excerpt":{"rendered":"<p>M\u00c9TIER\u00a0 \u00c9CRIVAIN BIOGRAPHE Un petit article \u00e0 celles et ceux qui pensent \u00e0 prendre leur plume pour devenir biographe. De nombreux articles dans la presse, des \u00e9missions de radio vantent ce nouveau m\u00e9tier et le pr\u00e9sente comme le nouvel El dorado des passionn\u00e9s d&rsquo;\u00e9criture.&#8230;Mes coll\u00e8gues et moi sommes souvent interpell\u00e9s par des personnes d\u00e9sirant se &hellip; <a href=\"https:\/\/ecrire-coach.biographe-valeriejean.fr\/?page_id=375\" class=\"more-link\">Continuer la lecture de <span class=\"screen-reader-text\">Le coeur du m\u00e9tier du biographe<\/span>  <span class=\"meta-nav\">&rarr;<\/span><\/a><\/p>\n","protected":false},"author":1,"featured_media":0,"parent":1741,"menu_order":0,"comment_status":"open","ping_status":"open","template":"","meta":{"footnotes":""},"class_list":["post-375","page","type-page","status-publish","hentry"],"aioseo_notices":[],"_links":{"self":[{"href":"https:\/\/ecrire-coach.biographe-valeriejean.fr\/index.php?rest_route=\/wp\/v2\/pages\/375","targetHints":{"allow":["GET"]}}],"collection":[{"href":"https:\/\/ecrire-coach.biographe-valeriejean.fr\/index.php?rest_route=\/wp\/v2\/pages"}],"about":[{"href":"https:\/\/ecrire-coach.biographe-valeriejean.fr\/index.php?rest_route=\/wp\/v2\/types\/page"}],"author":[{"embeddable":true,"href":"https:\/\/ecrire-coach.biographe-valeriejean.fr\/index.php?rest_route=\/wp\/v2\/users\/1"}],"replies":[{"embeddable":true,"href":"https:\/\/ecrire-coach.biographe-valeriejean.fr\/index.php?rest_route=%2Fwp%2Fv2%2Fcomments&post=375"}],"version-history":[{"count":0,"href":"https:\/\/ecrire-coach.biographe-valeriejean.fr\/index.php?rest_route=\/wp\/v2\/pages\/375\/revisions"}],"up":[{"embeddable":true,"href":"https:\/\/ecrire-coach.biographe-valeriejean.fr\/index.php?rest_route=\/wp\/v2\/pages\/1741"}],"wp:attachment":[{"href":"https:\/\/ecrire-coach.biographe-valeriejean.fr\/index.php?rest_route=%2Fwp%2Fv2%2Fmedia&parent=375"}],"curies":[{"name":"wp","href":"https:\/\/api.w.org\/{rel}","templated":true}]}}