{"id":582,"date":"2013-11-09T21:24:36","date_gmt":"2013-11-09T19:24:36","guid":{"rendered":"http:\/\/ecrire-coach.biographe-valeriejean.fr?page_id=582"},"modified":"2013-11-09T21:24:36","modified_gmt":"2013-11-09T19:24:36","slug":"mes-spectacles","status":"publish","type":"page","link":"https:\/\/ecrire-coach.biographe-valeriejean.fr\/?page_id=582","title":{"rendered":"Mes spectacles d&rsquo;ANIMATION"},"content":{"rendered":"\n<p><strong>Le spectacle, un univers \u00e0 partager<\/strong><\/p>\n\n\n<h1 style=\"text-align: justify; padding-left: 80px;\">Le spectacle, un univers \u00e0 partager<\/h1>\n<p style=\"text-align: justify;\">Pendant longtemps, j&rsquo;ai \u00e9t\u00e9 animatrice de cours\u00a0 de danse et de th\u00e9\u00e2tre dans des centres socio-culturels. Mes valeurs forg\u00e9es au fil du temps par ce qu&rsquo;on appelle <a title=\"\u00e9ducation populaire\" href=\"http:\/\/fr.wikipedia.org\/wiki\/%C3%89ducation_populaire\">l&rsquo;Education populaire,<\/a> m&rsquo;ont amen\u00e9es \u00e0 privil\u00e9gier des actions de cr\u00e9ations partag\u00e9es.<\/p>\n<p style=\"text-align: justify;\">Pour moi chacun a un talent reconnu ou cach\u00e9. Je me suis ainsi attach\u00e9 \u00e0 promouvoir des spectacles o\u00f9 chacun avait une place \u00e0 hauteur de ses capacit\u00e9s. Le but \u00e9tant, gr\u00e2ce \u00e0 la sc\u00e8ne,\u00a0 un espace public, de donner ou redonner confiance aux personnes en mal d&rsquo;expression.<\/p>\n<p style=\"text-align: justify;\">Bien s\u00fbr comme dans tout spectacle, le r\u00e9sultat, c&rsquo;est \u00e0 dire ce que vous pr\u00e9sentez \u00e0 votre public est un objectif que vous ne devez pas minorer, vous devez tendre vers l&rsquo;originalit\u00e9 et la qualit\u00e9; mais \u00e0 mon sens cela ne doit pas se faire au d\u00e9triment de la relation avec vos partenaires avec qui vous vous lancez dans l&rsquo;aventure. Chacun doit trouver sa place, son plaisir \u00e0 hauteur de son engagement, de ses comp\u00e9tences.<\/p>\n<p style=\"text-align: justify;\">Mon aventure avec la danse en temps qu&rsquo;animatrice a dur\u00e9 de 1981 \u00e0 1996 et jamais je n&rsquo;ai regrett\u00e9 le choix de me cantonner \u00e0 un niveau modeste d&rsquo;enseignement pour ouvrir cet art \u00e0 des enfants et des adolescents des cit\u00e9s. Ils m&rsquo;ont apport\u00e9s un amour, de la joie et mes plus belles \u00e9motions.<\/p>\n<h2 style=\"text-align: justify;\">L&rsquo;histoire de mes spectacles<\/h2>\n<h3>La danse<\/h3>\n<p style=\"text-align: justify;\">J&rsquo;ai commenc\u00e9 humblement par un d\u00e9fi que je me suis lanc\u00e9 quand j&rsquo;ai appris que l&rsquo;animatrice de la Maison pour tous de Montereau, arr\u00eatait les cours d&rsquo;expression corporelle qu&rsquo;elle donnait dans cette structure de quartier situ\u00e9e dans une cit\u00e9. J&rsquo;ai tent\u00e9 ma chance de reprendre les cours en proposant des cours de <a title=\"modern'jazz\" href=\"http:\/\/fr.wikipedia.org\/wiki\/Danse_jazz\">modern&rsquo;jazz,<\/a> discipline que j&rsquo;avais d\u00e9couvert gr\u00e2ce \u00e0 mon professeur de sports pendant ma scolarit\u00e9. Je n&rsquo;avais aucun dipl\u00f4me, aucune formation mais un d\u00e9sir de transmettre ce qui m&rsquo;avait \u00e9t\u00e9 donn\u00e9 : le plaisir de s&rsquo;exprimer par le corps gr\u00e2ce \u00e0 la danse. Le directeur de l&rsquo;\u00e9poque, que je ne remercierai jamais assez pour sa bienveillance et\u00a0 sa confiance m&rsquo;a engag\u00e9e. j&rsquo;\u00e9tais lanc\u00e9e, c&rsquo;\u00e9tait\u00a0 \u00e0 moi de jouer.<\/p>\n<p style=\"text-align: justify;\">C&rsquo;est tout naturellement que je me suis invent\u00e9e \u00ab\u00a0cr\u00e9atrice de chor\u00e9graphie\u00a0\u00bb, port\u00e9e par l&rsquo;envie de faire passer des messages gr\u00e2ce \u00e0 la danse. Dans mes premiers spectacles, il y avait \u00e0 la fois des reprises et des cr\u00e9ations.<\/p>\n<h4>B\u00e9jart cr\u00e9ation<\/h4>\n<p style=\"text-align: justify;\"><a title=\"Maurice BEJART\" href=\"http:\/\/fr.wikipedia.org\/wiki\/Maurice_B%C3%A9jart\" target=\"_blank\" rel=\"noopener noreferrer\"><strong>\u00ab\u00a0BEJART\u00a0\u00bb\u00a0<\/strong><\/a> <a href=\"http:\/\/ecrire-coach.biographe-valeriejean.fr\/wp-content\/uploads\/2013\/11\/Be\u0301jart-Forges.jpg\"><img loading=\"lazy\" decoding=\"async\" class=\"alignright size-medium wp-image-583\" src=\"http:\/\/ecrire-coach.biographe-valeriejean.fr\/wp-content\/uploads\/2013\/11\/Be\u0301jart-Forges-300x270.jpg\" alt=\"Bejart\" width=\"300\" height=\"270\" \/><\/a>sur une musique de Pierre Henry, reprise de la chor\u00e9graphie de Michelle Giraud. Ballet inspir\u00e9 par le travail du grand chor\u00e9graphe BEJART <a title=\"Psyche rock\" href=\"https:\/\/www.youtube.com\/watch?v=3pIvrLAjLac\" target=\"_blank\" rel=\"noopener noreferrer\">\u00ab\u00a0Messe pour le temps pr\u00e9sent\u00a0\u00bb\u00a0\u00bbPsyche rock.\u00a0\u00bb<\/a><\/p>\n<p style=\"text-align: justify;\">\u00a0<\/p>\n<h4 style=\"text-align: justify;\"><strong>La Machine<\/strong><\/h4>\n<p style=\"text-align: justify;\"><strong><a href=\"http:\/\/ecrire-coach.biographe-valeriejean.fr\/wp-content\/uploads\/2013\/11\/La-machine-Forges.jpg\"><img loading=\"lazy\" decoding=\"async\" class=\"alignright wp-image-584\" src=\"http:\/\/ecrire-coach.biographe-valeriejean.fr\/wp-content\/uploads\/2013\/11\/La-machine-Forges-300x287.jpg\" alt=\"expression corporelle\" width=\"300\" height=\"287\" \/><\/a><\/strong>Dans\u00e9 sur<a title=\"Ouverture de Tannhauser de Wagner\" href=\"http:\/\/www.dailymotion.com\/video\/xlrx5g_wagner-tannhauser-ouverture_music\" target=\"_blank\" rel=\"noopener noreferrer\"> l&rsquo;ouverture de Tann<\/a><a title=\"Ouverture de Tannhauser de Wagner\" href=\"http:\/\/www.dailymotion.com\/video\/xlrx5g_wagner-tannhauser-ouverture_music\">hauser de\u00a0 Wagner<\/a>. Sur une id\u00e9e de Michelle Giraud, une improvisation sur le th\u00e8me apocalyptique de la mort de l&rsquo;humanit\u00e9. Le progr\u00e8s forcen\u00e9 qui m\u00e8ne l&rsquo;homme \u00e0 sa perte et le dernier survivant meurt d&rsquo;\u00eatre seul.<\/p>\n<p style=\"text-align: justify;\"><strong><a href=\"http:\/\/ecrire-coach.biographe-valeriejean.fr\/wp-content\/uploads\/2013\/11\/Entre\u0301e-en-sce\u0300ne-la-machine-.jpg\"><img loading=\"lazy\" decoding=\"async\" class=\"size-medium wp-image-585 alignleft\" src=\"http:\/\/ecrire-coach.biographe-valeriejean.fr\/wp-content\/uploads\/2013\/11\/Entre\u0301e-en-sce\u0300ne-la-machine--150x300.jpg\" alt=\"Entre\u0301e en sce\u0300ne la machine\" width=\"150\" height=\"300\" \/><\/a><\/strong><\/p>\n<p>\u00a0<\/p>\n<p>Apr\u00e8s avoir interpr\u00e9t\u00e9 cette chor\u00e9graphie d&rsquo;improvisation au th\u00e9\u00e2tre de Fontainebleau, je l&rsquo;ai reprise dans plusieurs de mes spectacles. Sur la photo, je sors pr\u00eate \u00e0 interpr\u00e9ter le personnage qui meurt dans la solitude.\u00a0<\/p>\n<p>\u00a0<\/p>\n<p>\u00a0<\/p>\n<h4 style=\"text-align: justify;\"><strong>Vietnam<\/strong>\u00a0<\/h4>\n<p style=\"text-align: justify;\">Autre reprise de la chor\u00e9graphie de Michelle Giraud inspir\u00e9e par le massacre des populations\u00a0 au moment de la guerre du Vietnam. Ces trois reprises ont eu une influence essentielle sur mon travail. Donner du sens \u00e0 ce que l&rsquo;on danse et ne pas seulement additionner des figures, si belles ou si techniques soient-t-elles.<\/p>\n<p style=\"text-align: justify;\">Je ne dis pas que j&rsquo;ai toujours suivi ce pr\u00e9cepte fondateur car quand le succ\u00e8s des cours est arriv\u00e9, il fallait quelquefois, le temps manquant, produire pour tous les cours ( 6 cours par semaine) de nouvelles chor\u00e9graphies ! L&rsquo;app\u00e9tences des jeunes pour des musiques pop ont fait \u00e9galement \u00e9voluer les cours d&rsquo;expression corporelle en cours de modern&rsquo;jazz.<\/p>\n<p style=\"text-align: justify;\">Malgr\u00e9 cela, je me suis attach\u00e9e \u00e0 faire d\u00e9couvrir \u00e0 mes \u00e9l\u00e8ves des musiques pas toujours en accord avec les tubes \u00e0 la mode et de les pousser \u00e0 s&rsquo;exprimer sur d&rsquo;autres champs musicaux.<\/p>\n<h4 style=\"text-align: justify;\"><a href=\"http:\/\/ecrire-coach.biographe-valeriejean.fr\/wp-content\/uploads\/2013\/11\/La-prie\u0300re-Tina-Turner.jpg\"><img loading=\"lazy\" decoding=\"async\" class=\"alignright wp-image-586\" src=\"http:\/\/ecrire-coach.biographe-valeriejean.fr\/wp-content\/uploads\/2013\/11\/La-prie\u0300re-Tina-Turner-300x240.jpg\" alt=\"expression corporelle\" width=\"300\" height=\"240\" \/><\/a><strong>La pri\u00e8re <\/strong><\/h4>\n<p style=\"text-align: justify;\">Une cr\u00e9ation sur un blues de <a title=\"Tina Turner\" href=\"http:\/\/fr.wikipedia.org\/wiki\/Tina_turner\" target=\"_blank\" rel=\"noopener noreferrer\">Tina Turner.<\/a><\/p>\n<p style=\"text-align: justify;\">\u00a0<\/p>\n<p>\u00a0<\/p>\n<h4 style=\"text-align: justify;\"><strong>Sky jumper et Body Building <\/strong><\/h4>\n<p style=\"text-align: justify;\">Deux chor\u00e9graphies inspir\u00e9es par le ph\u00e9nom\u00e8ne croissant du culte du corps avec ses adeptes urbains envahissant les salles de sports et les autres suivant les \u00e9missions muscl\u00e9es des ann\u00e9es 1980.<a href=\"http:\/\/ecrire-coach.biographe-valeriejean.fr\/wp-content\/uploads\/2013\/11\/Sky-jumper-s-des-f.jpg\"><img loading=\"lazy\" decoding=\"async\" class=\"alignright size-medium wp-image-587\" src=\"http:\/\/ecrire-coach.biographe-valeriejean.fr\/wp-content\/uploads\/2013\/11\/Sky-jumper-s-des-f-300x230.jpg\" alt=\"danse modern'jazz\" width=\"300\" height=\"230\" \/><\/a><\/p>\n<p style=\"text-align: justify;\"><a href=\"http:\/\/ecrire-coach.biographe-valeriejean.fr\/wp-content\/uploads\/2013\/11\/Body-building-SDF.jpg\"><img loading=\"lazy\" decoding=\"async\" class=\"alignright size-medium wp-image-588\" src=\"http:\/\/ecrire-coach.biographe-valeriejean.fr\/wp-content\/uploads\/2013\/11\/Body-building-SDF-300x230.jpg\" alt=\"modern'jazz\" width=\"300\" height=\"230\" \/><\/a><\/p>\n<h1 style=\"text-align: justify;\"><a href=\"http:\/\/ecrire-coach.biographe-valeriejean.fr\/wp-content\/uploads\/2013\/11\/body-building.jpg\"><img loading=\"lazy\" decoding=\"async\" class=\"alignright size-medium wp-image-645\" src=\"http:\/\/ecrire-coach.biographe-valeriejean.fr\/wp-content\/uploads\/2013\/11\/body-building-300x273.jpg\" alt=\"modern'jazz\" width=\"300\" height=\"273\" \/><\/a><\/h1>\n<h4 style=\"text-align: left;\"><strong>Atlantic experiment<\/strong><\/h4>\n<p>\u00a0Chor\u00e9graphie\u00a0 sur le morceau \u00ab\u00a0Through the barricades\u00a0\u00bb\u00a0 du groupe Spandau ballet.<\/p>\n<p><a href=\"http:\/\/ecrire-coach.biographe-valeriejean.fr\/wp-content\/uploads\/2022\/04\/Choregraphie-Atlantic-experiment-Valerie-Jean-.jpeg\"><img loading=\"lazy\" decoding=\"async\" class=\"alignright  wp-image-2725\" src=\"http:\/\/ecrire-coach.biographe-valeriejean.fr\/wp-content\/uploads\/2022\/04\/Choregraphie-Atlantic-experiment-Valerie-Jean--217x300.jpeg\" alt=\"choregraphie inspir\u00e9e Miguel Lopez\" width=\"167\" height=\"231\" \/><\/a><br \/>C&rsquo;est la confrontation \u00e0 l&rsquo;inconnu. Pour moi, c&rsquo;\u00e9tait nouveau de me lancer dans l&rsquo;apprentissage de la danse contemporaine. Je revenais de formation de l&rsquo;\u00e9cole de Saint Germain en Laye o\u00f9 j&rsquo;avais suivi les cours de Miguel Lopez.\u00a0<\/p>\n<p>\u00a0<\/p>\n<p style=\"text-align: left;\"><a href=\"http:\/\/ecrire-coach.biographe-valeriejean.fr\/wp-content\/uploads\/2013\/11\/Atlantic-experiment.jpeg\"><img loading=\"lazy\" decoding=\"async\" class=\"alignright size-medium wp-image-599\" src=\"http:\/\/ecrire-coach.biographe-valeriejean.fr\/wp-content\/uploads\/2013\/11\/Atlantic-experiment-300x236.jpeg\" alt=\"danse contemporaine\" width=\"300\" height=\"236\" \/><\/a>Il fut le directeur artistique de la Joyce Trisler Dance Compagny de New York avant de se tourner ensuite vers l&rsquo;enseignement de la technique Lester Horton (qui reprend des gestes chor\u00e9graphi\u00e9s des diff\u00e9rents folklore du monde). Enseignant \u00e0 New-York, il est r\u00e9guli\u00e8rement invit\u00e9 \u00e0 cr\u00e9er des chor\u00e9graphies aux Etats Unis et en Europe d\u00e8s les ann\u00e9es 1980.Il fut \u00e9galement directeur du Conservatoire de la ville de New Orl\u00e9ans en Louisiane.<\/p>\n<h4 style=\"text-align: left;\">Ouanessa<\/h4>\n<p style=\"text-align: justify;\"><a href=\"http:\/\/ecrire-coach.biographe-valeriejean.fr\/wp-content\/uploads\/2013\/11\/Atlantic-experiment-copie-3.jpeg\"><img loading=\"lazy\" decoding=\"async\" class=\"size-medium wp-image-600 alignleft\" src=\"http:\/\/ecrire-coach.biographe-valeriejean.fr\/wp-content\/uploads\/2013\/11\/Atlantic-experiment-copie-3-300x209.jpeg\" alt=\"Ouanessa\" width=\"300\" height=\"209\" \/><\/a>Ce ballet fut cr\u00e9e pour rendre hommage \u00e0 une \u00e9l\u00e8ve du cours, Ouanessa, qui a tragiquement disparu. Sur une musique \u00a0de <a href=\"http:\/\/www.youtube.com\/watch?v=Auqu48jDWUI\" target=\"_blank\" rel=\"noopener noreferrer\">Toure Kounda : Natalia<\/a> Miri, en blanc, incarne l&rsquo;\u00e2me de Ouanessa accueillie de l&rsquo;autre c\u00f4t\u00e9 de la porte par les anges.\u00a0<\/p>\n<h4 style=\"text-align: left;\">\u00a0 <strong>La cr\u00e9ation du monde<\/strong><\/h4>\n<p style=\"text-align: justify;\">Une chor\u00e9graphie qui met en sc\u00e8ne la naissance du monde sur la musique du bol\u00e9ro de Ravel. \u00c0 cette occasion, j&rsquo;ai transform\u00e9 ma salle \u00e0 manger en atelier couture en confectionnant l&rsquo;ensemble des costumes, une premi\u00e8re pour moi qui ne m&rsquo;\u00e9tais jamais confront\u00e9e \u00e0 la couture! Le ballet fut ovationn\u00e9 par le public.<\/p>\n<p><a href=\"http:\/\/ecrire-coach.biographe-valeriejean.fr\/wp-content\/uploads\/2013\/11\/Bolero-ravel-final.jpeg\"><img loading=\"lazy\" decoding=\"async\" class=\"alignright size-medium wp-image-601\" src=\"http:\/\/ecrire-coach.biographe-valeriejean.fr\/wp-content\/uploads\/2013\/11\/Bolero-ravel-final-300x194.jpeg\" alt=\"Ballet Bolero ravel\" width=\"300\" height=\"194\" \/><\/a><\/p>\n<p style=\"text-align: justify;\">Adam et Eve \u00e9taient deux jeunes danseurs de 6 ans: S\u00e9bastien et Claire. Il ne me reste de cette cr\u00e9ation que la photo prise au moment du salut final&#8230;<\/p>\n<p style=\"text-align: left;\">\u00a0<strong>\u00a0 <\/strong><\/p>\n<h4 style=\"text-align: left;\"><strong>BAD\u00a0 <\/strong><\/h4>\n<p style=\"text-align: left;\"><a href=\"http:\/\/ecrire-coach.biographe-valeriejean.fr\/wp-content\/uploads\/2013\/11\/Manatthan-Transfert-1-copie.jpeg\"><img loading=\"lazy\" decoding=\"async\" class=\"wp-image-602 alignleft\" src=\"http:\/\/ecrire-coach.biographe-valeriejean.fr\/wp-content\/uploads\/2013\/11\/Manatthan-Transfert-1-copie-300x187.jpeg\" alt=\"modern'jazz\" width=\"300\" height=\"187\" \/><\/a>Le m\u00e9tissage source de richesse convoquant la tol\u00e9rance. Comment accepter la diff\u00e9rence et ne pas s&rsquo;affronter en bandes rivales sur <a title=\"BAD Mich\u00ebl Jackson\" href=\"http:\/\/www.youtube.com\/watch?v=dsUXAEzaC3Q\" target=\"_blank\" rel=\"noopener noreferrer\">\u00ab\u00a0Bad\u00a0\u00bb de Micha\u00ebl Jackson.<\/a><\/p>\n<p style=\"text-align: center;\"><strong>\u00a0<\/strong><\/p>\n<h4 style=\"text-align: justify;\"><a href=\"http:\/\/ecrire-coach.biographe-valeriejean.fr\/wp-content\/uploads\/2013\/11\/Manatthan-Transfert-copie.jpeg\"><img loading=\"lazy\" decoding=\"async\" class=\"alignright size-medium wp-image-603\" src=\"http:\/\/ecrire-coach.biographe-valeriejean.fr\/wp-content\/uploads\/2013\/11\/Manatthan-Transfert-copie-300x232.jpeg\" alt=\"Manatthan Transfert \" width=\"300\" height=\"232\" \/><\/a><strong>Compl\u00e9mentarit\u00e9<\/strong>\u00a0<\/h4>\n<p style=\"text-align: justify;\">L&rsquo;homme et le femme se compl\u00e8tent pour atteindre\u00a0 l&rsquo;harmonie sur une musique de <a title=\"Ray's rock house\" href=\"http:\/\/www.youtube.com\/watch?v=IltM6tIolPg\" target=\"_blank\" rel=\"noopener noreferrer\">Mannatthan Transfert, Ray&rsquo;s rock house<\/a><\/p>\n<p>\u00a0<\/p>\n<h4>Konga<\/h4>\n<figure id=\"attachment_2729\" aria-describedby=\"caption-attachment-2729\" style=\"width: 300px\" class=\"wp-caption alignleft\"><a href=\"http:\/\/ecrire-coach.biographe-valeriejean.fr\/wp-content\/uploads\/2022\/04\/choregraphie-valerie-Jean-glorai-estefan-Conga.jpeg\"><img loading=\"lazy\" decoding=\"async\" class=\"wp-image-2729 size-medium\" src=\"http:\/\/ecrire-coach.biographe-valeriejean.fr\/wp-content\/uploads\/2022\/04\/choregraphie-valerie-Jean-glorai-estefan-Conga-300x168.jpeg\" alt=\"\" width=\"300\" height=\"168\" \/><\/a><figcaption id=\"caption-attachment-2729\" class=\"wp-caption-text\">Spectacle MPT 1988- Konga<\/figcaption><\/figure>\n<p>Les rythmes sud-am\u00e9ricains endiabl\u00e9s de Gloria Estefan m&rsquo;ont inspir\u00e9e pour cette chor\u00e9graphie.<\/p>\n<p>\u00a0<\/p>\n<p style=\"text-align: justify;\">et beaucoup d&rsquo;autres encore.<br \/>Les photographies sont de mauvaises qualit\u00e9 car il faut se souvenir qu&rsquo;au d\u00e9but des ann\u00e9es 1980 le monde de la communication telle qu&rsquo;on l&rsquo;entend aujourd&rsquo;hui \u00e9tait \u00e0 ses d\u00e9buts&#8230; Il serait aujourd&rsquo;hui de ne pas pr\u00e9voir un photographe et vid\u00e9aste pour des spectacles de cr\u00e9ation, m\u00eame si ceux-ci sont produits dans le cadre des l&rsquo;animation socio-culturelle.<\/p>\n<p style=\"text-align: justify;\">Pour rappel \u00e9galement, la danse n&rsquo;\u00e9tait professionnelle que dans les conservatoires.\u00a0 Pour les enseignements dans les lieux socio-culturels, le dipl\u00f4me ne fut obligatoire qu&rsquo;\u00e0 partir de 1989.<\/p>\n<p style=\"text-align: justify;\">Ces images ne sont pas pr\u00e9sent\u00e9es afin d&rsquo;\u00e9pater mais bien de montrer les ressources de chacun en mati\u00e8re d&rsquo;expression.\u00a0 Oser aller au bout de ses envies et les partager sont un excellent moyen d&rsquo;\u00e9viter les regrets et les frustrations. Cela donne un sentiment d&rsquo;accomplissement de soi. On accueille ces moments de partage, de joie et de reconnaissance qui sont une r\u00e9serve pour les jours plus difficiles&#8230;<\/p>\n<h2><strong>Le th\u00e9\u00e2tre<\/strong><\/h2>\n<h2><a title=\"les contes\" href=\"http:\/\/www.biographe-valeriejean.fr\/ecrivain-biographe\/biographie-ecrire-sa-vie.html\">Les contes <\/a>pour enfants mis en sc\u00e8ne<\/h2>\n<p style=\"text-align: justify;\">Parall\u00e8lement \u00e0 mes cours de danse, j&rsquo;ai cr\u00e9\u00e9 des spectacles qui alliaient la danse et le th\u00e9\u00e2tre. L&rsquo;association de <a href=\"http:\/\/apajh.org\" target=\"_blank\" rel=\"noopener noreferrer\">l&rsquo;Apajh<\/a>, qui travaille en faveur des enfants handicap\u00e9s, connaissant mon travail, m&rsquo;avait demand\u00e9 de r\u00e9aliser leur spectacle de No\u00ebl.\u00a0 Au del\u00e0 de l&rsquo;histoire du conte th\u00e9\u00e2tralis\u00e9, Il me semblait important d&#8217;emmener ces jeunes enfants dans l&rsquo;univers de la musique et de la danse afin qu&rsquo;il go\u00fbte \u00e0 l&rsquo;\u00e9motion de ressentir des rythmes.<\/p>\n<p style=\"text-align: justify;\">Ainsi j&rsquo;ai \u00e9crit et pr\u00e9sent\u00e9 plusieurs contes : La grenouille bleue, Un monde fou fou, fou, SOS le monde, La lune etc&#8230; Au fil des diff\u00e9rents projets socio-culturels que j&rsquo;ai \u00e9labor\u00e9 ils ont \u00e9t\u00e9 jou\u00e9s dans le cadre d&rsquo;ateliers th\u00e9\u00e2tre pour enfants dans des lieux et des temps diversifi\u00e9s. Certains de ces contes ont \u00e9t\u00e9 repris dans diff\u00e9rentes occasions toujours avec le m\u00eame succ\u00e8s, \u00e9voluant selon le contexte pour lequel il \u00e9tait travaill\u00e9 : divertissement, action p\u00e9dagogique, assembl\u00e9e g\u00e9n\u00e9rale&#8230;Leur naissance date des ann\u00e9es 1980&#8230;j&rsquo;ai encore envoy\u00e9 les textes il y a quelques jours \u00e0 une amie qui les mettra en sc\u00e8ne dans une petite ville pr\u00e8s du Havre ! La culture voyage, c&rsquo;est une passeuse extraordianire d&rsquo;amour et d&rsquo;\u00e9motions. Et il n&rsquo;y a pas de grande culture ou de petite culture : il y a la culture de tous.<\/p>\n<p style=\"text-align: justify;\">L&rsquo;\u00e9criture de ces contes imaginaires m&rsquo;a permis de c\u00f4toyer le rire enfantin, spontan\u00e9, les f\u00e9es, les princesses&#8230; de me confronter \u00e0 l&rsquo;\u00e9criture et \u00e0 la structuration d&rsquo;un texte, d&rsquo;une sc\u00e8ne, d&rsquo;un dialogue. Enfin ils m&rsquo;ont apport\u00e9 un espace de libert\u00e9 et d&rsquo;expression dont nous avons tous besoin. C&rsquo;est \u00e0 la port\u00e9e de tous de d\u00e9brider son imaginaire, laissez-vous porter sans r\u00e9serve, le but n&rsquo;\u00e9tant que de cr\u00e9er et partager.<\/p>\n<h3 style=\"text-align: center;\"><strong> Le conte de la grenouille bleue<\/strong><\/h3>\n<figure id=\"attachment_589\" aria-describedby=\"caption-attachment-589\" style=\"width: 300px\" class=\"wp-caption alignleft\"><a href=\"http:\/\/ecrire-coach.biographe-valeriejean.fr\/wp-content\/uploads\/2013\/11\/La-grenouille-bleue-soullans-copie-8.jpeg\"><img loading=\"lazy\" decoding=\"async\" class=\"wp-image-589 size-medium\" src=\"http:\/\/ecrire-coach.biographe-valeriejean.fr\/wp-content\/uploads\/2013\/11\/La-grenouille-bleue-soullans-copie-8-300x194.jpeg\" alt=\"La grenouille bleue \" width=\"300\" height=\"194\" \/><\/a><figcaption id=\"caption-attachment-589\" class=\"wp-caption-text\">Spectacle donn\u00e9 avec les enfants de l&rsquo;atelier th\u00e9\u00e2tre de Soullans en 1996<\/figcaption><\/figure>\n<p style=\"text-align: justify;\">Il \u00e9tait une fois un petit gar\u00e7on qui jouait \u00e0 son ordinateur quand tout \u00e0 coup une panne de courant fait sombrer sa chambre dans le noir&#8230; Apr\u00e8s un court instant, la lumi\u00e8re revient et Raphael n&rsquo;est plus dans sa chambre mais au milieu d&rsquo;une for\u00eat. Il est assis pr\u00e8s d&rsquo;une souche d&rsquo;arbre&#8230; Alors qu&rsquo;il reprend ses esprits, une grenouille vient le houspiller \u00ab\u00a0ah \u00e7a y est&#8230; tu t&rsquo;es enfin d\u00e9cid\u00e9 \u00e0 venir&#8230;\u00e7a fait deux heures que je t&rsquo;attends, d\u00e9p\u00eache-toi, tu dois sauver mon royaume!\u00a0\u00bb<\/p>\n<figure id=\"attachment_591\" aria-describedby=\"caption-attachment-591\" style=\"width: 590px\" class=\"wp-caption alignright\"><a href=\"http:\/\/ecrire-coach.biographe-valeriejean.fr\/wp-content\/uploads\/2013\/11\/La-grenouille-bleue-1-copie.jpeg\"><img loading=\"lazy\" decoding=\"async\" class=\"wp-image-591 size-full\" src=\"http:\/\/ecrire-coach.biographe-valeriejean.fr\/wp-content\/uploads\/2013\/11\/La-grenouille-bleue-1-copie.jpeg\" alt=\"La grenouille bleue \" width=\"590\" height=\"328\" \/><\/a><figcaption id=\"caption-attachment-591\" class=\"wp-caption-text\">Spectacle donn\u00e9 au th\u00e9\u00e2tre de l&#8217;empire avec les enfants de la Maison de Quartier\u00a0 ville basse de Montereau en 1994<\/figcaption><\/figure>\n<p style=\"text-align: justify;\">Ce sera le d\u00e9but d&rsquo;une aventure incroyable o\u00f9 Raphael rencontre un crocodile malheureux parce que tout le monde le croit m\u00e9chant, deux fant\u00f4mes poussi\u00e9reux empreints de mani\u00e8res obsol\u00e8tes, affubl\u00e9s d&rsquo;un discours grandiloquent\u00a0 errant dans un ch\u00e2teau, une servante \u00e0 l&rsquo;accent campagnard qui n&rsquo;a peur de rien, une luciole diaphane aux messages incompr\u00e9hensibles\u00a0 et une reine compl\u00e8tement loufoque.<\/p>\n<figure id=\"attachment_628\" aria-describedby=\"caption-attachment-628\" style=\"width: 300px\" class=\"wp-caption alignright\"><a href=\"http:\/\/ecrire-coach.biographe-valeriejean.fr\/wp-content\/uploads\/2013\/11\/La-grenouille-bleue-copie-2.png.jpg\"><img loading=\"lazy\" decoding=\"async\" class=\"wp-image-628\" src=\"http:\/\/ecrire-coach.biographe-valeriejean.fr\/wp-content\/uploads\/2013\/11\/La-grenouille-bleue-copie-2.png-300x252.jpg\" alt=\"fant\u00f4me\" width=\"300\" height=\"252\" \/><\/a><figcaption id=\"caption-attachment-628\" class=\"wp-caption-text\">Spectacle donn\u00e9 au th\u00e9\u00e2tre de l&#8217;empire \u00e0 Montereau avec les enfants de la Maison de Quartier\u00a0 ville basse en 1994<\/figcaption><\/figure>\n<p style=\"text-align: justify;\">Mais tout est bien qui finit bien et Raphael apr\u00e8s avoir perc\u00e9 le myst\u00e8re du royaume de Ranacula, r\u00e9ussit \u00e0 sauver l&rsquo;\u00e9tang et ses habitants et enfin peut rentrer chez lui.<\/p>\n<h2 style=\"text-align: justify;\">\u00a0<\/h2>\n<h4 style=\"text-align: justify;\">Quelques costumes du conte de la grenouille bleue<\/h4>\n<figure id=\"attachment_1975\" aria-describedby=\"caption-attachment-1975\" style=\"width: 225px\" class=\"wp-caption aligncenter\"><a href=\"http:\/\/ecrire-coach.biographe-valeriejean.fr\/wp-content\/uploads\/2013\/11\/DSCF4592.jpg\"><img loading=\"lazy\" decoding=\"async\" class=\"wp-image-1975 size-medium\" src=\"http:\/\/ecrire-coach.biographe-valeriejean.fr\/wp-content\/uploads\/2013\/11\/DSCF4592-225x300.jpg\" alt=\"costume reine ecrire coach\" width=\"225\" height=\"300\" \/><\/a><figcaption id=\"caption-attachment-1975\" class=\"wp-caption-text\">La reine<\/figcaption><\/figure>\n<figure id=\"attachment_1976\" aria-describedby=\"caption-attachment-1976\" style=\"width: 126px\" class=\"wp-caption alignleft\"><a href=\"http:\/\/ecrire-coach.biographe-valeriejean.fr\/wp-content\/uploads\/2013\/11\/DSCF4563.jpg\"><img loading=\"lazy\" decoding=\"async\" class=\"wp-image-1976 size-medium\" src=\"http:\/\/ecrire-coach.biographe-valeriejean.fr\/wp-content\/uploads\/2013\/11\/DSCF4563-126x300.jpg\" alt=\"costume grenouille bleue -ecrirecoach\" width=\"126\" height=\"300\" \/><\/a><figcaption id=\"caption-attachment-1976\" class=\"wp-caption-text\">Grenouille bleue<\/figcaption><\/figure>\n<figure id=\"attachment_1977\" aria-describedby=\"caption-attachment-1977\" style=\"width: 176px\" class=\"wp-caption alignnone\"><a href=\"http:\/\/ecrire-coach.biographe-valeriejean.fr\/wp-content\/uploads\/2013\/11\/DSCF4579.jpg\"><img loading=\"lazy\" decoding=\"async\" class=\"wp-image-1977 \" src=\"http:\/\/ecrire-coach.biographe-valeriejean.fr\/wp-content\/uploads\/2013\/11\/DSCF4579-225x300.jpg\" alt=\"costume conte-ecrirecoach\" width=\"176\" height=\"235\" \/><\/a><figcaption id=\"caption-attachment-1977\" class=\"wp-caption-text\">La grenouille bleue pour adolescent dans le cadre du chapiteau culturel \u00e0 la maison de quartier Jean Yole \u00e0 La roche sur Yon en 2006<\/figcaption><\/figure>\n<p>\u00a0<\/p>\n<figure id=\"attachment_1978\" aria-describedby=\"caption-attachment-1978\" style=\"width: 140px\" class=\"wp-caption alignright\"><a href=\"http:\/\/ecrire-coach.biographe-valeriejean.fr\/wp-content\/uploads\/2013\/11\/DSCF4564.jpg\"><img loading=\"lazy\" decoding=\"async\" class=\"wp-image-1978 size-medium\" src=\"http:\/\/ecrire-coach.biographe-valeriejean.fr\/wp-content\/uploads\/2013\/11\/DSCF4564-140x300.jpg\" alt=\"costume conte-ecrirecoach\" width=\"140\" height=\"300\" \/><\/a><figcaption id=\"caption-attachment-1978\" class=\"wp-caption-text\">La servante pour le chapiteau culturel \u00e0 la MQ Jean Yole 2006<\/figcaption><\/figure>\n<figure id=\"attachment_1979\" aria-describedby=\"caption-attachment-1979\" style=\"width: 194px\" class=\"wp-caption alignleft\"><a href=\"http:\/\/ecrire-coach.biographe-valeriejean.fr\/wp-content\/uploads\/2013\/11\/DSCF4568.jpg\"><img loading=\"lazy\" decoding=\"async\" class=\"wp-image-1979 size-medium\" src=\"http:\/\/ecrire-coach.biographe-valeriejean.fr\/wp-content\/uploads\/2013\/11\/DSCF4568-194x300.jpg\" alt=\"costume conte grenouille bleue\" width=\"194\" height=\"300\" \/><\/a><figcaption id=\"caption-attachment-1979\" class=\"wp-caption-text\">Charles Hubert de la Goutti\u00e8re du Roi-1er fant\u00f4me \u00e0 la cour.<\/figcaption><\/figure>\n<p>\u00a0<\/p>\n<figure id=\"attachment_1980\" aria-describedby=\"caption-attachment-1980\" style=\"width: 138px\" class=\"wp-caption alignright\"><a href=\"http:\/\/ecrire-coach.biographe-valeriejean.fr\/wp-content\/uploads\/2013\/11\/DSCF4566.jpg\"><img loading=\"lazy\" decoding=\"async\" class=\"wp-image-1980 size-medium\" src=\"http:\/\/ecrire-coach.biographe-valeriejean.fr\/wp-content\/uploads\/2013\/11\/DSCF4566-138x300.jpg\" alt=\"costume contre-ecrire coach\" width=\"138\" height=\"300\" \/><\/a><figcaption id=\"caption-attachment-1980\" class=\"wp-caption-text\">Le prince<\/figcaption><\/figure>\n<p>\u00a0<\/p>\n<h2>\u00a0<\/h2>\n<h3 style=\"text-align: center;\">Un monde fou fou fou<\/h3>\n<figure id=\"attachment_620\" aria-describedby=\"caption-attachment-620\" style=\"width: 300px\" class=\"wp-caption alignright\"><a href=\"http:\/\/ecrire-coach.biographe-valeriejean.fr\/wp-content\/uploads\/2013\/11\/Starmania-11.jpeg\"><img loading=\"lazy\" decoding=\"async\" class=\"wp-image-620 size-medium\" src=\"http:\/\/ecrire-coach.biographe-valeriejean.fr\/wp-content\/uploads\/2013\/11\/Starmania-11-300x183.jpeg\" alt=\"Un monde fou fou fou\" width=\"300\" height=\"183\" \/><\/a><figcaption id=\"caption-attachment-620\" class=\"wp-caption-text\">Repr\u00e9sentation de un monde fou fou fou -Salle des f\u00eates de Montereau 1995 avec les enfants de la MQ Ville basse<\/figcaption><\/figure>\n<figure id=\"attachment_647\" aria-describedby=\"caption-attachment-647\" style=\"width: 191px\" class=\"wp-caption alignleft\"><a href=\"http:\/\/ecrire-coach.biographe-valeriejean.fr\/wp-content\/uploads\/2013\/11\/Le-passage.png.jpg\"><img loading=\"lazy\" decoding=\"async\" class=\"wp-image-647 size-medium\" src=\"http:\/\/ecrire-coach.biographe-valeriejean.fr\/wp-content\/uploads\/2013\/11\/Le-passage.png-191x300.jpg\" alt=\"Le passage\" width=\"191\" height=\"300\" \/><\/a><figcaption id=\"caption-attachment-647\" class=\"wp-caption-text\">Edwige Capochichi, Celine Lenoir, Jenifer, Pierre Moreno_Un monde fou fou fou septembre 1995<\/figcaption><\/figure>\n<p style=\"text-align: center;\">Un capitaine , vieux routard des mers, port\u00e9 sur la bouteille, partage son temps et ses aventures avec plusieurs personnages aux caract\u00e8res\u00a0 diff\u00e9rents.<\/p>\n<p style=\"text-align: center;\">Un perroquet qui est sa conscience joyeuse;\u00a0\u00a0 un chat philosophe, son\u00a0 compagnon de raison et enfin un mousse na\u00eff, exub\u00e9rant\u00a0 et g\u00e9n\u00e9reux. Cet \u00e9quipage des plus fantaisistes\u00a0\u00a0 sera propuls\u00e9 au cours d&rsquo;une temp\u00eate dans\u00a0 un monde fou, fou, fou&#8230;<a href=\"http:\/\/ecrire-coach.biographe-valeriejean.fr\/wp-content\/uploads\/2013\/11\/Starmania-1-copie.jpeg\"><img loading=\"lazy\" decoding=\"async\" class=\"size-medium wp-image-621 aligncenter\" src=\"http:\/\/ecrire-coach.biographe-valeriejean.fr\/wp-content\/uploads\/2013\/11\/Starmania-1-copie-300x219.jpeg\" alt=\"Un monde fou fou fou\" width=\"300\" height=\"219\" \/><\/a><\/p>\n<figure id=\"attachment_622\" aria-describedby=\"caption-attachment-622\" style=\"width: 300px\" class=\"wp-caption aligncenter\"><a href=\"http:\/\/ecrire-coach.biographe-valeriejean.fr\/wp-content\/uploads\/2013\/11\/Starmania-1-copie-2.jpeg\"><img loading=\"lazy\" decoding=\"async\" class=\"wp-image-622 size-medium\" src=\"http:\/\/ecrire-coach.biographe-valeriejean.fr\/wp-content\/uploads\/2013\/11\/Starmania-1-copie-2-300x157.jpeg\" alt=\"Un monde fou fou fou\" width=\"300\" height=\"157\" \/><\/a><figcaption id=\"caption-attachment-622\" class=\"wp-caption-text\">final d&rsquo;un monde fou fou fou en d\u00e9cembre 1995<\/figcaption><\/figure>\n<figure id=\"attachment_2728\" aria-describedby=\"caption-attachment-2728\" style=\"width: 300px\" class=\"wp-caption alignnone\"><a href=\"http:\/\/ecrire-coach.biographe-valeriejean.fr\/wp-content\/uploads\/2022\/04\/Un-monde-fou-fou-fou-1997-Vende\u0301e.jpeg\"><img loading=\"lazy\" decoding=\"async\" class=\"wp-image-2728 size-medium\" src=\"http:\/\/ecrire-coach.biographe-valeriejean.fr\/wp-content\/uploads\/2022\/04\/Un-monde-fou-fou-fou-1997-Vende\u0301e-300x257.jpeg\" alt=\"\" width=\"300\" height=\"257\" \/><\/a><figcaption id=\"caption-attachment-2728\" class=\"wp-caption-text\">La troupe de Sourire en sc\u00e8ne pr\u00eate \u00e0 Monter sur sc\u00e8ne \u00e0 Saint S\u00e9bastien sur Loire en 1998<\/figcaption><\/figure>\n<h3 style=\"text-align: center;\">La lune<\/h3>\n<figure id=\"attachment_593\" aria-describedby=\"caption-attachment-593\" style=\"width: 252px\" class=\"wp-caption aligncenter\"><a href=\"http:\/\/ecrire-coach.biographe-valeriejean.fr\/wp-content\/uploads\/2013\/11\/La-lune.jpeg\"><img loading=\"lazy\" decoding=\"async\" class=\"wp-image-593 size-medium\" src=\"http:\/\/ecrire-coach.biographe-valeriejean.fr\/wp-content\/uploads\/2013\/11\/La-lune-252x300.jpeg\" alt=\"la lune\" width=\"252\" height=\"300\" \/><\/a><figcaption id=\"caption-attachment-593\" class=\"wp-caption-text\">spectacle La Lune\u00a0 pour l&rsquo;Amicale des pompiers de Noirmoutier en 1997 par Sourire en Sc\u00e8ne<\/figcaption><\/figure>\n<p style=\"text-align: justify;\">Tous ces spectacles ont \u00e9t\u00e9 jou\u00e9s de multiples fois dans des circonstances diff\u00e9rentes, sc\u00e8nes, costumes, public, ville&#8230;et toujours adapt\u00e9s pour servir au mieux les int\u00e9r\u00eats du public. Ils ont toujours remport\u00e9 un franc succ\u00e8s. Aujourd&rsquo;hui, je remercie vivement tous les enfants qui sont mont\u00e9s sur sc\u00e8ne pour donner le meilleur d&rsquo;eux-m\u00eame, tous les adultes qui sont pass\u00e9s de l&rsquo;autre c\u00f4t\u00e9 en osant monter sur sc\u00e8ne sans que ce soit leur m\u00e9tier et sans \u00eatre beaucoup pr\u00e9par\u00e9 (cela repr\u00e9sente une cinquantaine de b\u00e9n\u00e9voles); les techniciens amateurs, jeunes et adultes qui ont aid\u00e9 \u00e0 monter les spectacles.<\/p>\n<h2 style=\"text-align: center;\">\u00a0La com\u00e9die musicale STARMANIA<\/h2>\n<p style=\"text-align: justify;\">Avec <a title=\"starmania ouverture\" href=\"http:\/\/www.youtube.com\/watch?v=zCMc6Lw4aVM\" target=\"_blank\" rel=\"noopener noreferrer\">Starmania<\/a> , com\u00e9die musicale de Michel Berger et Luc Plamondon reprise en 1990, j&rsquo;ai franchi une \u00e9tape suppl\u00e9mentaire : concilier ma passion de la sc\u00e8ne, de la musique, de la danse avec mes responsabilit\u00e9s de directrice de centre socio-\u00e9ducatif. J&rsquo;ai donc fait le projet de monter la com\u00e9die musicale de Starmania avec des jeunes n&rsquo;ayant jamais fait de sc\u00e8ne.<\/p>\n<p style=\"text-align: justify;\">Dans un premier temps, nous avons emmen\u00e9 les jeunes du quartier voir le spectacle de la reprise de Starmania \u00e0 Paris en 1989. Ils ont \u00e9t\u00e9 d\u00e9coiff\u00e9s. J&rsquo;ai d\u00e9cid\u00e9 de remonter Starmania avec eux ; L&rsquo;enjeu \u00e9tait de taille. Nous avons investi la salle des f\u00eates pendant des mois, pour r\u00e9p\u00e9ter encore et encore. Le choix des jeunes qui investiraient les diff\u00e9rents r\u00f4les devaient s&rsquo;\u00e9quilibrer : il fallait des jeunes ayant un minimum de talents sans pour autant abandonner notre objectif p\u00e9dagogique&#8230; Le d\u00e9fi \u00e9tait l\u00e0.<\/p>\n<p style=\"text-align: justify;\">Nous avons r\u00e9ussi \u00e0 monter ce spectacle,\u00a0 deux repr\u00e9sentations exceptionnelles, servies par une r\u00e9gie contr\u00f4l\u00e9e par des techniciens ayant compris le sens de ma d\u00e9marche. Cela nous\u00a0 a permis d&rsquo;aller au bout du d\u00e9fi. Gazou, Franck et Rodolphe m&rsquo;ont soutenue de mani\u00e8re exceptionnelle, je les en remercie. Ils nous ont apport\u00e9 des moyens techniques dignes d&rsquo;artistes professionnels, effa\u00e7ant d&rsquo;un coup de baguette magique notre amateurisme. Si le r\u00e9sultat a \u00e9t\u00e9 \u00e0 la hauteur de nos ambitions, ce spectacle a marqu\u00e9 tous ceux qui ont \u00e9t\u00e9 de l&rsquo;aventure.\u00a0<\/p>\n<h5 style=\"text-align: justify;\"><a href=\"http:\/\/ecrire-coach.biographe-valeriejean.fr\/wp-content\/uploads\/2013\/11\/gala-mpt-2-copie-2.jpeg\"><img loading=\"lazy\" decoding=\"async\" class=\"alignright size-medium wp-image-605\" src=\"http:\/\/ecrire-coach.biographe-valeriejean.fr\/wp-content\/uploads\/2013\/11\/gala-mpt-2-copie-2-300x199.jpeg\" alt=\"Starmania\" width=\"300\" height=\"199\" \/><\/a>Ouverture<\/h5>\n<p style=\"text-align: justify;\">Avec les danseuses du cours adolescent de la Maison de Quartier ville basse. dans ce cours, deux danseuses sont d\u00e9sormais des professionnelles de la danse. C&rsquo;est une grande fiert\u00e9 pour moi.<\/p>\n<h5 style=\"text-align: left;\"><a href=\"http:\/\/ecrire-coach.biographe-valeriejean.fr\/wp-content\/uploads\/2013\/11\/gala-mpt-2-copie.jpeg\"><img loading=\"lazy\" decoding=\"async\" class=\"alignright size-medium wp-image-606\" src=\"http:\/\/ecrire-coach.biographe-valeriejean.fr\/wp-content\/uploads\/2013\/11\/gala-mpt-2-copie-209x300.jpeg\" alt=\"STARMANIA\" width=\"209\" height=\"300\" \/><\/a>Monopolis<\/h5>\n<p style=\"text-align: justify;\">\u00ab\u00a0<em>Il se passe quelque chose \u00e0 <a title=\"Monopolis\" href=\"http:\/\/www.youtube.com\/watch?v=a7VSWp2n_hg\" target=\"_blank\" rel=\"noopener noreferrer\">Monopolis,<\/a> cette ville nouvelle avec ses souterrains o\u00f9 il ne se passait jamais rien , o\u00f9 on appelait la police si on avait perdu son chien&#8230;\u00a0<\/em> \u00a0 \u00a0 avec Cyril Mallet dans le r\u00f4le du chroniqueur<\/p>\n<p style=\"text-align: justify;\">\u00a0<\/p>\n<p>\u00a0<\/p>\n<h5 style=\"text-align: left;\">Quand on arrive en ville<\/h5>\n<p><a href=\"http:\/\/ecrire-coach.biographe-valeriejean.fr\/wp-content\/uploads\/2013\/11\/Starmania-copie-7.jpeg\"><img loading=\"lazy\" decoding=\"async\" class=\"alignright wp-image-614\" src=\"http:\/\/ecrire-coach.biographe-valeriejean.fr\/wp-content\/uploads\/2013\/11\/Starmania-copie-7-300x176.jpeg\" alt=\"Starmania \" width=\"350\" height=\"206\" \/><\/a><\/p>\n<p style=\"text-align: left;\">Johnny Rockefort et Sadia<a title=\"starmania quand on arrive en ville\" href=\"https:\/\/www.youtube.com\/watch?v=R1Z3tb7ibq8\" target=\"_blank\" rel=\"noopener noreferrer\">\u00ab\u00a0Quand on arrive en ville\u00a0\u00bb<\/a>\u00a0\u00bb <em>tout le monde change de trottoir, on a pas l&rsquo;air viril mais on fait peur \u00e0 voir&#8230;\u00a0\u00bb.<\/em> Chor\u00e9graphie\u00a0 avec les cours adultes de la Maison de Quartier ville basse<\/p>\n<h5>Travesti<\/h5>\n<p style=\"text-align: justify;\"><a href=\"http:\/\/ecrire-coach.biographe-valeriejean.fr\/wp-content\/uploads\/2013\/11\/Starmania-copie-3.jpeg\"><img loading=\"lazy\" decoding=\"async\" class=\"alignright size-medium wp-image-608\" src=\"http:\/\/ecrire-coach.biographe-valeriejean.fr\/wp-content\/uploads\/2013\/11\/Starmania-copie-3-213x300.jpeg\" alt=\"Starmania \" width=\"213\" height=\"300\" \/><\/a> Dans le r\u00f4le de Sadia, Val\u00e9rie Jean \u00ab\u00a0<em>Quand je marche dans la rue, j&rsquo;entends les hommes qui murmurent, regardez cette femme quelle allure, c&rsquo;est une femme comme on voit plus\u00a0\u00bb<\/em><br \/><em>\u00ab\u00a0Travesti de vos jours, travesti de vos nuits, travesti de vos amours, travesti de vos vies&#8230;Je suis tout ce que vous voulez, je suis tout ce que vous pensez, je suis vos amours bless\u00e9s, votre jeunesse envol\u00e9e, je suis vos d\u00e9sirs secrets et vos haines \u00e9touff\u00e9es, je suis le sexe d\u00e9mystifi\u00e9, je suis la violence personnifi\u00e9e<\/em>&#8230;\u00a0<br \/><a title=\"starmania travesti\" href=\"http:\/\/www.youtube.com\/watch?v=AexREHGUESc\" target=\"_blank\" rel=\"noopener noreferrer\">Travesti \u00e0 \u00e9couter<\/a><\/p>\n<h5>Banlieue Nord<\/h5>\n<p style=\"text-align: justify;\"><a style=\"text-align: justify;\" href=\"http:\/\/ecrire-coach.biographe-valeriejean.fr\/wp-content\/uploads\/2013\/11\/Starmania-copie-5.jpeg\"><img loading=\"lazy\" decoding=\"async\" class=\"alignright size-medium wp-image-609\" src=\"http:\/\/ecrire-coach.biographe-valeriejean.fr\/wp-content\/uploads\/2013\/11\/Starmania-copie-5-300x207.jpeg\" alt=\"Starmania \" width=\"300\" height=\"207\" \/><\/a><em>\u00ab\u00a0Je m&rsquo;appelle Johnny Rockfort, je suis n\u00e9 dans la banlieue nord&#8230; Sans foi, ni loi je veux\u00a0 vivre, et mourir sans feu ni lieu je veux pas rentrer dormir dans ma banlieue&#8230;\u00a0\u00bb avec Nelson Terra dans le r\u00f4le de Johnny<\/em><\/p>\n<p style=\"text-align: justify;\">Johnny au fond n&rsquo;avait qu&rsquo;une envie c&rsquo;\u00e9tait de faire parler de lui et il rencontre Cristal au cours d&rsquo;une interview t\u00e9l\u00e9vis\u00e9e<\/p>\n<p style=\"text-align: justify;\"><a href=\"http:\/\/ecrire-coach.biographe-valeriejean.fr\/wp-content\/uploads\/2013\/11\/Starmania-copie-4.jpeg\"><img loading=\"lazy\" decoding=\"async\" class=\"alignright size-medium wp-image-611\" src=\"http:\/\/ecrire-coach.biographe-valeriejean.fr\/wp-content\/uploads\/2013\/11\/Starmania-copie-4-297x300.jpeg\" alt=\"Starmania \" width=\"297\" height=\"300\" \/><\/a>Ziggy, le jeune homosexuel de Starmania, doux r\u00eaveur attachant, en r\u00e9f\u00e9rence au Ziggy de David Bowie&#8230; enfant objet de consommation qui chante<em><a title=\"Un enfant de la pollution \" href=\"http:\/\/www.youtube.com\/watch?v=oLu2zjHLLWs\" target=\"_blank\" rel=\"noopener noreferrer\"> \u00ab\u00a0je suis un enfant de la pollution, <\/a>le nez au vent je respire \u00e0 fond moi le smock c&rsquo;est ma drogue je ne peux plus m&rsquo;en passer&#8230;Le parfum de l&rsquo;essence \u00e7a me tourne les sens&#8230;<\/em><\/p>\n<p style=\"text-align: justify;\">J&rsquo;avais la chance au moment o\u00f9 je travaillais ce spectacle d&rsquo;\u00eatre mari\u00e9e \u00e0 Ricard Moreno,\u00a0 batteur exceptionnel! Il nous a offert une prestation m\u00e9morable et a accept\u00e9 de prendre le r\u00f4le de Ziggy sans avoir jamais chant\u00e9 et loin d&rsquo;\u00eatre \u00e0 l&rsquo;aise dans cette discipline. Une belle performance.<\/p>\n<p style=\"text-align: justify;\"><a href=\"http:\/\/ecrire-coach.biographe-valeriejean.fr\/wp-content\/uploads\/2013\/11\/Starmania-copie.jpeg\"><img loading=\"lazy\" decoding=\"async\" class=\"alignright size-medium wp-image-613\" src=\"http:\/\/ecrire-coach.biographe-valeriejean.fr\/wp-content\/uploads\/2013\/11\/Starmania-copie-300x183.jpeg\" alt=\"Starmania \" width=\"300\" height=\"183\" \/><\/a><a title=\"La chanson de Ziggy\" href=\"http:\/\/www.youtube.com\/watch?v=V9xFNqLdMoo\" target=\"_blank\" rel=\"noopener noreferrer\">La chanson de Ziggy<\/a>\u00a0 <em>\u00ab\u00a0Maintenant je sais ce que je veux faire, je veux \u00eatre un batteur de rock\u00a0\u00bb. Durant le tr\u00e8s long solo de batterie, un hommage rendu \u00e0 Delphine Hallet, Sandra Lambert et Yann Moren en roller d&rsquo;avoir improvis\u00e9.<\/em><\/p>\n<h5>Stella Spolight et Z\u00e9ro Janvier\u00a0<\/h5>\n<p style=\"text-align: justify;\"><a href=\"http:\/\/ecrire-coach.biographe-valeriejean.fr\/wp-content\/uploads\/2013\/11\/Starmania-copie-11.jpeg\"><img loading=\"lazy\" decoding=\"async\" class=\"alignright size-medium wp-image-612\" src=\"http:\/\/ecrire-coach.biographe-valeriejean.fr\/wp-content\/uploads\/2013\/11\/Starmania-copie-11-300x151.jpeg\" alt=\"Starmania \" width=\"300\" height=\"151\" \/><\/a>Le couple infernal d&rsquo;ambitieux avec des EGO d\u00e9mesur\u00e9s, interpr\u00e9t\u00e9s par Laetitia Rodio et Christophe Esperraga, et avec \u00e0 la cl\u00e9 deux merveilleuses chansons du r\u00e9pertoire de Starmania: \u00ab\u00a0le blues du buisness man\u00a0\u00bb et <a href=\"https:\/\/www.youtube.com\/watch?v=lzMpIHNocss\" target=\"_blank\" rel=\"noopener noreferrer\">\u00ab\u00a0Les adieux d&rsquo;un sexe symbole\u00a0\u00bb<\/a><\/p>\n<p><a href=\"https:\/\/www.youtube.com\/watch?v=BN9lOtpa8tU\" target=\"_blank\" rel=\"noopener noreferrer\">Stella Spotlight<\/a> et <a title=\"Le blues du buisness man\" href=\"http:\/\/www.youtube.com\/watch?v=CXmDshFsfeg\" target=\"_blank\" rel=\"noopener noreferrer\">z\u00e9ro janvier<\/a><\/p>\n<h5 style=\"text-align: justify;\">Le final dramatique<\/h5>\n<p style=\"text-align: justify;\">La vilaine Sadia ayant trahi Johnny, Cristal meurt&#8230;<\/p>\n<p style=\"text-align: left;\"><a href=\"http:\/\/ecrire-coach.biographe-valeriejean.fr\/wp-content\/uploads\/2013\/11\/Starmania-copie-6.jpeg\"><img loading=\"lazy\" decoding=\"async\" class=\"alignright size-medium wp-image-615\" src=\"http:\/\/ecrire-coach.biographe-valeriejean.fr\/wp-content\/uploads\/2013\/11\/Starmania-copie-6-300x202.jpeg\" alt=\"Starmania \" width=\"300\" height=\"202\" \/><\/a><a title=\"SOS d'un terrien\" href=\"http:\/\/www.youtube.com\/watch?v=Fms-RDCURSU\" target=\"_blank\" rel=\"noopener noreferrer\">\u00ab\u00a0SOS d&rsquo;un terrien\u00a0\u00bb <\/a>\u00ab\u00a0<em>Pourquoi je vis, pourquoi je pleure&#8230;J&rsquo;ai toujours confondu la vie avec les bandes dessin\u00e9es&#8230;\u00a0\u00bb<\/em><\/p>\n<p style=\"text-align: justify;\">Fin du voyage qui a emmen\u00e9 des jeunes sur la sc\u00e8ne, offrant un spectacle \u00e0 leur ville. Ils ont gagn\u00e9\u00a0 l&rsquo;estime d&rsquo;eux m\u00eames et la reconnaissance d&rsquo;un public enthousiasm\u00e9 par leur performance.<\/p>\n<p style=\"text-align: justify;\">Nous avons poursuivi l&rsquo;aventure en r\u00e9cidivant dans le cadre d&rsquo;une op\u00e9ration \u00ab\u00a0Pr\u00e9vention Et\u00e9\u00a0\u00bb au coeur des HLM\u00a0 de la cit\u00e9 , en pr\u00e9sentant le spectacle en ext\u00e9rieur&#8230;avec une vraie nacelle pour le blues du buisness man!<\/p>\n<h2 style=\"text-align: center;\">Cr\u00e9ation Le passage<\/h2>\n<p style=\"text-align: justify;\"><a href=\"http:\/\/ecrire-coach.biographe-valeriejean.fr\/wp-content\/uploads\/2013\/11\/Starmania-copie-8.jpeg\"><img loading=\"lazy\" decoding=\"async\" class=\"size-medium wp-image-618 alignleft\" src=\"http:\/\/ecrire-coach.biographe-valeriejean.fr\/wp-content\/uploads\/2013\/11\/Starmania-copie-8-300x182.jpeg\" alt=\"Le passage\" width=\"300\" height=\"182\" \/><\/a>Pour ce spectacle, nous avons imagin\u00e9 deux sc\u00e8nes, repr\u00e9sentation de deux univers parall\u00e8les, s\u00e9par\u00e9s par un portique de lumi\u00e8re, symbole de la fronti\u00e8re entre les deux mondes. Plus \u00e9sot\u00e9rique, ce spectacle tendait \u00e0 une\u00a0 interactivit\u00e9 avec le public, en allant chercher des \u00ab\u00a0\u00e2mes\u00a0\u00bb dans la salle pour les livrer\u00a0 au m\u00e9chant Sodomisac (Yves Poey) qui ne voulait que l&rsquo; \u00e2me pure d&rsquo;un h\u00e9ros. (Cyril Mallet)<\/p>\n<p><a href=\"http:\/\/ecrire-coach.biographe-valeriejean.fr\/wp-content\/uploads\/2013\/11\/Le-passage.png\"><img loading=\"lazy\" decoding=\"async\" class=\"alignright wp-image-636\" src=\"http:\/\/ecrire-coach.biographe-valeriejean.fr\/wp-content\/uploads\/2013\/11\/Le-passage-300x171.png\" alt=\"Le passage\" width=\"350\" height=\"201\" \/><\/a>On s&rsquo;est beaucoup amus\u00e9 pour le pr\u00e9paration de ce spectacle et une fois encore, nous\u00a0 avons \u00e9t\u00e9 accompagn\u00e9s dans ce projet\u00a0 par une \u00e9quipe technique au top : Rodolphe et Gazou.<\/p>\n<figure id=\"attachment_638\" aria-describedby=\"caption-attachment-638\" style=\"width: 300px\" class=\"wp-caption aligncenter\"><a href=\"http:\/\/ecrire-coach.biographe-valeriejean.fr\/wp-content\/uploads\/2013\/11\/Le-passage-1-copie.jpg\"><img loading=\"lazy\" decoding=\"async\" class=\"wp-image-638 size-medium\" src=\"http:\/\/ecrire-coach.biographe-valeriejean.fr\/wp-content\/uploads\/2013\/11\/Le-passage-1-copie-300x176.jpg\" alt=\"Le passage \" width=\"300\" height=\"176\" \/><\/a><figcaption id=\"caption-attachment-638\" class=\"wp-caption-text\">Nelson Terra dans le r\u00f4le du porteur des monde et du ma\u00eetre du temps<\/figcaption><\/figure>\n<p><a href=\"http:\/\/ecrire-coach.biographe-valeriejean.fr\/wp-content\/uploads\/2013\/11\/Le-passage-1.jpg\"><img loading=\"lazy\" decoding=\"async\" class=\"alignright size-medium wp-image-639\" src=\"http:\/\/ecrire-coach.biographe-valeriejean.fr\/wp-content\/uploads\/2013\/11\/Le-passage-1-300x177.jpg\" alt=\"Le passage \" width=\"300\" height=\"177\" \/><\/a><\/p>\n<figure id=\"attachment_635\" aria-describedby=\"caption-attachment-635\" style=\"width: 992px\" class=\"wp-caption alignright\"><a href=\"http:\/\/ecrire-coach.biographe-valeriejean.fr\/wp-content\/uploads\/2013\/11\/Le-passage-1.png1.jpg\"><img loading=\"lazy\" decoding=\"async\" class=\"wp-image-635 size-full\" src=\"http:\/\/ecrire-coach.biographe-valeriejean.fr\/wp-content\/uploads\/2013\/11\/Le-passage-1.png1.jpg\" alt=\"spectacle Le passage \" width=\"992\" height=\"690\" \/><\/a><figcaption id=\"caption-attachment-635\" class=\"wp-caption-text\">Les Amazones, cours adolescents confirm\u00e9s, emmen\u00e9es par Val\u00e9rie Jean<\/figcaption><\/figure>\n<h2>\u00a0<\/h2>\n<h2>Spectacle Adieu le Marais<\/h2>\n<p>Comment un jeune homme qui part \u00e0 la guerre rencontre l&rsquo;amour et revient au pays du marais breton pour se marier. Des chansons du r\u00e9pertoire classique fran\u00e7ais .<\/p>\n<p>Ce spectacle a \u00e9t\u00e9 sp\u00e9cialement r\u00e9alis\u00e9 pour une maison de retraite situ\u00e9e dans le marais en Vend\u00e9e&#8230;\u00c0 la fin du spectacle, nous avons invit\u00e9 les r\u00e9sidents \u00e0 danser avec nous. Un tr\u00e8s beau souvenir.<\/p>\n<p><a href=\"http:\/\/ecrire-coach.biographe-valeriejean.fr\/wp-content\/uploads\/2013\/11\/Adieu-le-marais1-copie.jpg\"><img loading=\"lazy\" decoding=\"async\" class=\"size-medium wp-image-2192 alignleft\" src=\"http:\/\/ecrire-coach.biographe-valeriejean.fr\/wp-content\/uploads\/2013\/11\/Adieu-le-marais1-copie-227x300.jpg\" alt=\"Spectacle de chansons-ecrirecoach\" width=\"227\" height=\"300\" \/><\/a>\u00ab\u00a0Les grands boulevards\u00a0\u00bb etc&#8230;<\/p>\n<p><a href=\"http:\/\/ecrire-coach.biographe-valeriejean.fr\/wp-content\/uploads\/2013\/11\/Adieu-le-marais3-copie.jpeg\"><img loading=\"lazy\" decoding=\"async\" class=\"size-medium wp-image-2194 alignright\" src=\"http:\/\/ecrire-coach.biographe-valeriejean.fr\/wp-content\/uploads\/2013\/11\/Adieu-le-marais3-copie-300x201.jpeg\" alt=\"Spectacle de chansons-ecrirecoach\" width=\"300\" height=\"201\" \/><\/a><\/p>\n<p>\u00ab\u00a0\u00c0 quoi \u00e7a sert l&rsquo;amour\u00a0\u00bb<\/p>\n<p>et beaucoup d&rsquo;autres chansons&#8230;<\/p>\n<h4>\u00a0<\/h4>\n<h2 style=\"text-align: center;\">Tonio et Nicolo<\/h2>\n<p>Une formidable aventure qui a dur\u00e9 deux ann\u00e9es. Le spectacle s&rsquo;est jou\u00e9 dans de tr\u00e8s nombreux endroits avec une constante: Val\u00e9rie en Tonio et Nelson en Nicolo&#8230;Le r\u00f4le de Mr Loyal ayant \u00e9t\u00e9 port\u00e9 par de nombreuses personnes que je remercie : Babeth Travaillot, Dan Giraud, Fr\u00e9d\u00e9ric Menuet et j&rsquo;en passe. Quelquefois, on avait assez de monde pour avoir un fakir et une danseuse! Quant au lion du spectacle&#8230; c&rsquo;\u00e9tait notre chienne GRISOU!!!!<\/p>\n<p><a href=\"http:\/\/ecrire-coach.biographe-valeriejean.fr\/wp-content\/uploads\/2013\/11\/Tonio-et-nicolo4.jpeg\"><img loading=\"lazy\" decoding=\"async\" class=\"aligncenter wp-image-2203 size-full\" src=\"http:\/\/ecrire-coach.biographe-valeriejean.fr\/wp-content\/uploads\/2013\/11\/Tonio-et-nicolo4.jpeg\" alt=\"spectacle clown-Terra\" width=\"618\" height=\"800\" \/><\/a><\/p>\n<p><a href=\"http:\/\/ecrire-coach.biographe-valeriejean.fr\/wp-content\/uploads\/2013\/11\/Tonio-et-nicolo2.jpeg\"><img loading=\"lazy\" decoding=\"async\" class=\"alignright wp-image-2201 size-full\" src=\"http:\/\/ecrire-coach.biographe-valeriejean.fr\/wp-content\/uploads\/2013\/11\/Tonio-et-nicolo2.jpeg\" alt=\"spectacle clown-Terra\" width=\"593\" height=\"800\" \/><\/a><\/p>\n<p><a href=\"http:\/\/ecrire-coach.biographe-valeriejean.fr\/wp-content\/uploads\/2013\/11\/Tonio-et-nicolo3.jpeg\"><img loading=\"lazy\" decoding=\"async\" class=\"aligncenter wp-image-2202 size-full\" src=\"http:\/\/ecrire-coach.biographe-valeriejean.fr\/wp-content\/uploads\/2013\/11\/Tonio-et-nicolo3.jpeg\" alt=\"spectacle clown-Terra\" width=\"698\" height=\"800\" \/><\/a><\/p>\n<p><a href=\"http:\/\/ecrire-coach.biographe-valeriejean.fr\/wp-content\/uploads\/2013\/11\/Tonio-et-nicolo1.jpeg\"><img loading=\"lazy\" decoding=\"async\" class=\"aligncenter wp-image-2200 size-full\" src=\"http:\/\/ecrire-coach.biographe-valeriejean.fr\/wp-content\/uploads\/2013\/11\/Tonio-et-nicolo1.jpeg\" alt=\"spectacle clown-Terra\" width=\"711\" height=\"800\" \/><\/a><\/p>\n<p>TONIO ET NICOLO est une exp\u00e9rience unique&#8230;Faire rire un public d&rsquo;enfants est une r\u00e9compense inesp\u00e9r\u00e9e. Ce spectacle reste l&rsquo;un de mes plus beaux souvenirs de sc\u00e8ne&#8230;partag\u00e9 avec mon mari, Nelson Terra.<\/p>\n<p>Pendant toutes ces ann\u00e9es, mon plaisir a \u00e9t\u00e9 de partager la joie d&rsquo;\u00eatre sur sc\u00e8ne, de cr\u00e9er, chanter, danser&#8230;La sc\u00e8ne est un merveilleux espace pour se d\u00e9couvrir et exploiter les ressources immenses que l&rsquo;on porte en nous.<\/p>\n<p>Encore un immense merci \u00e0 tous ceux et toutes celles qui m&rsquo;ont soutenue et aid\u00e9e \u00e0 r\u00e9aliser mes projets d&rsquo;animation.<\/p>\n<p><a href=\"http:\/\/ecrire-coach.biographe-valeriejean.fr\/wp-content\/uploads\/2015\/11\/88x31.png\"><img loading=\"lazy\" decoding=\"async\" class=\"alignleft wp-image-1928 size-full\" src=\"http:\/\/ecrire-coach.biographe-valeriejean.fr\/wp-content\/uploads\/2015\/11\/88x31.png\" alt=\"creative commons\" width=\"88\" height=\"31\" \/><\/a><\/p>","protected":false},"excerpt":{"rendered":"<p>Le spectacle, un univers \u00e0 partager Le spectacle, un univers \u00e0 partager Pendant longtemps, j&rsquo;ai \u00e9t\u00e9 animatrice de cours\u00a0 de danse et de th\u00e9\u00e2tre dans des centres socio-culturels. Mes valeurs forg\u00e9es au fil du temps par ce qu&rsquo;on appelle l&rsquo;Education populaire, m&rsquo;ont amen\u00e9es \u00e0 privil\u00e9gier des actions de cr\u00e9ations partag\u00e9es. Pour moi chacun a un &hellip; <a href=\"https:\/\/ecrire-coach.biographe-valeriejean.fr\/?page_id=582\" class=\"more-link\">Continuer la lecture de <span class=\"screen-reader-text\">Mes spectacles d&rsquo;ANIMATION<\/span>  <span class=\"meta-nav\">&rarr;<\/span><\/a><\/p>\n","protected":false},"author":1,"featured_media":2202,"parent":122,"menu_order":0,"comment_status":"open","ping_status":"open","template":"","meta":{"footnotes":""},"class_list":["post-582","page","type-page","status-publish","has-post-thumbnail","hentry"],"aioseo_notices":[],"_links":{"self":[{"href":"https:\/\/ecrire-coach.biographe-valeriejean.fr\/index.php?rest_route=\/wp\/v2\/pages\/582","targetHints":{"allow":["GET"]}}],"collection":[{"href":"https:\/\/ecrire-coach.biographe-valeriejean.fr\/index.php?rest_route=\/wp\/v2\/pages"}],"about":[{"href":"https:\/\/ecrire-coach.biographe-valeriejean.fr\/index.php?rest_route=\/wp\/v2\/types\/page"}],"author":[{"embeddable":true,"href":"https:\/\/ecrire-coach.biographe-valeriejean.fr\/index.php?rest_route=\/wp\/v2\/users\/1"}],"replies":[{"embeddable":true,"href":"https:\/\/ecrire-coach.biographe-valeriejean.fr\/index.php?rest_route=%2Fwp%2Fv2%2Fcomments&post=582"}],"version-history":[{"count":0,"href":"https:\/\/ecrire-coach.biographe-valeriejean.fr\/index.php?rest_route=\/wp\/v2\/pages\/582\/revisions"}],"up":[{"embeddable":true,"href":"https:\/\/ecrire-coach.biographe-valeriejean.fr\/index.php?rest_route=\/wp\/v2\/pages\/122"}],"wp:featuredmedia":[{"embeddable":true,"href":"https:\/\/ecrire-coach.biographe-valeriejean.fr\/index.php?rest_route=\/"}],"wp:attachment":[{"href":"https:\/\/ecrire-coach.biographe-valeriejean.fr\/index.php?rest_route=%2Fwp%2Fv2%2Fmedia&parent=582"}],"curies":[{"name":"wp","href":"https:\/\/api.w.org\/{rel}","templated":true}]}}